{"id":1449,"date":"2020-04-05T13:44:22","date_gmt":"2020-04-05T11:44:22","guid":{"rendered":"https:\/\/www.allersretoursasso.fr\/?page_id=1449"},"modified":"2024-12-07T17:13:18","modified_gmt":"2024-12-07T16:13:18","slug":"studio-ursulines","status":"publish","type":"page","link":"https:\/\/www.allersretoursasso.fr\/zh\/studio-ursulines\/","title":{"rendered":"Le Studio des Ursulines"},"content":{"rendered":"<div id=\"fb-root\"><\/div>\n<p>Fond\u00e9 en 1925 par les com\u00e9diens<a href=\"https:\/\/www.imdb.com\/name\/nm0848173\/\"> \u963f\u66fc\u5fb7\u00b7\u5854\u5229\u5c14\uff08Armand Tallier\uff09\u4e0e\u52b3\u4f26\u65af\u00b7\u7c73\u5c14\u5361(Laurence Myrga )\u4e8e1925\u5e74\u521b\u7acb<\/a>\u00a0\u548c <a href=\"https:\/\/www.imdb.com\/name\/nm0617115\/\">Laurence Myrga<\/a>\uff0c\u662f\u5df4\u9ece\u7684\u7b2c\u4e00\u5bb6\u827a\u672f\u4e0e\u5b9e\u9a8c\u7535\u5f71\u9662\u3002Studio des Ursulines\u4e5f\u662f\u5df4\u9ece\u6700\u8457\u540d\u7684\u7535\u5f71\u9662\u4e4b\u4e00\u3002\u5f71\u9662\u5185\u5916\u6837\u8c8c\u548c20\u5e74\u4ee3\u5efa\u7acb\u4e4b\u521d\u51e0\u4e4e\u5e76\u65e0\u4e24\u6837\uff0c\u5ef6\u7eed\u81f3\u4eca\u3002<\/p>\n<p>Studio des Ursulines \u7531\u6cd5\u56fd\u6f14\u5458<a href=\"https:\/\/www.imdb.com\/name\/nm0848173\/\"> \u963f\u66fc\u5fb7\u00b7\u5854\u5229\u5c14\uff08Armand Tallier\uff09<\/a>\u4e0e<a href=\"https:\/\/www.imdb.com\/name\/nm0617115\/\">\u52b3\u4f26\u65af\u00b7\u7c73\u5c14\uff08Laurence Myrga\uff09<\/a>\u4e8e1925\u5e74\u521b\u7acb\uff0c\u662f\u5df4\u9ece\u7684\u7b2c\u4e00\u5bb6\u827a\u672f\u4e0e\u5b9e\u9a8c\u7535\u5f71\u9662\u3002Studio des Ursulines\u4e5f\u662f\u5df4\u9ece\u6700\u8457\u540d\u7684\u7535\u5f71\u9662\u4e4b\u4e00\u3002\u5f71\u9662\u5185\u5916\u6837\u8c8c\u548c20\u5e74\u4ee3\u5efa\u7acb\u4e4b\u521d\u51e0\u4e4e\u5e76\u65e0\u4e24\u6837\uff0c\u5ef6\u7eed\u81f3\u4eca\u3002<!--more--><\/p>\n<figure id=\"attachment_419\" aria-describedby=\"caption-attachment-419\" style=\"width: 525px\" class=\"wp-caption alignnone\"><img loading=\"lazy\" decoding=\"async\" class=\"size-large wp-image-419\" src=\"https:\/\/www.allersretoursasso.fr\/wp-content\/uploads\/2019\/01\/ursulines-FCAC18-1024x634.jpg\" alt=\"\" width=\"525\" height=\"325\" srcset=\"https:\/\/www.allersretoursasso.fr\/wp-content\/uploads\/2019\/01\/ursulines-FCAC18-1024x634.jpg 1024w, https:\/\/www.allersretoursasso.fr\/wp-content\/uploads\/2019\/01\/ursulines-FCAC18-300x186.jpg 300w, https:\/\/www.allersretoursasso.fr\/wp-content\/uploads\/2019\/01\/ursulines-FCAC18-768x475.jpg 768w, https:\/\/www.allersretoursasso.fr\/wp-content\/uploads\/2019\/01\/ursulines-FCAC18-350x217.jpg 350w, https:\/\/www.allersretoursasso.fr\/wp-content\/uploads\/2019\/01\/ursulines-FCAC18.jpg 1920w\" sizes=\"(max-width: 525px) 100vw, 525px\" \/><figcaption id=\"caption-attachment-419\" class=\"wp-caption-text\">Le Studio des Ursulines lors du Festival Allers-Retours 2018<\/figcaption><\/figure>\n<p class=\" translation-block\">1928\u5e74\uff0c\u5728\u5f71\u9662\u5efa\u7acb\u4e0d\u4e45\uff0c\u66fe\u53d1\u751f\u4e00\u4ef6\u8f76\u4e8b\u3002\u6cd5\u56fd\u8d85\u73b0\u5b9e\u4e3b\u4e49\u5bfc\u6f14\u8c22\u5c14\u66fc\u2022\u675c\u62c9\u514b\uff08Germaine Dulac\uff09\u7684\u7535\u5f71\u300a\u8d1d\u58f3\u4e0e\u50e7\u4fa3\u300b\uff08la Coquille et le Clergyman\uff09\u5728\u6b64\u9996\u6620\uff0c\u51e0\u4f4d\u6cd5\u56fd\u8d85\u73b0\u5b9e\u4e3b\u4e49\u4f5c\u5bb6\uff0c\u5305\u62ec\u5b89\u5fb7\u70c8\u00b7\u5e03\u52d2\u4e1c(Andr\u00e9 Breton)\u548c\u8def\u6613\u00b7\u963f\u62c9\u8d21(Louis Aragon)\u5728\u5185\uff0c\u5728\u5f71\u9662\u53d1\u751f\u4e86\u4e00\u573a\u8457\u540d\u7684\u6597\u6bb4\u4e8b\u4ef6\u3002\u5bfc\u81f4\u653e\u6620\u4e0d\u5f97\u4e0d\u7ec8\u6b62\u3002<\/p>\n<p>1928\u5e74\uff0c\u5728\u5f71\u9662\u5efa\u7acb\u4e0d\u4e45\uff0c\u66fe\u53d1\u751f\u4e00\u4ef6\u8f76\u4e8b\u3002\u6cd5\u56fd\u8d85\u73b0\u5b9e\u4e3b\u4e49\u5bfc\u6f14\u8c22\u5c14\u66fc\u2022\u675c\u62c9\u514b\uff08Germaine Dulac\uff09\u7684\u7535\u5f71\u300a\u8d1d\u58f3\u4e0e\u50e7\u4fa3\u300b\uff08la Coquille et le Clergyman\uff09\u5728\u6b64\u9996\u6620\uff0c\u51e0\u4f4d\u6cd5\u56fd\u8d85\u73b0\u5b9e\u4e3b\u4e49\u4f5c\u5bb6\uff0c\u5305\u62ec\u5b89\u5fb7\u70c8\u00b7\u5e03\u52d2\u4e1c(Andr\u00e9 Breton)\u548c\u8def\u6613\u00b7\u963f\u62c9\u8d21(Louis Aragon)\u5728\u5185\uff0c\u5728\u5f71\u9662\u53d1\u751f\u4e86\u4e00\u573a\u8457\u540d\u7684\u6597\u6bb4\u4e8b\u4ef6\u3002\u5bfc\u81f4\u653e\u6620\u4e0d\u5f97\u4e0d\u7ec8\u6b62\u3002<\/p>\n<figure id=\"attachment_417\" aria-describedby=\"caption-attachment-417\" style=\"width: 525px\" class=\"wp-caption alignnone\"><img loading=\"lazy\" decoding=\"async\" class=\"wp-image-417 size-large\" src=\"https:\/\/www.allersretoursasso.fr\/wp-content\/uploads\/2019\/01\/coquille-et-clergyman-1024x576.png\" alt=\"germaine dulac la coquille et le clergyman\" width=\"525\" height=\"295\" srcset=\"https:\/\/www.allersretoursasso.fr\/wp-content\/uploads\/2019\/01\/coquille-et-clergyman-1024x576.png 1024w, https:\/\/www.allersretoursasso.fr\/wp-content\/uploads\/2019\/01\/coquille-et-clergyman-300x169.png 300w, https:\/\/www.allersretoursasso.fr\/wp-content\/uploads\/2019\/01\/coquille-et-clergyman-768x432.png 768w, https:\/\/www.allersretoursasso.fr\/wp-content\/uploads\/2019\/01\/coquille-et-clergyman-350x197.png 350w, https:\/\/www.allersretoursasso.fr\/wp-content\/uploads\/2019\/01\/coquille-et-clergyman.png 1600w\" sizes=\"(max-width: 525px) 100vw, 525px\" \/><figcaption id=\"caption-attachment-417\" class=\"wp-caption-text\">La Coquille et le Clergyman de Germaine Dulac<\/figcaption><\/figure>\n<p>La sc\u00e8ne est rapport\u00e9e de la fa\u00e7on suivante par Armand Tellier :<\/p>\n<blockquote><p>D\u00e8s le d\u00e9but, Breton s\u2019est lev\u00e9 et a prof\u00e9r\u00e9 des phrases fort d\u00e9plaisantes pour notre amie Germaine Dulac, dans un grand silence, Charles de Saint-Cyr [directeur de La Semaine \u00e0 Paris] \u00e9tait dans une loge, avec son macfarlane et son chapeau haut, et a dit : \u00ab Je ne permettrai pas, devant moi, qu\u2019on insulte une femme, l\u2019homme qui insulte une femme est un l\u00e2che ! \u00bb. Des \u00e9tudiants, des surr\u00e9alistes se sont mis \u00e0 l\u2019engueuler, \u00e0 dire : \u00ab au cimeti\u00e8re \u00bb, etc. et la bagarre a commenc\u00e9 et on s\u2019est battu durant quarante-cinq minutes, et alors on entendait les phrases les plus extraordinaires : \u00ab Poissons sal\u00e9s ! \u00bb criait-on aux surr\u00e9alistes. Enfin, il y avait un monsieur congestionn\u00e9 qui se pr\u00e9cipitait vers moi et qui disait : \u00abMais monsieur, je veux qu\u2019on m\u2019explique !\u00bb. Vous savez, \u00e7a ne s\u2019explique pas, mais \u00e7a a dur\u00e9 quarante-cinq minutes, tout volait en \u00e9clats, le malheureux caissier s\u2019est \u00e9clips\u00e9 en emportant les quelques francs qu\u2019il avait dans sa caisse [&#8230;] mais alors les phrases \u00e9chang\u00e9es \u00e9taient magnifiques. On voyait Aragon, on voyait Breton, on voyait Philippe H\u00e9riat qui allait de l\u2019un \u00e0 l\u2019autre, qui essayait de calmer l\u2019ardeur des uns et des autres, et qui d\u00e9sesp\u00e9r\u00e9, s\u2019en allait dans un coin. Et puis alors, comme la salle \u00e9tait un peu petite pour se battre, ils \u00e9taient venus se battre dans le couloir et dans le bar. L\u00e0 ils avaient plus d\u2019aise.<\/p><\/blockquote>\n<p>(source : Caroline Nataf, <a href=\"https:\/\/www.yumpu.com\/fr\/document\/read\/19734145\/memoire-de-maitrise-de-lettres-classiques-pps\" target=\"_blank\" rel=\"noopener\"><i>Les po\u00e8tes surr\u00e9alistes et leur rapport au cin\u00e9ma dans les ann\u00e9es 20<\/i><\/a>)<\/p>\n<p>1962\u5e74\uff0c\u65b0\u6d6a\u6f6e\u5bfc\u6f14\u7279\u5415\u5f17\u5728\u6b64\u62cd\u6444\u4e86\u7535\u5f71 <i>\u300a\u7956\u4e0e\u5360\u300b\uff08Jules et Jim\uff09<\/i>\u5f71\u7247\u6700\u540e\uff0c\u4e09\u4f4d\u4e3b\u4eba\u516c\u5728\u7535\u5f71\u9662\u91cd\u9022\u3002 \u5728\u90a3\u573a\u620f\u4e2d\uff0c\u6211\u4eec\u6e05\u695a\u5730\u770b\u5230\u5f71\u9662\u7684\u6837\u8c8c\uff1a\u5f71\u9662\u5927\u5385\u53ca\u5f53\u65f6\u975e\u5e38\u72ec\u7279\u7684\u6298\u53e0\u5ea7\u6905\uff0c\u5e76\u4e14\u80fd\u770b\u5230\u653e\u6620\u5385\u7684\u5165\u53e3\u548c\u901a\u5f80\u9633\u53f0\u7684\u697c\u68af\u3002<\/p>\n<p>1962\u5e74\uff0c\u65b0\u6d6a\u6f6e\u5bfc\u6f14\u7279\u5415\u5f17\u5728\u6b64\u62cd\u6444\u4e86\u7535\u5f71 <i>\u300a\u7956\u4e0e\u5360\u300b\uff08Jules et Jim\uff09<\/i>\u5f71\u7247\u6700\u540e\uff0c\u4e09\u4f4d\u4e3b\u4eba\u516c\u5728\u7535\u5f71\u9662\u91cd\u9022\u3002 \u5728\u90a3\u573a\u620f\u4e2d\uff0c\u6211\u4eec\u6e05\u695a\u5730\u770b\u5230\u5f71\u9662\u7684\u6837\u8c8c\uff1a\u5f71\u9662\u5927\u5385\u53ca\u5f53\u65f6\u975e\u5e38\u72ec\u7279\u7684\u6298\u53e0\u5ea7\u6905\uff0c\u5e76\u4e14\u80fd\u770b\u5230\u653e\u6620\u5385\u7684\u5165\u53e3\u548c\u901a\u5f80\u9633\u53f0\u7684\u697c\u68af\u3002<\/p>\n<p><img loading=\"lazy\" decoding=\"async\" class=\"alignnone wp-image-414 size-large\" src=\"https:\/\/www.allersretoursasso.fr\/wp-content\/uploads\/2019\/01\/JulesJimUrsuline1-1024x438.png\" alt=\"ursulines salle\" width=\"525\" height=\"225\" srcset=\"https:\/\/www.allersretoursasso.fr\/wp-content\/uploads\/2019\/01\/JulesJimUrsuline1-1024x438.png 1024w, https:\/\/www.allersretoursasso.fr\/wp-content\/uploads\/2019\/01\/JulesJimUrsuline1-300x128.png 300w, https:\/\/www.allersretoursasso.fr\/wp-content\/uploads\/2019\/01\/JulesJimUrsuline1-768x329.png 768w, https:\/\/www.allersretoursasso.fr\/wp-content\/uploads\/2019\/01\/JulesJimUrsuline1-350x150.png 350w, https:\/\/www.allersretoursasso.fr\/wp-content\/uploads\/2019\/01\/JulesJimUrsuline1.png 1280w\" sizes=\"(max-width: 525px) 100vw, 525px\" \/><\/p>\n<figure id=\"attachment_415\" aria-describedby=\"caption-attachment-415\" style=\"width: 525px\" class=\"wp-caption alignnone\"><img loading=\"lazy\" decoding=\"async\" class=\"wp-image-415 size-large\" src=\"https:\/\/www.allersretoursasso.fr\/wp-content\/uploads\/2019\/01\/JulesJimUrsuline2-1024x438.png\" alt=\"ursulines escaliers\" width=\"525\" height=\"225\" srcset=\"https:\/\/www.allersretoursasso.fr\/wp-content\/uploads\/2019\/01\/JulesJimUrsuline2-1024x438.png 1024w, https:\/\/www.allersretoursasso.fr\/wp-content\/uploads\/2019\/01\/JulesJimUrsuline2-300x128.png 300w, https:\/\/www.allersretoursasso.fr\/wp-content\/uploads\/2019\/01\/JulesJimUrsuline2-768x329.png 768w, https:\/\/www.allersretoursasso.fr\/wp-content\/uploads\/2019\/01\/JulesJimUrsuline2-350x150.png 350w, https:\/\/www.allersretoursasso.fr\/wp-content\/uploads\/2019\/01\/JulesJimUrsuline2.png 1280w\" sizes=\"(max-width: 525px) 100vw, 525px\" \/><figcaption id=\"caption-attachment-415\" class=\"wp-caption-text\">\u5f71\u7247\u4e2d\u626e\u6f14\u51ef\u745f\u7433\u7684\u6cd5\u56fd\u5973\u661f\u8ba9\u5a1c\u00b7\u83ab\u7f57\uff0c\u4ece\u5f71\u9662\u51fa\u6765<\/figcaption><\/figure>\n<p>\u5176\u4e2d\u4e00\u4e2a\u955c\u5934\u8fd8\u5c55\u793a\u4e86\u5f71\u9662\u5916\u7684\u666f\u8272\uff0c\u6211\u4eec\u751a\u81f3\u80fd\u591f\u770b\u5230\u5f53\u65f6\u5f71\u9662\u5bf9\u9762\u6b63\u5728\u65bd\u5de5\u7684\u5efa\u7b51\uff0c\u8fd9\u680b\u5efa\u7b51\u81f3\u4eca\u8fd8\u5728\u3002<\/p>\n<p>\u5176\u4e2d\u4e00\u4e2a\u955c\u5934\u8fd8\u5c55\u793a\u4e86\u5f71\u9662\u5916\u7684\u666f\u8272\uff0c\u6211\u4eec\u751a\u81f3\u80fd\u591f\u770b\u5230\u5f53\u65f6\u5f71\u9662\u5bf9\u9762\u6b63\u5728\u65bd\u5de5\u7684\u5efa\u7b51\uff0c\u8fd9\u680b\u5efa\u7b51\u81f3\u4eca\u8fd8\u5728\u3002<\/p>\n<figure id=\"attachment_416\" aria-describedby=\"caption-attachment-416\" style=\"width: 525px\" class=\"wp-caption alignnone\"><img loading=\"lazy\" decoding=\"async\" class=\"wp-image-416 size-large\" src=\"https:\/\/www.allersretoursasso.fr\/wp-content\/uploads\/2019\/01\/JulesJimUrsuline4-1024x438.png\" alt=\"ursulines chantier\" width=\"525\" height=\"225\" srcset=\"https:\/\/www.allersretoursasso.fr\/wp-content\/uploads\/2019\/01\/JulesJimUrsuline4-1024x438.png 1024w, https:\/\/www.allersretoursasso.fr\/wp-content\/uploads\/2019\/01\/JulesJimUrsuline4-300x128.png 300w, https:\/\/www.allersretoursasso.fr\/wp-content\/uploads\/2019\/01\/JulesJimUrsuline4-768x329.png 768w, https:\/\/www.allersretoursasso.fr\/wp-content\/uploads\/2019\/01\/JulesJimUrsuline4-350x150.png 350w, https:\/\/www.allersretoursasso.fr\/wp-content\/uploads\/2019\/01\/JulesJimUrsuline4.png 1280w\" sizes=\"(max-width: 525px) 100vw, 525px\" \/><figcaption id=\"caption-attachment-416\" class=\"wp-caption-text\">\u6211\u4eec\u80fd\u5728\u5de6\u4fa7\u770b\u5230\u901a\u5411\u6295\u5f71\u5ba4\u7684\u95e8<\/figcaption><\/figure>\n<p class=\" translation-block\">(merci \u00e0<a href=\"https:\/\/www.thecinetourist.net\/jules-et-jim-paris-configured.html\" target=\"_self\"> thecinetourist.net<\/a> pour les captures d\u2019\u00e9cran de <em>Jules et Jim<\/em>, n\u2019h\u00e9sitez pas \u00e0 lire cette page passionnante sur les lieux de tournage parisiens de <i>Jules et Jim<\/i> !)<\/p>","protected":false},"excerpt":{"rendered":"<p>Fond\u00e9 en 1925 par les com\u00e9diens Armand Tallier\u00a0et Laurence Myrga, le Studio des Ursulines est la premi\u00e8re salle d&#8217;art et essai parisienne, et l&#8217;une des plus reconnaissables car ayant tr\u00e8s peu chang\u00e9 depuis les ann\u00e9es 20. Studio des Ursulines \u7531\u6cd5\u56fd\u6f14\u5458 \u963f\u66fc\u5fb7\u00b7\u5854\u5229\u5c14\uff08Armand Tallier\uff09\u4e0e\u52b3\u4f26\u65af\u00b7\u7c73\u5c14\uff08Laurence Myrga\uff09\u4e8e1925\u5e74\u521b\u7acb\uff0c\u662f\u5df4\u9ece\u7684\u7b2c\u4e00\u5bb6\u827a\u672f\u4e0e\u5b9e\u9a8c\u7535\u5f71\u9662\u3002Studio des Ursulines\u4e5f\u662f\u5df4\u9ece\u6700\u8457\u540d\u7684\u7535\u5f71\u9662\u4e4b\u4e00\u3002\u5f71\u9662\u5185\u5916\u6837\u8c8c\u548c20\u5e74\u4ee3\u5efa\u7acb\u4e4b\u521d\u51e0\u4e4e\u5e76\u65e0\u4e24\u6837\uff0c\u5ef6\u7eed\u81f3\u4eca\u3002<\/p>","protected":false},"author":1,"featured_media":412,"parent":0,"menu_order":0,"comment_status":"closed","ping_status":"closed","template":"","meta":{"footnotes":""},"_links":{"self":[{"href":"https:\/\/www.allersretoursasso.fr\/zh\/wp-json\/wp\/v2\/pages\/1449"}],"collection":[{"href":"https:\/\/www.allersretoursasso.fr\/zh\/wp-json\/wp\/v2\/pages"}],"about":[{"href":"https:\/\/www.allersretoursasso.fr\/zh\/wp-json\/wp\/v2\/types\/page"}],"author":[{"embeddable":true,"href":"https:\/\/www.allersretoursasso.fr\/zh\/wp-json\/wp\/v2\/users\/1"}],"replies":[{"embeddable":true,"href":"https:\/\/www.allersretoursasso.fr\/zh\/wp-json\/wp\/v2\/comments?post=1449"}],"version-history":[{"count":2,"href":"https:\/\/www.allersretoursasso.fr\/zh\/wp-json\/wp\/v2\/pages\/1449\/revisions"}],"predecessor-version":[{"id":5512,"href":"https:\/\/www.allersretoursasso.fr\/zh\/wp-json\/wp\/v2\/pages\/1449\/revisions\/5512"}],"wp:featuredmedia":[{"embeddable":true,"href":"https:\/\/www.allersretoursasso.fr\/zh\/wp-json\/wp\/v2\/media\/412"}],"wp:attachment":[{"href":"https:\/\/www.allersretoursasso.fr\/zh\/wp-json\/wp\/v2\/media?parent=1449"}],"curies":[{"name":"wp","href":"https:\/\/api.w.org\/{rel}","templated":true}]}}