{"id":2496,"date":"2022-09-05T14:55:53","date_gmt":"2022-09-05T12:55:53","guid":{"rendered":"https:\/\/www.allersretoursasso.fr\/?page_id=2496"},"modified":"2023-02-21T17:43:00","modified_gmt":"2023-02-21T16:43:00","slug":"festival-allers-retours-cinema-dauteur-chinois","status":"publish","type":"page","link":"https:\/\/www.allersretoursasso.fr\/zh\/festival-allers-retours-cinema-dauteur-chinois\/","title":{"rendered":"Festival Allers-Retours   \u4f5c\u8005\u7535\u5f71\u5c55"},"content":{"rendered":"<div id=\"fb-root\"><\/div>\n<div class=\"wp-block-image\">\n<figure class=\"aligncenter size-large is-resized\"><img loading=\"lazy\" decoding=\"async\" src=\"https:\/\/www.allersretoursasso.fr\/wp-content\/uploads\/2022\/12\/Affiche-01_FIN_2023_BD144-724x1024.png\" alt=\"\" class=\"wp-image-2750\" width=\"510\" height=\"722\" srcset=\"https:\/\/www.allersretoursasso.fr\/wp-content\/uploads\/2022\/12\/Affiche-01_FIN_2023_BD144-724x1024.png 724w, https:\/\/www.allersretoursasso.fr\/wp-content\/uploads\/2022\/12\/Affiche-01_FIN_2023_BD144-212x300.png 212w, https:\/\/www.allersretoursasso.fr\/wp-content\/uploads\/2022\/12\/Affiche-01_FIN_2023_BD144-768x1087.png 768w, https:\/\/www.allersretoursasso.fr\/wp-content\/uploads\/2022\/12\/Affiche-01_FIN_2023_BD144-1085x1536.png 1085w, https:\/\/www.allersretoursasso.fr\/wp-content\/uploads\/2022\/12\/Affiche-01_FIN_2023_BD144-350x495.png 350w, https:\/\/www.allersretoursasso.fr\/wp-content\/uploads\/2022\/12\/Affiche-01_FIN_2023_BD144.png 1190w\" sizes=\"(max-width: 510px) 100vw, 510px\" \/><\/figure><\/div>\n\n\n<h1 class=\"has-black-color has-text-color wp-block-heading\" style=\"font-style:normal;font-weight:800\">2023\u5c4a\u5f71\u5c55<\/h1>\n\n\n\n<p class=\" translation-block\">\u4ece<strong>2023\u5e742\u67083\u65e5\u523012\u65e5<\/strong>\uff0c\u6211\u4eec\u9080\u8bf7\u60a8\u6765<strong>\u5409\u7f8e\u56fd\u7acb\u4e9a\u6d32\u827a\u672f\u535a\u7269\u9986<\/strong>\u548c<strong>Studio des Ursulines<\/strong>\u53c2\u52a0\u4e2d\u56fd\u4f5c\u8005\u7535\u5f71\u5c55\u3002\u81ea2018\u5e74\u8d77\uff0c\u51ed\u501f\u7740<strong>\u827a\u672f\u5bb6\u4eec\u7684\u70ed\u60c5<\/strong>\u800c\u975e\u5546\u4e1a\u8ffd\u6c42\uff0c\u6bcf\u4e00\u5c4a\u5f71\u5c55\u90fd\u4e3a\u89c2\u4f17\u6253\u5f00\u4e86\u4e00\u6247<strong>\u8ba4\u8bc6\u534e\u8bed\u4f5c\u8005\u7535\u5f71\u4e4b\u7a97<\/strong>\u3002\u5176\u4e2d\u65e0\u8bba\u662f\u6545\u4e8b\u7247\u8fd8\u662f\u7eaa\u5f55\u7247\uff0c\u65e0\u8bba\u662f\u5904\u5973\u4f5c\u8fd8\u662f\u77e5\u540d\u5bfc\u6f14\u7684\u4f5c\u54c1\uff0c\u90fd\u805a\u7126\u4e8e<strong>\u534e\u4eba\u793e\u4f1a\u7684\u73b0\u72b6<\/strong>\uff0c\u4e3a\u89c2\u4f17\u63d0\u4f9b\u591a\u5143\u591a\u9762\u591a\u7ef4\u7684\u534e\u8bed\u5f71\u50cf\u3002<\/p>\n\n\n\n<figure class=\"wp-block-embed is-type-video is-provider-youtube wp-block-embed-youtube wp-embed-aspect-16-9 wp-has-aspect-ratio\"><div class=\"wp-block-embed__wrapper\">\n<iframe loading=\"lazy\" title=\"Best of Festival Allers-Retours 2023 : soir\u00e9e d&#039;ouverture, table ronde, vid\u00e9oconf\u00e9rence\" width=\"525\" height=\"295\" src=\"https:\/\/www.youtube.com\/embed\/JEXr0906vJ4?feature=oembed\" frameborder=\"0\" allow=\"accelerometer; autoplay; clipboard-write; encrypted-media; gyroscope; picture-in-picture; web-share\" allowfullscreen><\/iframe>\n<\/div><figcaption class=\"wp-element-caption\">Best of Festival Allers-Retours 2023 : soir\u00e9e d&#8217;ouverture, table ronde, vid\u00e9oconf\u00e9rence avec les cin\u00e9astes. Montage : LI Chenglong<\/figcaption><\/figure>\n\n\n\n<p><\/p>\n\n\n\n<div class=\"wp-block-buttons is-content-justification-center is-layout-flex wp-container-core-buttons-layout-1 wp-block-buttons-is-layout-flex\">\n<div class=\"wp-block-button has-custom-width wp-block-button__width-75 has-custom-font-size is-style-fill has-medium-font-size\"><a class=\"wp-block-button__link has-white-color has-text-color has-background wp-element-button\" href=\"https:\/\/www.allersretoursasso.fr\/zh\/annee-festival-2023\/\" style=\"border-radius:100px;background-color:#8d8ec5\">2023\u5e74\u5b8c\u6574\u9009\u7247 <\/a><\/div>\n<\/div>\n\n\n\n<p><\/p>\n\n\n\n<p class=\"has-text-align-center\"><a href=\"https:\/\/www.allersretoursasso.fr\/wp-content\/uploads\/2023\/01\/brochure-ALLERSRETOURS2023_web.pdf\" target=\"_blank\" rel=\"noreferrer noopener\">\u6392\u7247\u8868PDF\u4e0b\u8f7d<\/a><\/p>\n\n\n\n<h1 class=\"wp-block-heading\"><strong>Sortie officielle<\/strong><\/h1>\n\n\n\n<p><a href=\"https:\/\/www.allersretoursasso.fr\/zh\/festival2023-jet-lag\/\"><strong>Jet Lag \u9519\u843d\u6591\u9a73\u7684<\/strong> de ZHENG LU Xinyuan \u90d1\u9646\u5fc3\u6e90<\/a><\/p>\n\n\n\n<p><strong>Sortie officielle en France : 22 F\u00e9vrier 2023<\/strong><\/p>\n\n\n\n<p>Nous serons pr\u00e9sents<strong> le 22 f\u00e9vrier 2023 \u00e0 20h15<\/strong> au Cin\u00e9ma Le M\u00e9li\u00e8s, pour animer une s\u00e9ance du film en partenariat avec Norte Distribution. (<a href=\"https:\/\/www.allersretoursasso.fr\/zh\/festival2023-jet-lag\/\" target=\"_blank\" rel=\"noreferrer noopener\">plus d&#8217;informations<\/a>)<\/p>\n\n\n\n<p><\/p>\n\n\n<div class=\"wp-block-image\">\n<figure class=\"aligncenter size-large is-resized\"><a href=\"https:\/\/www.allersretoursasso.fr\/zh\/festival2023-jet-lag\/\"><img loading=\"lazy\" decoding=\"async\" src=\"https:\/\/www.allersretoursasso.fr\/wp-content\/uploads\/2023\/02\/jetlag-affiche-0602-1-722x1024.jpg\" alt=\"\" class=\"wp-image-3390\" width=\"202\" height=\"286\" srcset=\"https:\/\/www.allersretoursasso.fr\/wp-content\/uploads\/2023\/02\/jetlag-affiche-0602-1-722x1024.jpg 722w, https:\/\/www.allersretoursasso.fr\/wp-content\/uploads\/2023\/02\/jetlag-affiche-0602-1-211x300.jpg 211w, https:\/\/www.allersretoursasso.fr\/wp-content\/uploads\/2023\/02\/jetlag-affiche-0602-1-768x1090.jpg 768w, https:\/\/www.allersretoursasso.fr\/wp-content\/uploads\/2023\/02\/jetlag-affiche-0602-1-8x12.jpg 8w, https:\/\/www.allersretoursasso.fr\/wp-content\/uploads\/2023\/02\/jetlag-affiche-0602-1-350x497.jpg 350w, https:\/\/www.allersretoursasso.fr\/wp-content\/uploads\/2023\/02\/jetlag-affiche-0602-1.jpg 960w\" sizes=\"(max-width: 202px) 100vw, 202px\" \/><\/a><\/figure><\/div>\n\n\n<div class=\"wp-block-buttons is-content-justification-center is-layout-flex wp-container-core-buttons-layout-2 wp-block-buttons-is-layout-flex\">\n<div class=\"wp-block-button is-style-outline\"><a class=\"wp-block-button__link wp-element-button\" href=\"https:\/\/www.ticketingcine.fr\/index.php?lang=fr&amp;idMS=FRM049H&amp;nc=1074\" target=\"_blank\" rel=\"noreferrer noopener\">R\u00e9server le billet pour Jet Lag<\/a><\/div>\n<\/div>\n\n\n\n<p><\/p>\n\n\n\n<p class=\" translation-block\">\u8ba2\u9605\u6211\u4eec\u7684<a href=\"https:\/\/www.instagram.com\/festival_allers_retours\/\" target=\"_self\"><strong>Instagram<\/strong><\/a>\uff0c<a href=\"https:\/\/www.facebook.com\/allersretoursasso\" target=\"_self\"><strong>Facebook<\/strong><\/a> \uff0c<a href=\"https:\/\/twitter.com\/AllersRetours\" target=\"_self\"><strong>Twitter<\/strong><\/a> \uff0c\u4ee5\u53caNewsletter\u4ee5\u83b7\u53d6\u5f71\u5c55\u7684\u66f4\u591a\u4fe1\u606f\uff01<\/p>\n\n\n\n<p><\/p>\n\n\n\n<p><\/p>","protected":false},"excerpt":{"rendered":"<p>Nouvelle \u00e9dition 2023 Du 3 f\u00e9vrier au 12 f\u00e9vrier 2023, le Festival Allers-Retours du cin\u00e9ma d&#8217;auteur chinois vous invite au Mus\u00e9e national des arts asiatiques-Guimet et au Studio des Ursulines, deux hauts-lieux de l\u2019Asie et du cin\u00e9ma \u00e0 Paris. Depuis 2018, chaque s\u00e9lection est l&#8217;occasion d&#8217;ouvrir une fen\u00eatre sur le cin\u00e9ma d\u2019auteur chinois, guid\u00e9 par &hellip; <\/p>\n<p class=\"link-more\"><a href=\"https:\/\/www.allersretoursasso.fr\/zh\/festival-allers-retours-cinema-dauteur-chinois\/\" class=\"more-link\">\u7ee7\u7eed\u9605\u8bfb<span class=\"screen-reader-text\">\u201cFestival Allers-Retours &#8211; Cin\u00e9ma d&#8217;Auteur Chinois\u201d<\/span><\/a><\/p>","protected":false},"author":1,"featured_media":0,"parent":0,"menu_order":0,"comment_status":"closed","ping_status":"closed","template":"","meta":{"footnotes":""},"_links":{"self":[{"href":"https:\/\/www.allersretoursasso.fr\/zh\/wp-json\/wp\/v2\/pages\/2496"}],"collection":[{"href":"https:\/\/www.allersretoursasso.fr\/zh\/wp-json\/wp\/v2\/pages"}],"about":[{"href":"https:\/\/www.allersretoursasso.fr\/zh\/wp-json\/wp\/v2\/types\/page"}],"author":[{"embeddable":true,"href":"https:\/\/www.allersretoursasso.fr\/zh\/wp-json\/wp\/v2\/users\/1"}],"replies":[{"embeddable":true,"href":"https:\/\/www.allersretoursasso.fr\/zh\/wp-json\/wp\/v2\/comments?post=2496"}],"version-history":[{"count":26,"href":"https:\/\/www.allersretoursasso.fr\/zh\/wp-json\/wp\/v2\/pages\/2496\/revisions"}],"predecessor-version":[{"id":3411,"href":"https:\/\/www.allersretoursasso.fr\/zh\/wp-json\/wp\/v2\/pages\/2496\/revisions\/3411"}],"wp:attachment":[{"href":"https:\/\/www.allersretoursasso.fr\/zh\/wp-json\/wp\/v2\/media?parent=2496"}],"curies":[{"name":"wp","href":"https:\/\/api.w.org\/{rel}","templated":true}]}}