{"id":2801,"date":"2023-01-02T18:11:39","date_gmt":"2023-01-02T17:11:39","guid":{"rendered":"https:\/\/www.allersretoursasso.fr\/?page_id=2801"},"modified":"2024-12-07T15:32:44","modified_gmt":"2024-12-07T14:32:44","slug":"festival2023-farewell-my-hometown","status":"publish","type":"page","link":"https:\/\/www.allersretoursasso.fr\/zh\/festival2023-farewell-my-hometown\/","title":{"rendered":"Festival Allers Retours 2023 &#8211; Farewell, My Hometown"},"content":{"rendered":"<div id=\"fb-root\"><\/div>\n\n<div class=\"wp-block-media-text alignwide is-stacked-on-mobile\" style=\"grid-template-columns:41% auto\"><figure class=\"wp-block-media-text__media\"><img loading=\"lazy\" decoding=\"async\" width=\"691\" height=\"1024\" src=\"https:\/\/www.allersretoursasso.fr\/wp-content\/uploads\/2023\/01\/06-Farewell-My-Hometown_Affiche-Format-uni_Web_FAR2023-691x1024.jpg\" alt=\"\" class=\"wp-image-2802 size-full\" srcset=\"https:\/\/www.allersretoursasso.fr\/wp-content\/uploads\/2023\/01\/06-Farewell-My-Hometown_Affiche-Format-uni_Web_FAR2023-691x1024.jpg 691w, https:\/\/www.allersretoursasso.fr\/wp-content\/uploads\/2023\/01\/06-Farewell-My-Hometown_Affiche-Format-uni_Web_FAR2023-203x300.jpg 203w, https:\/\/www.allersretoursasso.fr\/wp-content\/uploads\/2023\/01\/06-Farewell-My-Hometown_Affiche-Format-uni_Web_FAR2023-768x1138.jpg 768w, https:\/\/www.allersretoursasso.fr\/wp-content\/uploads\/2023\/01\/06-Farewell-My-Hometown_Affiche-Format-uni_Web_FAR2023-350x518.jpg 350w, https:\/\/www.allersretoursasso.fr\/wp-content\/uploads\/2023\/01\/06-Farewell-My-Hometown_Affiche-Format-uni_Web_FAR2023.jpg 804w\" sizes=\"(max-width: 691px) 100vw, 691px\" \/><\/figure><div class=\"wp-block-media-text__content\">\n<div class=\"wp-block-group is-layout-flow wp-block-group-is-layout-flow\"><div class=\"wp-block-group__inner-container\">\n<div class=\"wp-block-group is-vertical is-layout-flex wp-container-core-group-layout-4 wp-block-group-is-layout-flex\">\n<div class=\"wp-block-group is-layout-flow wp-block-group-is-layout-flow\"><div class=\"wp-block-group__inner-container\">\n<div class=\"wp-block-group is-layout-flow wp-block-group-is-layout-flow\"><div class=\"wp-block-group__inner-container\">\n<div class=\"wp-block-group is-layout-flow wp-block-group-is-layout-flow\"><div class=\"wp-block-group__inner-container\">\n<p><\/p>\n\n\n\n<p style=\"font-size:30px;font-style:normal;font-weight:500\"><em><span style=\"font-weight: 400\"><strong>\u518d\u89c1\uff0c\u4e50\u56ed&nbsp;<\/strong><\/span><\/em><\/p>\n\n\n\n<p style=\"font-size:30px;font-style:normal;font-weight:500\">\u518d\u89c1\uff0c\u4e50\u56ed  <\/p>\n\n\n\n<p class=\"has-medium-font-size\">WANG Erzhuo<\/p>\n\n\n\n<p>\u738b\u5c14\u5353<\/p>\n\n\n\n<p class=\"has-medium-font-size\"><\/p>\n\n\n\n<p class=\"has-small-font-size\">\u00c9dition : <a href=\"https:\/\/www.allersretoursasso.fr\/zh\/annee-festival-2023\/\">Festival Allers Retours 2023<\/a><\/p>\n\n\n\n<p style=\"font-size:10px\"><\/p>\n<\/div><\/div>\n\n\n\n<p class=\"has-text-align-center\"><\/p>\n\n\n\n<p class=\"has-text-align-left\" style=\"font-size:15px\"><\/p>\n<\/div><\/div>\n<\/div><\/div>\n<\/div>\n<\/div><\/div>\n<\/div><\/div>\n\n\n\n<h2 class=\"wp-block-heading\"><\/h2>\n\n\n\n<p><\/p>\n\n\n\n<p class=\"has-text-align-center\" style=\"font-size:15px\"><em>2021 \/ 90\u2019 \/ \u4e2d\u6587 \/ \u539f\u58f0\u6cd5\u8bed\u5b57\u5e55 \/ \u5267\u60c5<\/em><br><em>2021 \/ 90\u2019 \/ \u4e2d\u6587 \/ \u539f\u58f0\u6cd5\u8bed\u5b57\u5e55 \/ \u5267\u60c5<\/em><\/p>\n\n\n\n<p>\u519c\u6751\uff0c\u5916\u5a46\u8f9b\u52b3\u4e00\u751f\uff0c\u5feb\u8d70\u5b8c\u6700\u540e\u7684\u65f6\u5149\uff1b\u90fd\u5e02\uff0c\u5c11\u5973\u6b63\u503c\u9752\u6625\uff0c\u5728\u5f02\u4e61\u72ec\u81ea\u95ef\u8361\uff1b\u53bf\u57ce\uff0c\u6bcd\u4eb2\u4eba\u5230\u4e2d\u5e74\uff0c\u611f\u53d7\u7740\u751f\u547d\u7684\u5e73\u51e1\u3002\u5979\u4eec\u8d70\u8fc7\u5404\u81ea\u7684\u8def\uff0c\u53d1\u73b0\u5f80\u65e5\u7684\u8bb0\u5fc6\u4ecd\u5728\u773c\u524d\u2026\u5f71\u7247\u8bb2\u8ff0\u4e00\u4e2a\u666e\u901a\u4e2d\u56fd\u5bb6\u5ead\u4e09\u4ee3\u5973\u6027\u7684\u6545\u4e8b\uff0c\u8ffd\u5fc6\u5979\u4eec\u7684\u7cbe\u795e\u5386\u7a0b\uff0c\u8de8\u8d8a\u4e03\u5341\u5e74\u7684\u65f6\u4ee3\u53d8\u8fc1\u3002<\/p>\n\n\n\n<p><em>\u5f71\u7247\u4ee5\u5267\u60c5\u7247\u7684\u65b9\u5f0f\u5448\u73b0\uff0c\u878d\u5408\u4e86\u7eaa\u5f55\u7247\u7684\u72ec\u767d\u3002\u5bfc\u6f14\u5e0c\u671b\u901a\u8fc7\u72ec\u767d\u52a0\u8bb0\u53d9\u7684\u65b9\u5f0f\u5448\u73b0\u7ed9\u5927\u5bb6\u4e00\u79cd\u7279\u6b8a\u7684\u7535\u5f71\u611f\u3002\u5f71\u7247\u4e2d\u7684\u4e09\u4ee3\u5973\u6027\u5404\u81ea\u751f\u6d3b\u7684\u73af\u5883\u3001\u5730\u57df\u4e2d\uff0c\u8bb2\u8ff0\u4e86\u5404\u81ea\u7684\u751f\u547d\u5f80\u4e8b\u548c\u8bb0\u5fc6\uff0c\u56de\u6eaf\u4e86\u4e00\u4e2a\u666e\u901a\u4e2d\u56fd\u5bb6\u5ead\u8de8\u8d8a\u4e03\u5341\u5e74\u7684\u7cbe\u795e\u5386\u7a0b\u548c\u65f6\u4ee3\u53d8\u8fc1\u3002<\/em><\/p>\n\n\n\n<p>\u519c\u6751\uff0c\u5916\u5a46\u8f9b\u52b3\u4e00\u751f\uff0c\u5feb\u8d70\u5b8c\u6700\u540e\u7684\u65f6\u5149\uff1b\u90fd\u5e02\uff0c\u5c11\u5973\u6b63\u503c\u9752\u6625\uff0c\u5728\u5f02\u4e61\u72ec\u81ea\u95ef\u8361\uff1b\u53bf\u57ce\uff0c\u6bcd\u4eb2\u4eba\u5230\u4e2d\u5e74\uff0c\u611f\u53d7\u7740\u751f\u547d\u7684\u5e73\u51e1\u3002\u5979\u4eec\u8d70\u8fc7\u5404\u81ea\u7684\u8def\uff0c\u53d1\u73b0\u5f80\u65e5\u7684\u8bb0\u5fc6\u4ecd\u5728\u773c\u524d\u2026\u5f71\u7247\u8bb2\u8ff0\u4e00\u4e2a\u666e\u901a\u4e2d\u56fd\u5bb6\u5ead\u4e09\u4ee3\u5973\u6027\u7684\u6545\u4e8b\uff0c\u8ffd\u5fc6\u5979\u4eec\u7684\u7cbe\u795e\u5386\u7a0b\uff0c\u8de8\u8d8a\u4e03\u5341\u5e74\u7684\u65f6\u4ee3\u53d8\u8fc1\u3002<\/p>\n\n\n\n<p><em>\u5f71\u7247\u4ee5\u5267\u60c5\u7247\u7684\u65b9\u5f0f\u5448\u73b0\uff0c\u878d\u5408\u4e86\u7eaa\u5f55\u7247\u7684\u72ec\u767d\u3002\u5bfc\u6f14\u5e0c\u671b\u901a\u8fc7\u72ec\u767d\u52a0\u8bb0\u53d9\u7684\u65b9\u5f0f\u5448\u73b0\u7ed9\u5927\u5bb6\u4e00\u79cd\u7279\u6b8a\u7684\u7535\u5f71\u611f\u3002\u5f71\u7247\u4e2d\u7684\u4e09\u4ee3\u5973\u6027\u5404\u81ea\u751f\u6d3b\u7684\u73af\u5883\u3001\u5730\u57df\u4e2d\uff0c\u8bb2\u8ff0\u4e86\u5404\u81ea\u7684\u751f\u547d\u5f80\u4e8b\u548c\u8bb0\u5fc6\uff0c\u56de\u6eaf\u4e86\u4e00\u4e2a\u666e\u901a\u4e2d\u56fd\u5bb6\u5ead\u8de8\u8d8a\u4e03\u5341\u5e74\u7684\u7cbe\u795e\u5386\u7a0b\u548c\u65f6\u4ee3\u53d8\u8fc1\u3002<\/em><\/p>\n\n\n\n<p><mark style=\"background-color:rgba(0, 0, 0, 0)\" class=\"has-inline-color has-white-color\">000000<\/mark><\/p>\n\n\n\n<div class=\"wp-block-columns is-layout-flex wp-container-core-columns-layout-1 wp-block-columns-is-layout-flex\">\n<div class=\"wp-block-column is-layout-flow wp-block-column-is-layout-flow\" style=\"flex-basis:100%\">\n<figure class=\"wp-block-gallery has-nested-images columns-default is-cropped wp-block-gallery-1 is-layout-flex wp-block-gallery-is-layout-flex\">\n<figure class=\"wp-block-image size-large is-style-default\"><img loading=\"lazy\" decoding=\"async\" width=\"1024\" height=\"576\" src=\"https:\/\/www.allersretoursasso.fr\/wp-content\/uploads\/2023\/01\/Copie-de-20-1024x576.jpg\" alt=\"\" class=\"wp-image-2812\" srcset=\"https:\/\/www.allersretoursasso.fr\/wp-content\/uploads\/2023\/01\/Copie-de-20-1024x576.jpg 1024w, https:\/\/www.allersretoursasso.fr\/wp-content\/uploads\/2023\/01\/Copie-de-20-300x169.jpg 300w, https:\/\/www.allersretoursasso.fr\/wp-content\/uploads\/2023\/01\/Copie-de-20-768x432.jpg 768w, https:\/\/www.allersretoursasso.fr\/wp-content\/uploads\/2023\/01\/Copie-de-20-1536x864.jpg 1536w, https:\/\/www.allersretoursasso.fr\/wp-content\/uploads\/2023\/01\/Copie-de-20-2048x1152.jpg 2048w, https:\/\/www.allersretoursasso.fr\/wp-content\/uploads\/2023\/01\/Copie-de-20-350x197.jpg 350w\" sizes=\"(max-width: 767px) 89vw, (max-width: 1000px) 54vw, (max-width: 1071px) 543px, 580px\" \/><\/figure>\n\n\n\n<figure class=\"wp-block-image size-large\"><img loading=\"lazy\" decoding=\"async\" width=\"1024\" height=\"819\" src=\"https:\/\/www.allersretoursasso.fr\/wp-content\/uploads\/2023\/01\/IMG_4987-1024x819.jpg\" alt=\"\" class=\"wp-image-2811\" srcset=\"https:\/\/www.allersretoursasso.fr\/wp-content\/uploads\/2023\/01\/IMG_4987-1024x819.jpg 1024w, https:\/\/www.allersretoursasso.fr\/wp-content\/uploads\/2023\/01\/IMG_4987-300x240.jpg 300w, https:\/\/www.allersretoursasso.fr\/wp-content\/uploads\/2023\/01\/IMG_4987-768x614.jpg 768w, https:\/\/www.allersretoursasso.fr\/wp-content\/uploads\/2023\/01\/IMG_4987-1536x1229.jpg 1536w, https:\/\/www.allersretoursasso.fr\/wp-content\/uploads\/2023\/01\/IMG_4987-2048x1638.jpg 2048w, https:\/\/www.allersretoursasso.fr\/wp-content\/uploads\/2023\/01\/IMG_4987-350x280.jpg 350w\" sizes=\"(max-width: 767px) 89vw, (max-width: 1000px) 54vw, (max-width: 1071px) 543px, 580px\" \/><\/figure>\n<\/figure>\n<\/div>\n<\/div>\n\n\n\n<figure class=\"wp-block-image size-large\"><img loading=\"lazy\" decoding=\"async\" width=\"1024\" height=\"576\" src=\"https:\/\/www.allersretoursasso.fr\/wp-content\/uploads\/2023\/01\/Copie-de-17-1-1024x576.jpg\" alt=\"\" class=\"wp-image-2808\" srcset=\"https:\/\/www.allersretoursasso.fr\/wp-content\/uploads\/2023\/01\/Copie-de-17-1-1024x576.jpg 1024w, https:\/\/www.allersretoursasso.fr\/wp-content\/uploads\/2023\/01\/Copie-de-17-1-300x169.jpg 300w, https:\/\/www.allersretoursasso.fr\/wp-content\/uploads\/2023\/01\/Copie-de-17-1-768x432.jpg 768w, https:\/\/www.allersretoursasso.fr\/wp-content\/uploads\/2023\/01\/Copie-de-17-1-1536x864.jpg 1536w, https:\/\/www.allersretoursasso.fr\/wp-content\/uploads\/2023\/01\/Copie-de-17-1-2048x1152.jpg 2048w, https:\/\/www.allersretoursasso.fr\/wp-content\/uploads\/2023\/01\/Copie-de-17-1-350x197.jpg 350w\" sizes=\"(max-width: 767px) 89vw, (max-width: 1000px) 54vw, (max-width: 1071px) 543px, 580px\" \/><\/figure>\n\n\n\n<figure class=\"wp-block-embed is-type-video is-provider-youtube wp-block-embed-youtube wp-embed-aspect-16-9 wp-has-aspect-ratio\"><div class=\"wp-block-embed__wrapper\">\n<iframe loading=\"lazy\" title=\"Farewell, my Hometown - WANG Erzhuo - Bande-annonce\" width=\"525\" height=\"295\" src=\"https:\/\/www.youtube.com\/embed\/G7D9NIno0F8?feature=oembed\" frameborder=\"0\" allow=\"accelerometer; autoplay; clipboard-write; encrypted-media; gyroscope; picture-in-picture; web-share\" referrerpolicy=\"strict-origin-when-cross-origin\" allowfullscreen><\/iframe>\n<\/div><\/figure>\n\n\n\n<div class=\"wp-block-group is-vertical is-content-justification-center is-layout-flex wp-container-core-group-layout-6 wp-block-group-is-layout-flex\">\n<p><\/p>\n\n\n\n<p><strong>sam. 25 mars \u00e0 18h30 au Cin\u00e9ma Lumi\u00e8re Fourmi<\/strong><\/p>\n\n\n\n<p>68 rue Pierre Corneille, Lyon 3<\/p>\n\n\n\n<div class=\"wp-block-buttons is-layout-flex wp-block-buttons-is-layout-flex\">\n<div class=\"wp-block-button has-custom-width wp-block-button__width-100 is-style-outline\"><a class=\"wp-block-button__link has-white-background-color has-background wp-element-button\" href=\"https:\/\/www.cinemas-lumiere.com\/programmation\/fourmi\/2023-03-25.html\" target=\"_blank\" rel=\"noreferrer noopener\">R\u00e9servez vos billets \u8d2d\u7968\u94fe\u63a5<\/a><\/div>\n<\/div>\n\n\n\n<p><\/p>\n\n\n\n<p><strong>dim. 05 f\u00e9vrier \u00e0 18h30 au Studio des Ursulines<\/strong><\/p>\n\n\n\n<p><strong>dim. 12 f\u00e9vrier \u00e0 20h30 au Studio des Ursulines<\/strong><\/p>\n<\/div>\n\n\n\n<div class=\"wp-block-cover is-light\" style=\"min-height:349px\"><span aria-hidden=\"true\" class=\"wp-block-cover__background has-white-background-color has-background-dim\"><\/span><div class=\"wp-block-cover__inner-container is-layout-flow wp-block-cover-is-layout-flow\">\n<div class=\"wp-block-group is-layout-flow wp-block-group-is-layout-flow\"><div class=\"wp-block-group__inner-container\">\n<figure class=\"wp-block-image size-large\"><a href=\"https:\/\/www.allersretoursasso.fr\/zh\/annee-festival-2023\/\" target=\"_blank\" rel=\"noreferrer noopener\"><img loading=\"lazy\" decoding=\"async\" width=\"1024\" height=\"342\" src=\"https:\/\/www.allersretoursasso.fr\/wp-content\/uploads\/2023\/01\/banner-6-1024x342.png\" alt=\"\" class=\"wp-image-2985\" srcset=\"https:\/\/www.allersretoursasso.fr\/wp-content\/uploads\/2023\/01\/banner-6-1024x342.png 1024w, https:\/\/www.allersretoursasso.fr\/wp-content\/uploads\/2023\/01\/banner-6-300x100.png 300w, https:\/\/www.allersretoursasso.fr\/wp-content\/uploads\/2023\/01\/banner-6-768x256.png 768w, https:\/\/www.allersretoursasso.fr\/wp-content\/uploads\/2023\/01\/banner-6-1536x512.png 1536w, https:\/\/www.allersretoursasso.fr\/wp-content\/uploads\/2023\/01\/banner-6-350x117.png 350w, https:\/\/www.allersretoursasso.fr\/wp-content\/uploads\/2023\/01\/banner-6.png 2000w\" sizes=\"(max-width: 767px) 89vw, (max-width: 1000px) 54vw, (max-width: 1071px) 543px, 580px\" \/><\/a><\/figure>\n<\/div><\/div>\n<\/div><\/div>\n\n\n\n<div class=\"wp-block-group is-layout-flow wp-block-group-is-layout-flow\"><div class=\"wp-block-group__inner-container\">\n<p class=\"has-text-align-center\" style=\"font-size:15px\"><\/p>\n<\/div><\/div>\n\n\n\n<p class=\"has-text-align-center has-white-color has-text-color\" style=\"font-size:15px\"> 19h45 aux Ursuline<\/p>\n\n\n\n<p class=\"has-text-align-center has-white-color has-text-color\" style=\"font-size:15px\">06 octobre \u00e0 19h45 aux Ursulines<\/p>","protected":false},"excerpt":{"rendered":"<p>2021 \/ 90\u2019 \/ Chinois \/ VOSTF \/ Fiction2021 \/ 90\u2019 \/ \u4e2d\u6587 \/ \u539f\u58f0\u6cd5\u8bed\u5b57\u5e55 \/ \u5267\u60c5 Une femme \u00e2g\u00e9e vivant dans les montagnes raconte sa vie, frapp\u00e9e par la pauvret\u00e9 et les drames personnels. Une jeune femme exprime la solitude qu\u2019elle a ressenti apr\u00e8s avoir emm\u00e9nag\u00e9 \u00e0 Beijing pour int\u00e9grer une \u00e9cole de danse. &hellip; <\/p>\n<p class=\"link-more\"><a href=\"https:\/\/www.allersretoursasso.fr\/zh\/festival2023-farewell-my-hometown\/\" class=\"more-link\">\u7ee7\u7eed\u9605\u8bfb<span class=\"screen-reader-text\">\u201cFestival Allers Retours 2023 &#8211; Farewell, My Hometown\u201d<\/span><\/a><\/p>","protected":false},"author":15,"featured_media":0,"parent":0,"menu_order":0,"comment_status":"closed","ping_status":"closed","template":"","meta":{"footnotes":""},"_links":{"self":[{"href":"https:\/\/www.allersretoursasso.fr\/zh\/wp-json\/wp\/v2\/pages\/2801"}],"collection":[{"href":"https:\/\/www.allersretoursasso.fr\/zh\/wp-json\/wp\/v2\/pages"}],"about":[{"href":"https:\/\/www.allersretoursasso.fr\/zh\/wp-json\/wp\/v2\/types\/page"}],"author":[{"embeddable":true,"href":"https:\/\/www.allersretoursasso.fr\/zh\/wp-json\/wp\/v2\/users\/15"}],"replies":[{"embeddable":true,"href":"https:\/\/www.allersretoursasso.fr\/zh\/wp-json\/wp\/v2\/comments?post=2801"}],"version-history":[{"count":16,"href":"https:\/\/www.allersretoursasso.fr\/zh\/wp-json\/wp\/v2\/pages\/2801\/revisions"}],"predecessor-version":[{"id":5480,"href":"https:\/\/www.allersretoursasso.fr\/zh\/wp-json\/wp\/v2\/pages\/2801\/revisions\/5480"}],"wp:attachment":[{"href":"https:\/\/www.allersretoursasso.fr\/zh\/wp-json\/wp\/v2\/media?parent=2801"}],"curies":[{"name":"wp","href":"https:\/\/api.w.org\/{rel}","templated":true}]}}