{"id":2949,"date":"2023-01-09T16:55:50","date_gmt":"2023-01-09T15:55:50","guid":{"rendered":"https:\/\/www.allersretoursasso.fr\/?page_id=2949"},"modified":"2025-01-07T09:41:59","modified_gmt":"2025-01-07T08:41:59","slug":"annee-festival-2023","status":"publish","type":"page","link":"https:\/\/www.allersretoursasso.fr\/zh\/annee-festival-2023\/","title":{"rendered":"Festival Allers-Retours 2023\u5e74\u4f5c\u8005\u7535\u5f71\u5c55"},"content":{"rendered":"<div id=\"fb-root\"><\/div>\n\n<h1 class=\"wp-block-heading has-text-align-center\" style=\"font-style:normal;font-weight:400\"><strong>Festival Allers-Retours<\/strong><br>\u4e2d\u56fd\u4f5c\u8005\u7535\u5f71\u5c55<br>\u534e\u8bed\u4f5c\u8005\u7535\u5f71\u5c55<\/h1>\n\n\n\n<p class=\"has-text-align-center\" style=\"font-size:19px\"><strong>2023\u5e742\u67083\u65e5\u2014\u20142\u670812\u65e5<\/strong><br>2023\u5e74 2\u67083\u65e5 &#8211; 12\u65e5<\/p>\n\n\n\n<figure class=\"wp-block-embed is-type-video is-provider-youtube wp-block-embed-youtube wp-embed-aspect-16-9 wp-has-aspect-ratio\"><div class=\"wp-block-embed__wrapper\">\n<iframe loading=\"lazy\" title=\"5\u00e8me \u00e9dition Festival Allers-Retours Cin\u00e9ma d&#039;auteur chinois (2023) BANDE-ANNONCE\" width=\"525\" height=\"295\" src=\"https:\/\/www.youtube.com\/embed\/nIw5KGBDx4c?feature=oembed\" frameborder=\"0\" allow=\"accelerometer; autoplay; clipboard-write; encrypted-media; gyroscope; picture-in-picture; web-share\" referrerpolicy=\"strict-origin-when-cross-origin\" allowfullscreen><\/iframe>\n<\/div><\/figure>\n\n\n\n<h4 class=\"wp-block-heading\" style=\"font-size:20px\"><a href=\"https:\/\/www.allersretoursasso.fr\/zh\/coming-of-age-2022\/affiche-bd-1\/\" target=\"_blank\" rel=\"noreferrer noopener\"><\/a><strong>\u5f71\u5c552023\u2014\u2014\u65c5\u7a0b\u91cd\u542f\u4e4b\u5e74<\/strong><br>2023 : \u65c5\u7a0b\u91cd\u542f\u4e4b\u5e74<\/h4>\n\n\n\n<p class=\" translation-block\">\u7b2c\u4e94\u5c4a\u4f5c\u8005\u7535\u5f71\u5c55\u5373\u5c06\u4e8e 2023\u5e742 \u67083\u65e5\u665a\uff0c\u5728\u5409\u7f8e\u56fd\u7acb\u4e9a\u6d32\u827a\u672f\u535a\u7269\u9986(Mus\u00e9e Guimet)\u5f00\u5e55\u3002 \u57282\u67083\u65e5\u81f32\u670812\u65e5\u671f\u95f4\uff0c \u5f71\u5c55\u5c06\u5728Mus\u00e9e Guimet\u548cStudio des Ursulines\u4e3a\u5df4\u9ece\u89c2\u4f17\u5e26\u67659\u90e8\u957f\u7247\u548c6\u90e8\u77ed\u7247\u3002<\/p>\n\n\n\n<p class=\" translation-block\">\u65b0\u4e00\u5c4a\u7684\u5f71\u5c55\u9009\u7247\u4f9d\u65e7\u575a\u6301\u7740\u5bf9\u4e8e\u201c\u4f5c\u8005\u6027\u201d\u7684\u8ffd\u6c42\uff0c\u503c\u5f97\u4e00\u63d0\u7684\u662f9\u90e8\u957f\u7247\u4e2d\uff0c\u67097\u90e8\u662f\u5bfc\u6f14\u7684\u957f\u7247\u9996\u4f5c\u6216\u7b2c\u4e8c\u957f\u7247\u3002\u4f5c\u8005\u9635\u8425\u4e2d\uff0c\u5e74\u8f7b\u529b\u91cf\u7684\u5d1b\u8d77\u5728\u4e0d\u65ad\u91cd\u5851\u7740\u300c\u534e\u8bed\u4f5c\u8005\u6027\u300d\u7684\u98ce\u8c8c\u3002\u300c\u534e\u8bed\u4f5c\u8005\u300d\u662f\u4e00\u4e2a\u5bbd\u6cdb\u7684\u6982\u5ff5\uff0c\u6216\u8005\u8bf4\u201c\u534e\u8bed\u201d\u4e00\u8bcd\u672c\u8eab\u5c31\u5212\u5b9a\u4e86\u8fbd\u9614\u7684\u7586\u57df\u3002\u8fc7\u53bb\u7684\u4e09\u5e74\u91cc\uff0c\u7ecf\u5386\u4e86\u4e16\u754c\u8303\u56f4\u5185\u7684\u52a8\u8361\u4e0e\u53d8\u9769\uff0c\u65f6\u4ee3\u53c8\u7ed9\u7535\u5f71\u4f5c\u8005\u4eec\u7559\u4e0b\u4e86\u600e\u6837\u7684\u5370\u8bb0\uff1f\u8fd9\u4e2a\u95ee\u9898\u4e5f\u8bb8\u9700\u8981\u66f4\u591a\u65f6\u95f4\u624d\u80fd\u56de\u7b54\u3002\u5e0c\u671b\u8fd9\u7ec4\u7edd\u5927\u591a\u6570\u57282020\u5e74\u75ab\u60c5\u540e\u62cd\u6444\u5b8c\u6210\u7684\uff0c\u55bb\u793a\u7740\u300c\u65c5\u7a0b\u91cd\u542f\u300d\u7684\u534e\u8bed\u4f5c\u54c1\uff0c\u80fd\u5e26\u7ed9\u89c2\u4f17\u4e00\u79cd\u65b0\u751f\u7684\u3001\u6d41\u52a8\u7684\u5e0c\u671b......\uff08<a href=\"https:\/\/www.allersretoursasso.fr\/2023\/01\/10\/retour-sur-la-selection-2023\/\" target=\"_blank\" rel=\"noreferrer noopener\">\u9605\u8bfb\u66f4\u591a<\/a>\uff09<\/p>\n\n\n\n<p>\u7b2c\u4e94\u5c4a\u4f5c\u8005\u7535\u5f71\u5c55\u5373\u5c06\u4e8e 2023\u5e742 \u67083\u65e5\u665a\uff0c\u5728\u5409\u7f8e\u56fd\u7acb\u4e9a\u6d32\u827a\u672f\u535a\u7269\u9986(Mus\u00e9e Guimet)\u5f00\u5e55\u3002 \u57282\u67083\u65e5\u81f32\u670812\u65e5\u671f\u95f4\uff0c \u5f71\u5c55\u5c06\u5728Mus\u00e9e Guimet\u548cStudio des Ursulines\u4e3a\u5df4\u9ece\u89c2\u4f17\u5e26\u67659\u90e8\u957f\u7247\u548c6\u90e8\u77ed\u7247\u3002<\/p>\n\n\n\n<p>\u65b0\u4e00\u5c4a\u7684\u5f71\u5c55\u9009\u7247\u4f9d\u65e7\u575a\u6301\u7740\u5bf9\u4e8e\u201c\u4f5c\u8005\u6027\u201d\u7684\u8ffd\u6c42\uff0c\u503c\u5f97\u4e00\u63d0\u7684\u662f9\u90e8\u957f\u7247\u4e2d\uff0c\u67097\u90e8\u662f\u5bfc\u6f14\u7684\u957f\u7247\u9996\u4f5c\u6216\u7b2c\u4e8c\u957f\u7247\u3002\u4f5c\u8005\u9635\u8425\u4e2d\uff0c\u5e74\u8f7b\u529b\u91cf\u7684\u5d1b\u8d77\u5728\u4e0d\u65ad\u91cd\u5851\u7740\u300c\u534e\u8bed\u4f5c\u8005\u6027\u300d\u7684\u98ce\u8c8c\u3002\u300c\u534e\u8bed\u4f5c\u8005\u300d\u662f\u4e00\u4e2a\u5bbd\u6cdb\u7684\u6982\u5ff5\uff0c\u6216\u8005\u8bf4\u201c\u534e\u8bed\u201d\u4e00\u8bcd\u672c\u8eab\u5c31\u5212\u5b9a\u4e86\u8fbd\u9614\u7684\u7586\u57df\u3002\u8fc7\u53bb\u7684\u4e09\u5e74\u91cc\uff0c\u7ecf\u5386\u4e86\u4e16\u754c\u8303\u56f4\u5185\u7684\u52a8\u8361\u4e0e\u53d8\u9769\uff0c\u65f6\u4ee3\u53c8\u7ed9\u7535\u5f71\u4f5c\u8005\u4eec\u7559\u4e0b\u4e86\u600e\u6837\u7684\u5370\u8bb0\uff1f\u8fd9\u4e2a\u95ee\u9898\u4e5f\u8bb8\u9700\u8981\u66f4\u591a\u65f6\u95f4\u624d\u80fd\u56de\u7b54\u3002\u5e0c\u671b\u8fd9\u7ec4\u7edd\u5927\u591a\u6570\u57282020\u5e74\u75ab\u60c5\u540e\u62cd\u6444\u5b8c\u6210\u7684\uff0c\u55bb\u793a\u7740\u300c\u65c5\u7a0b\u91cd\u542f\u300d\u7684\u534e\u8bed\u4f5c\u54c1\uff0c\u80fd\u5e26\u7ed9\u89c2\u4f17\u4e00\u79cd\u65b0\u751f\u7684\u3001\u6d41\u52a8\u7684\u5e0c\u671b&#8230;&#8230;\uff08<a href=\"https:\/\/www.allersretoursasso.fr\/zh\/2023\/01\/10\/retour-sur-la-selection-2023\/\" target=\"_blank\" rel=\"noreferrer noopener\">\u9605\u8bfb\u66f4\u591a<\/a>\uff09<\/p>\n\n\n\n<hr class=\"wp-block-separator has-alpha-channel-opacity is-style-wide\"\/>\n\n\n\n<p style=\"font-size:18px\"><strong><a href=\"https:\/\/www.allersretoursasso.fr\/zh\/festvail2023-table-ronde\/\">Table ronde &#8211; Reprise du voyage apr\u00e8s une longue escale : aujourd\u2019hui et demain<\/a><br><a href=\"https:\/\/www.allersretoursasso.fr\/zh\/festvail2023-table-ronde\/\">\u5706\u684c\u4ea4\u6d41\u4f1a\uff1a\u65c5\u884c\u91cd\u542f\u4e4b\u5e74\uff1a\u5f53\u4e0b\u53ca\u672a\u6765<\/a><\/strong><\/p>\n\n\n\n<p><strong>2023\u5e742\u67085\u65e5 \u661f\u671f\u65e5 15\u70b9<\/strong> \u4e8e <a href=\"https:\/\/www.allersretoursasso.fr\/zh\/2023%E5%B9%B42%E6%9C%885%E6%97%A5%20%E6%98%9F%E6%9C%9F%E6%97%A5%2015%E7%82%B9\/\">\u5df4\u9ece\u5409\u7f8e\u56fd\u7acb\u4e9a\u6d32\u827a\u672f\u535a\u7269\u9986<\/a><br> <strong>2023\u5e742\u67085\u65e5 \u661f\u671f\u65e5 \u4e0b\u53483\u70b9<\/strong> \u4e8e&nbsp;<a href=\"https:\/\/www.allersretoursasso.fr\/zh\/2023%E5%B9%B42%E6%9C%885%E6%97%A5%20%E6%98%9F%E6%9C%9F%E6%97%A5%2015%E7%82%B9\/\" target=\"_blank\" rel=\"noreferrer noopener\">\u5df4\u9ece\u5409\u7f8e\u56fd\u7acb\u4e9a\u6d32\u827a\u672f\u535a\u7269\u9986<\/a><\/p>\n\n\n\n<p>\u00c0 l&#8217;occasion de cette nouvelle table ronde, le Festival Allers-Retours invite un r\u00e9alisateur, une r\u00e9alisatrice, une productrice et une actrice, dont l&#8217;itin\u00e9raire cr\u00e9atif refl\u00e8te le parcours de vie, au-del\u00e0 des oc\u00e9ans, ici et ailleurs&#8230; (<a href=\"https:\/\/www.allersretoursasso.fr\/zh\/festvail2023-table-ronde\/\" rel=\"nofollow\">Lire la suite<\/a>)<br>\u7b2c\u4e94\u5c4a\u4f5c\u8005\u7535\u5f71\u5c55\u518d\u6b21\u53d1\u8d77\u7684\u5706\u684c\u4ea4\u6d41\u4f1a\uff0c\u9080\u8bf7\u5230\u4e86\u51e0\u4f4d\u5e74\u8f7b\u7684\u5bfc\u6f14\u3001\u5236\u7247\u4eba\u3001\u6f14\u5458\u3002\u4ed6\u4eec\u7684\u521b\u4f5c\u4e4b\u8def\u5982\u540c\u4eba\u751f\u4e4b\u65c5\uff0c\u6f02\u6d0b\u8fc7\u6d77&#8230;(<a href=\"https:\/\/www.allersretoursasso.fr\/zh\/festival2023-table-ronde\/\">\u66f4\u591a\u4fe1\u606f<\/a>\uff09<\/p>\n\n\n\n<hr class=\"wp-block-separator has-alpha-channel-opacity is-style-wide\"\/>\n\n\n\n<h2 class=\"wp-block-heading has-text-align-center has-black-color has-text-color\"><strong>\u653e\u6620\u5b89\u6392<\/strong><br><strong>\u5b8c\u6574\u6392\u7247\u8868<\/strong><\/h2>\n\n\n\n<h3 class=\"wp-block-heading has-text-align-left\"><strong>\u957f\u7247<\/strong> <strong>\u957f\u7247\u7ec4<\/strong><\/h3>\n\n\n\n<div class=\"wp-block-group is-layout-flow wp-block-group-is-layout-flow\"><div class=\"wp-block-group__inner-container\">\n<div class=\"wp-block-group is-layout-flow wp-block-group-is-layout-flow\"><div class=\"wp-block-group__inner-container\">\n<div class=\"wp-block-columns is-layout-flex wp-container-core-columns-layout-1 wp-block-columns-is-layout-flex\">\n<div class=\"wp-block-column is-layout-flow wp-block-column-is-layout-flow\">\n<div class=\"wp-block-group is-layout-flow wp-block-group-is-layout-flow\"><div class=\"wp-block-group__inner-container\">\n<figure class=\"wp-block-image size-large\"><a href=\"https:\/\/www.allersretoursasso.fr\/zh\/festival2023-journey-to-the-west\/\"><img loading=\"lazy\" decoding=\"async\" width=\"691\" height=\"1024\" src=\"https:\/\/www.allersretoursasso.fr\/wp-content\/uploads\/2023\/01\/01-Journey-to-the-West_Affiche-Format-uni_Web_FAR2023-691x1024.jpg\" alt=\"\" class=\"wp-image-3119\" srcset=\"https:\/\/www.allersretoursasso.fr\/wp-content\/uploads\/2023\/01\/01-Journey-to-the-West_Affiche-Format-uni_Web_FAR2023-691x1024.jpg 691w, https:\/\/www.allersretoursasso.fr\/wp-content\/uploads\/2023\/01\/01-Journey-to-the-West_Affiche-Format-uni_Web_FAR2023-203x300.jpg 203w, https:\/\/www.allersretoursasso.fr\/wp-content\/uploads\/2023\/01\/01-Journey-to-the-West_Affiche-Format-uni_Web_FAR2023-768x1138.jpg 768w, https:\/\/www.allersretoursasso.fr\/wp-content\/uploads\/2023\/01\/01-Journey-to-the-West_Affiche-Format-uni_Web_FAR2023-350x518.jpg 350w, https:\/\/www.allersretoursasso.fr\/wp-content\/uploads\/2023\/01\/01-Journey-to-the-West_Affiche-Format-uni_Web_FAR2023.jpg 804w\" sizes=\"(max-width: 691px) 100vw, 691px\" \/><\/a><figcaption class=\"wp-element-caption\"><a href=\"https:\/\/www.allersretoursasso.fr\/zh\/festival2023-journey-to-the-west\/\"><strong>\u5b87\u5b99\u63a2\u7d22\u7f16\u8f91\u90e8<\/strong> \u5b54\u5927\u5c71<\/a><br><a href=\"https:\/\/www.allersretoursasso.fr\/zh\/festival2023-journey-to-the-west\/\"><strong>\u5b87\u5b99\u63a2\u7d22\u7f16\u8f91\u90e8<\/strong>&nbsp;\u5b54\u5927\u5c71<\/a><\/figcaption><\/figure>\n<\/div><\/div>\n<\/div>\n\n\n\n<div class=\"wp-block-column is-layout-flow wp-block-column-is-layout-flow\">\n<div class=\"wp-block-group is-layout-flow wp-block-group-is-layout-flow\"><div class=\"wp-block-group__inner-container\">\n<figure class=\"wp-block-image size-large\"><a href=\"https:\/\/www.allersretoursasso.fr\/zh\/festvail2023-after-the-rain\/\"><img loading=\"lazy\" decoding=\"async\" width=\"691\" height=\"1024\" src=\"https:\/\/www.allersretoursasso.fr\/wp-content\/uploads\/2023\/01\/02-After-the-Rain_Affiche-Format-uni_Web_FAR2023-1-691x1024.jpg\" alt=\"\" class=\"wp-image-3117\" srcset=\"https:\/\/www.allersretoursasso.fr\/wp-content\/uploads\/2023\/01\/02-After-the-Rain_Affiche-Format-uni_Web_FAR2023-1-691x1024.jpg 691w, https:\/\/www.allersretoursasso.fr\/wp-content\/uploads\/2023\/01\/02-After-the-Rain_Affiche-Format-uni_Web_FAR2023-1-203x300.jpg 203w, https:\/\/www.allersretoursasso.fr\/wp-content\/uploads\/2023\/01\/02-After-the-Rain_Affiche-Format-uni_Web_FAR2023-1-768x1138.jpg 768w, https:\/\/www.allersretoursasso.fr\/wp-content\/uploads\/2023\/01\/02-After-the-Rain_Affiche-Format-uni_Web_FAR2023-1-350x518.jpg 350w, https:\/\/www.allersretoursasso.fr\/wp-content\/uploads\/2023\/01\/02-After-the-Rain_Affiche-Format-uni_Web_FAR2023-1.jpg 804w\" sizes=\"(max-width: 691px) 100vw, 691px\" \/><\/a><figcaption class=\"wp-element-caption\"><a href=\"https:\/\/www.allersretoursasso.fr\/zh\/festvail2023-after-the-rain\/\"><strong>\u4e24\u4e2a\u661f\u7403<\/strong>&nbsp;\u8303\u4fed<\/a><br><a href=\"https:\/\/www.allersretoursasso.fr\/zh\/festvail2023-after-the-rain\/\"><strong>\u4e24\u4e2a\u661f\u7403<\/strong>&nbsp;\u8303\u4fed<\/a><\/figcaption><\/figure>\n<\/div><\/div>\n<\/div>\n\n\n\n<div class=\"wp-block-column is-layout-flow wp-block-column-is-layout-flow\">\n<div class=\"wp-block-group is-layout-flow wp-block-group-is-layout-flow\"><div class=\"wp-block-group__inner-container\">\n<figure class=\"wp-block-image size-large\"><a href=\"https:\/\/www.allersretoursasso.fr\/zh\/festival2023-virgin-blue\/\"><img loading=\"lazy\" decoding=\"async\" width=\"724\" height=\"1024\" src=\"https:\/\/www.allersretoursasso.fr\/wp-content\/uploads\/2023\/01\/03-Virgin-Blue_Affiche-Format-uni_Web_FAR2023-724x1024.jpg\" alt=\"\" class=\"wp-image-3131\" srcset=\"https:\/\/www.allersretoursasso.fr\/wp-content\/uploads\/2023\/01\/03-Virgin-Blue_Affiche-Format-uni_Web_FAR2023-724x1024.jpg 724w, https:\/\/www.allersretoursasso.fr\/wp-content\/uploads\/2023\/01\/03-Virgin-Blue_Affiche-Format-uni_Web_FAR2023-212x300.jpg 212w, https:\/\/www.allersretoursasso.fr\/wp-content\/uploads\/2023\/01\/03-Virgin-Blue_Affiche-Format-uni_Web_FAR2023-768x1086.jpg 768w, https:\/\/www.allersretoursasso.fr\/wp-content\/uploads\/2023\/01\/03-Virgin-Blue_Affiche-Format-uni_Web_FAR2023-350x495.jpg 350w, https:\/\/www.allersretoursasso.fr\/wp-content\/uploads\/2023\/01\/03-Virgin-Blue_Affiche-Format-uni_Web_FAR2023.jpg 842w\" sizes=\"(max-width: 724px) 100vw, 724px\" \/><\/a><figcaption class=\"wp-element-caption\"><a href=\"https:\/\/www.allersretoursasso.fr\/zh\/festival2023-virgin-blue\/\"><strong>\u4e0d\u8981\u518d\u89c1\u554a\uff0c\u9c7c\u82b1\u5858<\/strong> \u725b\u5c0f\u96e8<\/a><br><a href=\"https:\/\/www.allersretoursasso.fr\/zh\/festival2023-virgin-blue\/\"><strong>\u4e0d\u8981\u518d\u89c1\u554a\uff0c\u9c7c\u82b1\u5858<\/strong>&nbsp;\u725b\u5c0f\u96e8<\/a><br><\/figcaption><\/figure>\n<\/div><\/div>\n<\/div>\n<\/div>\n<\/div><\/div>\n<\/div><\/div>\n\n\n\n<div class=\"wp-block-group is-layout-flow wp-block-group-is-layout-flow\"><div class=\"wp-block-group__inner-container\">\n<div class=\"wp-block-columns is-layout-flex wp-container-core-columns-layout-2 wp-block-columns-is-layout-flex\">\n<div class=\"wp-block-column is-layout-flow wp-block-column-is-layout-flow\">\n<div class=\"wp-block-group is-layout-flow wp-block-group-is-layout-flow\"><div class=\"wp-block-group__inner-container\">\n<figure class=\"wp-block-image size-large\"><a href=\"https:\/\/www.allersretoursasso.fr\/zh\/festival2023-four-journeys\/\"><img loading=\"lazy\" decoding=\"async\" width=\"724\" height=\"1024\" src=\"https:\/\/www.allersretoursasso.fr\/wp-content\/uploads\/2023\/01\/04-Four-Journeys_Affiche-Format-uni_Web_FAR2023-1-724x1024.jpg\" alt=\"\" class=\"wp-image-2964\" srcset=\"https:\/\/www.allersretoursasso.fr\/wp-content\/uploads\/2023\/01\/04-Four-Journeys_Affiche-Format-uni_Web_FAR2023-1-724x1024.jpg 724w, https:\/\/www.allersretoursasso.fr\/wp-content\/uploads\/2023\/01\/04-Four-Journeys_Affiche-Format-uni_Web_FAR2023-1-212x300.jpg 212w, https:\/\/www.allersretoursasso.fr\/wp-content\/uploads\/2023\/01\/04-Four-Journeys_Affiche-Format-uni_Web_FAR2023-1-768x1086.jpg 768w, https:\/\/www.allersretoursasso.fr\/wp-content\/uploads\/2023\/01\/04-Four-Journeys_Affiche-Format-uni_Web_FAR2023-1-350x495.jpg 350w, https:\/\/www.allersretoursasso.fr\/wp-content\/uploads\/2023\/01\/04-Four-Journeys_Affiche-Format-uni_Web_FAR2023-1.jpg 842w\" sizes=\"(max-width: 724px) 100vw, 724px\" \/><\/a><figcaption class=\"wp-element-caption\"><a href=\"https:\/\/www.allersretoursasso.fr\/zh\/festival2023-four-journeys\/\"><strong>\u56db\u6b21\u65c5\u884c<\/strong> Louis Hothothot<\/a><br><a href=\"https:\/\/www.allersretoursasso.fr\/zh\/festival2023-four-journeys\/\"><strong>\u56db\u6b21\u65c5\u884c<\/strong>&nbsp;Louis Hothothot<\/a><br><\/figcaption><\/figure>\n<\/div><\/div>\n<\/div>\n\n\n\n<div class=\"wp-block-column is-layout-flow wp-block-column-is-layout-flow\">\n<div class=\"wp-block-group is-layout-flow wp-block-group-is-layout-flow\"><div class=\"wp-block-group__inner-container\">\n<figure class=\"wp-block-image size-large\"><a href=\"https:\/\/www.allersretoursasso.fr\/zh\/festival2023-barbarian-invasion\/\"><img loading=\"lazy\" decoding=\"async\" width=\"691\" height=\"1024\" src=\"https:\/\/www.allersretoursasso.fr\/wp-content\/uploads\/2023\/01\/05-Barbarian-Invation_Affiche-Format-uni_Web_FAR2023-691x1024.jpg\" alt=\"\" class=\"wp-image-2970\" srcset=\"https:\/\/www.allersretoursasso.fr\/wp-content\/uploads\/2023\/01\/05-Barbarian-Invation_Affiche-Format-uni_Web_FAR2023-691x1024.jpg 691w, https:\/\/www.allersretoursasso.fr\/wp-content\/uploads\/2023\/01\/05-Barbarian-Invation_Affiche-Format-uni_Web_FAR2023-203x300.jpg 203w, https:\/\/www.allersretoursasso.fr\/wp-content\/uploads\/2023\/01\/05-Barbarian-Invation_Affiche-Format-uni_Web_FAR2023-768x1138.jpg 768w, https:\/\/www.allersretoursasso.fr\/wp-content\/uploads\/2023\/01\/05-Barbarian-Invation_Affiche-Format-uni_Web_FAR2023-350x518.jpg 350w, https:\/\/www.allersretoursasso.fr\/wp-content\/uploads\/2023\/01\/05-Barbarian-Invation_Affiche-Format-uni_Web_FAR2023.jpg 804w\" sizes=\"(max-width: 691px) 100vw, 691px\" \/><\/a><figcaption class=\"wp-element-caption\"><a href=\"https:\/\/www.allersretoursasso.fr\/zh\/festival2023-barbarian-invasion\/\"><strong>\u91ce\u86ee\u4eba\u5165\u4fb5 <\/strong>\u9648\u7fe0\u6885<\/a><br><a href=\"https:\/\/www.allersretoursasso.fr\/zh\/festival2023-barbarian-invasion\/\"><strong>\u91ce\u86ee\u4eba\u5165\u4fb5&nbsp;<\/strong>\u9648\u7fe0\u6885<\/a><\/figcaption><\/figure>\n<\/div><\/div>\n<\/div>\n\n\n\n<div class=\"wp-block-column is-layout-flow wp-block-column-is-layout-flow\">\n<div class=\"wp-block-group is-layout-flow wp-block-group-is-layout-flow\"><div class=\"wp-block-group__inner-container\">\n<figure class=\"wp-block-image size-large\"><a href=\"https:\/\/www.allersretoursasso.fr\/zh\/festival2023-farewell-my-hometown\/\"><img loading=\"lazy\" decoding=\"async\" width=\"691\" height=\"1024\" src=\"https:\/\/www.allersretoursasso.fr\/wp-content\/uploads\/2023\/01\/06-Farewell-My-Hometown_Affiche-Format-uni_Web_FAR2023-1-691x1024.jpg\" alt=\"\" class=\"wp-image-2975\" srcset=\"https:\/\/www.allersretoursasso.fr\/wp-content\/uploads\/2023\/01\/06-Farewell-My-Hometown_Affiche-Format-uni_Web_FAR2023-1-691x1024.jpg 691w, https:\/\/www.allersretoursasso.fr\/wp-content\/uploads\/2023\/01\/06-Farewell-My-Hometown_Affiche-Format-uni_Web_FAR2023-1-203x300.jpg 203w, https:\/\/www.allersretoursasso.fr\/wp-content\/uploads\/2023\/01\/06-Farewell-My-Hometown_Affiche-Format-uni_Web_FAR2023-1-768x1138.jpg 768w, https:\/\/www.allersretoursasso.fr\/wp-content\/uploads\/2023\/01\/06-Farewell-My-Hometown_Affiche-Format-uni_Web_FAR2023-1-350x518.jpg 350w, https:\/\/www.allersretoursasso.fr\/wp-content\/uploads\/2023\/01\/06-Farewell-My-Hometown_Affiche-Format-uni_Web_FAR2023-1.jpg 804w\" sizes=\"(max-width: 691px) 100vw, 691px\" \/><\/a><figcaption class=\"wp-element-caption\"><a href=\"https:\/\/www.allersretoursasso.fr\/zh\/festival2023-farewell-my-hometown\/\"><strong>\u518d\u89c1\uff0c\u4e50\u56ed<\/strong> \u738b\u5c14\u5353<\/a><br><a href=\"https:\/\/www.allersretoursasso.fr\/zh\/festival2023-farewell-my-hometown\/\"><strong>\u518d\u89c1\uff0c\u4e50\u56ed<\/strong>&nbsp;\u738b\u5c14\u5353<\/a><\/figcaption><\/figure>\n<\/div><\/div>\n<\/div>\n<\/div>\n<\/div><\/div>\n\n\n\n<div class=\"wp-block-group is-layout-flow wp-block-group-is-layout-flow\"><div class=\"wp-block-group__inner-container\">\n<div class=\"wp-block-columns is-layout-flex wp-container-core-columns-layout-3 wp-block-columns-is-layout-flex\">\n<div class=\"wp-block-column is-layout-flow wp-block-column-is-layout-flow\">\n<div class=\"wp-block-group is-layout-flow wp-block-group-is-layout-flow\"><div class=\"wp-block-group__inner-container\">\n<div class=\"wp-block-group is-layout-flow wp-block-group-is-layout-flow\"><div class=\"wp-block-group__inner-container\">\n<div class=\"wp-block-group is-layout-flow wp-block-group-is-layout-flow\"><div class=\"wp-block-group__inner-container\">\n<figure class=\"wp-block-image size-large\"><a href=\"https:\/\/www.allersretoursasso.fr\/zh\/festival2023-silver-bird-and-rainbow-fish\/\"><img loading=\"lazy\" decoding=\"async\" width=\"724\" height=\"1024\" src=\"https:\/\/www.allersretoursasso.fr\/wp-content\/uploads\/2023\/01\/07-Silver-Bird-and-Rainbow-Fish_Affiche-Format-uni_Web_FAR2023-1-724x1024.jpg\" alt=\"\" class=\"wp-image-2994\" srcset=\"https:\/\/www.allersretoursasso.fr\/wp-content\/uploads\/2023\/01\/07-Silver-Bird-and-Rainbow-Fish_Affiche-Format-uni_Web_FAR2023-1-724x1024.jpg 724w, https:\/\/www.allersretoursasso.fr\/wp-content\/uploads\/2023\/01\/07-Silver-Bird-and-Rainbow-Fish_Affiche-Format-uni_Web_FAR2023-1-212x300.jpg 212w, https:\/\/www.allersretoursasso.fr\/wp-content\/uploads\/2023\/01\/07-Silver-Bird-and-Rainbow-Fish_Affiche-Format-uni_Web_FAR2023-1-768x1086.jpg 768w, https:\/\/www.allersretoursasso.fr\/wp-content\/uploads\/2023\/01\/07-Silver-Bird-and-Rainbow-Fish_Affiche-Format-uni_Web_FAR2023-1-350x495.jpg 350w, https:\/\/www.allersretoursasso.fr\/wp-content\/uploads\/2023\/01\/07-Silver-Bird-and-Rainbow-Fish_Affiche-Format-uni_Web_FAR2023-1.jpg 842w\" sizes=\"(max-width: 724px) 100vw, 724px\" \/><\/a><figcaption class=\"wp-element-caption\"><a href=\"https:\/\/www.allersretoursasso.fr\/zh\/festival2023-silver-bird-and-rainbow-fish\/\"><strong>\u7b2c\u4e8c\u4e2a\u548c\u7b2c\u4e09\u4e2a\u5988\u5988<\/strong> \u96f7\u78ca<\/a><br><a href=\"https:\/\/www.allersretoursasso.fr\/zh\/festival2023-silver-bird-and-rainbow-fish\/\"><strong>\u7b2c\u4e8c\u4e2a\u548c\u7b2c\u4e09\u4e2a\u5988\u5988<\/strong>&nbsp;\u96f7\u78ca<\/a><\/figcaption><\/figure>\n<\/div><\/div>\n<\/div><\/div>\n<\/div><\/div>\n<\/div>\n\n\n\n<div class=\"wp-block-column is-layout-flow wp-block-column-is-layout-flow\">\n<div class=\"wp-block-group is-layout-flow wp-block-group-is-layout-flow\"><div class=\"wp-block-group__inner-container\">\n<div class=\"wp-block-group is-layout-flow wp-block-group-is-layout-flow\"><div class=\"wp-block-group__inner-container\">\n<div class=\"wp-block-group is-layout-flow wp-block-group-is-layout-flow\"><div class=\"wp-block-group__inner-container\">\n<figure class=\"wp-block-image size-large\"><a href=\"https:\/\/www.allersretoursasso.fr\/zh\/festival2023-bipolar\/\"><img loading=\"lazy\" decoding=\"async\" width=\"724\" height=\"1024\" src=\"https:\/\/www.allersretoursasso.fr\/wp-content\/uploads\/2023\/01\/08-Bipolar_Affiche-Format-uni_Web_FAR2023-1-724x1024.jpg\" alt=\"\" class=\"wp-image-2992\" srcset=\"https:\/\/www.allersretoursasso.fr\/wp-content\/uploads\/2023\/01\/08-Bipolar_Affiche-Format-uni_Web_FAR2023-1-724x1024.jpg 724w, https:\/\/www.allersretoursasso.fr\/wp-content\/uploads\/2023\/01\/08-Bipolar_Affiche-Format-uni_Web_FAR2023-1-212x300.jpg 212w, https:\/\/www.allersretoursasso.fr\/wp-content\/uploads\/2023\/01\/08-Bipolar_Affiche-Format-uni_Web_FAR2023-1-768x1086.jpg 768w, https:\/\/www.allersretoursasso.fr\/wp-content\/uploads\/2023\/01\/08-Bipolar_Affiche-Format-uni_Web_FAR2023-1-350x495.jpg 350w, https:\/\/www.allersretoursasso.fr\/wp-content\/uploads\/2023\/01\/08-Bipolar_Affiche-Format-uni_Web_FAR2023-1.jpg 842w\" sizes=\"(max-width: 724px) 100vw, 724px\" \/><\/a><figcaption class=\"wp-element-caption\"><a href=\"https:\/\/www.allersretoursasso.fr\/zh\/festival2023-bipolar\/\"><strong>\u53ea\u662f\u4e00\u6b21\u5076\u7136\u7684\u65c5\u884c<\/strong> \u674e\u5b5f\u6865<\/a><br><a href=\"https:\/\/www.allersretoursasso.fr\/zh\/festival2023-bipolar\/\"><strong>\u53ea\u662f\u4e00\u6b21\u5076\u7136\u7684\u65c5\u884c<\/strong>&nbsp;\u674e\u5b5f\u6865<\/a><\/figcaption><\/figure>\n<\/div><\/div>\n<\/div><\/div>\n<\/div><\/div>\n<\/div>\n\n\n\n<div class=\"wp-block-column is-vertically-aligned-top is-layout-flow wp-block-column-is-layout-flow\">\n<div class=\"wp-block-group is-layout-flow wp-block-group-is-layout-flow\"><div class=\"wp-block-group__inner-container\">\n<div class=\"wp-block-group is-layout-flow wp-block-group-is-layout-flow\"><div class=\"wp-block-group__inner-container\">\n<div class=\"wp-block-group is-layout-flow wp-block-group-is-layout-flow\"><div class=\"wp-block-group__inner-container\">\n<figure class=\"wp-block-image size-large\"><a href=\"https:\/\/www.allersretoursasso.fr\/zh\/festival2023-go-fishing\/\"><img loading=\"lazy\" decoding=\"async\" width=\"691\" height=\"1024\" src=\"https:\/\/www.allersretoursasso.fr\/wp-content\/uploads\/2023\/01\/09-Go-Fishing_Affiche-Format-uni_Web_FAR2023-691x1024.jpg\" alt=\"\" class=\"wp-image-3118\" srcset=\"https:\/\/www.allersretoursasso.fr\/wp-content\/uploads\/2023\/01\/09-Go-Fishing_Affiche-Format-uni_Web_FAR2023-691x1024.jpg 691w, https:\/\/www.allersretoursasso.fr\/wp-content\/uploads\/2023\/01\/09-Go-Fishing_Affiche-Format-uni_Web_FAR2023-203x300.jpg 203w, https:\/\/www.allersretoursasso.fr\/wp-content\/uploads\/2023\/01\/09-Go-Fishing_Affiche-Format-uni_Web_FAR2023-768x1138.jpg 768w, https:\/\/www.allersretoursasso.fr\/wp-content\/uploads\/2023\/01\/09-Go-Fishing_Affiche-Format-uni_Web_FAR2023-350x518.jpg 350w, https:\/\/www.allersretoursasso.fr\/wp-content\/uploads\/2023\/01\/09-Go-Fishing_Affiche-Format-uni_Web_FAR2023.jpg 804w\" sizes=\"(max-width: 691px) 100vw, 691px\" \/><\/a><figcaption class=\"wp-element-caption\"><a href=\"https:\/\/www.allersretoursasso.fr\/zh\/festival2023-go-fishing\/\"><strong>\u9493\u9c7c <\/strong>\u5357\u946b<\/a><br><a href=\"https:\/\/www.allersretoursasso.fr\/zh\/festival2023-go-fishing\/\"><strong>\u9493\u9c7c&nbsp;<\/strong>\u5357\u946b<\/a><\/figcaption><\/figure>\n<\/div><\/div>\n<\/div><\/div>\n<\/div><\/div>\n<\/div>\n<\/div>\n\n\n\n<h3 class=\"wp-block-heading has-text-align-left\"><strong>\u77ed\u7247<\/strong> <strong>\u77ed\u7247\u7ec4<\/strong><\/h3>\n\n\n\n<div class=\"wp-block-columns is-layout-flex wp-container-core-columns-layout-4 wp-block-columns-is-layout-flex\">\n<div class=\"wp-block-column is-layout-flow wp-block-column-is-layout-flow\">\n<div class=\"wp-block-group is-layout-flow wp-block-group-is-layout-flow\"><div class=\"wp-block-group__inner-container\">\n<div class=\"wp-block-group is-layout-flow wp-block-group-is-layout-flow\"><div class=\"wp-block-group__inner-container\">\n<div class=\"wp-block-group is-layout-flow wp-block-group-is-layout-flow\"><div class=\"wp-block-group__inner-container\">\n<figure class=\"wp-block-image size-large\"><a href=\"https:\/\/www.allersretoursasso.fr\/zh\/festival2023-perfect-city-the-mother\/\"><img loading=\"lazy\" decoding=\"async\" width=\"751\" height=\"1024\" src=\"https:\/\/www.allersretoursasso.fr\/wp-content\/uploads\/2023\/01\/10-1-Perfect-City-The-Mother_Affiche-Format-uni_Web_FAR2023-1-751x1024.jpg\" alt=\"\" class=\"wp-image-3212\" srcset=\"https:\/\/www.allersretoursasso.fr\/wp-content\/uploads\/2023\/01\/10-1-Perfect-City-The-Mother_Affiche-Format-uni_Web_FAR2023-1-751x1024.jpg 751w, https:\/\/www.allersretoursasso.fr\/wp-content\/uploads\/2023\/01\/10-1-Perfect-City-The-Mother_Affiche-Format-uni_Web_FAR2023-1-220x300.jpg 220w, https:\/\/www.allersretoursasso.fr\/wp-content\/uploads\/2023\/01\/10-1-Perfect-City-The-Mother_Affiche-Format-uni_Web_FAR2023-1-768x1047.jpg 768w, https:\/\/www.allersretoursasso.fr\/wp-content\/uploads\/2023\/01\/10-1-Perfect-City-The-Mother_Affiche-Format-uni_Web_FAR2023-1-9x12.jpg 9w, https:\/\/www.allersretoursasso.fr\/wp-content\/uploads\/2023\/01\/10-1-Perfect-City-The-Mother_Affiche-Format-uni_Web_FAR2023-1-350x477.jpg 350w, https:\/\/www.allersretoursasso.fr\/wp-content\/uploads\/2023\/01\/10-1-Perfect-City-The-Mother_Affiche-Format-uni_Web_FAR2023-1.jpg 874w\" sizes=\"(max-width: 706px) 89vw, (max-width: 767px) 82vw, 740px\" \/><\/a><figcaption class=\"wp-element-caption\"><a href=\"https:\/\/www.allersretoursasso.fr\/zh\/festival2023-silver-bird-and-rainbow-fish\/\" target=\"_blank\" rel=\"noreferrer noopener\"><\/a><strong><a href=\"https:\/\/www.allersretoursasso.fr\/zh\/festival2023-perfect-city-the-mother\/\"><strong>\u5b8c\u7f8e\u4e4b\u57ce\uff1a\u5988\u5988<\/strong> <\/a><\/strong><a href=\"https:\/\/www.allersretoursasso.fr\/zh\/festival2023-perfect-city-the-mother\/\">\u5468\u5723\u5d34<\/a><br><strong><a href=\"https:\/\/www.allersretoursasso.fr\/zh\/festival2023-perfect-city-the-mother\/\" target=\"_blank\" rel=\"noreferrer noopener\"><strong>\u5b8c\u7f8e\u4e4b\u57ce\uff1a\u5988\u5988<\/strong>&nbsp;<\/a><\/strong><a href=\"https:\/\/www.allersretoursasso.fr\/zh\/festival2023-perfect-city-the-mother\/\">\u5468\u5723\u5d34<\/a><\/figcaption><\/figure>\n<\/div><\/div>\n<\/div><\/div>\n<\/div><\/div>\n<\/div>\n\n\n\n<div class=\"wp-block-column is-layout-flow wp-block-column-is-layout-flow\">\n<div class=\"wp-block-group is-layout-flow wp-block-group-is-layout-flow\"><div class=\"wp-block-group__inner-container\">\n<div class=\"wp-block-group is-layout-flow wp-block-group-is-layout-flow\"><div class=\"wp-block-group__inner-container\">\n<div class=\"wp-block-group is-layout-flow wp-block-group-is-layout-flow\"><div class=\"wp-block-group__inner-container\">\n<figure class=\"wp-block-image size-large\"><a href=\"https:\/\/www.allersretoursasso.fr\/zh\/festival2023-lili-alone\/\"><img loading=\"lazy\" decoding=\"async\" width=\"691\" height=\"1024\" src=\"https:\/\/www.allersretoursasso.fr\/wp-content\/uploads\/2023\/01\/10-2-Lili-Alone_Affiche-Format-uni_Web_FAR2023-1-691x1024.jpg\" alt=\"\" class=\"wp-image-3215\" srcset=\"https:\/\/www.allersretoursasso.fr\/wp-content\/uploads\/2023\/01\/10-2-Lili-Alone_Affiche-Format-uni_Web_FAR2023-1-691x1024.jpg 691w, https:\/\/www.allersretoursasso.fr\/wp-content\/uploads\/2023\/01\/10-2-Lili-Alone_Affiche-Format-uni_Web_FAR2023-1-203x300.jpg 203w, https:\/\/www.allersretoursasso.fr\/wp-content\/uploads\/2023\/01\/10-2-Lili-Alone_Affiche-Format-uni_Web_FAR2023-1-768x1138.jpg 768w, https:\/\/www.allersretoursasso.fr\/wp-content\/uploads\/2023\/01\/10-2-Lili-Alone_Affiche-Format-uni_Web_FAR2023-1-8x12.jpg 8w, https:\/\/www.allersretoursasso.fr\/wp-content\/uploads\/2023\/01\/10-2-Lili-Alone_Affiche-Format-uni_Web_FAR2023-1-350x518.jpg 350w, https:\/\/www.allersretoursasso.fr\/wp-content\/uploads\/2023\/01\/10-2-Lili-Alone_Affiche-Format-uni_Web_FAR2023-1.jpg 804w\" sizes=\"(max-width: 691px) 100vw, 691px\" \/><\/a><figcaption class=\"wp-element-caption\"><a href=\"https:\/\/www.allersretoursasso.fr\/zh\/festival2023-bipolar\/\"><\/a><a href=\"https:\/\/www.allersretoursasso.fr\/zh\/festival2023-lili-alone\/\"><strong><strong>\u6735\u4e3d<\/strong> <\/strong>\u90b9\u9759<\/a><br><a href=\"https:\/\/www.allersretoursasso.fr\/zh\/festival2023-lili-alone\/\"><strong>\u6735\u4e3d&nbsp;<\/strong>\u90b9\u9759<\/a><\/figcaption><\/figure>\n<\/div><\/div>\n<\/div><\/div>\n<\/div><\/div>\n<\/div>\n\n\n\n<div class=\"wp-block-column is-vertically-aligned-top is-layout-flow wp-block-column-is-layout-flow\">\n<div class=\"wp-block-group is-layout-flow wp-block-group-is-layout-flow\"><div class=\"wp-block-group__inner-container\">\n<div class=\"wp-block-group is-layout-flow wp-block-group-is-layout-flow\"><div class=\"wp-block-group__inner-container\">\n<div class=\"wp-block-group is-layout-flow wp-block-group-is-layout-flow\"><div class=\"wp-block-group__inner-container\">\n<figure class=\"wp-block-image size-large\"><a href=\"https:\/\/www.allersretoursasso.fr\/zh\/festival2023-the-dreamland\/\"><img loading=\"lazy\" decoding=\"async\" width=\"751\" height=\"1024\" src=\"https:\/\/www.allersretoursasso.fr\/wp-content\/uploads\/2023\/01\/10-3-The-Dreamland_Affiche-Format-uni_Web_FAR2023-2-751x1024.jpg\" alt=\"\" class=\"wp-image-3210\" srcset=\"https:\/\/www.allersretoursasso.fr\/wp-content\/uploads\/2023\/01\/10-3-The-Dreamland_Affiche-Format-uni_Web_FAR2023-2-751x1024.jpg 751w, https:\/\/www.allersretoursasso.fr\/wp-content\/uploads\/2023\/01\/10-3-The-Dreamland_Affiche-Format-uni_Web_FAR2023-2-220x300.jpg 220w, https:\/\/www.allersretoursasso.fr\/wp-content\/uploads\/2023\/01\/10-3-The-Dreamland_Affiche-Format-uni_Web_FAR2023-2-768x1047.jpg 768w, https:\/\/www.allersretoursasso.fr\/wp-content\/uploads\/2023\/01\/10-3-The-Dreamland_Affiche-Format-uni_Web_FAR2023-2-9x12.jpg 9w, https:\/\/www.allersretoursasso.fr\/wp-content\/uploads\/2023\/01\/10-3-The-Dreamland_Affiche-Format-uni_Web_FAR2023-2-350x477.jpg 350w, https:\/\/www.allersretoursasso.fr\/wp-content\/uploads\/2023\/01\/10-3-The-Dreamland_Affiche-Format-uni_Web_FAR2023-2.jpg 874w\" sizes=\"(max-width: 706px) 89vw, (max-width: 767px) 82vw, 740px\" \/><\/a><figcaption class=\"wp-element-caption\"><a href=\"https:\/\/www.allersretoursasso.fr\/zh\/festival2023-go-fishing\/\" data-type=\"URL\"><\/a><strong><a href=\"https:\/\/www.allersretoursasso.fr\/zh\/festival2023-the-dreamland\/\" target=\"_blank\" rel=\"noreferrer noopener\"><\/a><a href=\"https:\/\/www.allersretoursasso.fr\/zh\/festival2023-the-dreamland\/\"><strong>\u865a\u6208<\/strong> <\/a><\/strong><a href=\"https:\/\/www.allersretoursasso.fr\/zh\/festival2023-the-dreamland\/\">\u535e\u5361<\/a><br><strong><a href=\"https:\/\/www.allersretoursasso.fr\/zh\/festival2023-the-dreamland\/\"><strong>\u865a\u6208<\/strong>&nbsp;<\/a><\/strong><a href=\"https:\/\/www.allersretoursasso.fr\/zh\/festival2023-the-dreamland\/\">\u535e\u5361<\/a><\/figcaption><\/figure>\n<\/div><\/div>\n<\/div><\/div>\n<\/div><\/div>\n<\/div>\n<\/div>\n\n\n\n<div class=\"wp-block-columns is-layout-flex wp-container-core-columns-layout-5 wp-block-columns-is-layout-flex\">\n<div class=\"wp-block-column is-layout-flow wp-block-column-is-layout-flow\">\n<div class=\"wp-block-group is-layout-flow wp-block-group-is-layout-flow\"><div class=\"wp-block-group__inner-container\">\n<div class=\"wp-block-group is-layout-flow wp-block-group-is-layout-flow\"><div class=\"wp-block-group__inner-container\">\n<div class=\"wp-block-group is-layout-flow wp-block-group-is-layout-flow\"><div class=\"wp-block-group__inner-container\">\n<figure class=\"wp-block-image size-large\"><a href=\"https:\/\/www.allersretoursasso.fr\/zh\/festival2023-olympic\/\"><img loading=\"lazy\" decoding=\"async\" width=\"724\" height=\"1024\" src=\"https:\/\/www.allersretoursasso.fr\/wp-content\/uploads\/2023\/01\/10-4-Olympic_Affiche-Format-uni_Web_FAR2023-1-724x1024.jpg\" alt=\"\" class=\"wp-image-3214\" srcset=\"https:\/\/www.allersretoursasso.fr\/wp-content\/uploads\/2023\/01\/10-4-Olympic_Affiche-Format-uni_Web_FAR2023-1-724x1024.jpg 724w, https:\/\/www.allersretoursasso.fr\/wp-content\/uploads\/2023\/01\/10-4-Olympic_Affiche-Format-uni_Web_FAR2023-1-212x300.jpg 212w, https:\/\/www.allersretoursasso.fr\/wp-content\/uploads\/2023\/01\/10-4-Olympic_Affiche-Format-uni_Web_FAR2023-1-768x1086.jpg 768w, https:\/\/www.allersretoursasso.fr\/wp-content\/uploads\/2023\/01\/10-4-Olympic_Affiche-Format-uni_Web_FAR2023-1-8x12.jpg 8w, https:\/\/www.allersretoursasso.fr\/wp-content\/uploads\/2023\/01\/10-4-Olympic_Affiche-Format-uni_Web_FAR2023-1-350x495.jpg 350w, https:\/\/www.allersretoursasso.fr\/wp-content\/uploads\/2023\/01\/10-4-Olympic_Affiche-Format-uni_Web_FAR2023-1.jpg 842w\" sizes=\"(max-width: 724px) 100vw, 724px\" \/><\/a><figcaption class=\"wp-element-caption\"><a href=\"https:\/\/www.allersretoursasso.fr\/zh\/festival2023-olympic\/\"><strong>\u8c79\u4eba<\/strong> \u795d\u65b0<\/a><br><a href=\"https:\/\/www.allersretoursasso.fr\/zh\/festival2023-olympic\/\"><strong>\u8c79\u4eba<\/strong>&nbsp;\u795d\u65b0<\/a><\/figcaption><\/figure>\n<\/div><\/div>\n<\/div><\/div>\n<\/div><\/div>\n<\/div>\n\n\n\n<div class=\"wp-block-column is-layout-flow wp-block-column-is-layout-flow\">\n<div class=\"wp-block-group is-layout-flow wp-block-group-is-layout-flow\"><div class=\"wp-block-group__inner-container\">\n<div class=\"wp-block-group is-layout-flow wp-block-group-is-layout-flow\"><div class=\"wp-block-group__inner-container\">\n<div class=\"wp-block-group is-layout-flow wp-block-group-is-layout-flow\"><div class=\"wp-block-group__inner-container\">\n<figure class=\"wp-block-image size-large\"><a href=\"https:\/\/www.allersretoursasso.fr\/zh\/festival2023-l-insaisissable-joie-du-travail\/\"><img loading=\"lazy\" decoding=\"async\" width=\"751\" height=\"1024\" src=\"https:\/\/www.allersretoursasso.fr\/wp-content\/uploads\/2023\/01\/10-5-LInsaisissable-Joie-du-Travail_Affiche-Format-uni_Web_FAR2023-1-751x1024.jpg\" alt=\"\" class=\"wp-image-3211\" srcset=\"https:\/\/www.allersretoursasso.fr\/wp-content\/uploads\/2023\/01\/10-5-LInsaisissable-Joie-du-Travail_Affiche-Format-uni_Web_FAR2023-1-751x1024.jpg 751w, https:\/\/www.allersretoursasso.fr\/wp-content\/uploads\/2023\/01\/10-5-LInsaisissable-Joie-du-Travail_Affiche-Format-uni_Web_FAR2023-1-220x300.jpg 220w, https:\/\/www.allersretoursasso.fr\/wp-content\/uploads\/2023\/01\/10-5-LInsaisissable-Joie-du-Travail_Affiche-Format-uni_Web_FAR2023-1-768x1047.jpg 768w, https:\/\/www.allersretoursasso.fr\/wp-content\/uploads\/2023\/01\/10-5-LInsaisissable-Joie-du-Travail_Affiche-Format-uni_Web_FAR2023-1-9x12.jpg 9w, https:\/\/www.allersretoursasso.fr\/wp-content\/uploads\/2023\/01\/10-5-LInsaisissable-Joie-du-Travail_Affiche-Format-uni_Web_FAR2023-1-350x477.jpg 350w, https:\/\/www.allersretoursasso.fr\/wp-content\/uploads\/2023\/01\/10-5-LInsaisissable-Joie-du-Travail_Affiche-Format-uni_Web_FAR2023-1.jpg 874w\" sizes=\"(max-width: 706px) 89vw, (max-width: 767px) 82vw, 740px\" \/><\/a><figcaption class=\"wp-element-caption\"><strong><a href=\"https:\/\/www.allersretoursasso.fr\/zh\/festival2023-l-insaisissable-joie-du-travail\/\"><strong>\u96be\u4ee5\u6349\u6478\u7684\u52b3\u52a8\u5feb\u4e50 <\/strong><\/a><\/strong><a href=\"https:\/\/www.allersretoursasso.fr\/zh\/festival2023-l-insaisissable-joie-du-travail\/\">\u4e8e\u6dfc<\/a><br><strong><a href=\"https:\/\/www.allersretoursasso.fr\/zh\/festival2023-l-insaisissable-joie-du-travail\/\"><strong>\u96be\u4ee5\u6349\u6478\u7684\u52b3\u52a8\u5feb\u4e50&nbsp;<\/strong><\/a><\/strong><a href=\"https:\/\/www.allersretoursasso.fr\/zh\/festival2023-l-insaisissable-joie-du-travail\/\">\u4e8e\u6dfc<\/a><\/figcaption><\/figure>\n<\/div><\/div>\n<\/div><\/div>\n<\/div><\/div>\n<\/div>\n\n\n\n<div class=\"wp-block-column is-vertically-aligned-top is-layout-flow wp-block-column-is-layout-flow\">\n<div class=\"wp-block-group is-layout-flow wp-block-group-is-layout-flow\"><div class=\"wp-block-group__inner-container\">\n<div class=\"wp-block-group is-layout-flow wp-block-group-is-layout-flow\"><div class=\"wp-block-group__inner-container\">\n<div class=\"wp-block-group is-layout-flow wp-block-group-is-layout-flow\"><div class=\"wp-block-group__inner-container\">\n<figure class=\"wp-block-image size-large\"><a href=\"https:\/\/www.allersretoursasso.fr\/zh\/festival2023-will-you-look-at-me\/\"><img loading=\"lazy\" decoding=\"async\" width=\"724\" height=\"1024\" src=\"https:\/\/www.allersretoursasso.fr\/wp-content\/uploads\/2023\/01\/10-6-Will-You-Look-At-Me_Affiche-Format-uni_Web_FAR2023-2-724x1024.jpg\" alt=\"\" class=\"wp-image-3213\" srcset=\"https:\/\/www.allersretoursasso.fr\/wp-content\/uploads\/2023\/01\/10-6-Will-You-Look-At-Me_Affiche-Format-uni_Web_FAR2023-2-724x1024.jpg 724w, https:\/\/www.allersretoursasso.fr\/wp-content\/uploads\/2023\/01\/10-6-Will-You-Look-At-Me_Affiche-Format-uni_Web_FAR2023-2-212x300.jpg 212w, https:\/\/www.allersretoursasso.fr\/wp-content\/uploads\/2023\/01\/10-6-Will-You-Look-At-Me_Affiche-Format-uni_Web_FAR2023-2-768x1086.jpg 768w, https:\/\/www.allersretoursasso.fr\/wp-content\/uploads\/2023\/01\/10-6-Will-You-Look-At-Me_Affiche-Format-uni_Web_FAR2023-2-8x12.jpg 8w, https:\/\/www.allersretoursasso.fr\/wp-content\/uploads\/2023\/01\/10-6-Will-You-Look-At-Me_Affiche-Format-uni_Web_FAR2023-2-350x495.jpg 350w, https:\/\/www.allersretoursasso.fr\/wp-content\/uploads\/2023\/01\/10-6-Will-You-Look-At-Me_Affiche-Format-uni_Web_FAR2023-2.jpg 842w\" sizes=\"(max-width: 724px) 100vw, 724px\" \/><\/a><figcaption class=\"wp-element-caption\"><a href=\"https:\/\/www.allersretoursasso.fr\/zh\/festival2023-will-you-look-at-me\/\"><strong>\u5f53\u6211\u671b\u5411\u4f60\u7684\u65f6\u5019<\/strong> \u9ec4\u6811\u7acb<\/a><br><a href=\"https:\/\/www.allersretoursasso.fr\/zh\/festival2023-will-you-look-at-me\/\"><strong>\u5f53\u6211\u671b\u5411\u4f60\u7684\u65f6\u5019<\/strong>&nbsp;\u9ec4\u6811\u7acb<\/a><\/figcaption><\/figure>\n<\/div><\/div>\n<\/div><\/div>\n<\/div><\/div>\n<\/div>\n<\/div>\n<\/div><\/div>\n\n\n\n<div class=\"wp-block-group is-layout-flow wp-block-group-is-layout-flow\"><div class=\"wp-block-group__inner-container\">\n<div class=\"wp-block-columns is-layout-flex wp-container-core-columns-layout-6 wp-block-columns-is-layout-flex\">\n<div class=\"wp-block-column is-vertically-aligned-center is-layout-flow wp-block-column-is-layout-flow\">\n<p class=\"has-text-align-center\"><strong>Du 3 au 5 f\u00e9vrier au<\/strong><br><strong>2\u67083\u65e5\u81f32\u67085\u65e5<\/strong><br><strong>MUS\u00c9E NATIONAL DES ARTS ASIATIQUES-GUIMET<\/strong><br><strong>\u5409\u7f8e\u56fd\u7acb\u4e9a\u6d32\u827a\u672f\u535a\u7269\u9986<\/strong><br>6 place d&#8217;I\u00e9na, 75116 Paris<\/p>\n\n\n\n<p><\/p>\n<\/div>\n<\/div>\n<\/div><\/div>\n\n\n\n<p class=\"has-text-align-center\"><strong>Du 4 au 6 f\u00e9vrier, puis du 8 au 12 f\u00e9vrier au<\/strong><br><strong>2\u67084\u65e5\u81f32\u67086\u65e5 &amp; 2\u67088\u65e5\u81f32\u670812\u65e5<\/strong><br><strong>STUDIO DES URSULINES<\/strong> <br>10 rue des Ursulines, 75005 Paris<\/p>\n\n\n\n<div class=\"wp-block-group is-layout-flow wp-block-group-is-layout-flow\"><div class=\"wp-block-group__inner-container\"><\/div><\/div>\n\n\n\n<div class=\"wp-block-group is-layout-flow wp-block-group-is-layout-flow\"><div class=\"wp-block-group__inner-container\">\n<div class=\"wp-block-buttons is-content-justification-center is-layout-flex wp-container-core-buttons-layout-1 wp-block-buttons-is-layout-flex\">\n<div class=\"wp-block-button has-custom-width wp-block-button__width-75 is-style-outline\"><a class=\"wp-block-button__link has-black-color has-white-background-color has-text-color has-background wp-element-button\" href=\"https:\/\/www.billetweb.fr\/far2023\" target=\"_blank\" rel=\"noreferrer noopener\">R\u00e9servez vos billets \u7ebf\u4e0a\u7968\u52a1\u7cfb\u7edf<\/a><\/div>\n<\/div>\n\n\n\n<p><\/p>\n\n\n\n<p class=\"has-text-align-center\"><a href=\"https:\/\/www.allersretoursasso.fr\/wp-content\/uploads\/2023\/01\/brochure-ALLERSRETOURS2023_web.pdf\" target=\"_blank\" rel=\"noreferrer noopener\">T\u00e9l\u00e9charger le PDF du programme \u70b9\u51fb\u4e0b\u8f7d\u5b8c\u6574\u6392\u7247\u8868<\/a><\/p>\n\n\n\n<p class=\"has-text-align-center\"><a href=\"https:\/\/www.allersretoursasso.fr\/wp-content\/uploads\/2023\/01\/program-web-144dpi.pdf\" target=\"_blank\" rel=\"noreferrer noopener\"><img loading=\"lazy\" decoding=\"async\" width=\"1537\" height=\"1800\" class=\"wp-image-3230\" style=\"width: 250px;\" src=\"https:\/\/www.allersretoursasso.fr\/wp-content\/uploads\/2023\/01\/program-web-144dpi.png\" alt=\"Programme Festival Allers-Retours 2023\" srcset=\"https:\/\/www.allersretoursasso.fr\/wp-content\/uploads\/2023\/01\/program-web-144dpi.png 1537w, https:\/\/www.allersretoursasso.fr\/wp-content\/uploads\/2023\/01\/program-web-144dpi-256x300.png 256w, https:\/\/www.allersretoursasso.fr\/wp-content\/uploads\/2023\/01\/program-web-144dpi-874x1024.png 874w, https:\/\/www.allersretoursasso.fr\/wp-content\/uploads\/2023\/01\/program-web-144dpi-768x899.png 768w, https:\/\/www.allersretoursasso.fr\/wp-content\/uploads\/2023\/01\/program-web-144dpi-1312x1536.png 1312w, https:\/\/www.allersretoursasso.fr\/wp-content\/uploads\/2023\/01\/program-web-144dpi-10x12.png 10w, https:\/\/www.allersretoursasso.fr\/wp-content\/uploads\/2023\/01\/program-web-144dpi-350x410.png 350w\" sizes=\"(max-width: 767px) 89vw, (max-width: 1000px) 54vw, (max-width: 1071px) 543px, 580px\" \/><\/a><\/p>\n<\/div><\/div>","protected":false},"excerpt":{"rendered":"<p>Festival Allers-RetoursCin\u00e9ma d&#8217;auteur chinois\u534e\u8bed\u4f5c\u8005\u7535\u5f71\u5c55 03 &#8211; 12 f\u00e9vrier 20232023\u5e74 2\u67083\u65e5 &#8211; 12\u65e5 S\u00e9lection 2023 &#8211; Reprise du voyage apr\u00e8s une longue escale2023 : \u65c5\u7a0b\u91cd\u542f\u4e4b\u5e74 La cinqui\u00e8me \u00e9dition du Festival Allers-Retours du cin\u00e9ma d&#8217;auteur chinois, qui s\u2019ouvrira au mus\u00e9e Guimet le 3 f\u00e9vrier 2023, proposera au public parisien 9 longs et 6 courts-m\u00e9trages. Pour cette nouvelle &hellip; <\/p>\n<p class=\"link-more\"><a href=\"https:\/\/www.allersretoursasso.fr\/zh\/annee-festival-2023\/\" class=\"more-link\">\u7ee7\u7eed\u9605\u8bfb<span class=\"screen-reader-text\">\u201cFestival Allers-Retours 2023\u201d<\/span><\/a><\/p>","protected":false},"author":5,"featured_media":0,"parent":0,"menu_order":0,"comment_status":"closed","ping_status":"closed","template":"","meta":{"footnotes":""},"_links":{"self":[{"href":"https:\/\/www.allersretoursasso.fr\/zh\/wp-json\/wp\/v2\/pages\/2949"}],"collection":[{"href":"https:\/\/www.allersretoursasso.fr\/zh\/wp-json\/wp\/v2\/pages"}],"about":[{"href":"https:\/\/www.allersretoursasso.fr\/zh\/wp-json\/wp\/v2\/types\/page"}],"author":[{"embeddable":true,"href":"https:\/\/www.allersretoursasso.fr\/zh\/wp-json\/wp\/v2\/users\/5"}],"replies":[{"embeddable":true,"href":"https:\/\/www.allersretoursasso.fr\/zh\/wp-json\/wp\/v2\/comments?post=2949"}],"version-history":[{"count":58,"href":"https:\/\/www.allersretoursasso.fr\/zh\/wp-json\/wp\/v2\/pages\/2949\/revisions"}],"predecessor-version":[{"id":6053,"href":"https:\/\/www.allersretoursasso.fr\/zh\/wp-json\/wp\/v2\/pages\/2949\/revisions\/6053"}],"wp:attachment":[{"href":"https:\/\/www.allersretoursasso.fr\/zh\/wp-json\/wp\/v2\/media?parent=2949"}],"curies":[{"name":"wp","href":"https:\/\/api.w.org\/{rel}","templated":true}]}}