{"id":3375,"date":"2023-02-09T17:10:32","date_gmt":"2023-02-09T16:10:32","guid":{"rendered":"https:\/\/www.allersretoursasso.fr\/?page_id=3375"},"modified":"2023-02-21T17:44:24","modified_gmt":"2023-02-21T16:44:24","slug":"festival2023-jet-lag","status":"publish","type":"page","link":"https:\/\/www.allersretoursasso.fr\/zh\/festival2023-jet-lag\/","title":{"rendered":"Avant-premiere  &#8211;  Jet Lag"},"content":{"rendered":"<div id=\"fb-root\"><\/div>\n\n<div class=\"wp-block-media-text alignwide is-stacked-on-mobile\" style=\"grid-template-columns:41% auto\"><figure class=\"wp-block-media-text__media\"><img loading=\"lazy\" decoding=\"async\" width=\"722\" height=\"1024\" src=\"https:\/\/www.allersretoursasso.fr\/wp-content\/uploads\/2023\/02\/jetlag-affiche-0602-722x1024.jpg\" alt=\"\" class=\"wp-image-3377 size-full\" srcset=\"https:\/\/www.allersretoursasso.fr\/wp-content\/uploads\/2023\/02\/jetlag-affiche-0602-722x1024.jpg 722w, https:\/\/www.allersretoursasso.fr\/wp-content\/uploads\/2023\/02\/jetlag-affiche-0602-211x300.jpg 211w, https:\/\/www.allersretoursasso.fr\/wp-content\/uploads\/2023\/02\/jetlag-affiche-0602-768x1090.jpg 768w, https:\/\/www.allersretoursasso.fr\/wp-content\/uploads\/2023\/02\/jetlag-affiche-0602-8x12.jpg 8w, https:\/\/www.allersretoursasso.fr\/wp-content\/uploads\/2023\/02\/jetlag-affiche-0602-350x497.jpg 350w, https:\/\/www.allersretoursasso.fr\/wp-content\/uploads\/2023\/02\/jetlag-affiche-0602.jpg 960w\" sizes=\"(max-width: 722px) 100vw, 722px\" \/><\/figure><div class=\"wp-block-media-text__content\">\n<div class=\"wp-block-group is-layout-flow wp-block-group-is-layout-flow\"><div class=\"wp-block-group__inner-container\">\n<div class=\"wp-block-group is-vertical is-layout-flex wp-container-core-group-layout-4 wp-block-group-is-layout-flex\">\n<div class=\"wp-block-group is-layout-flow wp-block-group-is-layout-flow\"><div class=\"wp-block-group__inner-container\">\n<div class=\"wp-block-group is-layout-flow wp-block-group-is-layout-flow\"><div class=\"wp-block-group__inner-container\">\n<div class=\"wp-block-group is-layout-flow wp-block-group-is-layout-flow\"><div class=\"wp-block-group__inner-container\">\n<p><\/p>\n\n\n\n<p style=\"font-size:30px;font-style:normal;font-weight:500\"><em>Jet Lag<\/em><\/p>\n\n\n\n<p style=\"font-size:30px;font-style:normal;font-weight:500\">\u9519\u843d\u6591\u9a73\u7684<\/p>\n\n\n\n<p class=\"has-medium-font-size\">ZHENG LU Xinyuan<\/p>\n\n\n\n<p class=\"has-medium-font-size\">\u90d1\u9646\u5fc3\u6e90<\/p>\n<\/div><\/div>\n\n\n\n<p class=\"has-small-font-size\">Sortie officielle en France : 22 F\u00e9vrier 2023<\/p>\n<\/div><\/div>\n<\/div><\/div>\n<\/div>\n<\/div><\/div>\n<\/div><\/div>\n\n\n\n<p class=\"has-text-align-center\" style=\"font-size:15px\"><em>2022 \/ 110\u2019 \/ Chinois, Anglais \/ VOSTF \/ Documentaire<\/em><\/p>\n\n\n\n<p>D\u00e9but 2020, l\u2019\u00e9pid\u00e9mie de covid-19 immobilise brutalement la r\u00e9alisatrice et sa petite amie Zo\u00e9 dans une chambre d\u2019h\u00f4tel en Autriche. Alors qu\u2019elle observe les rares passants sous ses fen\u00eatres, Xinyuan se rem\u00e9more progressivement un voyage \u00e0 Mandalay qu\u2019elle fit avec sa grand-m\u00e8re au printemps 2018 pour assister au mariage d\u2019un parent. En 2021, le coup d\u2019\u00c9tat qui installe les militaires \u00e0 la t\u00eate du Myanmar devient subitement tr\u00e8s proche. Le film n\u2019a de cesse de faire des allers-retours entre l\u2019ici et l\u2019ailleurs, entre l\u2019intime et l\u2019Histoire, entre le souvenir et le pr\u00e9sent.<\/p>\n\n\n\n<p><em>Son film pr\u00e9c\u00e9dent <\/em><strong><a href=\"https:\/\/www.allersretoursasso.fr\/zh\/films\/the-cloud-in-her-room-zheng-lu-xinyuan\/\">The Cloud in Her Ro<\/a><\/strong><em><a href=\"https:\/\/www.allersretoursasso.fr\/zh\/films\/the-cloud-in-her-room-zheng-lu-xinyuan\/\"><strong>om<\/strong><\/a><strong> <\/strong>a \u00e9t\u00e9 s\u00e9lectionn\u00e9 \u00e0 la <a href=\"https:\/\/www.allersretoursasso.fr\/zh\/films\/im-so-sorry-zhao-liang\/\">4\u00e8me <\/a><a href=\"https:\/\/www.allersretoursasso.fr\/zh\/annee\/festival-2021\/\">\u00e9dition<\/a><a href=\"https:\/\/www.allersretoursasso.fr\/zh\/films\/im-so-sorry-zhao-liang\/\"> du Festival Allers-Retours en 2021<\/a>, et avait \u00e9t\u00e9 distribu\u00e9 en France aussi par Norte Distribution.&nbsp;<\/em><\/p>\n\n\n\n<p><mark style=\"background-color:rgba(0, 0, 0, 0)\" class=\"has-inline-color has-white-color\">000000<\/mark><\/p>\n\n\n\n<div class=\"wp-block-columns is-layout-flex wp-container-core-columns-layout-1 wp-block-columns-is-layout-flex\">\n<div class=\"wp-block-column is-layout-flow wp-block-column-is-layout-flow\" style=\"flex-basis:100%\">\n<div class=\"wp-block-group is-layout-flow wp-block-group-is-layout-flow\"><div class=\"wp-block-group__inner-container\">\n<figure class=\"wp-block-gallery has-nested-images columns-default is-cropped wp-block-gallery-1 is-layout-flex wp-block-gallery-is-layout-flex\">\n<figure class=\"wp-block-image size-large\"><img loading=\"lazy\" decoding=\"async\" width=\"1024\" height=\"768\" src=\"https:\/\/www.allersretoursasso.fr\/wp-content\/uploads\/2023\/02\/Jet-Lag_Still_3_Coco-Lu-1024x768.jpg\" alt=\"\" class=\"wp-image-3378\" srcset=\"https:\/\/www.allersretoursasso.fr\/wp-content\/uploads\/2023\/02\/Jet-Lag_Still_3_Coco-Lu-1024x768.jpg 1024w, https:\/\/www.allersretoursasso.fr\/wp-content\/uploads\/2023\/02\/Jet-Lag_Still_3_Coco-Lu-300x225.jpg 300w, https:\/\/www.allersretoursasso.fr\/wp-content\/uploads\/2023\/02\/Jet-Lag_Still_3_Coco-Lu-768x576.jpg 768w, https:\/\/www.allersretoursasso.fr\/wp-content\/uploads\/2023\/02\/Jet-Lag_Still_3_Coco-Lu-1536x1152.jpg 1536w, https:\/\/www.allersretoursasso.fr\/wp-content\/uploads\/2023\/02\/Jet-Lag_Still_3_Coco-Lu-16x12.jpg 16w, https:\/\/www.allersretoursasso.fr\/wp-content\/uploads\/2023\/02\/Jet-Lag_Still_3_Coco-Lu-350x263.jpg 350w, https:\/\/www.allersretoursasso.fr\/wp-content\/uploads\/2023\/02\/Jet-Lag_Still_3_Coco-Lu.jpg 2000w\" sizes=\"(max-width: 767px) 89vw, (max-width: 1000px) 54vw, (max-width: 1071px) 543px, 580px\" \/><\/figure>\n\n\n\n<figure class=\"wp-block-image size-large\"><img loading=\"lazy\" decoding=\"async\" width=\"1024\" height=\"695\" src=\"https:\/\/www.allersretoursasso.fr\/wp-content\/uploads\/2023\/02\/Jet-Lag_Still_0Main_Coco-Lu-1024x695.jpg\" alt=\"\" class=\"wp-image-3380\" srcset=\"https:\/\/www.allersretoursasso.fr\/wp-content\/uploads\/2023\/02\/Jet-Lag_Still_0Main_Coco-Lu-1024x695.jpg 1024w, https:\/\/www.allersretoursasso.fr\/wp-content\/uploads\/2023\/02\/Jet-Lag_Still_0Main_Coco-Lu-300x204.jpg 300w, https:\/\/www.allersretoursasso.fr\/wp-content\/uploads\/2023\/02\/Jet-Lag_Still_0Main_Coco-Lu-768x521.jpg 768w, https:\/\/www.allersretoursasso.fr\/wp-content\/uploads\/2023\/02\/Jet-Lag_Still_0Main_Coco-Lu-1536x1042.jpg 1536w, https:\/\/www.allersretoursasso.fr\/wp-content\/uploads\/2023\/02\/Jet-Lag_Still_0Main_Coco-Lu-18x12.jpg 18w, https:\/\/www.allersretoursasso.fr\/wp-content\/uploads\/2023\/02\/Jet-Lag_Still_0Main_Coco-Lu-350x237.jpg 350w, https:\/\/www.allersretoursasso.fr\/wp-content\/uploads\/2023\/02\/Jet-Lag_Still_0Main_Coco-Lu.jpg 2000w\" sizes=\"(max-width: 767px) 89vw, (max-width: 1000px) 54vw, (max-width: 1071px) 543px, 580px\" \/><\/figure>\n<\/figure>\n<\/div><\/div>\n\n\n\n<figure class=\"wp-block-gallery has-nested-images columns-default is-cropped wp-block-gallery-2 is-layout-flex wp-block-gallery-is-layout-flex\">\n<figure class=\"wp-block-image size-large\"><img loading=\"lazy\" decoding=\"async\" width=\"1024\" height=\"679\" src=\"https:\/\/www.allersretoursasso.fr\/wp-content\/uploads\/2023\/02\/Jet-Lag_Still_1-1-1024x679.jpg\" alt=\"\" class=\"wp-image-3381\" srcset=\"https:\/\/www.allersretoursasso.fr\/wp-content\/uploads\/2023\/02\/Jet-Lag_Still_1-1-1024x679.jpg 1024w, https:\/\/www.allersretoursasso.fr\/wp-content\/uploads\/2023\/02\/Jet-Lag_Still_1-1-300x199.jpg 300w, https:\/\/www.allersretoursasso.fr\/wp-content\/uploads\/2023\/02\/Jet-Lag_Still_1-1-768x509.jpg 768w, https:\/\/www.allersretoursasso.fr\/wp-content\/uploads\/2023\/02\/Jet-Lag_Still_1-1-1536x1018.jpg 1536w, https:\/\/www.allersretoursasso.fr\/wp-content\/uploads\/2023\/02\/Jet-Lag_Still_1-1-18x12.jpg 18w, https:\/\/www.allersretoursasso.fr\/wp-content\/uploads\/2023\/02\/Jet-Lag_Still_1-1-350x232.jpg 350w, https:\/\/www.allersretoursasso.fr\/wp-content\/uploads\/2023\/02\/Jet-Lag_Still_1-1.jpg 2000w\" sizes=\"(max-width: 767px) 89vw, (max-width: 1000px) 54vw, (max-width: 1071px) 543px, 580px\" \/><\/figure>\n<\/figure>\n<\/div>\n<\/div>\n\n\n\n<figure class=\"wp-block-embed is-type-video is-provider-vimeo wp-block-embed-vimeo wp-embed-aspect-16-9 wp-has-aspect-ratio\"><div class=\"wp-block-embed__wrapper\">\n<iframe loading=\"lazy\" title=\"JET LAG - Film Annonce\" src=\"https:\/\/player.vimeo.com\/video\/794102273?h=6eee150316&amp;dnt=1&amp;app_id=122963\" width=\"525\" height=\"295\" frameborder=\"0\" allow=\"autoplay; fullscreen; picture-in-picture\" allowfullscreen><\/iframe>\n<\/div><\/figure>\n\n\n\n<div class=\"wp-block-group is-vertical is-content-justification-center is-layout-flex wp-container-core-group-layout-7 wp-block-group-is-layout-flex\">\n<p><\/p>\n\n\n\n<p><strong>mer. 22 f\u00e9vrier \u00e0 20h15 au Cin\u00e9ma Le M\u00e9li\u00e8s<\/strong><\/p>\n\n\n\n<p>12 place Jean Jaur\u00e8s, Montreuil<\/p>\n<\/div>\n\n\n\n<p><\/p>\n\n\n\n<p>Suite au mouvement de gr\u00e8ve du jeudi 16 f\u00e9vrier, le cin\u00e9ma Le M\u00e9li\u00e8s est contraint de fermer ses portes au public, provoquant malheureusement l\u2019annulation de la s\u00e9ance sp\u00e9ciale consacr\u00e9e en avant-premi\u00e8re \u00e0 Jet Lag de Zheng Lu Xinyuan.<br><\/p>\n\n\n\n<p>Nous serons cependant pr\u00e9sents l<strong>e 22 f\u00e9vrier \u00e0 20h15<\/strong> \u4e8e <strong>cin\u00e9ma Le M\u00e9li\u00e8s<\/strong>, \u00e0 Montreuil, pour animer une s\u00e9ance du film en partenariat avec Norte Distribution \u00e0 l\u2019occasion de sa sortie nationale.<\/p>\n\n\n\n<p><\/p>\n\n\n\n<div class=\"wp-block-group is-vertical is-content-justification-center is-layout-flex wp-container-core-group-layout-8 wp-block-group-is-layout-flex\">\n<div class=\"wp-block-buttons is-layout-flex wp-block-buttons-is-layout-flex\">\n<div class=\"wp-block-button has-custom-width wp-block-button__width-100 is-style-outline\"><a class=\"wp-block-button__link has-white-background-color has-background wp-element-button\" href=\"https:\/\/www.ticketingcine.fr\/index.php?lang=fr&amp;idMS=FRM049H&amp;nc=1074\" target=\"_blank\" rel=\"noreferrer noopener\">\u8d2d\u7968\u94fe\u63a5<\/a><\/div>\n<\/div>\n<\/div>\n\n\n\n<div class=\"wp-block-cover is-light\" style=\"min-height:349px\"><span aria-hidden=\"true\" class=\"wp-block-cover__background has-white-background-color has-background-dim\"><\/span><div class=\"wp-block-cover__inner-container is-layout-flow wp-block-cover-is-layout-flow\">\n<div class=\"wp-block-group is-layout-flow wp-block-group-is-layout-flow\"><div class=\"wp-block-group__inner-container\">\n<figure class=\"wp-block-image size-large\"><a href=\"https:\/\/www.allersretoursasso.fr\/zh\/annee-festival-2023\/\"><img loading=\"lazy\" decoding=\"async\" width=\"1024\" height=\"342\" src=\"https:\/\/www.allersretoursasso.fr\/wp-content\/uploads\/2023\/01\/banner-1024x342.png\" alt=\"\" class=\"wp-image-2854\" srcset=\"https:\/\/www.allersretoursasso.fr\/wp-content\/uploads\/2023\/01\/banner-1024x342.png 1024w, https:\/\/www.allersretoursasso.fr\/wp-content\/uploads\/2023\/01\/banner-300x100.png 300w, https:\/\/www.allersretoursasso.fr\/wp-content\/uploads\/2023\/01\/banner-768x256.png 768w, https:\/\/www.allersretoursasso.fr\/wp-content\/uploads\/2023\/01\/banner-1536x512.png 1536w, https:\/\/www.allersretoursasso.fr\/wp-content\/uploads\/2023\/01\/banner-350x117.png 350w, https:\/\/www.allersretoursasso.fr\/wp-content\/uploads\/2023\/01\/banner.png 2000w\" sizes=\"(max-width: 767px) 89vw, (max-width: 1000px) 54vw, (max-width: 1071px) 543px, 580px\" \/><\/a><\/figure>\n<\/div><\/div>\n<\/div><\/div>\n\n\n\n<div class=\"wp-block-group is-layout-flow wp-block-group-is-layout-flow\"><div class=\"wp-block-group__inner-container\">\n<p class=\"has-text-align-center\" style=\"font-size:15px\"><\/p>\n<\/div><\/div>\n\n\n\n<p class=\"has-text-align-center has-white-color has-text-color\" style=\"font-size:15px\"> 19h45 aux Ursuline<\/p>\n\n\n\n<p class=\"has-text-align-center has-white-color has-text-color\" style=\"font-size:15px\">06 octobre \u00e0 19h45 aux Ursulines<\/p>","protected":false},"excerpt":{"rendered":"<p>2022 \/ 110\u2019 \/ Chinois, Anglais \/ VOSTF \/ Documentaire D\u00e9but 2020, l\u2019\u00e9pid\u00e9mie de covid-19 immobilise brutalement la r\u00e9alisatrice et sa petite amie Zo\u00e9 dans une chambre d\u2019h\u00f4tel en Autriche. Alors qu\u2019elle observe les rares passants sous ses fen\u00eatres, Xinyuan se rem\u00e9more progressivement un voyage \u00e0 Mandalay qu\u2019elle fit avec sa grand-m\u00e8re au printemps 2018 &hellip; <\/p>\n<p class=\"link-more\"><a href=\"https:\/\/www.allersretoursasso.fr\/zh\/festival2023-jet-lag\/\" class=\"more-link\">\u7ee7\u7eed\u9605\u8bfb<span class=\"screen-reader-text\">\u201cAvant-premiere  &#8211;  Jet Lag\u201d<\/span><\/a><\/p>","protected":false},"author":16,"featured_media":0,"parent":0,"menu_order":0,"comment_status":"closed","ping_status":"closed","template":"","meta":{"footnotes":""},"_links":{"self":[{"href":"https:\/\/www.allersretoursasso.fr\/zh\/wp-json\/wp\/v2\/pages\/3375"}],"collection":[{"href":"https:\/\/www.allersretoursasso.fr\/zh\/wp-json\/wp\/v2\/pages"}],"about":[{"href":"https:\/\/www.allersretoursasso.fr\/zh\/wp-json\/wp\/v2\/types\/page"}],"author":[{"embeddable":true,"href":"https:\/\/www.allersretoursasso.fr\/zh\/wp-json\/wp\/v2\/users\/16"}],"replies":[{"embeddable":true,"href":"https:\/\/www.allersretoursasso.fr\/zh\/wp-json\/wp\/v2\/comments?post=3375"}],"version-history":[{"count":7,"href":"https:\/\/www.allersretoursasso.fr\/zh\/wp-json\/wp\/v2\/pages\/3375\/revisions"}],"predecessor-version":[{"id":3414,"href":"https:\/\/www.allersretoursasso.fr\/zh\/wp-json\/wp\/v2\/pages\/3375\/revisions\/3414"}],"wp:attachment":[{"href":"https:\/\/www.allersretoursasso.fr\/zh\/wp-json\/wp\/v2\/media?parent=3375"}],"curies":[{"name":"wp","href":"https:\/\/api.w.org\/{rel}","templated":true}]}}