{"id":3416,"date":"2023-03-07T18:19:02","date_gmt":"2023-03-07T17:19:02","guid":{"rendered":"https:\/\/www.allersretoursasso.fr\/?page_id=3416"},"modified":"2023-03-21T01:28:21","modified_gmt":"2023-03-21T00:28:21","slug":"annee-festival-2023-lyon","status":"publish","type":"page","link":"https:\/\/www.allersretoursasso.fr\/zh\/annee-festival-2023-lyon\/","title":{"rendered":"Festival Allers-Retours \u00e0 Lyon : la Reprise 2023"},"content":{"rendered":"<div id=\"fb-root\"><\/div>\n\n<h2 class=\"has-text-align-center wp-block-heading\" style=\"font-style:normal;font-weight:400\"><\/h2>\n\n\n<div class=\"wp-block-image\">\n<figure class=\"aligncenter size-large is-resized\"><img loading=\"lazy\" decoding=\"async\" src=\"https:\/\/www.allersretoursasso.fr\/wp-content\/uploads\/2023\/03\/Affiche_LYON_20.3.2023_BD-724x1024.jpg\" alt=\"\" class=\"wp-image-3510\" width=\"473\" height=\"668\" srcset=\"https:\/\/www.allersretoursasso.fr\/wp-content\/uploads\/2023\/03\/Affiche_LYON_20.3.2023_BD-724x1024.jpg 724w, https:\/\/www.allersretoursasso.fr\/wp-content\/uploads\/2023\/03\/Affiche_LYON_20.3.2023_BD-212x300.jpg 212w, https:\/\/www.allersretoursasso.fr\/wp-content\/uploads\/2023\/03\/Affiche_LYON_20.3.2023_BD-768x1086.jpg 768w, https:\/\/www.allersretoursasso.fr\/wp-content\/uploads\/2023\/03\/Affiche_LYON_20.3.2023_BD-1086x1536.jpg 1086w, https:\/\/www.allersretoursasso.fr\/wp-content\/uploads\/2023\/03\/Affiche_LYON_20.3.2023_BD-1448x2048.jpg 1448w, https:\/\/www.allersretoursasso.fr\/wp-content\/uploads\/2023\/03\/Affiche_LYON_20.3.2023_BD-8x12.jpg 8w, https:\/\/www.allersretoursasso.fr\/wp-content\/uploads\/2023\/03\/Affiche_LYON_20.3.2023_BD-350x495.jpg 350w, https:\/\/www.allersretoursasso.fr\/wp-content\/uploads\/2023\/03\/Affiche_LYON_20.3.2023_BD-scaled.jpg 1810w\" sizes=\"(max-width: 473px) 100vw, 473px\" \/><\/figure><\/div>\n\n\n<h4 class=\"wp-block-heading\"><\/h4>\n\n\n\n<p class=\" translation-block\">Allers-Retours\u4f5c\u8005\u7535\u5f71\u5c55\u5c06\u4e8e<strong>3\u670825-26\u65e5<\/strong>\u9996\u6b21\u843d\u5730\u91cc\u6602<strong> Lum\u00e8re Fourmi\u5f71\u9662<\/strong>\uff0c\u4e3a\u91cc\u6602\u89c2\u4f17\u4eec\u5e26\u6765<strong>\u56db\u573a\u653e\u6620<\/strong>\uff0c\u5176\u4e2d\u5305\u62ec<strong>\u4e09\u90e8\u957f\u7247<\/strong>\u4ee5\u53ca<strong>\u516d\u90e8\u77ed\u7247<\/strong>\u3002<\/p>\n\n\n\n<p class=\" translation-block\">\u5c06\u4e8e\u91cc\u6602\u4eae\u76f8\u7684\u5f71\u7247\u4e2d\uff0c\u738b\u5c14\u5353\u7684<strong>\u300a\u518d\u89c1\uff0c\u4e50\u56ed\u300b<\/strong> \uff0c\u662f\u6700\u8bd7\u610f\uff0c\u6700\u9002\u5408\u94f6\u5e55\u89c2\u5f71\u7684\u4f5c\u54c1\uff0c\u672c\u7247\u5728\u5df4\u9ece\u7684\u521d\u6b21\u653e\u6620\u5907\u53d7\u597d\u8bc4\uff0c\u503c\u5f97\u5404\u4f4d\u89c2\u4f17\u671f\u5f85\uff01Louis Hothothot\u7684 <strong>\u300a\u56db\u6b21\u65c5\u884c\u300b<\/strong>\u662f\u4e00\u90e8\u79c1\u5bc6\u3001\u52a8\u4eba\u4e14\u5bcc\u6709\u521b\u9020\u6027\u7684\u7eaa\u5f55\u7247\u3002\u725b\u5c0f\u96e8\u7684<strong>\u300a\u4e0d\u8981\u518d\u89c1\u554a\uff0c\u9c7c\u82b1\u5858\u300b<\/strong>\u5e26\u9886\u89c2\u4f17\u5728\u68a6\u5883\u548c\u73b0\u5b9e\u4e2d\u4e0d\u65ad\u53cd\u590d\uff0c\u5e26\u6765\u5168\u65b0\u591a\u5143\u7684\u89c6\u542c\u4f53\u9a8c\u3002<\/p>\n\n\n\n<p class=\" translation-block\">\u90b9\u9759\u7684<strong> \u300a\u6735\u4e3d\u300b<\/strong> \u548c\u9ec4\u6811\u7acb\u7684<strong> \u300a\u5f53\u6211\u671b\u5411\u4f60\u7684\u65f6\u5019\u300b<\/strong> \uff0c\u90fd\u66fe\u5165\u9009\u8fc7\u621b\u7eb3\u7535\u5f71\u8282\u7684\u5f71\u8bc4\u4eba\u5468\u5355\u5143\uff0c\u4e5f\u56e0\u6b64\u53d7\u5230\u4e86\u6700\u591a\u7684\u5173\u6ce8\u4e0e\u8ba8\u8bba\u3002<\/p>\n\n\n\n<p>\u81ea2018\u5e74\u4ee5\u6765\uff0cAllers-Retours\u4f5c\u8005\u7535\u5f71\u5c55\u5fd7\u613f\u4e3a\u6cd5\u56fd\u89c2\u4f17\u6253\u5f00\u4e00\u6247\u534e\u8bed\u4f5c\u8005\u7535\u5f71\u7684\u7a97\uff0c\u6bd4\u8d77\u5173\u6ce8\u5f71\u7247\u7684\u5546\u4e1a\u4ef7\u503c\uff0c\u6211\u4eec\u66f4\u591a\u5730\u63a8\u4ecb\u4f5c\u8005\u5c5e\u6027\u7535\u5f71\u4f5c\u54c1\u3002\u65e0\u8bba\u662f\u5267\u60c5\u7247\u8fd8\u662f\u7eaa\u5f55\u7247\uff0c\u52a8\u753b\u7247\uff0c\u65e0\u8bba\u5bfc\u6f14\u7684\u8d44\u5386\u4e0e\u7ecf\u5386\uff0c\u8fd9\u4e9b\u4f5c\u54c1\u8ba8\u8bba\u6700\u201c\u5f53\u4e0b\u201d\u7684\u8bae\u9898\u4e0e\u6700\u201c\u5f53\u4ee3\u201d\u7684\u4e2d\u56fd\uff0c\u4e5f\u4e3a\u6cd5\u56fd\u89c2\u4f17\u4eec\u5448\u73b0\u51fa\u534e\u8bed\u7535\u5f71\u591a\u5143\u591a\u7ef4\u591a\u6837\u7684\u89c6\u542c\u8868\u8fbe\u3002<\/p>\n\n\n\n<hr class=\"wp-block-separator has-alpha-channel-opacity is-style-wide\"\/>\n\n\n\n<h2 class=\"has-text-align-center has-black-color has-text-color wp-block-heading\"><strong>\u653e\u6620\u5b89\u6392<\/strong><\/h2>\n\n\n\n<h3 class=\"has-text-align-left wp-block-heading\"><strong>Samedi 25 mars 2023<\/strong> <br><\/h3>\n\n\n\n<h3 class=\"has-text-align-left has-text-color wp-block-heading\" style=\"color:#484f50\"><strong>\u957f\u7247<\/strong><br>\u00e0 18h30 et 20h30<\/h3>\n\n\n\n<div class=\"wp-block-group is-layout-flow wp-block-group-is-layout-flow\"><div class=\"wp-block-group__inner-container\">\n<div class=\"wp-block-group is-layout-flow wp-block-group-is-layout-flow\"><div class=\"wp-block-group__inner-container\"><\/div><\/div>\n\n\n\n<div class=\"wp-block-columns is-layout-flex wp-container-core-columns-layout-1 wp-block-columns-is-layout-flex\">\n<div class=\"wp-block-column is-layout-flow wp-block-column-is-layout-flow\">\n<figure class=\"wp-block-image size-large\"><a href=\"https:\/\/www.allersretoursasso.fr\/zh\/festival2023-farewell-my-hometown\/\" target=\"_blank\" rel=\"noreferrer noopener\"><img loading=\"lazy\" decoding=\"async\" width=\"691\" height=\"1024\" src=\"https:\/\/www.allersretoursasso.fr\/wp-content\/uploads\/2023\/01\/06-Farewell-My-Hometown_Affiche-Format-uni_Web_FAR2023-2-691x1024.jpg\" alt=\"\" class=\"wp-image-3128\" srcset=\"https:\/\/www.allersretoursasso.fr\/wp-content\/uploads\/2023\/01\/06-Farewell-My-Hometown_Affiche-Format-uni_Web_FAR2023-2-691x1024.jpg 691w, https:\/\/www.allersretoursasso.fr\/wp-content\/uploads\/2023\/01\/06-Farewell-My-Hometown_Affiche-Format-uni_Web_FAR2023-2-203x300.jpg 203w, https:\/\/www.allersretoursasso.fr\/wp-content\/uploads\/2023\/01\/06-Farewell-My-Hometown_Affiche-Format-uni_Web_FAR2023-2-768x1138.jpg 768w, https:\/\/www.allersretoursasso.fr\/wp-content\/uploads\/2023\/01\/06-Farewell-My-Hometown_Affiche-Format-uni_Web_FAR2023-2-350x518.jpg 350w, https:\/\/www.allersretoursasso.fr\/wp-content\/uploads\/2023\/01\/06-Farewell-My-Hometown_Affiche-Format-uni_Web_FAR2023-2.jpg 804w\" sizes=\"(max-width: 691px) 100vw, 691px\" \/><\/a><figcaption class=\"wp-element-caption\"><strong>Samedi 25 mars \u00e0 18h30<\/strong><br><strong><a href=\"https:\/\/www.allersretoursasso.fr\/zh\/festival2023-farewell-my-hometown\/\" target=\"_blank\" rel=\"noreferrer noopener\"><strong>\u518d\u89c1\uff0c\u4e50\u56ed<\/strong> <\/a><\/strong><a href=\"https:\/\/www.allersretoursasso.fr\/zh\/festival2023-farewell-my-hometown\/\" target=\"_blank\" rel=\"noreferrer noopener\">\u738b\u5c14\u5353<\/a><\/figcaption><\/figure>\n<\/div>\n\n\n\n<div class=\"wp-block-column is-layout-flow wp-block-column-is-layout-flow\">\n<figure class=\"wp-block-image size-large\"><a href=\"https:\/\/www.allersretoursasso.fr\/zh\/festival2023-four-journeys\/\" target=\"_blank\" rel=\"noreferrer noopener\"><img loading=\"lazy\" decoding=\"async\" width=\"724\" height=\"1024\" src=\"https:\/\/www.allersretoursasso.fr\/wp-content\/uploads\/2023\/01\/04-Four-Journeys_Affiche-Format-uni_Web_FAR2023-724x1024.jpg\" alt=\"\" class=\"wp-image-3130\" srcset=\"https:\/\/www.allersretoursasso.fr\/wp-content\/uploads\/2023\/01\/04-Four-Journeys_Affiche-Format-uni_Web_FAR2023-724x1024.jpg 724w, https:\/\/www.allersretoursasso.fr\/wp-content\/uploads\/2023\/01\/04-Four-Journeys_Affiche-Format-uni_Web_FAR2023-212x300.jpg 212w, https:\/\/www.allersretoursasso.fr\/wp-content\/uploads\/2023\/01\/04-Four-Journeys_Affiche-Format-uni_Web_FAR2023-768x1086.jpg 768w, https:\/\/www.allersretoursasso.fr\/wp-content\/uploads\/2023\/01\/04-Four-Journeys_Affiche-Format-uni_Web_FAR2023-350x495.jpg 350w, https:\/\/www.allersretoursasso.fr\/wp-content\/uploads\/2023\/01\/04-Four-Journeys_Affiche-Format-uni_Web_FAR2023.jpg 842w\" sizes=\"(max-width: 724px) 100vw, 724px\" \/><\/a><figcaption class=\"wp-element-caption\"><strong>Samedi 25 mars \u00e0 20h30<\/strong><br><strong><a href=\"https:\/\/www.allersretoursasso.fr\/zh\/festival2023-four-journeys\/\" target=\"_blank\" rel=\"noreferrer noopener\"><strong>\u56db\u6b21\u65c5\u884c<\/strong><\/a><\/strong><a href=\"https:\/\/www.allersretoursasso.fr\/zh\/festival2023-four-journeys\/\" target=\"_blank\" rel=\"noreferrer noopener\"> Louis Hothothot<\/a><\/figcaption><\/figure>\n<\/div>\n\n\n\n<div class=\"wp-block-column is-layout-flow wp-block-column-is-layout-flow\"><\/div>\n<\/div>\n<\/div><\/div>\n\n\n\n<h3 class=\"has-text-align-left wp-block-heading\"><strong>Dimanche 26 mars 2023<\/strong><\/h3>\n\n\n\n<div class=\"wp-block-group is-layout-flow wp-block-group-is-layout-flow\"><div class=\"wp-block-group__inner-container\">\n<h3 class=\"has-text-align-left has-text-color wp-block-heading\" style=\"color:#484f50\"><\/h3>\n\n\n\n<h3 class=\"has-text-align-left has-text-color wp-block-heading\" style=\"color:#484f50\"><strong>\u77ed\u7247<\/strong><br>\u00e0 15h30<\/h3>\n\n\n\n<div class=\"wp-block-columns is-layout-flex wp-container-core-columns-layout-2 wp-block-columns-is-layout-flex\">\n<div class=\"wp-block-column is-layout-flow wp-block-column-is-layout-flow\">\n<div class=\"wp-block-group is-layout-flow wp-block-group-is-layout-flow\"><div class=\"wp-block-group__inner-container\">\n<div class=\"wp-block-group is-layout-flow wp-block-group-is-layout-flow\"><div class=\"wp-block-group__inner-container\">\n<div class=\"wp-block-group is-layout-flow wp-block-group-is-layout-flow\"><div class=\"wp-block-group__inner-container\">\n<figure class=\"wp-block-image size-large\"><a href=\"https:\/\/www.allersretoursasso.fr\/zh\/festival2023-perfect-city-the-mother\/\" target=\"_blank\" rel=\"noreferrer noopener\"><img decoding=\"async\" src=\"https:\/\/www.allersretoursasso.fr\/wp-content\/uploads\/2023\/03\/Perfect-City-The-Mother_poster.jpg\" alt=\"\"\/><\/a><figcaption class=\"wp-element-caption\"><a href=\"https:\/\/www.allersretoursasso.fr\/zh\/festival2023-silver-bird-and-rainbow-fish\/\" target=\"_blank\" rel=\"noreferrer noopener\"><\/a><strong><a href=\"https:\/\/www.allersretoursasso.fr\/zh\/festival2023-perfect-city-the-mother\/\" target=\"_blank\" rel=\"noreferrer noopener\"><strong>\u5b8c\u7f8e\u4e4b\u57ce\uff1a\u5988\u5988<\/strong> <\/a><\/strong><a href=\"https:\/\/www.allersretoursasso.fr\/zh\/festival2023-perfect-city-the-mother\/\" target=\"_blank\" rel=\"noreferrer noopener\">\u5468\u5723\u5d34<\/a><\/figcaption><\/figure>\n<\/div><\/div>\n<\/div><\/div>\n<\/div><\/div>\n<\/div>\n\n\n\n<div class=\"wp-block-column is-layout-flow wp-block-column-is-layout-flow\">\n<div class=\"wp-block-group is-layout-flow wp-block-group-is-layout-flow\"><div class=\"wp-block-group__inner-container\">\n<div class=\"wp-block-group is-layout-flow wp-block-group-is-layout-flow\"><div class=\"wp-block-group__inner-container\">\n<div class=\"wp-block-group is-layout-flow wp-block-group-is-layout-flow\"><div class=\"wp-block-group__inner-container\">\n<figure class=\"wp-block-image size-large\"><a href=\"https:\/\/www.allersretoursasso.fr\/zh\/festival2023-lili-alone\/\" target=\"_blank\" rel=\"noreferrer noopener\"><img loading=\"lazy\" decoding=\"async\" width=\"691\" height=\"1024\" src=\"https:\/\/www.allersretoursasso.fr\/wp-content\/uploads\/2023\/01\/10-2-Lili-Alone_Affiche-Format-uni_Web_FAR2023-1-691x1024.jpg\" alt=\"\" class=\"wp-image-3215\" srcset=\"https:\/\/www.allersretoursasso.fr\/wp-content\/uploads\/2023\/01\/10-2-Lili-Alone_Affiche-Format-uni_Web_FAR2023-1-691x1024.jpg 691w, https:\/\/www.allersretoursasso.fr\/wp-content\/uploads\/2023\/01\/10-2-Lili-Alone_Affiche-Format-uni_Web_FAR2023-1-203x300.jpg 203w, https:\/\/www.allersretoursasso.fr\/wp-content\/uploads\/2023\/01\/10-2-Lili-Alone_Affiche-Format-uni_Web_FAR2023-1-768x1138.jpg 768w, https:\/\/www.allersretoursasso.fr\/wp-content\/uploads\/2023\/01\/10-2-Lili-Alone_Affiche-Format-uni_Web_FAR2023-1-8x12.jpg 8w, https:\/\/www.allersretoursasso.fr\/wp-content\/uploads\/2023\/01\/10-2-Lili-Alone_Affiche-Format-uni_Web_FAR2023-1-350x518.jpg 350w, https:\/\/www.allersretoursasso.fr\/wp-content\/uploads\/2023\/01\/10-2-Lili-Alone_Affiche-Format-uni_Web_FAR2023-1.jpg 804w\" sizes=\"(max-width: 691px) 100vw, 691px\" \/><\/a><figcaption class=\"wp-element-caption\"><a href=\"https:\/\/www.allersretoursasso.fr\/zh\/festival2023-bipolar\/\"><\/a><a href=\"https:\/\/www.allersretoursasso.fr\/zh\/festival2023-lili-alone\/\" target=\"_blank\" rel=\"noreferrer noopener\"><strong><strong>\u6735\u4e3d<\/strong> <\/strong>\u90b9\u9759<\/a><\/figcaption><\/figure>\n<\/div><\/div>\n<\/div><\/div>\n<\/div><\/div>\n<\/div>\n\n\n\n<div class=\"wp-block-column is-vertically-aligned-top is-layout-flow wp-block-column-is-layout-flow\">\n<div class=\"wp-block-group is-layout-flow wp-block-group-is-layout-flow\"><div class=\"wp-block-group__inner-container\">\n<div class=\"wp-block-group is-layout-flow wp-block-group-is-layout-flow\"><div class=\"wp-block-group__inner-container\">\n<div class=\"wp-block-group is-layout-flow wp-block-group-is-layout-flow\"><div class=\"wp-block-group__inner-container\">\n<figure class=\"wp-block-image size-large\"><a href=\"https:\/\/www.allersretoursasso.fr\/zh\/festival2023-the-dreamland\/\" target=\"_blank\" rel=\"noreferrer noopener\"><img loading=\"lazy\" decoding=\"async\" width=\"751\" height=\"1024\" src=\"https:\/\/www.allersretoursasso.fr\/wp-content\/uploads\/2023\/01\/10-3-The-Dreamland_Affiche-Format-uni_Web_FAR2023-2-751x1024.jpg\" alt=\"\" class=\"wp-image-3210\" srcset=\"https:\/\/www.allersretoursasso.fr\/wp-content\/uploads\/2023\/01\/10-3-The-Dreamland_Affiche-Format-uni_Web_FAR2023-2-751x1024.jpg 751w, https:\/\/www.allersretoursasso.fr\/wp-content\/uploads\/2023\/01\/10-3-The-Dreamland_Affiche-Format-uni_Web_FAR2023-2-220x300.jpg 220w, https:\/\/www.allersretoursasso.fr\/wp-content\/uploads\/2023\/01\/10-3-The-Dreamland_Affiche-Format-uni_Web_FAR2023-2-768x1047.jpg 768w, https:\/\/www.allersretoursasso.fr\/wp-content\/uploads\/2023\/01\/10-3-The-Dreamland_Affiche-Format-uni_Web_FAR2023-2-9x12.jpg 9w, https:\/\/www.allersretoursasso.fr\/wp-content\/uploads\/2023\/01\/10-3-The-Dreamland_Affiche-Format-uni_Web_FAR2023-2-350x477.jpg 350w, https:\/\/www.allersretoursasso.fr\/wp-content\/uploads\/2023\/01\/10-3-The-Dreamland_Affiche-Format-uni_Web_FAR2023-2.jpg 874w\" sizes=\"(max-width: 706px) 89vw, (max-width: 767px) 82vw, 740px\" \/><\/a><figcaption class=\"wp-element-caption\"><a data-type=\"URL\" href=\"https:\/\/www.allersretoursasso.fr\/zh\/festival2023-go-fishing\/\"><\/a><strong><a href=\"https:\/\/www.allersretoursasso.fr\/zh\/festival2023-the-dreamland\/\" target=\"_blank\" rel=\"noreferrer noopener\"><\/a><a href=\"https:\/\/www.allersretoursasso.fr\/zh\/festival2023-the-dreamland\/\" target=\"_blank\" rel=\"noreferrer noopener\"><strong>\u865a\u6208<\/strong> <\/a><\/strong><a href=\"https:\/\/www.allersretoursasso.fr\/zh\/festival2023-the-dreamland\/\" target=\"_blank\" rel=\"noreferrer noopener\">\u535e\u5361<\/a><\/figcaption><\/figure>\n<\/div><\/div>\n<\/div><\/div>\n<\/div><\/div>\n<\/div>\n<\/div>\n\n\n\n<div class=\"wp-block-columns is-layout-flex wp-container-core-columns-layout-3 wp-block-columns-is-layout-flex\">\n<div class=\"wp-block-column is-layout-flow wp-block-column-is-layout-flow\">\n<div class=\"wp-block-group is-layout-flow wp-block-group-is-layout-flow\"><div class=\"wp-block-group__inner-container\">\n<div class=\"wp-block-group is-layout-flow wp-block-group-is-layout-flow\"><div class=\"wp-block-group__inner-container\">\n<div class=\"wp-block-group is-layout-flow wp-block-group-is-layout-flow\"><div class=\"wp-block-group__inner-container\">\n<figure class=\"wp-block-image size-large\"><a href=\"https:\/\/www.allersretoursasso.fr\/zh\/festival2023-olympic\/\" target=\"_blank\" rel=\"noreferrer noopener\"><img loading=\"lazy\" decoding=\"async\" width=\"724\" height=\"1024\" src=\"https:\/\/www.allersretoursasso.fr\/wp-content\/uploads\/2023\/01\/10-4-Olympic_Affiche-Format-uni_Web_FAR2023-1-724x1024.jpg\" alt=\"\" class=\"wp-image-3214\" srcset=\"https:\/\/www.allersretoursasso.fr\/wp-content\/uploads\/2023\/01\/10-4-Olympic_Affiche-Format-uni_Web_FAR2023-1-724x1024.jpg 724w, https:\/\/www.allersretoursasso.fr\/wp-content\/uploads\/2023\/01\/10-4-Olympic_Affiche-Format-uni_Web_FAR2023-1-212x300.jpg 212w, https:\/\/www.allersretoursasso.fr\/wp-content\/uploads\/2023\/01\/10-4-Olympic_Affiche-Format-uni_Web_FAR2023-1-768x1086.jpg 768w, https:\/\/www.allersretoursasso.fr\/wp-content\/uploads\/2023\/01\/10-4-Olympic_Affiche-Format-uni_Web_FAR2023-1-8x12.jpg 8w, https:\/\/www.allersretoursasso.fr\/wp-content\/uploads\/2023\/01\/10-4-Olympic_Affiche-Format-uni_Web_FAR2023-1-350x495.jpg 350w, https:\/\/www.allersretoursasso.fr\/wp-content\/uploads\/2023\/01\/10-4-Olympic_Affiche-Format-uni_Web_FAR2023-1.jpg 842w\" sizes=\"(max-width: 724px) 100vw, 724px\" \/><\/a><figcaption class=\"wp-element-caption\"><a href=\"https:\/\/www.allersretoursasso.fr\/zh\/festival2023-olympic\/\" target=\"_blank\" rel=\"noreferrer noopener\"><strong>\u8c79\u4eba<\/strong> \u795d\u65b0<\/a><\/figcaption><\/figure>\n<\/div><\/div>\n<\/div><\/div>\n<\/div><\/div>\n<\/div>\n\n\n\n<div class=\"wp-block-column is-layout-flow wp-block-column-is-layout-flow\">\n<div class=\"wp-block-group is-layout-flow wp-block-group-is-layout-flow\"><div class=\"wp-block-group__inner-container\">\n<div class=\"wp-block-group is-layout-flow wp-block-group-is-layout-flow\"><div class=\"wp-block-group__inner-container\">\n<div class=\"wp-block-group is-layout-flow wp-block-group-is-layout-flow\"><div class=\"wp-block-group__inner-container\">\n<figure class=\"wp-block-image size-large\"><a href=\"https:\/\/www.allersretoursasso.fr\/zh\/festival2023-l-insaisissable-joie-du-travail\/\" target=\"_blank\" rel=\"noreferrer noopener\"><img loading=\"lazy\" decoding=\"async\" width=\"751\" height=\"1024\" src=\"https:\/\/www.allersretoursasso.fr\/wp-content\/uploads\/2023\/01\/10-5-LInsaisissable-Joie-du-Travail_Affiche-Format-uni_Web_FAR2023-1-751x1024.jpg\" alt=\"\" class=\"wp-image-3211\" srcset=\"https:\/\/www.allersretoursasso.fr\/wp-content\/uploads\/2023\/01\/10-5-LInsaisissable-Joie-du-Travail_Affiche-Format-uni_Web_FAR2023-1-751x1024.jpg 751w, https:\/\/www.allersretoursasso.fr\/wp-content\/uploads\/2023\/01\/10-5-LInsaisissable-Joie-du-Travail_Affiche-Format-uni_Web_FAR2023-1-220x300.jpg 220w, https:\/\/www.allersretoursasso.fr\/wp-content\/uploads\/2023\/01\/10-5-LInsaisissable-Joie-du-Travail_Affiche-Format-uni_Web_FAR2023-1-768x1047.jpg 768w, https:\/\/www.allersretoursasso.fr\/wp-content\/uploads\/2023\/01\/10-5-LInsaisissable-Joie-du-Travail_Affiche-Format-uni_Web_FAR2023-1-9x12.jpg 9w, https:\/\/www.allersretoursasso.fr\/wp-content\/uploads\/2023\/01\/10-5-LInsaisissable-Joie-du-Travail_Affiche-Format-uni_Web_FAR2023-1-350x477.jpg 350w, https:\/\/www.allersretoursasso.fr\/wp-content\/uploads\/2023\/01\/10-5-LInsaisissable-Joie-du-Travail_Affiche-Format-uni_Web_FAR2023-1.jpg 874w\" sizes=\"(max-width: 706px) 89vw, (max-width: 767px) 82vw, 740px\" \/><\/a><figcaption class=\"wp-element-caption\"><strong><a href=\"https:\/\/www.allersretoursasso.fr\/zh\/festival2023-l-insaisissable-joie-du-travail\/\" target=\"_blank\" rel=\"noreferrer noopener\"><strong>\u96be\u4ee5\u6349\u6478\u7684\u52b3\u52a8\u5feb\u4e50 <\/strong><\/a><\/strong><a href=\"https:\/\/www.allersretoursasso.fr\/zh\/festival2023-l-insaisissable-joie-du-travail\/\" target=\"_blank\" rel=\"noreferrer noopener\">\u4e8e\u6dfc<\/a><\/figcaption><\/figure>\n<\/div><\/div>\n<\/div><\/div>\n<\/div><\/div>\n<\/div>\n\n\n\n<div class=\"wp-block-column is-vertically-aligned-top is-layout-flow wp-block-column-is-layout-flow\">\n<div class=\"wp-block-group is-layout-flow wp-block-group-is-layout-flow\"><div class=\"wp-block-group__inner-container\">\n<div class=\"wp-block-group is-layout-flow wp-block-group-is-layout-flow\"><div class=\"wp-block-group__inner-container\">\n<div class=\"wp-block-group is-layout-flow wp-block-group-is-layout-flow\"><div class=\"wp-block-group__inner-container\">\n<figure class=\"wp-block-image size-large\"><a href=\"https:\/\/www.allersretoursasso.fr\/zh\/festival2023-will-you-look-at-me\/\" target=\"_blank\" rel=\"noreferrer noopener\"><img loading=\"lazy\" decoding=\"async\" width=\"724\" height=\"1024\" src=\"https:\/\/www.allersretoursasso.fr\/wp-content\/uploads\/2023\/01\/10-6-Will-You-Look-At-Me_Affiche-Format-uni_Web_FAR2023-2-724x1024.jpg\" alt=\"\" class=\"wp-image-3213\" srcset=\"https:\/\/www.allersretoursasso.fr\/wp-content\/uploads\/2023\/01\/10-6-Will-You-Look-At-Me_Affiche-Format-uni_Web_FAR2023-2-724x1024.jpg 724w, https:\/\/www.allersretoursasso.fr\/wp-content\/uploads\/2023\/01\/10-6-Will-You-Look-At-Me_Affiche-Format-uni_Web_FAR2023-2-212x300.jpg 212w, https:\/\/www.allersretoursasso.fr\/wp-content\/uploads\/2023\/01\/10-6-Will-You-Look-At-Me_Affiche-Format-uni_Web_FAR2023-2-768x1086.jpg 768w, https:\/\/www.allersretoursasso.fr\/wp-content\/uploads\/2023\/01\/10-6-Will-You-Look-At-Me_Affiche-Format-uni_Web_FAR2023-2-8x12.jpg 8w, https:\/\/www.allersretoursasso.fr\/wp-content\/uploads\/2023\/01\/10-6-Will-You-Look-At-Me_Affiche-Format-uni_Web_FAR2023-2-350x495.jpg 350w, https:\/\/www.allersretoursasso.fr\/wp-content\/uploads\/2023\/01\/10-6-Will-You-Look-At-Me_Affiche-Format-uni_Web_FAR2023-2.jpg 842w\" sizes=\"(max-width: 724px) 100vw, 724px\" \/><\/a><figcaption class=\"wp-element-caption\"><a href=\"https:\/\/www.allersretoursasso.fr\/zh\/festival2023-will-you-look-at-me\/\" target=\"_blank\" rel=\"noreferrer noopener\"><strong>\u5f53\u6211\u671b\u5411\u4f60\u7684\u65f6\u5019<\/strong> \u9ec4\u6811\u7acb<\/a><\/figcaption><\/figure>\n<\/div><\/div>\n<\/div><\/div>\n<\/div><\/div>\n<\/div>\n<\/div>\n\n\n\n<h3 class=\"has-text-align-left has-text-color wp-block-heading\" style=\"color:#484f50\"><strong>\u957f\u7247<\/strong><br>\u00e0 18h00<\/h3>\n\n\n\n<div class=\"wp-block-columns is-layout-flex wp-container-core-columns-layout-4 wp-block-columns-is-layout-flex\">\n<div class=\"wp-block-column is-layout-flow wp-block-column-is-layout-flow\">\n<div class=\"wp-block-group is-layout-flow wp-block-group-is-layout-flow\"><div class=\"wp-block-group__inner-container\">\n<div class=\"wp-block-group is-layout-flow wp-block-group-is-layout-flow\"><div class=\"wp-block-group__inner-container\">\n<div class=\"wp-block-group is-layout-flow wp-block-group-is-layout-flow\"><div class=\"wp-block-group__inner-container\">\n<figure class=\"wp-block-image size-large\"><a href=\"https:\/\/www.allersretoursasso.fr\/zh\/festival2023-virgin-blue\/\" target=\"_blank\" rel=\"noreferrer noopener\"><img loading=\"lazy\" decoding=\"async\" width=\"724\" height=\"1024\" src=\"https:\/\/www.allersretoursasso.fr\/wp-content\/uploads\/2023\/01\/03-Virgin-Blue_Affiche-Format-uni_Web_FAR2023-3-724x1024.jpg\" alt=\"\" class=\"wp-image-2962\" srcset=\"https:\/\/www.allersretoursasso.fr\/wp-content\/uploads\/2023\/01\/03-Virgin-Blue_Affiche-Format-uni_Web_FAR2023-3-724x1024.jpg 724w, https:\/\/www.allersretoursasso.fr\/wp-content\/uploads\/2023\/01\/03-Virgin-Blue_Affiche-Format-uni_Web_FAR2023-3-212x300.jpg 212w, https:\/\/www.allersretoursasso.fr\/wp-content\/uploads\/2023\/01\/03-Virgin-Blue_Affiche-Format-uni_Web_FAR2023-3-768x1086.jpg 768w, https:\/\/www.allersretoursasso.fr\/wp-content\/uploads\/2023\/01\/03-Virgin-Blue_Affiche-Format-uni_Web_FAR2023-3-350x495.jpg 350w, https:\/\/www.allersretoursasso.fr\/wp-content\/uploads\/2023\/01\/03-Virgin-Blue_Affiche-Format-uni_Web_FAR2023-3.jpg 842w\" sizes=\"(max-width: 724px) 100vw, 724px\" \/><\/a><figcaption class=\"wp-element-caption\"><a href=\"https:\/\/www.allersretoursasso.fr\/zh\/festival2023-silver-bird-and-rainbow-fish\/\" target=\"_blank\" rel=\"noreferrer noopener\"><\/a><strong>Dimanche 26 mars \u00e0 18h00<\/strong><br><a href=\"https:\/\/www.allersretoursasso.fr\/zh\/festival2023-virgin-blue\/\" target=\"_blank\" rel=\"noreferrer noopener\"><strong>\u4e0d\u8981\u518d\u89c1\u554a\uff0c\u9c7c\u82b1\u5858<\/strong> \u725b\u5c0f\u96e8<\/a><\/figcaption><\/figure>\n<\/div><\/div>\n<\/div><\/div>\n<\/div><\/div>\n<\/div>\n\n\n\n<div class=\"wp-block-column is-vertically-aligned-top is-layout-flow wp-block-column-is-layout-flow\">\n<div class=\"wp-block-group is-layout-flow wp-block-group-is-layout-flow\"><div class=\"wp-block-group__inner-container\">\n<div class=\"wp-block-group is-layout-flow wp-block-group-is-layout-flow\"><div class=\"wp-block-group__inner-container\">\n<div class=\"wp-block-group is-layout-flow wp-block-group-is-layout-flow\"><div class=\"wp-block-group__inner-container\"><\/div><\/div>\n<\/div><\/div>\n<\/div><\/div>\n<\/div>\n\n\n\n<div class=\"wp-block-column is-vertically-aligned-top is-layout-flow wp-block-column-is-layout-flow\">\n<div class=\"wp-block-group is-layout-flow wp-block-group-is-layout-flow\"><div class=\"wp-block-group__inner-container\">\n<div class=\"wp-block-group is-layout-flow wp-block-group-is-layout-flow\"><div class=\"wp-block-group__inner-container\">\n<div class=\"wp-block-group is-layout-flow wp-block-group-is-layout-flow\"><div class=\"wp-block-group__inner-container\"><\/div><\/div>\n<\/div><\/div>\n<\/div><\/div>\n<\/div>\n<\/div>\n<\/div><\/div>\n\n\n\n<div class=\"wp-block-group is-layout-flow wp-block-group-is-layout-flow\"><div class=\"wp-block-group__inner-container\">\n<h4 class=\"has-text-align-center wp-block-heading\" style=\"font-style:normal;font-weight:400\"><strong>Cin\u00e9ma Lumi\u00e8re Fourmi \u00e0 Lyon<\/strong><br>68 rue Pierre Corneille, Lyon 3<\/h4>\n<\/div><\/div>\n\n\n\n<div class=\"wp-block-group is-layout-flow wp-block-group-is-layout-flow\"><div class=\"wp-block-group__inner-container\">\n<div class=\"wp-block-buttons is-content-justification-center is-layout-flex wp-container-core-buttons-layout-1 wp-block-buttons-is-layout-flex\">\n<div class=\"wp-block-button has-custom-width wp-block-button__width-75 is-style-outline\"><a class=\"wp-block-button__link has-black-color has-white-background-color has-text-color has-background wp-element-button\" href=\"https:\/\/www.cinemas-lumiere.com\/programmation\/fourmi\/2023-03-25.html\" target=\"_blank\" rel=\"noreferrer noopener\">\u8d2d\u7968\u94fe\u63a5<\/a><\/div>\n<\/div>\n\n\n\n<p class=\"has-text-align-center\"><\/p>\n\n\n\n<p class=\"has-text-align-center\"><a href=\"https:\/\/www.allersretoursasso.fr\/wp-content\/uploads\/2023\/03\/brochure-Lyon_0320_FAR2023.pdf\" target=\"_blank\" rel=\"noreferrer noopener\">\u6392\u7247\u8868PDF\u4e0b\u8f7d<\/a><\/p>\n<\/div><\/div>\n\n\n\n<figure class=\"wp-block-embed is-type-video is-provider-youtube wp-block-embed-youtube wp-embed-aspect-16-9 wp-has-aspect-ratio\"><div class=\"wp-block-embed__wrapper\">\n<iframe loading=\"lazy\" title=\"5\u00e8me \u00e9dition Festival Allers-Retours Cin\u00e9ma d&#039;auteur chinois (2023) BANDE-ANNONCE\" width=\"525\" height=\"295\" src=\"https:\/\/www.youtube.com\/embed\/nIw5KGBDx4c?feature=oembed\" frameborder=\"0\" allow=\"accelerometer; autoplay; clipboard-write; encrypted-media; gyroscope; picture-in-picture; web-share\" allowfullscreen><\/iframe>\n<\/div><\/figure>","protected":false},"excerpt":{"rendered":"<p>Le week-end du 25 et 26 mars 2023, le Festival Allers-Retours du cin\u00e9ma d\u2019auteur chinois vous invite pour la premi\u00e8re fois au Cin\u00e9ma Lumi\u00e8re Fourmi \u00e0 Lyon. Pour cette occasion nous proposerons au public lyonnais 4 s\u00e9ances, fictions, documentaires et courts-m\u00e9trages. \u00c0 noter, Farewell, My Hometown de WANG Erzhuo, un des meilleurs in\u00e9dits de cette &hellip; <\/p>\n<p class=\"link-more\"><a href=\"https:\/\/www.allersretoursasso.fr\/zh\/annee-festival-2023-lyon\/\" class=\"more-link\">\u7ee7\u7eed\u9605\u8bfb<span class=\"screen-reader-text\">\u201cFestival Allers-Retours \u00e0 Lyon : la Reprise 2023\u201d<\/span><\/a><\/p>","protected":false},"author":5,"featured_media":0,"parent":0,"menu_order":0,"comment_status":"closed","ping_status":"closed","template":"","meta":{"footnotes":""},"_links":{"self":[{"href":"https:\/\/www.allersretoursasso.fr\/zh\/wp-json\/wp\/v2\/pages\/3416"}],"collection":[{"href":"https:\/\/www.allersretoursasso.fr\/zh\/wp-json\/wp\/v2\/pages"}],"about":[{"href":"https:\/\/www.allersretoursasso.fr\/zh\/wp-json\/wp\/v2\/types\/page"}],"author":[{"embeddable":true,"href":"https:\/\/www.allersretoursasso.fr\/zh\/wp-json\/wp\/v2\/users\/5"}],"replies":[{"embeddable":true,"href":"https:\/\/www.allersretoursasso.fr\/zh\/wp-json\/wp\/v2\/comments?post=3416"}],"version-history":[{"count":34,"href":"https:\/\/www.allersretoursasso.fr\/zh\/wp-json\/wp\/v2\/pages\/3416\/revisions"}],"predecessor-version":[{"id":3537,"href":"https:\/\/www.allersretoursasso.fr\/zh\/wp-json\/wp\/v2\/pages\/3416\/revisions\/3537"}],"wp:attachment":[{"href":"https:\/\/www.allersretoursasso.fr\/zh\/wp-json\/wp\/v2\/media?parent=3416"}],"curies":[{"name":"wp","href":"https:\/\/api.w.org\/{rel}","templated":true}]}}