{"id":3968,"date":"2023-09-05T16:46:58","date_gmt":"2023-09-05T14:46:58","guid":{"rendered":"https:\/\/www.allersretoursasso.fr\/?page_id=3968"},"modified":"2023-09-06T23:03:20","modified_gmt":"2023-09-06T21:03:20","slug":"coming-of-age-2023-insomnia","status":"publish","type":"page","link":"https:\/\/www.allersretoursasso.fr\/zh\/coming-of-age-2023-insomnia\/","title":{"rendered":"Coming of Age 2023  &#8211; Insomnia"},"content":{"rendered":"<div id=\"fb-root\"><\/div>\n\n<div class=\"wp-block-media-text alignwide is-stacked-on-mobile\" style=\"grid-template-columns:41% auto\"><figure class=\"wp-block-media-text__media\"><img loading=\"lazy\" decoding=\"async\" width=\"724\" height=\"1024\" src=\"https:\/\/www.allersretoursasso.fr\/wp-content\/uploads\/2023\/09\/05-Insomnia-provisoire_format-uni_COA2023-1-724x1024.png\" alt=\"\" class=\"wp-image-4031 size-full\" srcset=\"https:\/\/www.allersretoursasso.fr\/wp-content\/uploads\/2023\/09\/05-Insomnia-provisoire_format-uni_COA2023-1-724x1024.png 724w, https:\/\/www.allersretoursasso.fr\/wp-content\/uploads\/2023\/09\/05-Insomnia-provisoire_format-uni_COA2023-1-212x300.png 212w, https:\/\/www.allersretoursasso.fr\/wp-content\/uploads\/2023\/09\/05-Insomnia-provisoire_format-uni_COA2023-1-768x1086.png 768w, https:\/\/www.allersretoursasso.fr\/wp-content\/uploads\/2023\/09\/05-Insomnia-provisoire_format-uni_COA2023-1-1086x1536.png 1086w, https:\/\/www.allersretoursasso.fr\/wp-content\/uploads\/2023\/09\/05-Insomnia-provisoire_format-uni_COA2023-1-8x12.png 8w, https:\/\/www.allersretoursasso.fr\/wp-content\/uploads\/2023\/09\/05-Insomnia-provisoire_format-uni_COA2023-1-350x495.png 350w, https:\/\/www.allersretoursasso.fr\/wp-content\/uploads\/2023\/09\/05-Insomnia-provisoire_format-uni_COA2023-1.png 1191w\" sizes=\"(max-width: 724px) 100vw, 724px\" \/><\/figure><div class=\"wp-block-media-text__content\">\n<div class=\"wp-block-group is-layout-flow wp-block-group-is-layout-flow\"><div class=\"wp-block-group__inner-container\">\n<div class=\"wp-block-group is-vertical is-layout-flex wp-container-core-group-layout-4 wp-block-group-is-layout-flex\">\n<div class=\"wp-block-group is-layout-flow wp-block-group-is-layout-flow\"><div class=\"wp-block-group__inner-container\">\n<div class=\"wp-block-group is-layout-flow wp-block-group-is-layout-flow\"><div class=\"wp-block-group__inner-container\">\n<div class=\"wp-block-group is-layout-flow wp-block-group-is-layout-flow\"><div class=\"wp-block-group__inner-container\">\n<p><\/p>\n\n\n\n<p style=\"font-size:30px;font-style:normal;font-weight:500\"><em><span style=\"font-weight: 400\"><strong><strong>Insomnia<\/strong><\/strong><\/span><\/em><\/p>\n\n\n\n<p style=\"font-size:30px;font-style:normal;font-weight:500\">\u5931\u7720<\/p>\n\n\n\n<p class=\"has-medium-font-size\">TAN Mo <\/p>\n\n\n\n<p class=\"has-medium-font-size\">\u8c2d\u58a8<\/p>\n\n\n\n<p class=\"has-small-font-size\"><a href=\"https:\/\/www.allersretoursasso.fr\/zh\/coming-of-age-2023\/\" target=\"_blank\" rel=\"noreferrer noopener\">\u00c9dition : Coming of Age 2023<\/a><\/p>\n\n\n\n<p style=\"font-size:10px\"><\/p>\n<\/div><\/div>\n\n\n\n<p class=\"has-text-align-center\"><\/p>\n\n\n\n<p class=\"has-text-align-left\" style=\"font-size:15px\"><\/p>\n<\/div><\/div>\n<\/div><\/div>\n<\/div>\n<\/div><\/div>\n<\/div><\/div>\n\n\n\n<h2 class=\"wp-block-heading\"><\/h2>\n\n\n\n<p class=\"has-text-align-center has-small-font-size\"><em>2017 \/ 16\u2019 \/ Mandarin, Anglais, Polonais, dialecte de Huai\u2019an \/ VOSTF \/ Documentaire<\/em><\/p>\n\n\n\n<p class=\"has-text-align-center has-small-font-size\">2017 \/ 16\u2019 \/ \u666e\u901a\u8bdd\uff0c\u82f1\u8bed\uff0c\u6ce2\u5170\u8bed\uff0c\u6dee\u5b89\u65b9\u8a00 \/ \u539f\u58f0\u6cd5\u8bed\u5b57\u5e55 \/ \u7eaa\u5f55\u7247<\/p>\n\n\n\n<p class=\"has-text-align-center has-small-font-size\">S\u00e9lectionn\u00e9 au 2018 Beijing International Short Film Festival <\/p>\n\n\n\n<p class=\"has-text-align-center has-small-font-size\">2018\u5e74\u5317\u4eac\u56fd\u9645\u77ed\u7247\u8054\u5c55<\/p>\n\n\n\n<p><\/p>\n\n\n\n<p><\/p>\n\n\n\n<p class=\"has-text-align-left\" style=\"font-size:16px;line-height:1.5\">\u00c9tudiante en Pologne, Mo ne parvient pas \u00e0 dormir la nuit. Est-ce r\u00e9ellement \u00e0 cause du tapage de ses voisins, ou bien \u00e0 cause de ses pens\u00e9es ? L\u2019insomnie semble infuser le r\u00eave dans la vie elle-m\u00eame\u2026<\/p>\n\n\n\n<p>\u4e3b\u4eba\u516c\u5373\u662f\u672c\u7247\u7684\u62cd\u6444\u8005\uff0c\u957f\u671f\u5728\u6ce2\u5170\u751f\u6d3b\u7684\u4e2d\u56fd\u7559\u5b66\u751f\u8c2d\u58a8\u5728\u591c\u665a\u65e0\u6cd5\u5165\u7761\uff0c\u5979\u62ff\u7740\u6444\u50cf\u673a\uff0c\u4ece\u73b0\u5b9e\u5230\u5e7b\u60f3\uff0c\u4ece\u5f02\u4e61\u5230\u6545\u4e61\uff0c\u5728\u6f2b\u957f\u7684\u9ed1\u591c\u91cc\u5bfb\u627e\u65e0\u6cd5\u5165\u7761\u7684\u539f\u56e0\u3002<\/p>\n\n\n\n<p><mark style=\"background-color:rgba(0, 0, 0, 0)\" class=\"has-inline-color has-white-color\">000000<\/mark><\/p>\n\n\n\n<figure class=\"wp-block-gallery has-nested-images columns-default is-cropped wp-block-gallery-1 is-layout-flex wp-block-gallery-is-layout-flex\">\n<figure class=\"wp-block-image size-large\"><img loading=\"lazy\" decoding=\"async\" width=\"1024\" height=\"580\" data-id=\"3985\" src=\"https:\/\/www.allersretoursasso.fr\/wp-content\/uploads\/2023\/09\/Insomnia-1-1024x580.jpg\" alt=\"\" class=\"wp-image-3985\" srcset=\"https:\/\/www.allersretoursasso.fr\/wp-content\/uploads\/2023\/09\/Insomnia-1-1024x580.jpg 1024w, https:\/\/www.allersretoursasso.fr\/wp-content\/uploads\/2023\/09\/Insomnia-1-300x170.jpg 300w, https:\/\/www.allersretoursasso.fr\/wp-content\/uploads\/2023\/09\/Insomnia-1-768x435.jpg 768w, https:\/\/www.allersretoursasso.fr\/wp-content\/uploads\/2023\/09\/Insomnia-1-1536x870.jpg 1536w, https:\/\/www.allersretoursasso.fr\/wp-content\/uploads\/2023\/09\/Insomnia-1-18x10.jpg 18w, https:\/\/www.allersretoursasso.fr\/wp-content\/uploads\/2023\/09\/Insomnia-1-350x198.jpg 350w, https:\/\/www.allersretoursasso.fr\/wp-content\/uploads\/2023\/09\/Insomnia-1.jpg 1920w\" sizes=\"(max-width: 767px) 89vw, (max-width: 1000px) 54vw, (max-width: 1071px) 543px, 580px\" \/><\/figure>\n\n\n\n<figure class=\"wp-block-image size-large\"><img loading=\"lazy\" decoding=\"async\" width=\"1024\" height=\"563\" data-id=\"3984\" src=\"https:\/\/www.allersretoursasso.fr\/wp-content\/uploads\/2023\/09\/Insomnia-2-1024x563.jpg\" alt=\"\" class=\"wp-image-3984\" srcset=\"https:\/\/www.allersretoursasso.fr\/wp-content\/uploads\/2023\/09\/Insomnia-2-1024x563.jpg 1024w, https:\/\/www.allersretoursasso.fr\/wp-content\/uploads\/2023\/09\/Insomnia-2-300x165.jpg 300w, https:\/\/www.allersretoursasso.fr\/wp-content\/uploads\/2023\/09\/Insomnia-2-768x422.jpg 768w, https:\/\/www.allersretoursasso.fr\/wp-content\/uploads\/2023\/09\/Insomnia-2-18x10.jpg 18w, https:\/\/www.allersretoursasso.fr\/wp-content\/uploads\/2023\/09\/Insomnia-2-350x192.jpg 350w, https:\/\/www.allersretoursasso.fr\/wp-content\/uploads\/2023\/09\/Insomnia-2.jpg 1048w\" sizes=\"(max-width: 767px) 89vw, (max-width: 1000px) 54vw, (max-width: 1071px) 543px, 580px\" \/><\/figure>\n\n\n\n<figure class=\"wp-block-image size-large\"><img loading=\"lazy\" decoding=\"async\" width=\"1024\" height=\"563\" data-id=\"3986\" src=\"https:\/\/www.allersretoursasso.fr\/wp-content\/uploads\/2023\/09\/Insomnia-3-1024x563.jpg\" alt=\"\" class=\"wp-image-3986\" srcset=\"https:\/\/www.allersretoursasso.fr\/wp-content\/uploads\/2023\/09\/Insomnia-3-1024x563.jpg 1024w, https:\/\/www.allersretoursasso.fr\/wp-content\/uploads\/2023\/09\/Insomnia-3-300x165.jpg 300w, https:\/\/www.allersretoursasso.fr\/wp-content\/uploads\/2023\/09\/Insomnia-3-768x422.jpg 768w, https:\/\/www.allersretoursasso.fr\/wp-content\/uploads\/2023\/09\/Insomnia-3-18x10.jpg 18w, https:\/\/www.allersretoursasso.fr\/wp-content\/uploads\/2023\/09\/Insomnia-3-350x192.jpg 350w, https:\/\/www.allersretoursasso.fr\/wp-content\/uploads\/2023\/09\/Insomnia-3.jpg 1048w\" sizes=\"(max-width: 767px) 89vw, (max-width: 1000px) 54vw, (max-width: 1071px) 543px, 580px\" \/><\/figure>\n\n\n\n<figure class=\"wp-block-image size-large\"><img loading=\"lazy\" decoding=\"async\" width=\"1024\" height=\"563\" data-id=\"3987\" src=\"https:\/\/www.allersretoursasso.fr\/wp-content\/uploads\/2023\/09\/Insomnia-4-1024x563.jpg\" alt=\"\" class=\"wp-image-3987\" srcset=\"https:\/\/www.allersretoursasso.fr\/wp-content\/uploads\/2023\/09\/Insomnia-4-1024x563.jpg 1024w, https:\/\/www.allersretoursasso.fr\/wp-content\/uploads\/2023\/09\/Insomnia-4-300x165.jpg 300w, https:\/\/www.allersretoursasso.fr\/wp-content\/uploads\/2023\/09\/Insomnia-4-768x422.jpg 768w, https:\/\/www.allersretoursasso.fr\/wp-content\/uploads\/2023\/09\/Insomnia-4-18x10.jpg 18w, https:\/\/www.allersretoursasso.fr\/wp-content\/uploads\/2023\/09\/Insomnia-4-350x192.jpg 350w, https:\/\/www.allersretoursasso.fr\/wp-content\/uploads\/2023\/09\/Insomnia-4.jpg 1048w\" sizes=\"(max-width: 767px) 89vw, (max-width: 1000px) 54vw, (max-width: 1071px) 543px, 580px\" \/><\/figure>\n<\/figure>\n\n\n\n<div class=\"wp-block-columns is-layout-flex wp-container-core-columns-layout-1 wp-block-columns-is-layout-flex\">\n<div class=\"wp-block-column is-layout-flow wp-block-column-is-layout-flow\" style=\"flex-basis:100%\"><\/div>\n<\/div>\n\n\n\n<figure class=\"wp-block-embed is-type-video is-provider-youtube wp-block-embed-youtube wp-embed-aspect-16-9 wp-has-aspect-ratio\"><div class=\"wp-block-embed__wrapper\">\n<iframe loading=\"lazy\" title=\"Insomnia - TAN Mo - Bande-annonce\" width=\"525\" height=\"295\" src=\"https:\/\/www.youtube.com\/embed\/uQGuAugDQS4?feature=oembed\" frameborder=\"0\" allow=\"accelerometer; autoplay; clipboard-write; encrypted-media; gyroscope; picture-in-picture; web-share\" allowfullscreen><\/iframe>\n<\/div><\/figure>\n\n\n\n<p><\/p>\n\n\n\n<div class=\"wp-block-columns is-layout-flex wp-container-core-columns-layout-2 wp-block-columns-is-layout-flex\">\n<div class=\"wp-block-column is-layout-flow wp-block-column-is-layout-flow\"><\/div>\n<\/div>\n\n\n\n<hr class=\"wp-block-separator has-alpha-channel-opacity\"\/>\n\n\n\n<div class=\"wp-block-columns is-layout-flex wp-container-core-columns-layout-3 wp-block-columns-is-layout-flex\">\n<div class=\"wp-block-column is-layout-flow wp-block-column-is-layout-flow\"><\/div>\n<\/div>\n\n\n\n<div class=\"wp-block-columns is-layout-flex wp-container-core-columns-layout-4 wp-block-columns-is-layout-flex\">\n<div class=\"wp-block-column is-layout-flow wp-block-column-is-layout-flow\" style=\"flex-basis:33.33%\">\n<figure class=\"wp-block-image size-full\"><img loading=\"lazy\" decoding=\"async\" width=\"778\" height=\"787\" src=\"https:\/\/www.allersretoursasso.fr\/wp-content\/uploads\/2023\/09\/13-TAN-Mo.jpg\uff08\u526f\u672c\uff09-edited.jpg\" alt=\"\" class=\"wp-image-4010\" srcset=\"https:\/\/www.allersretoursasso.fr\/wp-content\/uploads\/2023\/09\/13-TAN-Mo.jpg\uff08\u526f\u672c\uff09-edited.jpg 778w, https:\/\/www.allersretoursasso.fr\/wp-content\/uploads\/2023\/09\/13-TAN-Mo.jpg\uff08\u526f\u672c\uff09-edited-297x300.jpg 297w, https:\/\/www.allersretoursasso.fr\/wp-content\/uploads\/2023\/09\/13-TAN-Mo.jpg\uff08\u526f\u672c\uff09-edited-768x777.jpg 768w, https:\/\/www.allersretoursasso.fr\/wp-content\/uploads\/2023\/09\/13-TAN-Mo.jpg\uff08\u526f\u672c\uff09-edited-12x12.jpg 12w, https:\/\/www.allersretoursasso.fr\/wp-content\/uploads\/2023\/09\/13-TAN-Mo.jpg\uff08\u526f\u672c\uff09-edited-100x100.jpg 100w, https:\/\/www.allersretoursasso.fr\/wp-content\/uploads\/2023\/09\/13-TAN-Mo.jpg\uff08\u526f\u672c\uff09-edited-350x354.jpg 350w\" sizes=\"(max-width: 767px) 89vw, (max-width: 1000px) 54vw, (max-width: 1071px) 543px, 580px\" \/><\/figure>\n<\/div>\n\n\n\n<div class=\"wp-block-column is-layout-flow wp-block-column-is-layout-flow\" style=\"flex-basis:66.66%\">\n<p><strong>Par rapport \u00e0 TAN Mo<br>\/ \u5173\u4e8e\u8c2d\u58a8<\/strong><\/p>\n\n\n\n<p class=\"has-small-font-size\"><\/p>\n<\/div>\n<\/div>\n\n\n\n<p class=\"has-small-font-size\"><\/p>\n\n\n\n<p class=\"has-small-font-size\">Tan Mo a \u00e9tudi\u00e9 le cin\u00e9ma \u00e0 l\u2019\u00e9cole Li Xianting de P\u00e9kin en 2010. Elle est dipl\u00f4m\u00e9e de l&#8217;\u00c9cole nationale polonaise du film, de t\u00e9l\u00e9vision et de th\u00e9\u00e2tre. Elle vit actuellement \u00e0 Varsovie.<\/p>\n\n\n\n<p class=\"has-small-font-size\">2010\u5e74\u66fe\u5728\u5317\u4eac\u6817\u5baa\u5ead\u7535\u5f71\u5b66\u6821\u8fdb\u4fee\uff0c2018\u5e74\u6ce2\u5170\u56fd\u5bb6\u7535\u5f71\u7535\u89c6\u620f\u5267\u5b66\u6821\u5bfc\u6f14\u7cfb\u7814\u7a76\u751f\u6bd5\u4e1a\uff0c\u73b0\u5c45\u534e\u6c99\u3002<\/p>\n\n\n\n<p class=\"has-small-font-size\"><\/p>\n\n\n\n<p><\/p>\n\n\n\n<hr class=\"wp-block-separator has-alpha-channel-opacity is-style-wide\"\/>\n\n\n\n<div class=\"wp-block-columns is-layout-flex wp-container-core-columns-layout-5 wp-block-columns-is-layout-flex\">\n<div class=\"wp-block-column is-layout-flow wp-block-column-is-layout-flow\"><\/div>\n<\/div>\n\n\n\n<div class=\"wp-block-buttons is-content-justification-center is-layout-flex wp-container-core-buttons-layout-1 wp-block-buttons-is-layout-flex\">\n<div class=\"wp-block-button has-custom-width wp-block-button__width-75 has-custom-font-size is-style-outline\" style=\"font-size:16px\"><a class=\"wp-block-button__link has-black-color has-white-background-color has-text-color has-background wp-element-button\" href=\"https:\/\/www.billetweb.fr\/coa-allersretours\">\u8d2d\u7968\u94fe\u63a5<br>\u7ebf\u4e0a\u8d2d\u7968<\/a><\/div>\n<\/div>\n\n\n\n<p><\/p>\n\n\n\n<div class=\"wp-block-columns is-layout-flex wp-container-core-columns-layout-6 wp-block-columns-is-layout-flex\">\n<div class=\"wp-block-column is-layout-flow wp-block-column-is-layout-flow\">\n<p class=\"has-text-align-center\"><strong>Jeudi 28 septembre \u00e0 19h45 au<\/strong><br><strong>STUDIO DES URSULINES <\/strong><br>10 rue des Ursulines, 75005 Paris<\/p>\n<\/div>\n\n\n\n<div class=\"wp-block-column is-layout-flow wp-block-column-is-layout-flow\">\n<p class=\"has-text-align-center\"><strong>Jeudi 28 septembre \u00e0 20h30 au<\/strong><br><strong>CIN\u00c9MA LUMI\u00c8RE BELLECOUR<\/strong><br>12 Rue de la Barre, 69002 Lyon<\/p>\n<\/div>\n<\/div>\n\n\n\n<div class=\"wp-block-cover is-light\" style=\"min-height:349px\"><span aria-hidden=\"true\" class=\"wp-block-cover__background has-white-background-color has-background-dim\"><\/span><div class=\"wp-block-cover__inner-container is-layout-flow wp-block-cover-is-layout-flow\">\n<div class=\"wp-block-group is-layout-flow wp-block-group-is-layout-flow\"><div class=\"wp-block-group__inner-container\">\n<figure class=\"wp-block-image size-large\"><img loading=\"lazy\" decoding=\"async\" width=\"1024\" height=\"380\" src=\"https:\/\/www.allersretoursasso.fr\/wp-content\/uploads\/2023\/09\/banner-1024x380.jpg\" alt=\"\" class=\"wp-image-4022\" srcset=\"https:\/\/www.allersretoursasso.fr\/wp-content\/uploads\/2023\/09\/banner-1024x380.jpg 1024w, https:\/\/www.allersretoursasso.fr\/wp-content\/uploads\/2023\/09\/banner-300x111.jpg 300w, https:\/\/www.allersretoursasso.fr\/wp-content\/uploads\/2023\/09\/banner-768x285.jpg 768w, https:\/\/www.allersretoursasso.fr\/wp-content\/uploads\/2023\/09\/banner-18x7.jpg 18w, https:\/\/www.allersretoursasso.fr\/wp-content\/uploads\/2023\/09\/banner-350x130.jpg 350w, https:\/\/www.allersretoursasso.fr\/wp-content\/uploads\/2023\/09\/banner.jpg 1277w\" sizes=\"(max-width: 767px) 89vw, (max-width: 1000px) 54vw, (max-width: 1071px) 543px, 580px\" \/><\/figure>\n<\/div><\/div>\n<\/div><\/div>\n\n\n\n<div class=\"wp-block-group is-layout-flow wp-block-group-is-layout-flow\"><div class=\"wp-block-group__inner-container\">\n<p class=\"has-text-align-center\" style=\"font-size:15px\"><\/p>\n<\/div><\/div>\n\n\n\n<p class=\"has-text-align-center has-white-color has-text-color\" style=\"font-size:15px\"> 19h45 aux Ursuline<\/p>\n\n\n\n<p class=\"has-text-align-center has-white-color has-text-color\" style=\"font-size:15px\">06 octobre \u00e0 19h45 aux Ursulines<\/p>","protected":false},"excerpt":{"rendered":"<p>2017 \/ 16\u2019 \/ Mandarin, Anglais, Polonais, dialecte de Huai\u2019an \/ VOSTF \/ Documentaire 2017 \/ 16\u2019 \/ \u666e\u901a\u8bdd\uff0c\u82f1\u8bed\uff0c\u6ce2\u5170\u8bed\uff0c\u6dee\u5b89\u65b9\u8a00 \/ \u539f\u58f0\u6cd5\u8bed\u5b57\u5e55 \/ \u7eaa\u5f55\u7247 S\u00e9lectionn\u00e9 au 2018 Beijing International Short Film Festival 2018\u5e74\u5317\u4eac\u56fd\u9645\u77ed\u7247\u8054\u5c55 \u00c9tudiante en Pologne, Mo ne parvient pas \u00e0 dormir la nuit. Est-ce r\u00e9ellement \u00e0 cause du tapage de ses voisins, ou bien \u00e0 &hellip; <\/p>\n<p class=\"link-more\"><a href=\"https:\/\/www.allersretoursasso.fr\/zh\/coming-of-age-2023-insomnia\/\" class=\"more-link\">\u7ee7\u7eed\u9605\u8bfb<span class=\"screen-reader-text\">\u201cComing of Age 2023  &#8211; Insomnia\u201d<\/span><\/a><\/p>","protected":false},"author":3,"featured_media":0,"parent":0,"menu_order":0,"comment_status":"closed","ping_status":"closed","template":"","meta":{"footnotes":""},"_links":{"self":[{"href":"https:\/\/www.allersretoursasso.fr\/zh\/wp-json\/wp\/v2\/pages\/3968"}],"collection":[{"href":"https:\/\/www.allersretoursasso.fr\/zh\/wp-json\/wp\/v2\/pages"}],"about":[{"href":"https:\/\/www.allersretoursasso.fr\/zh\/wp-json\/wp\/v2\/types\/page"}],"author":[{"embeddable":true,"href":"https:\/\/www.allersretoursasso.fr\/zh\/wp-json\/wp\/v2\/users\/3"}],"replies":[{"embeddable":true,"href":"https:\/\/www.allersretoursasso.fr\/zh\/wp-json\/wp\/v2\/comments?post=3968"}],"version-history":[{"count":11,"href":"https:\/\/www.allersretoursasso.fr\/zh\/wp-json\/wp\/v2\/pages\/3968\/revisions"}],"predecessor-version":[{"id":4255,"href":"https:\/\/www.allersretoursasso.fr\/zh\/wp-json\/wp\/v2\/pages\/3968\/revisions\/4255"}],"wp:attachment":[{"href":"https:\/\/www.allersretoursasso.fr\/zh\/wp-json\/wp\/v2\/media?parent=3968"}],"curies":[{"name":"wp","href":"https:\/\/api.w.org\/{rel}","templated":true}]}}