{"id":4287,"date":"2024-01-10T00:21:57","date_gmt":"2024-01-09T23:21:57","guid":{"rendered":"https:\/\/www.allersretoursasso.fr\/?page_id=4287"},"modified":"2024-01-22T22:27:40","modified_gmt":"2024-01-22T21:27:40","slug":"annee-festival-2024","status":"publish","type":"page","link":"https:\/\/www.allersretoursasso.fr\/zh\/annee-festival-2024\/","title":{"rendered":"Festival Allers-Retours 2024"},"content":{"rendered":"<div id=\"fb-root\"><\/div>\n\n<p><\/p>\n\n\n\n<h2 class=\"wp-block-heading has-text-align-center translation-block\" style=\"font-size:31px;font-style:normal;font-weight:400\"><strong>Festival Allers-Retours<\/strong><br>\u4f5c\u8005\u7535\u5f71\u5c55<\/h2>\n\n\n\n<h2 class=\"wp-block-heading has-text-align-center has-medium-font-size\"><strong>02 &#8211; 11 f\u00e9vrier \u00e0 Paris<br> 14 &#8211; 17 f\u00e9vrier \u00e0 Lyon<\/strong><br><\/h2>\n\n\n\n<div class=\"wp-block-columns is-not-stacked-on-mobile is-layout-flex wp-container-core-columns-layout-1 wp-block-columns-is-layout-flex\">\n<div class=\"wp-block-column is-layout-flow wp-block-column-is-layout-flow\">\n<figure class=\"wp-block-image size-large\"><img loading=\"lazy\" decoding=\"async\" width=\"724\" height=\"1024\" src=\"https:\/\/www.allersretoursasso.fr\/wp-content\/uploads\/2023\/12\/Affiche_Paris_FAR2024@2x-724x1024.png\" alt=\"\" class=\"wp-image-4270\" srcset=\"https:\/\/www.allersretoursasso.fr\/wp-content\/uploads\/2023\/12\/Affiche_Paris_FAR2024@2x-724x1024.png 724w, https:\/\/www.allersretoursasso.fr\/wp-content\/uploads\/2023\/12\/Affiche_Paris_FAR2024@2x-212x300.png 212w, https:\/\/www.allersretoursasso.fr\/wp-content\/uploads\/2023\/12\/Affiche_Paris_FAR2024@2x-768x1086.png 768w, https:\/\/www.allersretoursasso.fr\/wp-content\/uploads\/2023\/12\/Affiche_Paris_FAR2024@2x-1087x1536.png 1087w, https:\/\/www.allersretoursasso.fr\/wp-content\/uploads\/2023\/12\/Affiche_Paris_FAR2024@2x-1449x2048.png 1449w, https:\/\/www.allersretoursasso.fr\/wp-content\/uploads\/2023\/12\/Affiche_Paris_FAR2024@2x-8x12.png 8w, https:\/\/www.allersretoursasso.fr\/wp-content\/uploads\/2023\/12\/Affiche_Paris_FAR2024@2x-350x495.png 350w, https:\/\/www.allersretoursasso.fr\/wp-content\/uploads\/2023\/12\/Affiche_Paris_FAR2024@2x.png 1685w\" sizes=\"(max-width: 724px) 100vw, 724px\" \/><\/figure>\n<\/div>\n\n\n\n<div class=\"wp-block-column is-layout-flow wp-block-column-is-layout-flow\">\n<figure class=\"wp-block-image size-large\"><img loading=\"lazy\" decoding=\"async\" width=\"724\" height=\"1024\" src=\"https:\/\/www.allersretoursasso.fr\/wp-content\/uploads\/2023\/12\/Affiche_Lyon_FAR2024_with-lyon@2x-724x1024.png\" alt=\"\" class=\"wp-image-4271\" srcset=\"https:\/\/www.allersretoursasso.fr\/wp-content\/uploads\/2023\/12\/Affiche_Lyon_FAR2024_with-lyon@2x-724x1024.png 724w, https:\/\/www.allersretoursasso.fr\/wp-content\/uploads\/2023\/12\/Affiche_Lyon_FAR2024_with-lyon@2x-212x300.png 212w, https:\/\/www.allersretoursasso.fr\/wp-content\/uploads\/2023\/12\/Affiche_Lyon_FAR2024_with-lyon@2x-768x1086.png 768w, https:\/\/www.allersretoursasso.fr\/wp-content\/uploads\/2023\/12\/Affiche_Lyon_FAR2024_with-lyon@2x-1087x1536.png 1087w, https:\/\/www.allersretoursasso.fr\/wp-content\/uploads\/2023\/12\/Affiche_Lyon_FAR2024_with-lyon@2x-1449x2048.png 1449w, https:\/\/www.allersretoursasso.fr\/wp-content\/uploads\/2023\/12\/Affiche_Lyon_FAR2024_with-lyon@2x-8x12.png 8w, https:\/\/www.allersretoursasso.fr\/wp-content\/uploads\/2023\/12\/Affiche_Lyon_FAR2024_with-lyon@2x-350x495.png 350w, https:\/\/www.allersretoursasso.fr\/wp-content\/uploads\/2023\/12\/Affiche_Lyon_FAR2024_with-lyon@2x.png 1685w\" sizes=\"(max-width: 724px) 100vw, 724px\" \/><\/figure>\n<\/div>\n<\/div>\n\n\n\n<p class=\"has-background\" style=\"background-color:#abb7c21a\">En f\u00e9vrier, nous vous invitons \u00e0 d\u00e9couvrir ou red\u00e9couvrir le Festival Allers-Retours, <strong>festival<\/strong> <strong>d\u00e9di\u00e9 \u00e0 la richesse et \u00e0 la diversit\u00e9 du cin\u00e9ma d\u2019auteur chinois contemporain<\/strong>, pour une <strong>\u00e9dition 2024 \u00e0 Paris comme \u00e0<\/strong> <strong>Lyon<\/strong>.<br><br><strong>\u00c0 Paris, du 2 au 11 f\u00e9vrier,<\/strong> la 6\u00e8me \u00e9dition du Festival du Cin\u00e9ma d&#8217;auteur chinois vous attendra, comme les ann\u00e9es pr\u00e9c\u00e9dentes, au <strong>\u5df4\u9ece\u5409\u7f8e\u56fd\u7acb\u4e9a\u6d32\u827a\u672f\u535a\u7269\u9986<\/strong> \u548c <strong>Studio des Ursulines\u5f71\u9662<\/strong>, puis pour la premi\u00e8re fois au <strong>Path\u00e9 Les Fauvettes<\/strong>.<br><br><strong>Du 14 au 17 f\u00e9vrier<\/strong> le festival sera ravi de vous accueillir pour la 2\u00e8me ann\u00e9e cons\u00e9cutive \u00e0 <strong>Lyon<\/strong>, au <strong>Cin\u00e9ma Lumi\u00e8re Fourmi<\/strong>. <\/p>\n\n\n\n<div class=\"wp-block-columns is-layout-flex wp-container-core-columns-layout-2 wp-block-columns-is-layout-flex\">\n<div class=\"wp-block-column is-layout-flow wp-block-column-is-layout-flow\">\n<div class=\"wp-block-buttons is-content-justification-center is-layout-flex wp-container-core-buttons-layout-1 wp-block-buttons-is-layout-flex\">\n<div class=\"wp-block-button has-custom-width wp-block-button__width-100 has-custom-font-size is-style-fill\" style=\"font-size:15px\"><a class=\"wp-block-button__link has-white-color has-text-color has-background wp-element-button\" href=\"https:\/\/www.billetweb.fr\/far2024\" style=\"border-radius:10px;background-color:#2aacc9e0\" target=\"_blank\" rel=\"noreferrer noopener\">R\u00e9servez vos tickets (Paris)<br>\u5df4\u9ece\u573a\u7ebf\u4e0a\u8d2d\u7968<\/a><\/div>\n<\/div>\n<\/div>\n\n\n\n<div class=\"wp-block-column is-layout-flow wp-block-column-is-layout-flow\">\n<div class=\"wp-block-buttons has-custom-font-size has-small-font-size is-content-justification-center is-layout-flex wp-container-core-buttons-layout-2 wp-block-buttons-is-layout-flex\">\n<div class=\"wp-block-button has-custom-width wp-block-button__width-100 has-custom-font-size is-style-fill\" style=\"font-size:15px\"><a class=\"wp-block-button__link has-white-color has-text-color has-background wp-element-button\" href=\"https:\/\/www.billetweb.fr\/far2024-lyon\" style=\"border-radius:10px;background-color:#cf4a81c4\" target=\"_blank\" rel=\"noreferrer noopener\">R\u00e9servez vos tickets (Lyon)<br>\u91cc\u6602\u573a\u7ebf\u4e0a\u8d2d\u7968<\/a><\/div>\n<\/div>\n<\/div>\n<\/div>\n\n\n\n<figure class=\"wp-block-embed is-type-video is-provider-youtube wp-block-embed-youtube wp-embed-aspect-16-9 wp-has-aspect-ratio\"><div class=\"wp-block-embed__wrapper\">\n<iframe loading=\"lazy\" title=\"Bande annonce du Festival Allers-Retours 2024\" width=\"525\" height=\"295\" src=\"https:\/\/www.youtube.com\/embed\/zccE2Iibmbw?feature=oembed\" frameborder=\"0\" allow=\"accelerometer; autoplay; clipboard-write; encrypted-media; gyroscope; picture-in-picture; web-share\" allowfullscreen><\/iframe>\n<\/div><\/figure>\n\n\n\n<h4 class=\"wp-block-heading has-text-align-center has-medium-font-size\"><strong><a href=\"https:\/\/www.allersretoursasso.fr\/zh\/2024\/01\/10\/selection-2024\/\" target=\"_blank\" rel=\"noreferrer noopener\">S\u00e9lection 2024&nbsp;: l\u2019\u00e2ge des d\u00e9couvertes<\/a><\/strong><\/h4>\n\n\n\n<p class=\"has-background\" style=\"background-color:#c2baab24\">La 6\u00e8me \u00e9dition du Festival Allers-Retours, vous promet une programmation vari\u00e9e avec <strong>11 longs-m\u00e9trages et 4 courts-m\u00e9trages<\/strong>, mais aussi <strong>un film classique<\/strong>, <strong>deux s\u00e9ances enfants animation<\/strong>, <strong>un dialogue avec le r\u00e9alisateur Wang Bing<\/strong>, et plusieurs <strong>rencontres avec les cin\u00e9astes<\/strong>.<br><br>La s\u00e9lection de la&nbsp;6\u00e8me \u00e9dition&nbsp;du&nbsp;<strong>Festival Allers-Retours<\/strong>&nbsp;continue de <strong>donner la parole aux auteurs chinois de tous horizons<\/strong>, d\u2019origines et de g\u00e9n\u00e9rations diff\u00e9rentes, tous travaill\u00e9s par la port\u00e9e esth\u00e9tique que peut offrir le cin\u00e9ma&#8230; (<a href=\"https:\/\/www.allersretoursasso.fr\/zh\/2024\/01\/10\/selection-2024\/\" target=\"_blank\" rel=\"noreferrer noopener\">Lire la suite<\/a>)<\/p>\n\n\n\n<hr class=\"wp-block-separator has-alpha-channel-opacity is-style-wide\"\/>\n\n\n\n<h2 class=\"wp-block-heading has-text-align-center has-black-color has-text-color\"><strong>\u653e\u6620\u5b89\u6392<\/strong><\/h2>\n\n\n\n<h3 class=\"wp-block-heading has-text-align-left\"><strong>\u957f\u7247<\/strong><\/h3>\n\n\n\n<div class=\"wp-block-group is-layout-flow wp-block-group-is-layout-flow\"><div class=\"wp-block-group__inner-container\">\n<div class=\"wp-block-group is-layout-flow wp-block-group-is-layout-flow\"><div class=\"wp-block-group__inner-container\">\n<div class=\"wp-block-columns is-layout-flex wp-container-core-columns-layout-3 wp-block-columns-is-layout-flex\">\n<div class=\"wp-block-column is-layout-flow wp-block-column-is-layout-flow\">\n<div class=\"wp-block-group is-layout-flow wp-block-group-is-layout-flow\"><div class=\"wp-block-group__inner-container\">\n<figure class=\"wp-block-image size-large\"><a href=\"https:\/\/www.allersretoursasso.fr\/zh\/festival2024-green-night\/\" target=\"_blank\" rel=\"noreferrer noopener\"><img loading=\"lazy\" decoding=\"async\" width=\"724\" height=\"1024\" src=\"https:\/\/www.allersretoursasso.fr\/wp-content\/uploads\/2024\/01\/01-Green-Night-Poster-724x1024.jpg\" alt=\"\" class=\"wp-image-4292\" srcset=\"https:\/\/www.allersretoursasso.fr\/wp-content\/uploads\/2024\/01\/01-Green-Night-Poster-724x1024.jpg 724w, https:\/\/www.allersretoursasso.fr\/wp-content\/uploads\/2024\/01\/01-Green-Night-Poster-212x300.jpg 212w, https:\/\/www.allersretoursasso.fr\/wp-content\/uploads\/2024\/01\/01-Green-Night-Poster-768x1086.jpg 768w, https:\/\/www.allersretoursasso.fr\/wp-content\/uploads\/2024\/01\/01-Green-Night-Poster-8x12.jpg 8w, https:\/\/www.allersretoursasso.fr\/wp-content\/uploads\/2024\/01\/01-Green-Night-Poster-350x495.jpg 350w, https:\/\/www.allersretoursasso.fr\/wp-content\/uploads\/2024\/01\/01-Green-Night-Poster.jpg 1000w\" sizes=\"(max-width: 724px) 100vw, 724px\" \/><\/a><figcaption class=\"wp-element-caption\"><a href=\"https:\/\/www.allersretoursasso.fr\/zh\/festival2024-green-night\/\" target=\"_blank\" rel=\"noreferrer noopener\"><strong>Green Night<\/strong> de HAN Shuai<\/a><\/figcaption><\/figure>\n<\/div><\/div>\n<\/div>\n\n\n\n<div class=\"wp-block-column is-layout-flow wp-block-column-is-layout-flow\">\n<div class=\"wp-block-group is-layout-flow wp-block-group-is-layout-flow\"><div class=\"wp-block-group__inner-container\">\n<figure class=\"wp-block-image size-large\"><a href=\"https:\/\/www.allersretoursasso.fr\/zh\/festival2024-absence\/\" target=\"_blank\" rel=\"noreferrer noopener\"><img loading=\"lazy\" decoding=\"async\" width=\"690\" height=\"1024\" src=\"https:\/\/www.allersretoursasso.fr\/wp-content\/uploads\/2024\/01\/02-ABSENCE\u96ea\u4e91_poster-690x1024.jpg\" alt=\"\" class=\"wp-image-4293\" srcset=\"https:\/\/www.allersretoursasso.fr\/wp-content\/uploads\/2024\/01\/02-ABSENCE\u96ea\u4e91_poster-690x1024.jpg 690w, https:\/\/www.allersretoursasso.fr\/wp-content\/uploads\/2024\/01\/02-ABSENCE\u96ea\u4e91_poster-202x300.jpg 202w, https:\/\/www.allersretoursasso.fr\/wp-content\/uploads\/2024\/01\/02-ABSENCE\u96ea\u4e91_poster-768x1140.jpg 768w, https:\/\/www.allersretoursasso.fr\/wp-content\/uploads\/2024\/01\/02-ABSENCE\u96ea\u4e91_poster-8x12.jpg 8w, https:\/\/www.allersretoursasso.fr\/wp-content\/uploads\/2024\/01\/02-ABSENCE\u96ea\u4e91_poster-350x519.jpg 350w, https:\/\/www.allersretoursasso.fr\/wp-content\/uploads\/2024\/01\/02-ABSENCE\u96ea\u4e91_poster.jpg 1000w\" sizes=\"(max-width: 690px) 100vw, 690px\" \/><\/a><figcaption class=\"wp-element-caption\"><a href=\"https:\/\/www.allersretoursasso.fr\/zh\/festival2024-absence\/\" target=\"_blank\" rel=\"noreferrer noopener\"><strong><em>Absence<\/em><\/strong>&nbsp;de <em>WU Lang<\/em><\/a><\/figcaption><\/figure>\n<\/div><\/div>\n<\/div>\n\n\n\n<div class=\"wp-block-column is-layout-flow wp-block-column-is-layout-flow\">\n<div class=\"wp-block-group is-layout-flow wp-block-group-is-layout-flow\"><div class=\"wp-block-group__inner-container\">\n<figure class=\"wp-block-image size-large\"><a href=\"https:\/\/www.allersretoursasso.fr\/zh\/festival2024-kissing-the-ground-you-walked-on\/\" target=\"_blank\" rel=\"noreferrer noopener\"><img loading=\"lazy\" decoding=\"async\" width=\"734\" height=\"1024\" src=\"https:\/\/www.allersretoursasso.fr\/wp-content\/uploads\/2024\/01\/03-KTGYWO_International-poster-734x1024.jpg\" alt=\"\" class=\"wp-image-4294\" srcset=\"https:\/\/www.allersretoursasso.fr\/wp-content\/uploads\/2024\/01\/03-KTGYWO_International-poster-734x1024.jpg 734w, https:\/\/www.allersretoursasso.fr\/wp-content\/uploads\/2024\/01\/03-KTGYWO_International-poster-215x300.jpg 215w, https:\/\/www.allersretoursasso.fr\/wp-content\/uploads\/2024\/01\/03-KTGYWO_International-poster-768x1072.jpg 768w, https:\/\/www.allersretoursasso.fr\/wp-content\/uploads\/2024\/01\/03-KTGYWO_International-poster-9x12.jpg 9w, https:\/\/www.allersretoursasso.fr\/wp-content\/uploads\/2024\/01\/03-KTGYWO_International-poster-250x350.jpg 250w, https:\/\/www.allersretoursasso.fr\/wp-content\/uploads\/2024\/01\/03-KTGYWO_International-poster-350x489.jpg 350w, https:\/\/www.allersretoursasso.fr\/wp-content\/uploads\/2024\/01\/03-KTGYWO_International-poster.jpg 1000w\" sizes=\"(max-width: 734px) 100vw, 734px\" \/><\/a><figcaption class=\"wp-element-caption\"><a href=\"https:\/\/www.allersretoursasso.fr\/zh\/festival2024-kissing-the-ground-you-walked-on\/\" target=\"_blank\" rel=\"noreferrer noopener\"><strong>Kissing the Ground You Walked On<\/strong> de HONG Heng Fai<\/a><\/figcaption><\/figure>\n<\/div><\/div>\n<\/div>\n<\/div>\n<\/div><\/div>\n<\/div><\/div>\n\n\n\n<div class=\"wp-block-group is-layout-flow wp-block-group-is-layout-flow\"><div class=\"wp-block-group__inner-container\">\n<div class=\"wp-block-columns is-layout-flex wp-container-core-columns-layout-4 wp-block-columns-is-layout-flex\">\n<div class=\"wp-block-column is-layout-flow wp-block-column-is-layout-flow\">\n<div class=\"wp-block-group is-layout-flow wp-block-group-is-layout-flow\"><div class=\"wp-block-group__inner-container\">\n<figure class=\"wp-block-image size-large\"><a href=\"https:\/\/www.allersretoursasso.fr\/zh\/festival2024-within\/\" target=\"_blank\" rel=\"noreferrer noopener\"><img loading=\"lazy\" decoding=\"async\" width=\"768\" height=\"1024\" src=\"https:\/\/www.allersretoursasso.fr\/wp-content\/uploads\/2024\/01\/04-Within-\u5939\u7f1d\u4e4b\u95f4Poster-768x1024.jpeg\" alt=\"\" class=\"wp-image-4296\" srcset=\"https:\/\/www.allersretoursasso.fr\/wp-content\/uploads\/2024\/01\/04-Within-\u5939\u7f1d\u4e4b\u95f4Poster-768x1024.jpeg 768w, https:\/\/www.allersretoursasso.fr\/wp-content\/uploads\/2024\/01\/04-Within-\u5939\u7f1d\u4e4b\u95f4Poster-225x300.jpeg 225w, https:\/\/www.allersretoursasso.fr\/wp-content\/uploads\/2024\/01\/04-Within-\u5939\u7f1d\u4e4b\u95f4Poster-9x12.jpeg 9w, https:\/\/www.allersretoursasso.fr\/wp-content\/uploads\/2024\/01\/04-Within-\u5939\u7f1d\u4e4b\u95f4Poster-350x467.jpeg 350w, https:\/\/www.allersretoursasso.fr\/wp-content\/uploads\/2024\/01\/04-Within-\u5939\u7f1d\u4e4b\u95f4Poster.jpeg 1000w\" sizes=\"(max-width: 767px) 89vw, (max-width: 1000px) 54vw, (max-width: 1071px) 543px, 580px\" \/><\/a><figcaption class=\"wp-element-caption\"><a href=\"https:\/\/www.allersretoursasso.fr\/zh\/festival2024-within\/\" target=\"_blank\" rel=\"noreferrer noopener\"><strong>Within <\/strong>de GUO Dalu<\/a><\/figcaption><\/figure>\n<\/div><\/div>\n<\/div>\n\n\n\n<div class=\"wp-block-column is-layout-flow wp-block-column-is-layout-flow\">\n<div class=\"wp-block-group is-layout-flow wp-block-group-is-layout-flow\"><div class=\"wp-block-group__inner-container\">\n<figure class=\"wp-block-image size-large\"><a href=\"https:\/\/www.allersretoursasso.fr\/zh\/festival2024-silence-in-the-dust\/\" target=\"_blank\" rel=\"noreferrer noopener\"><img loading=\"lazy\" decoding=\"async\" width=\"695\" height=\"1024\" src=\"https:\/\/www.allersretoursasso.fr\/wp-content\/uploads\/2024\/01\/05-Silence-in-the-dust-\u5c18\u9ed8\u547c\u5438_Affiche--695x1024.jpg\" alt=\"\" class=\"wp-image-4297\" srcset=\"https:\/\/www.allersretoursasso.fr\/wp-content\/uploads\/2024\/01\/05-Silence-in-the-dust-\u5c18\u9ed8\u547c\u5438_Affiche--695x1024.jpg 695w, https:\/\/www.allersretoursasso.fr\/wp-content\/uploads\/2024\/01\/05-Silence-in-the-dust-\u5c18\u9ed8\u547c\u5438_Affiche--204x300.jpg 204w, https:\/\/www.allersretoursasso.fr\/wp-content\/uploads\/2024\/01\/05-Silence-in-the-dust-\u5c18\u9ed8\u547c\u5438_Affiche--768x1132.jpg 768w, https:\/\/www.allersretoursasso.fr\/wp-content\/uploads\/2024\/01\/05-Silence-in-the-dust-\u5c18\u9ed8\u547c\u5438_Affiche--8x12.jpg 8w, https:\/\/www.allersretoursasso.fr\/wp-content\/uploads\/2024\/01\/05-Silence-in-the-dust-\u5c18\u9ed8\u547c\u5438_Affiche--350x516.jpg 350w, https:\/\/www.allersretoursasso.fr\/wp-content\/uploads\/2024\/01\/05-Silence-in-the-dust-\u5c18\u9ed8\u547c\u5438_Affiche-.jpg 1000w\" sizes=\"(max-width: 695px) 100vw, 695px\" \/><\/a><figcaption class=\"wp-element-caption\"><a href=\"https:\/\/www.allersretoursasso.fr\/zh\/festival2024-silence-in-the-dust\/\" target=\"_blank\" rel=\"noreferrer noopener\"><strong>Silence in the Dust <\/strong>de LI Wei<\/a><\/figcaption><\/figure>\n<\/div><\/div>\n<\/div>\n\n\n\n<div class=\"wp-block-column is-layout-flow wp-block-column-is-layout-flow\">\n<div class=\"wp-block-group is-layout-flow wp-block-group-is-layout-flow\"><div class=\"wp-block-group__inner-container\">\n<figure class=\"wp-block-image size-large\"><a href=\"https:\/\/www.allersretoursasso.fr\/zh\/festival2024-art-college-1994\/\" target=\"_blank\" rel=\"noreferrer noopener\"><img loading=\"lazy\" decoding=\"async\" width=\"768\" height=\"1024\" src=\"https:\/\/www.allersretoursasso.fr\/wp-content\/uploads\/2024\/01\/06-Art-College-1994_poster_web-768x1024.jpg\" alt=\"\" class=\"wp-image-4298\" srcset=\"https:\/\/www.allersretoursasso.fr\/wp-content\/uploads\/2024\/01\/06-Art-College-1994_poster_web-768x1024.jpg 768w, https:\/\/www.allersretoursasso.fr\/wp-content\/uploads\/2024\/01\/06-Art-College-1994_poster_web-225x300.jpg 225w, https:\/\/www.allersretoursasso.fr\/wp-content\/uploads\/2024\/01\/06-Art-College-1994_poster_web-9x12.jpg 9w, https:\/\/www.allersretoursasso.fr\/wp-content\/uploads\/2024\/01\/06-Art-College-1994_poster_web-350x467.jpg 350w, https:\/\/www.allersretoursasso.fr\/wp-content\/uploads\/2024\/01\/06-Art-College-1994_poster_web.jpg 1000w\" sizes=\"(max-width: 767px) 89vw, (max-width: 1000px) 54vw, (max-width: 1071px) 543px, 580px\" \/><\/a><figcaption class=\"wp-element-caption\"><a href=\"https:\/\/www.allersretoursasso.fr\/zh\/festival2024-art-college-1994\/\" target=\"_blank\" rel=\"noreferrer noopener\"><strong>Art College 1994<\/strong> de LIU Jian<\/a><\/figcaption><\/figure>\n<\/div><\/div>\n<\/div>\n<\/div>\n<\/div><\/div>\n\n\n\n<div class=\"wp-block-group is-layout-flow wp-block-group-is-layout-flow\"><div class=\"wp-block-group__inner-container\">\n<div class=\"wp-block-columns is-layout-flex wp-container-core-columns-layout-5 wp-block-columns-is-layout-flex\">\n<div class=\"wp-block-column is-layout-flow wp-block-column-is-layout-flow\">\n<div class=\"wp-block-group is-layout-flow wp-block-group-is-layout-flow\"><div class=\"wp-block-group__inner-container\">\n<div class=\"wp-block-group is-layout-flow wp-block-group-is-layout-flow\"><div class=\"wp-block-group__inner-container\">\n<div class=\"wp-block-group is-layout-flow wp-block-group-is-layout-flow\"><div class=\"wp-block-group__inner-container\">\n<figure class=\"wp-block-image size-large\"><a href=\"https:\/\/www.allersretoursasso.fr\/zh\/festival2024-this-woman\/\" target=\"_blank\" rel=\"noreferrer noopener\"><img loading=\"lazy\" decoding=\"async\" width=\"695\" height=\"1024\" src=\"https:\/\/www.allersretoursasso.fr\/wp-content\/uploads\/2024\/01\/07-This-Woman\u8fd9\u4e2a\u5973\u4eba_poster-695x1024.png\" alt=\"\" class=\"wp-image-4299\" srcset=\"https:\/\/www.allersretoursasso.fr\/wp-content\/uploads\/2024\/01\/07-This-Woman\u8fd9\u4e2a\u5973\u4eba_poster-695x1024.png 695w, https:\/\/www.allersretoursasso.fr\/wp-content\/uploads\/2024\/01\/07-This-Woman\u8fd9\u4e2a\u5973\u4eba_poster-204x300.png 204w, https:\/\/www.allersretoursasso.fr\/wp-content\/uploads\/2024\/01\/07-This-Woman\u8fd9\u4e2a\u5973\u4eba_poster-768x1131.png 768w, https:\/\/www.allersretoursasso.fr\/wp-content\/uploads\/2024\/01\/07-This-Woman\u8fd9\u4e2a\u5973\u4eba_poster-8x12.png 8w, https:\/\/www.allersretoursasso.fr\/wp-content\/uploads\/2024\/01\/07-This-Woman\u8fd9\u4e2a\u5973\u4eba_poster-350x516.png 350w, https:\/\/www.allersretoursasso.fr\/wp-content\/uploads\/2024\/01\/07-This-Woman\u8fd9\u4e2a\u5973\u4eba_poster.png 1000w\" sizes=\"(max-width: 695px) 100vw, 695px\" \/><\/a><figcaption class=\"wp-element-caption\"><a href=\"https:\/\/www.allersretoursasso.fr\/zh\/festival2024-this-woman\/\" target=\"_blank\" rel=\"noreferrer noopener\"><strong>This Woman<\/strong> de Alan ZHANG<\/a><\/figcaption><\/figure>\n<\/div><\/div>\n<\/div><\/div>\n<\/div><\/div>\n<\/div>\n\n\n\n<div class=\"wp-block-column is-layout-flow wp-block-column-is-layout-flow\">\n<div class=\"wp-block-group is-layout-flow wp-block-group-is-layout-flow\"><div class=\"wp-block-group__inner-container\">\n<div class=\"wp-block-group is-layout-flow wp-block-group-is-layout-flow\"><div class=\"wp-block-group__inner-container\">\n<div class=\"wp-block-group is-layout-flow wp-block-group-is-layout-flow\"><div class=\"wp-block-group__inner-container\">\n<figure class=\"wp-block-image size-large\"><a href=\"https:\/\/www.allersretoursasso.fr\/zh\/festival2024-elegies\/\" target=\"_blank\" rel=\"noreferrer noopener\"><img loading=\"lazy\" decoding=\"async\" width=\"724\" height=\"1024\" src=\"https:\/\/www.allersretoursasso.fr\/wp-content\/uploads\/2024\/01\/08-ELEGIES\u8a69_POSTER-724x1024.jpg\" alt=\"\" class=\"wp-image-4301\" srcset=\"https:\/\/www.allersretoursasso.fr\/wp-content\/uploads\/2024\/01\/08-ELEGIES\u8a69_POSTER-724x1024.jpg 724w, https:\/\/www.allersretoursasso.fr\/wp-content\/uploads\/2024\/01\/08-ELEGIES\u8a69_POSTER-212x300.jpg 212w, https:\/\/www.allersretoursasso.fr\/wp-content\/uploads\/2024\/01\/08-ELEGIES\u8a69_POSTER-768x1086.jpg 768w, https:\/\/www.allersretoursasso.fr\/wp-content\/uploads\/2024\/01\/08-ELEGIES\u8a69_POSTER-8x12.jpg 8w, https:\/\/www.allersretoursasso.fr\/wp-content\/uploads\/2024\/01\/08-ELEGIES\u8a69_POSTER-350x495.jpg 350w, https:\/\/www.allersretoursasso.fr\/wp-content\/uploads\/2024\/01\/08-ELEGIES\u8a69_POSTER.jpg 1000w\" sizes=\"(max-width: 724px) 100vw, 724px\" \/><\/a><figcaption class=\"wp-element-caption\"><a href=\"https:\/\/www.allersretoursasso.fr\/zh\/festival2024-elegies\/\" target=\"_blank\" rel=\"noreferrer noopener\"><strong>Elegies<\/strong> de Ann HUI<\/a><\/figcaption><\/figure>\n<\/div><\/div>\n<\/div><\/div>\n<\/div><\/div>\n<\/div>\n\n\n\n<div class=\"wp-block-column is-vertically-aligned-top is-layout-flow wp-block-column-is-layout-flow\">\n<div class=\"wp-block-group is-layout-flow wp-block-group-is-layout-flow\"><div class=\"wp-block-group__inner-container\">\n<div class=\"wp-block-group is-layout-flow wp-block-group-is-layout-flow\"><div class=\"wp-block-group__inner-container\">\n<div class=\"wp-block-group is-layout-flow wp-block-group-is-layout-flow\"><div class=\"wp-block-group__inner-container\">\n<figure class=\"wp-block-image size-large\"><a href=\"https:\/\/www.allersretoursasso.fr\/zh\/festival2024-blue-summer\/\" target=\"_blank\" rel=\"noreferrer noopener\"><img loading=\"lazy\" decoding=\"async\" width=\"767\" height=\"1024\" src=\"https:\/\/www.allersretoursasso.fr\/wp-content\/uploads\/2024\/01\/09-Blue-summer-affiche-767x1024.jpg\" alt=\"\" class=\"wp-image-4302\" srcset=\"https:\/\/www.allersretoursasso.fr\/wp-content\/uploads\/2024\/01\/09-Blue-summer-affiche-767x1024.jpg 767w, https:\/\/www.allersretoursasso.fr\/wp-content\/uploads\/2024\/01\/09-Blue-summer-affiche-225x300.jpg 225w, https:\/\/www.allersretoursasso.fr\/wp-content\/uploads\/2024\/01\/09-Blue-summer-affiche-768x1025.jpg 768w, https:\/\/www.allersretoursasso.fr\/wp-content\/uploads\/2024\/01\/09-Blue-summer-affiche-9x12.jpg 9w, https:\/\/www.allersretoursasso.fr\/wp-content\/uploads\/2024\/01\/09-Blue-summer-affiche-350x467.jpg 350w, https:\/\/www.allersretoursasso.fr\/wp-content\/uploads\/2024\/01\/09-Blue-summer-affiche.jpg 1127w\" sizes=\"(max-width: 767px) 89vw, (max-width: 1000px) 54vw, (max-width: 1071px) 543px, 580px\" \/><\/a><figcaption class=\"wp-element-caption\"><a href=\"https:\/\/www.allersretoursasso.fr\/zh\/festival2024-blue-summer\/\" target=\"_blank\" rel=\"noreferrer noopener\"><strong>Blue Summer <\/strong>de GENG Zihan<\/a><\/figcaption><\/figure>\n<\/div><\/div>\n<\/div><\/div>\n<\/div><\/div>\n<\/div>\n<\/div>\n\n\n\n<div class=\"wp-block-columns is-layout-flex wp-container-core-columns-layout-6 wp-block-columns-is-layout-flex\">\n<div class=\"wp-block-column is-layout-flow wp-block-column-is-layout-flow\">\n<div class=\"wp-block-group is-layout-flow wp-block-group-is-layout-flow\"><div class=\"wp-block-group__inner-container\">\n<div class=\"wp-block-group is-layout-flow wp-block-group-is-layout-flow\"><div class=\"wp-block-group__inner-container\">\n<div class=\"wp-block-group is-layout-flow wp-block-group-is-layout-flow\"><div class=\"wp-block-group__inner-container\">\n<figure class=\"wp-block-image size-large\"><a href=\"https:\/\/www.allersretoursasso.fr\/zh\/festival2024-the-last-year-of-darkness\/\" target=\"_blank\" rel=\"noreferrer noopener\"><img loading=\"lazy\" decoding=\"async\" width=\"727\" height=\"1024\" src=\"https:\/\/www.allersretoursasso.fr\/wp-content\/uploads\/2024\/01\/10-TLYOD-\u5348\u591c\u51fa\u8d70POSTER-727x1024.png\" alt=\"\" class=\"wp-image-4303\" srcset=\"https:\/\/www.allersretoursasso.fr\/wp-content\/uploads\/2024\/01\/10-TLYOD-\u5348\u591c\u51fa\u8d70POSTER-727x1024.png 727w, https:\/\/www.allersretoursasso.fr\/wp-content\/uploads\/2024\/01\/10-TLYOD-\u5348\u591c\u51fa\u8d70POSTER-213x300.png 213w, https:\/\/www.allersretoursasso.fr\/wp-content\/uploads\/2024\/01\/10-TLYOD-\u5348\u591c\u51fa\u8d70POSTER-768x1082.png 768w, https:\/\/www.allersretoursasso.fr\/wp-content\/uploads\/2024\/01\/10-TLYOD-\u5348\u591c\u51fa\u8d70POSTER-9x12.png 9w, https:\/\/www.allersretoursasso.fr\/wp-content\/uploads\/2024\/01\/10-TLYOD-\u5348\u591c\u51fa\u8d70POSTER-350x493.png 350w, https:\/\/www.allersretoursasso.fr\/wp-content\/uploads\/2024\/01\/10-TLYOD-\u5348\u591c\u51fa\u8d70POSTER.png 1000w\" sizes=\"(max-width: 727px) 100vw, 727px\" \/><\/a><figcaption class=\"wp-element-caption\"><a href=\"https:\/\/www.allersretoursasso.fr\/zh\/festival2024-the-last-year-of-darkness\/\" target=\"_blank\" rel=\"noreferrer noopener\"><strong>The Last Year of Darkness<\/strong> de Ben Mullinkosson<\/a><\/figcaption><\/figure>\n<\/div><\/div>\n<\/div><\/div>\n<\/div><\/div>\n<\/div>\n\n\n\n<div class=\"wp-block-column is-layout-flow wp-block-column-is-layout-flow\">\n<div class=\"wp-block-group is-layout-flow wp-block-group-is-layout-flow\"><div class=\"wp-block-group__inner-container\">\n<div class=\"wp-block-group is-layout-flow wp-block-group-is-layout-flow\"><div class=\"wp-block-group__inner-container\">\n<div class=\"wp-block-group is-layout-flow wp-block-group-is-layout-flow\"><div class=\"wp-block-group__inner-container\">\n<figure class=\"wp-block-image size-large\"><a href=\"https:\/\/www.allersretoursasso.fr\/zh\/festival2024-snow-leopard\/\" target=\"_blank\" rel=\"noreferrer noopener\"><img loading=\"lazy\" decoding=\"async\" width=\"689\" height=\"1024\" src=\"https:\/\/www.allersretoursasso.fr\/wp-content\/uploads\/2024\/01\/11-Snow-Leopard-\u96ea\u8c79poster-689x1024.jpg\" alt=\"\" class=\"wp-image-4304\" srcset=\"https:\/\/www.allersretoursasso.fr\/wp-content\/uploads\/2024\/01\/11-Snow-Leopard-\u96ea\u8c79poster-689x1024.jpg 689w, https:\/\/www.allersretoursasso.fr\/wp-content\/uploads\/2024\/01\/11-Snow-Leopard-\u96ea\u8c79poster-202x300.jpg 202w, https:\/\/www.allersretoursasso.fr\/wp-content\/uploads\/2024\/01\/11-Snow-Leopard-\u96ea\u8c79poster-768x1141.jpg 768w, https:\/\/www.allersretoursasso.fr\/wp-content\/uploads\/2024\/01\/11-Snow-Leopard-\u96ea\u8c79poster-8x12.jpg 8w, https:\/\/www.allersretoursasso.fr\/wp-content\/uploads\/2024\/01\/11-Snow-Leopard-\u96ea\u8c79poster-350x520.jpg 350w, https:\/\/www.allersretoursasso.fr\/wp-content\/uploads\/2024\/01\/11-Snow-Leopard-\u96ea\u8c79poster.jpg 1000w\" sizes=\"(max-width: 689px) 100vw, 689px\" \/><\/a><figcaption class=\"wp-element-caption\"><a href=\"https:\/\/www.allersretoursasso.fr\/zh\/festival2024-snow-leopard\/\" target=\"_blank\" rel=\"noreferrer noopener\"><strong>&nbsp;Snow Leopard<\/strong> de&nbsp;Pema Tseden<\/a><\/figcaption><\/figure>\n<\/div><\/div>\n<\/div><\/div>\n<\/div><\/div>\n<\/div>\n\n\n\n<div class=\"wp-block-column is-vertically-aligned-top is-layout-flow wp-block-column-is-layout-flow\">\n<div class=\"wp-block-group is-layout-flow wp-block-group-is-layout-flow\"><div class=\"wp-block-group__inner-container\">\n<div class=\"wp-block-group is-layout-flow wp-block-group-is-layout-flow\"><div class=\"wp-block-group__inner-container\">\n<div class=\"wp-block-group is-layout-flow wp-block-group-is-layout-flow\"><div class=\"wp-block-group__inner-container\"><\/div><\/div>\n<\/div><\/div>\n<\/div><\/div>\n<\/div>\n<\/div>\n\n\n\n<h3 class=\"wp-block-heading has-text-align-left\"><strong>\u77ed\u7247<\/strong><\/h3>\n\n\n\n<div class=\"wp-block-columns is-layout-flex wp-container-core-columns-layout-7 wp-block-columns-is-layout-flex\">\n<div class=\"wp-block-column is-layout-flow wp-block-column-is-layout-flow\">\n<div class=\"wp-block-group is-layout-flow wp-block-group-is-layout-flow\"><div class=\"wp-block-group__inner-container\">\n<div class=\"wp-block-group is-layout-flow wp-block-group-is-layout-flow\"><div class=\"wp-block-group__inner-container\">\n<div class=\"wp-block-group is-layout-flow wp-block-group-is-layout-flow\"><div class=\"wp-block-group__inner-container\">\n<figure class=\"wp-block-image size-large\"><a href=\"https:\/\/www.allersretoursasso.fr\/zh\/festival2024-de-songes-au-songe-dun-autre-miroir\/\" target=\"_blank\" rel=\"noreferrer noopener\"><img loading=\"lazy\" decoding=\"async\" width=\"720\" height=\"1024\" src=\"https:\/\/www.allersretoursasso.fr\/wp-content\/uploads\/2024\/01\/CM1-DeSonges_poster-720x1024.jpg\" alt=\"\" class=\"wp-image-4306\" srcset=\"https:\/\/www.allersretoursasso.fr\/wp-content\/uploads\/2024\/01\/CM1-DeSonges_poster-720x1024.jpg 720w, https:\/\/www.allersretoursasso.fr\/wp-content\/uploads\/2024\/01\/CM1-DeSonges_poster-211x300.jpg 211w, https:\/\/www.allersretoursasso.fr\/wp-content\/uploads\/2024\/01\/CM1-DeSonges_poster-768x1093.jpg 768w, https:\/\/www.allersretoursasso.fr\/wp-content\/uploads\/2024\/01\/CM1-DeSonges_poster-8x12.jpg 8w, https:\/\/www.allersretoursasso.fr\/wp-content\/uploads\/2024\/01\/CM1-DeSonges_poster-350x498.jpg 350w, https:\/\/www.allersretoursasso.fr\/wp-content\/uploads\/2024\/01\/CM1-DeSonges_poster.jpg 1000w\" sizes=\"(max-width: 720px) 100vw, 720px\" \/><\/a><figcaption class=\"wp-element-caption\"><a href=\"https:\/\/www.allersretoursasso.fr\/zh\/festival2023-silver-bird-and-rainbow-fish\/\" target=\"_blank\" rel=\"noreferrer noopener\"><\/a><a href=\"https:\/\/www.allersretoursasso.fr\/zh\/festival2024-de-songes-au-songe-dun-autre-miroir\/\" target=\"_blank\" rel=\"noreferrer noopener\"><strong><strong>\u5165\u56f4\u6cd5\u56fd\u771f\u5b9e\u7535\u5f71\u8282\u6b63\u5f0f\u7ade\u8d5b\u30022023 \u5e74\u300a\u53e6\u4e00\u9762\u955c\u5b50\u91cc\u7684\u68a6\u4e2d\u4e4b\u68a6\u300b<\/strong> <\/strong>de ZHU Yunyi<\/a><\/figcaption><\/figure>\n<\/div><\/div>\n<\/div><\/div>\n<\/div><\/div>\n<\/div>\n\n\n\n<div class=\"wp-block-column is-layout-flow wp-block-column-is-layout-flow\">\n<div class=\"wp-block-group is-layout-flow wp-block-group-is-layout-flow\"><div class=\"wp-block-group__inner-container\">\n<div class=\"wp-block-group is-layout-flow wp-block-group-is-layout-flow\"><div class=\"wp-block-group__inner-container\">\n<div class=\"wp-block-group is-layout-flow wp-block-group-is-layout-flow\"><div class=\"wp-block-group__inner-container\">\n<figure class=\"wp-block-image size-large\"><a href=\"https:\/\/www.allersretoursasso.fr\/zh\/festival2024-graveyard-of-horses\/\" target=\"_blank\" rel=\"noreferrer noopener\"><img loading=\"lazy\" decoding=\"async\" width=\"691\" height=\"1024\" src=\"https:\/\/www.allersretoursasso.fr\/wp-content\/uploads\/2024\/01\/CM2-Graveyard-of-Horses\u9a6c\u585a-poster-691x1024.jpg\" alt=\"\" class=\"wp-image-4307\" srcset=\"https:\/\/www.allersretoursasso.fr\/wp-content\/uploads\/2024\/01\/CM2-Graveyard-of-Horses\u9a6c\u585a-poster-691x1024.jpg 691w, https:\/\/www.allersretoursasso.fr\/wp-content\/uploads\/2024\/01\/CM2-Graveyard-of-Horses\u9a6c\u585a-poster-203x300.jpg 203w, https:\/\/www.allersretoursasso.fr\/wp-content\/uploads\/2024\/01\/CM2-Graveyard-of-Horses\u9a6c\u585a-poster-768x1137.jpg 768w, https:\/\/www.allersretoursasso.fr\/wp-content\/uploads\/2024\/01\/CM2-Graveyard-of-Horses\u9a6c\u585a-poster-8x12.jpg 8w, https:\/\/www.allersretoursasso.fr\/wp-content\/uploads\/2024\/01\/CM2-Graveyard-of-Horses\u9a6c\u585a-poster-350x518.jpg 350w, https:\/\/www.allersretoursasso.fr\/wp-content\/uploads\/2024\/01\/CM2-Graveyard-of-Horses\u9a6c\u585a-poster.jpg 1000w\" sizes=\"(max-width: 691px) 100vw, 691px\" \/><\/a><figcaption class=\"wp-element-caption\"><a href=\"https:\/\/www.allersretoursasso.fr\/zh\/festival2023-bipolar\/\"><\/a><a href=\"https:\/\/www.allersretoursasso.fr\/zh\/festival2024-graveyard-of-horses\/\" target=\"_blank\" rel=\"noreferrer noopener\"><strong><strong>Graveyard of Horses<\/strong> <\/strong>de JIANG Xiaoxuan<\/a><\/figcaption><\/figure>\n<\/div><\/div>\n<\/div><\/div>\n<\/div><\/div>\n<\/div>\n\n\n\n<div class=\"wp-block-column is-vertically-aligned-top is-layout-flow wp-block-column-is-layout-flow\">\n<div class=\"wp-block-group is-layout-flow wp-block-group-is-layout-flow\"><div class=\"wp-block-group__inner-container\">\n<div class=\"wp-block-group is-layout-flow wp-block-group-is-layout-flow\"><div class=\"wp-block-group__inner-container\">\n<div class=\"wp-block-group is-layout-flow wp-block-group-is-layout-flow\"><div class=\"wp-block-group__inner-container\">\n<figure class=\"wp-block-image size-large\"><a href=\"https:\/\/www.allersretoursasso.fr\/zh\/festival2024-tunnel-wandering\/\" target=\"_blank\" rel=\"noreferrer noopener\"><img loading=\"lazy\" decoding=\"async\" width=\"712\" height=\"1024\" src=\"https:\/\/www.allersretoursasso.fr\/wp-content\/uploads\/2024\/01\/Poster\uff1aTunnel-Wandering-712x1024.jpg\" alt=\"\" class=\"wp-image-4353\" srcset=\"https:\/\/www.allersretoursasso.fr\/wp-content\/uploads\/2024\/01\/Poster\uff1aTunnel-Wandering-712x1024.jpg 712w, https:\/\/www.allersretoursasso.fr\/wp-content\/uploads\/2024\/01\/Poster\uff1aTunnel-Wandering-209x300.jpg 209w, https:\/\/www.allersretoursasso.fr\/wp-content\/uploads\/2024\/01\/Poster\uff1aTunnel-Wandering-768x1104.jpg 768w, https:\/\/www.allersretoursasso.fr\/wp-content\/uploads\/2024\/01\/Poster\uff1aTunnel-Wandering-1068x1536.jpg 1068w, https:\/\/www.allersretoursasso.fr\/wp-content\/uploads\/2024\/01\/Poster\uff1aTunnel-Wandering-1424x2048.jpg 1424w, https:\/\/www.allersretoursasso.fr\/wp-content\/uploads\/2024\/01\/Poster\uff1aTunnel-Wandering-8x12.jpg 8w, https:\/\/www.allersretoursasso.fr\/wp-content\/uploads\/2024\/01\/Poster\uff1aTunnel-Wandering-350x503.jpg 350w, https:\/\/www.allersretoursasso.fr\/wp-content\/uploads\/2024\/01\/Poster\uff1aTunnel-Wandering-scaled.jpg 1780w\" sizes=\"(max-width: 712px) 100vw, 712px\" \/><\/a><figcaption class=\"wp-element-caption\"><a data-type=\"URL\" href=\"https:\/\/www.allersretoursasso.fr\/zh\/festival2023-go-fishing\/\"><\/a><strong><a href=\"https:\/\/www.allersretoursasso.fr\/zh\/festival2023-the-dreamland\/\" target=\"_blank\" rel=\"noreferrer noopener\"><\/a><\/strong><a href=\"https:\/\/www.allersretoursasso.fr\/zh\/festival2024-tunnel-wandering\/\" target=\"_blank\" rel=\"noreferrer noopener\"><strong><strong>Tunnel Wandering<\/strong> <\/strong>de LI Zehao<\/a><\/figcaption><\/figure>\n<\/div><\/div>\n<\/div><\/div>\n<\/div><\/div>\n<\/div>\n<\/div>\n\n\n\n<div class=\"wp-block-columns is-layout-flex wp-container-core-columns-layout-8 wp-block-columns-is-layout-flex\">\n<div class=\"wp-block-column is-layout-flow wp-block-column-is-layout-flow\">\n<div class=\"wp-block-group is-layout-flow wp-block-group-is-layout-flow\"><div class=\"wp-block-group__inner-container\">\n<div class=\"wp-block-group is-layout-flow wp-block-group-is-layout-flow\"><div class=\"wp-block-group__inner-container\">\n<div class=\"wp-block-group is-layout-flow wp-block-group-is-layout-flow\"><div class=\"wp-block-group__inner-container\">\n<figure class=\"wp-block-image size-large\"><a href=\"https:\/\/www.allersretoursasso.fr\/zh\/festival2024-an-asian-ghost-story\/\" target=\"_blank\" rel=\"noreferrer noopener\"><img loading=\"lazy\" decoding=\"async\" width=\"503\" height=\"1024\" src=\"https:\/\/www.allersretoursasso.fr\/wp-content\/uploads\/2024\/01\/CM4-An-Asian-Ghost-Story_-Poster-503x1024.jpg\" alt=\"\" class=\"wp-image-4308\" srcset=\"https:\/\/www.allersretoursasso.fr\/wp-content\/uploads\/2024\/01\/CM4-An-Asian-Ghost-Story_-Poster-503x1024.jpg 503w, https:\/\/www.allersretoursasso.fr\/wp-content\/uploads\/2024\/01\/CM4-An-Asian-Ghost-Story_-Poster-147x300.jpg 147w, https:\/\/www.allersretoursasso.fr\/wp-content\/uploads\/2024\/01\/CM4-An-Asian-Ghost-Story_-Poster-768x1563.jpg 768w, https:\/\/www.allersretoursasso.fr\/wp-content\/uploads\/2024\/01\/CM4-An-Asian-Ghost-Story_-Poster-755x1536.jpg 755w, https:\/\/www.allersretoursasso.fr\/wp-content\/uploads\/2024\/01\/CM4-An-Asian-Ghost-Story_-Poster-6x12.jpg 6w, https:\/\/www.allersretoursasso.fr\/wp-content\/uploads\/2024\/01\/CM4-An-Asian-Ghost-Story_-Poster-350x712.jpg 350w, https:\/\/www.allersretoursasso.fr\/wp-content\/uploads\/2024\/01\/CM4-An-Asian-Ghost-Story_-Poster.jpg 1000w\" sizes=\"(max-width: 503px) 100vw, 503px\" \/><\/a><figcaption class=\"wp-element-caption\"><a href=\"https:\/\/www.allersretoursasso.fr\/zh\/festival2024-an-asian-ghost-story\/\" target=\"_blank\" rel=\"noreferrer noopener\"><strong>&nbsp;An Asian Ghost Story<\/strong> de WANG Bo<\/a><\/figcaption><\/figure>\n<\/div><\/div>\n<\/div><\/div>\n<\/div><\/div>\n<\/div>\n\n\n\n<div class=\"wp-block-column is-layout-flow wp-block-column-is-layout-flow\">\n<div class=\"wp-block-group is-layout-flow wp-block-group-is-layout-flow\"><div class=\"wp-block-group__inner-container\">\n<div class=\"wp-block-group is-layout-flow wp-block-group-is-layout-flow\"><div class=\"wp-block-group__inner-container\">\n<div class=\"wp-block-group is-layout-flow wp-block-group-is-layout-flow\"><div class=\"wp-block-group__inner-container\"><\/div><\/div>\n<\/div><\/div>\n<\/div><\/div>\n<\/div>\n\n\n\n<div class=\"wp-block-column is-vertically-aligned-top is-layout-flow wp-block-column-is-layout-flow\">\n<div class=\"wp-block-group is-layout-flow wp-block-group-is-layout-flow\"><div class=\"wp-block-group__inner-container\"><\/div><\/div>\n<\/div>\n<\/div>\n\n\n\n<h3 class=\"wp-block-heading has-text-align-left\"><\/h3>\n<\/div><\/div>\n\n\n\n<div class=\"wp-block-columns has-background is-layout-flex wp-container-core-columns-layout-9 wp-block-columns-is-layout-flex\" style=\"background-color:#abb7c221\">\n<div class=\"wp-block-column is-layout-flow wp-block-column-is-layout-flow\">\n<h3 class=\"wp-block-heading has-text-align-left has-medium-font-size\"><strong>Dialogue avec Wang Bing<\/strong><br>Pr\u00e9c\u00e9d\u00e9 d&#8217;une projection surprise<\/h3>\n\n\n\n<p><strong>Dimanche 4 f\u00e9vrier 2024 \u00e0 14h00 <\/strong><br>au Mus\u00e9e national des arts asiatiques-Guimet<\/p>\n\n\n\n<div class=\"wp-block-buttons is-horizontal is-content-justification-left is-layout-flex wp-container-core-buttons-layout-3 wp-block-buttons-is-layout-flex\">\n<div class=\"wp-block-button has-custom-font-size has-small-font-size\"><a class=\"wp-block-button__link wp-element-button\" href=\"https:\/\/www.allersretoursasso.fr\/zh\/festvail2024-dialogue-avec-wang-bing\/\" style=\"border-radius:8px\" target=\"_blank\" rel=\"noreferrer noopener\">Plus d&#8217;informations<\/a><\/div>\n<\/div>\n<\/div>\n\n\n\n<div class=\"wp-block-column is-layout-flow wp-block-column-is-layout-flow\">\n<figure class=\"wp-block-image size-large is-resized\"><a href=\"https:\/\/www.allersretoursasso.fr\/zh\/festvail2024-dialogue-avec-wang-bing\/\"><img loading=\"lazy\" decoding=\"async\" width=\"1250\" height=\"937\" src=\"https:\/\/www.allersretoursasso.fr\/wp-content\/uploads\/2024\/01\/\u738b\u5175_profile-edited-2.png\" alt=\"\" class=\"wp-image-4671\" srcset=\"https:\/\/www.allersretoursasso.fr\/wp-content\/uploads\/2024\/01\/\u738b\u5175_profile-edited-2.png 1250w, https:\/\/www.allersretoursasso.fr\/wp-content\/uploads\/2024\/01\/\u738b\u5175_profile-edited-2-300x225.png 300w, https:\/\/www.allersretoursasso.fr\/wp-content\/uploads\/2024\/01\/\u738b\u5175_profile-edited-2-1024x768.png 1024w, https:\/\/www.allersretoursasso.fr\/wp-content\/uploads\/2024\/01\/\u738b\u5175_profile-edited-2-768x576.png 768w, https:\/\/www.allersretoursasso.fr\/wp-content\/uploads\/2024\/01\/\u738b\u5175_profile-edited-2-16x12.png 16w, https:\/\/www.allersretoursasso.fr\/wp-content\/uploads\/2024\/01\/\u738b\u5175_profile-edited-2-350x262.png 350w\" sizes=\"(max-width: 767px) 89vw, (max-width: 1000px) 54vw, (max-width: 1071px) 543px, 580px\" \/><\/a><figcaption class=\"wp-element-caption\">\u00a9Jean-Pierre Cousin<\/figcaption><\/figure>\n<\/div>\n<\/div>\n\n\n\n<div class=\"wp-block-columns has-background is-layout-flex wp-container-core-columns-layout-10 wp-block-columns-is-layout-flex\" style=\"background-color:#c2bcab21\">\n<div class=\"wp-block-column is-layout-flow wp-block-column-is-layout-flow\">\n<h3 class=\"wp-block-heading has-text-align-left has-medium-font-size\"><strong>S\u00e9ance classique<\/strong><br>Center Stage (1991)<br>de Stanley Kwan<\/h3>\n\n\n\n<p><strong><strong>Samedi 3 f\u00e9vrier 2024 \u00e0 15h30<\/strong> <\/strong><br>au Mus\u00e9e national des arts asiatiques-Guimet<\/p>\n\n\n\n<div class=\"wp-block-buttons is-horizontal is-content-justification-left is-layout-flex wp-container-core-buttons-layout-4 wp-block-buttons-is-layout-flex\">\n<div class=\"wp-block-button has-custom-font-size has-small-font-size\"><a class=\"wp-block-button__link wp-element-button\" href=\"https:\/\/www.allersretoursasso.fr\/zh\/festival2024-classique-center-stage\/\" style=\"border-radius:8px\" target=\"_blank\" rel=\"noreferrer noopener\">Plus d&#8217;informations<\/a><\/div>\n<\/div>\n<\/div>\n\n\n\n<div class=\"wp-block-column is-layout-flow wp-block-column-is-layout-flow\">\n<figure class=\"wp-block-image size-large is-resized\"><a href=\"https:\/\/www.allersretoursasso.fr\/zh\/festival2024-classique-center-stage\/\" target=\"_blank\" rel=\"noreferrer noopener\"><img loading=\"lazy\" decoding=\"async\" width=\"1024\" height=\"554\" src=\"https:\/\/www.allersretoursasso.fr\/wp-content\/uploads\/2024\/01\/CENTER-STAGE-05-1024x554.jpg\" alt=\"\" class=\"wp-image-4536\" style=\"aspect-ratio:1.8466257668711656;width:301px;height:auto\" srcset=\"https:\/\/www.allersretoursasso.fr\/wp-content\/uploads\/2024\/01\/CENTER-STAGE-05-1024x554.jpg 1024w, https:\/\/www.allersretoursasso.fr\/wp-content\/uploads\/2024\/01\/CENTER-STAGE-05-300x162.jpg 300w, https:\/\/www.allersretoursasso.fr\/wp-content\/uploads\/2024\/01\/CENTER-STAGE-05-768x415.jpg 768w, https:\/\/www.allersretoursasso.fr\/wp-content\/uploads\/2024\/01\/CENTER-STAGE-05-1536x830.jpg 1536w, https:\/\/www.allersretoursasso.fr\/wp-content\/uploads\/2024\/01\/CENTER-STAGE-05-2048x1107.jpg 2048w, https:\/\/www.allersretoursasso.fr\/wp-content\/uploads\/2024\/01\/CENTER-STAGE-05-18x10.jpg 18w, https:\/\/www.allersretoursasso.fr\/wp-content\/uploads\/2024\/01\/CENTER-STAGE-05-350x189.jpg 350w\" sizes=\"(max-width: 767px) 89vw, (max-width: 1000px) 54vw, (max-width: 1071px) 543px, 580px\" \/><\/a><figcaption class=\"wp-element-caption\">\u00a9 2010, 2021 FORTUNE STAR MEDIA LIMITED. TOUS DROITS R\u00c9SERV\u00c9S<\/figcaption><\/figure>\n<\/div>\n<\/div>\n\n\n\n<div class=\"wp-block-columns has-background is-layout-flex wp-container-core-columns-layout-11 wp-block-columns-is-layout-flex\" style=\"background-color:#f4f7f2\">\n<div class=\"wp-block-column is-layout-flow wp-block-column-is-layout-flow\">\n<h3 class=\"wp-block-heading has-text-align-left has-medium-font-size\"><strong>S\u00e9ance enfant animation<\/strong><\/h3>\n\n\n\n<p><strong><strong>Samedi 10 f\u00e9vrier 2024 \u00e0 11h00<\/strong><\/strong><br>au Studio des Ursulines<br><strong>Dimanche 11 f\u00e9vrier 2024 \u00e0 14h30<\/strong><br>au Path\u00e9 Les Fauvettes<\/p>\n\n\n\n<div class=\"wp-block-buttons is-horizontal is-content-justification-left is-layout-flex wp-container-core-buttons-layout-5 wp-block-buttons-is-layout-flex\">\n<div class=\"wp-block-button has-custom-font-size has-small-font-size\"><a class=\"wp-block-button__link wp-element-button\" href=\"https:\/\/www.allersretoursasso.fr\/zh\/festival2024-seance-enfant-animation\/\" style=\"border-radius:8px\">Plus d&#8217;informations<\/a><\/div>\n<\/div>\n<\/div>\n\n\n\n<div class=\"wp-block-column is-layout-flow wp-block-column-is-layout-flow\">\n<figure class=\"wp-block-image size-large is-resized\"><a href=\"https:\/\/www.allersretoursasso.fr\/zh\/festival2024-seance-enfant-animation\/\"><img loading=\"lazy\" decoding=\"async\" width=\"1024\" height=\"797\" src=\"https:\/\/www.allersretoursasso.fr\/wp-content\/uploads\/2024\/01\/Seance-enfant-animation-12-films-1-1024x797.png\" alt=\"\" class=\"wp-image-4761\" style=\"aspect-ratio:1.3392857142857142;width:302px;height:auto\" srcset=\"https:\/\/www.allersretoursasso.fr\/wp-content\/uploads\/2024\/01\/Seance-enfant-animation-12-films-1-1024x797.png 1024w, https:\/\/www.allersretoursasso.fr\/wp-content\/uploads\/2024\/01\/Seance-enfant-animation-12-films-1-300x233.png 300w, https:\/\/www.allersretoursasso.fr\/wp-content\/uploads\/2024\/01\/Seance-enfant-animation-12-films-1-768x597.png 768w, https:\/\/www.allersretoursasso.fr\/wp-content\/uploads\/2024\/01\/Seance-enfant-animation-12-films-1-15x12.png 15w, https:\/\/www.allersretoursasso.fr\/wp-content\/uploads\/2024\/01\/Seance-enfant-animation-12-films-1-350x272.png 350w, https:\/\/www.allersretoursasso.fr\/wp-content\/uploads\/2024\/01\/Seance-enfant-animation-12-films-1.png 1378w\" sizes=\"(max-width: 767px) 89vw, (max-width: 1000px) 54vw, (max-width: 1071px) 543px, 580px\" \/><\/a><figcaption class=\"wp-element-caption\">\u00a9China Contemporary Animation Art Archive<\/figcaption><\/figure>\n<\/div>\n<\/div>\n\n\n\n<hr class=\"wp-block-separator has-alpha-channel-opacity is-style-wide\"\/>\n\n\n\n<h2 class=\"wp-block-heading has-text-align-center\"><strong>Informations pratiques<\/strong><\/h2>\n\n\n\n<div class=\"wp-block-group is-layout-flow wp-block-group-is-layout-flow\"><div class=\"wp-block-group__inner-container\"><\/div><\/div>\n\n\n\n<div class=\"wp-block-columns is-layout-flex wp-container-core-columns-layout-12 wp-block-columns-is-layout-flex\">\n<div class=\"wp-block-column is-layout-flow wp-block-column-is-layout-flow\">\n<p class=\"has-text-align-center\"><strong>MUS\u00c9E NATIONAL DES ARTS ASIATIQUES-GUIMET<\/strong><br><em>6 place d&#8217;I\u00e9na, 75116 Paris<\/em><br>Tarif : 6 \u20ac<br>*Gratuit : 4 f\u00e9vrier (premier dimanche)<\/p>\n<\/div>\n\n\n\n<div class=\"wp-block-column is-layout-flow wp-block-column-is-layout-flow\">\n<p class=\"has-text-align-center\"><strong>PATH\u00c9 LES FAUVETTES <\/strong><br><em>58 Av. des Gobelins 75013 Paris<\/em><br>Tarif : 9 \u20ac &#8211; R\u00e9duit : 7,5 \u20ac<\/p>\n<\/div>\n<\/div>\n\n\n\n<div class=\"wp-block-columns is-layout-flex wp-container-core-columns-layout-13 wp-block-columns-is-layout-flex\">\n<div class=\"wp-block-column is-layout-flow wp-block-column-is-layout-flow\">\n<p class=\"has-text-align-center\"><br><strong>STUDIO DES URSULINES<\/strong><br><em>10 rue des Ursulines 75005 Paris<\/em><br>Tarif : 9 \u20ac &#8211; R\u00e9duit : 7,5<\/p>\n\n\n\n<div class=\"wp-block-buttons is-layout-flex wp-block-buttons-is-layout-flex\"><\/div>\n<\/div>\n\n\n\n<div class=\"wp-block-column is-layout-flow wp-block-column-is-layout-flow\">\n<p class=\"has-text-align-center\"><strong>CIN\u00c9MA LUMI\u00c8RE FOURMI<\/strong><br><em><em>68 Rue Pierre Corneille, 69003 Lyon<\/em><\/em><br>Tarif : 9 \u20ac &#8211; R\u00e9duit : 7 \u20ac<\/p>\n<\/div>\n<\/div>\n\n\n\n<div class=\"wp-block-buttons is-layout-flex wp-block-buttons-is-layout-flex\"><\/div>\n\n\n\n<div class=\"wp-block-buttons is-content-justification-center is-layout-flex wp-container-core-buttons-layout-8 wp-block-buttons-is-layout-flex\">\n<div class=\"wp-block-button has-custom-font-size has-small-font-size\"><a class=\"wp-block-button__link wp-element-button\" href=\"\" style=\"border-radius:10px\">Plus d&#8217;informations sur les tarifs et acc\u00e8s<\/a><\/div>\n<\/div>\n\n\n\n<p class=\"has-text-align-center\" style=\"font-size:14px\">* Abonnements et r\u00e9ductions habituels des salles accept\u00e9es.<\/p>\n\n\n\n<p><\/p>\n\n\n\n<hr class=\"wp-block-separator has-alpha-channel-opacity is-style-wide\"\/>\n\n\n\n<div class=\"wp-block-group is-layout-flow wp-block-group-is-layout-flow\"><div class=\"wp-block-group__inner-container\"><\/div><\/div>\n\n\n\n<div class=\"wp-block-group is-layout-flow wp-block-group-is-layout-flow\"><div class=\"wp-block-group__inner-container\">\n<div class=\"wp-block-buttons is-content-justification-center is-layout-flex wp-container-core-buttons-layout-9 wp-block-buttons-is-layout-flex\">\n<div class=\"wp-block-button has-custom-width wp-block-button__width-50 has-custom-font-size is-style-fill\" style=\"font-size:17px\"><a class=\"wp-block-button__link has-white-color has-text-color has-background wp-element-button\" href=\"https:\/\/www.billetweb.fr\/far2024\" style=\"border-radius:10px;background-color:#2aacc9e0\" target=\"_blank\" rel=\"noreferrer noopener\">R\u00e9servez vos tickets (Paris)<br>\u5df4\u9ece\u573a\u7ebf\u4e0a\u8d2d\u7968<\/a><\/div>\n<\/div>\n\n\n\n<p><\/p>\n\n\n\n<p class=\"has-text-align-center\"><a href=\"https:\/\/www.allersretoursasso.fr\/wp-content\/uploads\/2024\/01\/WEB-brochure-paris-FAR2024-1.pdf\" target=\"_blank\" rel=\"noreferrer noopener\">T\u00e9l\u00e9charger le PDF de la programmation Paris<\/a><\/p>\n\n\n\n<div class=\"wp-block-buttons is-content-justification-center is-layout-flex wp-container-core-buttons-layout-10 wp-block-buttons-is-layout-flex\">\n<div class=\"wp-block-button has-custom-width wp-block-button__width-50 has-custom-font-size is-style-fill\" style=\"font-size:17px\"><a class=\"wp-block-button__link has-white-color has-text-color has-background wp-element-button\" href=\"https:\/\/www.billetweb.fr\/far2024-lyon\" style=\"border-radius:10px;background-color:#cf4a81c4\" target=\"_blank\" rel=\"noreferrer noopener\">R\u00e9servez vos tickets (Lyon)<br>\u91cc\u6602\u573a\u7ebf\u4e0a\u8d2d\u7968<\/a><\/div>\n<\/div>\n\n\n\n<p><\/p>\n\n\n\n<p class=\"has-text-align-center\"><a href=\"https:\/\/www.allersretoursasso.fr\/wp-content\/uploads\/2024\/01\/WEB-brochure-Lyon_FAR2024.pdf\" target=\"_blank\" rel=\"noreferrer noopener\">T\u00e9l\u00e9charger le PDF de la programmation Lyon<\/a><\/p>\n\n\n\n<p class=\"has-text-align-center\"><a href=\"https:\/\/www.allersretoursasso.fr\/wp-content\/uploads\/2023\/01\/program-web-144dpi.pdf\" target=\"_blank\" rel=\"noreferrer noopener\"><\/a><\/p>\n<\/div><\/div>\n\n\n\n<figure class=\"wp-block-gallery has-nested-images columns-4 is-cropped wp-block-gallery-1 is-layout-flex wp-block-gallery-is-layout-flex\">\n<figure class=\"wp-block-image size-large\"><a href=\"https:\/\/www.allersretoursasso.fr\/wp-content\/uploads\/2024\/01\/program-ins2024-paris01.png\" target=\"_blank\" rel=\"noreferrer noopener\"><img loading=\"lazy\" decoding=\"async\" width=\"819\" height=\"1024\" data-id=\"4660\" src=\"https:\/\/www.allersretoursasso.fr\/wp-content\/uploads\/2024\/01\/program-ins2024-paris01-819x1024.png\" alt=\"\" class=\"wp-image-4660\" srcset=\"https:\/\/www.allersretoursasso.fr\/wp-content\/uploads\/2024\/01\/program-ins2024-paris01-819x1024.png 819w, https:\/\/www.allersretoursasso.fr\/wp-content\/uploads\/2024\/01\/program-ins2024-paris01-240x300.png 240w, https:\/\/www.allersretoursasso.fr\/wp-content\/uploads\/2024\/01\/program-ins2024-paris01-768x960.png 768w\" sizes=\"(max-width: 767px) 89vw, (max-width: 1000px) 54vw, (max-width: 1071px) 543px, 580px\" \/><\/a><figcaption class=\"wp-element-caption\">Paris 2-4 f\u00e9vrier<\/figcaption><\/figure>\n\n\n\n<figure class=\"wp-block-image size-large\"><a href=\"https:\/\/www.allersretoursasso.fr\/wp-content\/uploads\/2024\/01\/program-ins2024-paris02.png\" target=\"_blank\" rel=\"noreferrer noopener\"><img loading=\"lazy\" decoding=\"async\" width=\"819\" height=\"1024\" data-id=\"4662\" src=\"https:\/\/www.allersretoursasso.fr\/wp-content\/uploads\/2024\/01\/program-ins2024-paris02-819x1024.png\" alt=\"\" class=\"wp-image-4662\" srcset=\"https:\/\/www.allersretoursasso.fr\/wp-content\/uploads\/2024\/01\/program-ins2024-paris02-819x1024.png 819w, https:\/\/www.allersretoursasso.fr\/wp-content\/uploads\/2024\/01\/program-ins2024-paris02-240x300.png 240w, https:\/\/www.allersretoursasso.fr\/wp-content\/uploads\/2024\/01\/program-ins2024-paris02-768x960.png 768w, https:\/\/www.allersretoursasso.fr\/wp-content\/uploads\/2024\/01\/program-ins2024-paris02-1229x1536.png 1229w, https:\/\/www.allersretoursasso.fr\/wp-content\/uploads\/2024\/01\/program-ins2024-paris02-1638x2048.png 1638w, https:\/\/www.allersretoursasso.fr\/wp-content\/uploads\/2024\/01\/program-ins2024-paris02-10x12.png 10w, https:\/\/www.allersretoursasso.fr\/wp-content\/uploads\/2024\/01\/program-ins2024-paris02-350x437.png 350w\" sizes=\"(max-width: 767px) 89vw, (max-width: 1000px) 54vw, (max-width: 1071px) 543px, 580px\" \/><\/a><figcaption class=\"wp-element-caption\">Paris 5-8 f\u00e9vrier<\/figcaption><\/figure>\n\n\n\n<figure class=\"wp-block-image size-large\"><a href=\"https:\/\/www.allersretoursasso.fr\/wp-content\/uploads\/2024\/01\/program-ins2024-paris03.png\" target=\"_blank\" rel=\"noreferrer noopener\"><img loading=\"lazy\" decoding=\"async\" width=\"819\" height=\"1024\" data-id=\"4661\" src=\"https:\/\/www.allersretoursasso.fr\/wp-content\/uploads\/2024\/01\/program-ins2024-paris03-819x1024.png\" alt=\"\" class=\"wp-image-4661\" srcset=\"https:\/\/www.allersretoursasso.fr\/wp-content\/uploads\/2024\/01\/program-ins2024-paris03-819x1024.png 819w, https:\/\/www.allersretoursasso.fr\/wp-content\/uploads\/2024\/01\/program-ins2024-paris03-240x300.png 240w, https:\/\/www.allersretoursasso.fr\/wp-content\/uploads\/2024\/01\/program-ins2024-paris03-768x960.png 768w, https:\/\/www.allersretoursasso.fr\/wp-content\/uploads\/2024\/01\/program-ins2024-paris03-1229x1536.png 1229w, https:\/\/www.allersretoursasso.fr\/wp-content\/uploads\/2024\/01\/program-ins2024-paris03-1638x2048.png 1638w, https:\/\/www.allersretoursasso.fr\/wp-content\/uploads\/2024\/01\/program-ins2024-paris03-10x12.png 10w, https:\/\/www.allersretoursasso.fr\/wp-content\/uploads\/2024\/01\/program-ins2024-paris03-350x437.png 350w\" sizes=\"(max-width: 767px) 89vw, (max-width: 1000px) 54vw, (max-width: 1071px) 543px, 580px\" \/><\/a><figcaption class=\"wp-element-caption\">Paris 9-11 f\u00e9vrier<\/figcaption><\/figure>\n\n\n\n<figure class=\"wp-block-image size-large\"><a href=\"https:\/\/www.allersretoursasso.fr\/wp-content\/uploads\/2024\/01\/program-ins2024-lyon.png\" target=\"_blank\" rel=\"noreferrer noopener\"><img loading=\"lazy\" decoding=\"async\" width=\"1024\" height=\"1024\" data-id=\"4659\" src=\"https:\/\/www.allersretoursasso.fr\/wp-content\/uploads\/2024\/01\/program-ins2024-lyon-1024x1024.png\" alt=\"\" class=\"wp-image-4659\" srcset=\"https:\/\/www.allersretoursasso.fr\/wp-content\/uploads\/2024\/01\/program-ins2024-lyon-1024x1024.png 1024w, https:\/\/www.allersretoursasso.fr\/wp-content\/uploads\/2024\/01\/program-ins2024-lyon-300x300.png 300w, https:\/\/www.allersretoursasso.fr\/wp-content\/uploads\/2024\/01\/program-ins2024-lyon-150x150.png 150w, https:\/\/www.allersretoursasso.fr\/wp-content\/uploads\/2024\/01\/program-ins2024-lyon-768x768.png 768w, https:\/\/www.allersretoursasso.fr\/wp-content\/uploads\/2024\/01\/program-ins2024-lyon-1536x1536.png 1536w, https:\/\/www.allersretoursasso.fr\/wp-content\/uploads\/2024\/01\/program-ins2024-lyon-2048x2048.png 2048w, https:\/\/www.allersretoursasso.fr\/wp-content\/uploads\/2024\/01\/program-ins2024-lyon-12x12.png 12w, https:\/\/www.allersretoursasso.fr\/wp-content\/uploads\/2024\/01\/program-ins2024-lyon-100x100.png 100w, https:\/\/www.allersretoursasso.fr\/wp-content\/uploads\/2024\/01\/program-ins2024-lyon-350x350.png 350w\" sizes=\"(max-width: 767px) 89vw, (max-width: 1000px) 54vw, (max-width: 1071px) 543px, 580px\" \/><\/a><figcaption class=\"wp-element-caption\">Lyon 14-17 f\u00e9vrier<\/figcaption><\/figure>\n<figcaption class=\"blocks-gallery-caption wp-element-caption\">Programme du Festival Allers-Retours 2024<\/figcaption><\/figure>","protected":false},"excerpt":{"rendered":"<p>Festival Allers-RetoursCin\u00e9ma d&#8217;auteur chinois 02 &#8211; 11 f\u00e9vrier \u00e0 Paris 14 &#8211; 17 f\u00e9vrier \u00e0 Lyon En f\u00e9vrier, nous vous invitons \u00e0 d\u00e9couvrir ou red\u00e9couvrir le Festival Allers-Retours, festival d\u00e9di\u00e9 \u00e0 la richesse et \u00e0 la diversit\u00e9 du cin\u00e9ma d\u2019auteur chinois contemporain, pour une \u00e9dition 2024 \u00e0 Paris comme \u00e0 Lyon. \u00c0 Paris, du 2 &hellip; <\/p>\n<p class=\"link-more\"><a href=\"https:\/\/www.allersretoursasso.fr\/zh\/annee-festival-2024\/\" class=\"more-link\">\u7ee7\u7eed\u9605\u8bfb<span class=\"screen-reader-text\">\u201cFestival Allers-Retours 2024\u201d<\/span><\/a><\/p>","protected":false},"author":15,"featured_media":0,"parent":0,"menu_order":0,"comment_status":"closed","ping_status":"closed","template":"","meta":{"footnotes":""},"_links":{"self":[{"href":"https:\/\/www.allersretoursasso.fr\/zh\/wp-json\/wp\/v2\/pages\/4287"}],"collection":[{"href":"https:\/\/www.allersretoursasso.fr\/zh\/wp-json\/wp\/v2\/pages"}],"about":[{"href":"https:\/\/www.allersretoursasso.fr\/zh\/wp-json\/wp\/v2\/types\/page"}],"author":[{"embeddable":true,"href":"https:\/\/www.allersretoursasso.fr\/zh\/wp-json\/wp\/v2\/users\/15"}],"replies":[{"embeddable":true,"href":"https:\/\/www.allersretoursasso.fr\/zh\/wp-json\/wp\/v2\/comments?post=4287"}],"version-history":[{"count":59,"href":"https:\/\/www.allersretoursasso.fr\/zh\/wp-json\/wp\/v2\/pages\/4287\/revisions"}],"predecessor-version":[{"id":4785,"href":"https:\/\/www.allersretoursasso.fr\/zh\/wp-json\/wp\/v2\/pages\/4287\/revisions\/4785"}],"wp:attachment":[{"href":"https:\/\/www.allersretoursasso.fr\/zh\/wp-json\/wp\/v2\/media?parent=4287"}],"curies":[{"name":"wp","href":"https:\/\/api.w.org\/{rel}","templated":true}]}}