{"id":4356,"date":"2024-01-11T23:09:27","date_gmt":"2024-01-11T22:09:27","guid":{"rendered":"https:\/\/www.allersretoursasso.fr\/?page_id=4356"},"modified":"2024-01-16T13:15:55","modified_gmt":"2024-01-16T12:15:55","slug":"festival2024-snow-leopard","status":"publish","type":"page","link":"https:\/\/www.allersretoursasso.fr\/zh\/festival2024-snow-leopard\/","title":{"rendered":"Festival Allers-Retours 2024 &#8211; Snow Leopard"},"content":{"rendered":"<div id=\"fb-root\"><\/div>\n\n<div class=\"wp-block-media-text alignwide is-stacked-on-mobile\" style=\"grid-template-columns:41% auto\"><figure class=\"wp-block-media-text__media\"><img loading=\"lazy\" decoding=\"async\" width=\"689\" height=\"1024\" src=\"https:\/\/www.allersretoursasso.fr\/wp-content\/uploads\/2024\/01\/11-Snow-Leopard-\u96ea\u8c79poster-689x1024.jpg\" alt=\"\" class=\"wp-image-4304 size-full\" srcset=\"https:\/\/www.allersretoursasso.fr\/wp-content\/uploads\/2024\/01\/11-Snow-Leopard-\u96ea\u8c79poster-689x1024.jpg 689w, https:\/\/www.allersretoursasso.fr\/wp-content\/uploads\/2024\/01\/11-Snow-Leopard-\u96ea\u8c79poster-202x300.jpg 202w, https:\/\/www.allersretoursasso.fr\/wp-content\/uploads\/2024\/01\/11-Snow-Leopard-\u96ea\u8c79poster-768x1141.jpg 768w, https:\/\/www.allersretoursasso.fr\/wp-content\/uploads\/2024\/01\/11-Snow-Leopard-\u96ea\u8c79poster-8x12.jpg 8w, https:\/\/www.allersretoursasso.fr\/wp-content\/uploads\/2024\/01\/11-Snow-Leopard-\u96ea\u8c79poster-350x520.jpg 350w, https:\/\/www.allersretoursasso.fr\/wp-content\/uploads\/2024\/01\/11-Snow-Leopard-\u96ea\u8c79poster.jpg 1000w\" sizes=\"(max-width: 689px) 100vw, 689px\" \/><\/figure><div class=\"wp-block-media-text__content\">\n<div class=\"wp-block-group is-layout-flow wp-block-group-is-layout-flow\"><div class=\"wp-block-group__inner-container\">\n<div class=\"wp-block-group is-vertical is-layout-flex wp-container-core-group-layout-4 wp-block-group-is-layout-flex\">\n<div class=\"wp-block-group is-layout-flow wp-block-group-is-layout-flow\"><div class=\"wp-block-group__inner-container\">\n<div class=\"wp-block-group is-layout-flow wp-block-group-is-layout-flow\"><div class=\"wp-block-group__inner-container\">\n<div class=\"wp-block-group is-layout-flow wp-block-group-is-layout-flow\"><div class=\"wp-block-group__inner-container\">\n<p><\/p>\n\n\n\n<p style=\"font-size:30px;font-style:normal;font-weight:500\"><strong><em>Snow Leopard<\/em><\/strong><\/p>\n\n\n\n<p style=\"font-size:30px;font-style:normal;font-weight:500\">\u0f42\u0f44\u0f66\u0f0b\u0f42\u0f5f\u0f72\u0f42 \u96ea\u8c79<\/p>\n\n\n\n<p class=\"has-medium-font-size\">Pema Tseden<\/p>\n\n\n\n<p class=\"has-medium-font-size\">\u0f54\u0f51\u0f0b\u0f58\u0f0b\u0f5a\u0f7a\u0f0b\u0f56\u0f62\u0f9f\u0f53\u0f0d \u4e07\u739b\u624d\u65e6<\/p>\n\n\n\n<p class=\"has-small-font-size\"><a href=\"https:\/\/www.allersretoursasso.fr\/zh\/annee-festival-2024\/\" target=\"_blank\" rel=\"noreferrer noopener\">\u00c9dition 2024<\/a><\/p>\n\n\n\n<p style=\"font-size:10px\"><\/p>\n<\/div><\/div>\n\n\n\n<p class=\"has-text-align-center\"><\/p>\n\n\n\n<p class=\"has-text-align-left\" style=\"font-size:15px\"><\/p>\n<\/div><\/div>\n<\/div><\/div>\n<\/div>\n<\/div><\/div>\n<\/div><\/div>\n\n\n\n<h2 class=\"wp-block-heading\"><\/h2>\n\n\n\n<p class=\"has-text-align-center has-small-font-size\"><em>2023 \/ 109\u2019 \/ Tib\u00e9tain, Mandarin \/ VOSTF \/ Fiction<\/em><\/p>\n\n\n\n<p class=\"has-text-align-left\" style=\"font-size:16px;line-height:1.5\">En 2012, l\u2019irruption d\u2019une panth\u00e8re des neiges dans l\u2019enclos d\u2019un \u00e9leveur, causant la mort de neuf de ses b\u00eates, provoque une querelle familiale et attire une \u00e9quipe de t\u00e9l\u00e9vision dans le village. Une question divise : faut-il tuer la panth\u00e8re ou est-il possible de cohabiter avec elle ?<\/p>\n\n\n\n<p><em>Inspir\u00e9 d\u2019une histoire vraie, ce film m\u00eale r\u00e9alisme magique et r\u00e9flexion sur la relation de l\u2019humain \u00e0 la nature. Il s\u2019agit du dernier film du r\u00e9alisateur tib\u00e9tain Pema Tseden, d\u00e9c\u00e9d\u00e9 l\u2019ann\u00e9e derni\u00e8re. Il a remport\u00e9 le Grand Prix du Festival international du film de Tokyo et a \u00e9t\u00e9 pr\u00e9sent\u00e9 hors comp\u00e9tition \u00e0 la derni\u00e8re Mostra de Venise.<\/em><\/p>\n\n\n\n<figure class=\"wp-block-gallery has-nested-images columns-default is-cropped wp-block-gallery-1 is-layout-flex wp-block-gallery-is-layout-flex\">\n<figure class=\"wp-block-image size-large\"><img loading=\"lazy\" decoding=\"async\" width=\"1024\" height=\"576\" data-id=\"4359\" src=\"https:\/\/www.allersretoursasso.fr\/wp-content\/uploads\/2024\/01\/SL_1-1024x576.jpg\" alt=\"\" class=\"wp-image-4359\" srcset=\"https:\/\/www.allersretoursasso.fr\/wp-content\/uploads\/2024\/01\/SL_1-1024x576.jpg 1024w, https:\/\/www.allersretoursasso.fr\/wp-content\/uploads\/2024\/01\/SL_1-300x169.jpg 300w, https:\/\/www.allersretoursasso.fr\/wp-content\/uploads\/2024\/01\/SL_1-768x432.jpg 768w, https:\/\/www.allersretoursasso.fr\/wp-content\/uploads\/2024\/01\/SL_1-1536x864.jpg 1536w, https:\/\/www.allersretoursasso.fr\/wp-content\/uploads\/2024\/01\/SL_1-18x10.jpg 18w, https:\/\/www.allersretoursasso.fr\/wp-content\/uploads\/2024\/01\/SL_1-350x197.jpg 350w, https:\/\/www.allersretoursasso.fr\/wp-content\/uploads\/2024\/01\/SL_1.jpg 1920w\" sizes=\"(max-width: 767px) 89vw, (max-width: 1000px) 54vw, (max-width: 1071px) 543px, 580px\" \/><\/figure>\n\n\n\n<figure class=\"wp-block-image size-large\"><img loading=\"lazy\" decoding=\"async\" width=\"1024\" height=\"554\" data-id=\"4361\" src=\"https:\/\/www.allersretoursasso.fr\/wp-content\/uploads\/2024\/01\/SL_5_compresse-1024x554.jpeg\" alt=\"\" class=\"wp-image-4361\" srcset=\"https:\/\/www.allersretoursasso.fr\/wp-content\/uploads\/2024\/01\/SL_5_compresse-1024x554.jpeg 1024w, https:\/\/www.allersretoursasso.fr\/wp-content\/uploads\/2024\/01\/SL_5_compresse-300x162.jpeg 300w, https:\/\/www.allersretoursasso.fr\/wp-content\/uploads\/2024\/01\/SL_5_compresse-768x415.jpeg 768w, https:\/\/www.allersretoursasso.fr\/wp-content\/uploads\/2024\/01\/SL_5_compresse-1536x830.jpeg 1536w, https:\/\/www.allersretoursasso.fr\/wp-content\/uploads\/2024\/01\/SL_5_compresse-18x10.jpeg 18w, https:\/\/www.allersretoursasso.fr\/wp-content\/uploads\/2024\/01\/SL_5_compresse-350x189.jpeg 350w, https:\/\/www.allersretoursasso.fr\/wp-content\/uploads\/2024\/01\/SL_5_compresse.jpeg 1998w\" sizes=\"(max-width: 767px) 89vw, (max-width: 1000px) 54vw, (max-width: 1071px) 543px, 580px\" \/><\/figure>\n\n\n\n<figure class=\"wp-block-image size-large\"><img loading=\"lazy\" decoding=\"async\" width=\"1024\" height=\"554\" data-id=\"4363\" src=\"https:\/\/www.allersretoursasso.fr\/wp-content\/uploads\/2024\/01\/SL_4_compresse-1024x554.jpeg\" alt=\"\" class=\"wp-image-4363\" srcset=\"https:\/\/www.allersretoursasso.fr\/wp-content\/uploads\/2024\/01\/SL_4_compresse-1024x554.jpeg 1024w, https:\/\/www.allersretoursasso.fr\/wp-content\/uploads\/2024\/01\/SL_4_compresse-300x162.jpeg 300w, https:\/\/www.allersretoursasso.fr\/wp-content\/uploads\/2024\/01\/SL_4_compresse-768x415.jpeg 768w, https:\/\/www.allersretoursasso.fr\/wp-content\/uploads\/2024\/01\/SL_4_compresse-1536x830.jpeg 1536w, https:\/\/www.allersretoursasso.fr\/wp-content\/uploads\/2024\/01\/SL_4_compresse-18x10.jpeg 18w, https:\/\/www.allersretoursasso.fr\/wp-content\/uploads\/2024\/01\/SL_4_compresse-350x189.jpeg 350w, https:\/\/www.allersretoursasso.fr\/wp-content\/uploads\/2024\/01\/SL_4_compresse.jpeg 1998w\" sizes=\"(max-width: 767px) 89vw, (max-width: 1000px) 54vw, (max-width: 1071px) 543px, 580px\" \/><\/figure>\n\n\n\n<figure class=\"wp-block-image size-large\"><img loading=\"lazy\" decoding=\"async\" width=\"1024\" height=\"554\" data-id=\"4360\" src=\"https:\/\/www.allersretoursasso.fr\/wp-content\/uploads\/2024\/01\/SL_3_compressed-1024x554.jpeg\" alt=\"\" class=\"wp-image-4360\" srcset=\"https:\/\/www.allersretoursasso.fr\/wp-content\/uploads\/2024\/01\/SL_3_compressed-1024x554.jpeg 1024w, https:\/\/www.allersretoursasso.fr\/wp-content\/uploads\/2024\/01\/SL_3_compressed-300x162.jpeg 300w, https:\/\/www.allersretoursasso.fr\/wp-content\/uploads\/2024\/01\/SL_3_compressed-768x415.jpeg 768w, https:\/\/www.allersretoursasso.fr\/wp-content\/uploads\/2024\/01\/SL_3_compressed-1536x830.jpeg 1536w, https:\/\/www.allersretoursasso.fr\/wp-content\/uploads\/2024\/01\/SL_3_compressed-18x10.jpeg 18w, https:\/\/www.allersretoursasso.fr\/wp-content\/uploads\/2024\/01\/SL_3_compressed-350x189.jpeg 350w, https:\/\/www.allersretoursasso.fr\/wp-content\/uploads\/2024\/01\/SL_3_compressed.jpeg 1998w\" sizes=\"(max-width: 767px) 89vw, (max-width: 1000px) 54vw, (max-width: 1071px) 543px, 580px\" \/><\/figure>\n\n\n\n<figure class=\"wp-block-image size-large\"><img loading=\"lazy\" decoding=\"async\" width=\"1024\" height=\"554\" data-id=\"4362\" src=\"https:\/\/www.allersretoursasso.fr\/wp-content\/uploads\/2024\/01\/SL_6_compresse-1024x554.jpeg\" alt=\"\" class=\"wp-image-4362\" srcset=\"https:\/\/www.allersretoursasso.fr\/wp-content\/uploads\/2024\/01\/SL_6_compresse-1024x554.jpeg 1024w, https:\/\/www.allersretoursasso.fr\/wp-content\/uploads\/2024\/01\/SL_6_compresse-300x162.jpeg 300w, https:\/\/www.allersretoursasso.fr\/wp-content\/uploads\/2024\/01\/SL_6_compresse-768x415.jpeg 768w, https:\/\/www.allersretoursasso.fr\/wp-content\/uploads\/2024\/01\/SL_6_compresse-1536x830.jpeg 1536w, https:\/\/www.allersretoursasso.fr\/wp-content\/uploads\/2024\/01\/SL_6_compresse-18x10.jpeg 18w, https:\/\/www.allersretoursasso.fr\/wp-content\/uploads\/2024\/01\/SL_6_compresse-350x189.jpeg 350w, https:\/\/www.allersretoursasso.fr\/wp-content\/uploads\/2024\/01\/SL_6_compresse.jpeg 1998w\" sizes=\"(max-width: 767px) 89vw, (max-width: 1000px) 54vw, (max-width: 1071px) 543px, 580px\" \/><\/figure>\n<\/figure>\n\n\n\n<div class=\"wp-block-columns is-layout-flex wp-container-core-columns-layout-1 wp-block-columns-is-layout-flex\">\n<div class=\"wp-block-column is-layout-flow wp-block-column-is-layout-flow\" style=\"flex-basis:100%\"><\/div>\n<\/div>\n\n\n\n<figure class=\"wp-block-embed is-type-video is-provider-youtube wp-block-embed-youtube wp-embed-aspect-16-9 wp-has-aspect-ratio\"><div class=\"wp-block-embed__wrapper\">\n<iframe loading=\"lazy\" title=\"Snow Leopard\" width=\"525\" height=\"295\" src=\"https:\/\/www.youtube.com\/embed\/CNlyMW_AyUw?feature=oembed\" frameborder=\"0\" allow=\"accelerometer; autoplay; clipboard-write; encrypted-media; gyroscope; picture-in-picture; web-share\" allowfullscreen><\/iframe>\n<\/div><\/figure>\n\n\n\n<p><\/p>\n\n\n\n<div class=\"wp-block-columns is-layout-flex wp-container-core-columns-layout-2 wp-block-columns-is-layout-flex\">\n<div class=\"wp-block-column is-layout-flow wp-block-column-is-layout-flow\"><\/div>\n<\/div>\n\n\n\n<hr class=\"wp-block-separator has-alpha-channel-opacity\"\/>\n\n\n\n<div class=\"wp-block-columns is-layout-flex wp-container-core-columns-layout-3 wp-block-columns-is-layout-flex\">\n<div class=\"wp-block-column is-layout-flow wp-block-column-is-layout-flow\"><\/div>\n<\/div>\n\n\n\n<div class=\"wp-block-columns is-layout-flex wp-container-core-columns-layout-4 wp-block-columns-is-layout-flex\">\n<div class=\"wp-block-column is-layout-flow wp-block-column-is-layout-flow\" style=\"flex-basis:33.33%\">\n<figure class=\"wp-block-image size-large\"><img loading=\"lazy\" decoding=\"async\" width=\"768\" height=\"1024\" src=\"https:\/\/www.allersretoursasso.fr\/wp-content\/uploads\/2024\/01\/Pema-Tseden-768x1024.jpg\" alt=\"\" class=\"wp-image-4358\" srcset=\"https:\/\/www.allersretoursasso.fr\/wp-content\/uploads\/2024\/01\/Pema-Tseden-768x1024.jpg 768w, https:\/\/www.allersretoursasso.fr\/wp-content\/uploads\/2024\/01\/Pema-Tseden-225x300.jpg 225w, https:\/\/www.allersretoursasso.fr\/wp-content\/uploads\/2024\/01\/Pema-Tseden-1152x1536.jpg 1152w, https:\/\/www.allersretoursasso.fr\/wp-content\/uploads\/2024\/01\/Pema-Tseden-9x12.jpg 9w, https:\/\/www.allersretoursasso.fr\/wp-content\/uploads\/2024\/01\/Pema-Tseden-350x467.jpg 350w, https:\/\/www.allersretoursasso.fr\/wp-content\/uploads\/2024\/01\/Pema-Tseden.jpg 1280w\" sizes=\"(max-width: 767px) 89vw, (max-width: 1000px) 54vw, (max-width: 1071px) 543px, 580px\" \/><\/figure>\n<\/div>\n\n\n\n<div class=\"wp-block-column is-layout-flow wp-block-column-is-layout-flow\" style=\"flex-basis:66.66%\">\n<p><strong><strong>\u00c0 propos de<\/strong> Pema Tseden<\/strong><\/p>\n\n\n\n<p class=\"has-small-font-size\"><\/p>\n<\/div>\n<\/div>\n\n\n\n<p class=\"has-small-font-size\"><\/p>\n\n\n\n<p class=\"has-small-font-size\">Pema Tseden (1969-2023) \u00e9tait un \u00e9crivain, sc\u00e9nariste et r\u00e9alisateur. Il est consid\u00e9r\u00e9 comme un pr\u00e9curseur du cin\u00e9ma tib\u00e9tain. La plupart de ses films ont \u00e9t\u00e9 tourn\u00e9s en langue tib\u00e9taine et ont \u00e0 c\u0153ur de montrer l\u2019\u00e9volution de la soci\u00e9t\u00e9 tib\u00e9taine face \u00e0 la modernisation et l\u2019imposition de la culture chinoise. Il est notamment connu pour <em>Le Silence des pierres sacr\u00e9es<\/em> (2005), <em>Tharlo, un berger tib\u00e9tain<\/em> (2015), <em>Jinpa, un conte tib\u00e9tain<\/em> (2018) et <em>Balloon<\/em> (2019). <em>Snow Leopard<\/em> est son tout dernier film, le r\u00e9alisateur \u00e9tant d\u00e9c\u00e9d\u00e9 quelques semaines apr\u00e8s le tournage.<\/p>\n\n\n\n<p class=\"has-small-font-size\"><\/p>\n\n\n\n<p class=\"has-small-font-size\"><\/p>\n\n\n\n<hr class=\"wp-block-separator has-alpha-channel-opacity is-style-wide\"\/>\n\n\n\n<div class=\"wp-block-columns is-layout-flex wp-container-core-columns-layout-5 wp-block-columns-is-layout-flex\">\n<div class=\"wp-block-column is-layout-flow wp-block-column-is-layout-flow\" style=\"flex-basis:50%\">\n<div class=\"wp-block-buttons is-content-justification-center is-nowrap is-layout-flex wp-container-core-buttons-layout-1 wp-block-buttons-is-layout-flex\">\n<div class=\"wp-block-button has-custom-width wp-block-button__width-75 has-custom-font-size is-style-outline\" style=\"font-size:16px\"><a class=\"wp-block-button__link has-black-color has-white-background-color has-text-color has-background wp-element-button\" href=\"https:\/\/www.billetweb.fr\/far2024\" target=\"_blank\" rel=\"noreferrer noopener\">R\u00e9servez vos billets (Paris)<br>\u7ebf\u4e0a\u8d2d\u7968\uff08\u5df4\u9ece\uff09<\/a><\/div>\n<\/div>\n<\/div>\n\n\n\n<div class=\"wp-block-column is-layout-flow wp-block-column-is-layout-flow\" style=\"flex-basis:50%\">\n<div class=\"wp-block-buttons is-layout-flex wp-block-buttons-is-layout-flex\">\n<div class=\"wp-block-button has-custom-width wp-block-button__width-75 has-custom-font-size is-style-outline\" style=\"font-size:16px\"><a class=\"wp-block-button__link has-black-color has-white-background-color has-text-color has-background wp-element-button\" href=\"https:\/\/www.billetweb.fr\/far2024-lyon\" target=\"_blank\" rel=\"noreferrer noopener\">\u8d2d\u7968\u94fe\u63a5 <br>(Lyon)<br>\u7ebf\u4e0a\u8d2d\u7968\uff08\u91cc\u6602\uff09<\/a><\/div>\n<\/div>\n<\/div>\n<\/div>\n\n\n\n<div class=\"wp-block-columns is-layout-flex wp-container-core-columns-layout-6 wp-block-columns-is-layout-flex\">\n<div class=\"wp-block-column is-layout-flow wp-block-column-is-layout-flow\"><\/div>\n<\/div>\n\n\n\n<p><\/p>\n\n\n\n<div class=\"wp-block-columns is-layout-flex wp-container-core-columns-layout-7 wp-block-columns-is-layout-flex\">\n<div class=\"wp-block-column is-layout-flow wp-block-column-is-layout-flow\">\n<p class=\"has-text-align-center\"><strong>Dimanche 11 f\u00e9vrier \u00e0 20h30 au Path\u00e9 Les Fauvettes<\/strong><br>58 Av. des Gobelins, 75013 Paris<\/p>\n<\/div>\n\n\n\n<div class=\"wp-block-column is-layout-flow wp-block-column-is-layout-flow\">\n<p class=\"has-text-align-center\"><strong><strong>Samedi 17 f\u00e9vrier \u00e0 <strong>18h30<\/strong><\/strong> \u4e8e<\/strong><br><strong><strong><strong>Cin\u00e9ma Lumi\u00e8re Fourmi<\/strong><\/strong><\/strong><br>68 Rue Pierre Corneille, 69003 Lyon<\/p>\n<\/div>\n<\/div>\n\n\n\n<div class=\"wp-block-cover is-light\" style=\"min-height:349px\"><span aria-hidden=\"true\" class=\"wp-block-cover__background has-white-background-color has-background-dim\"><\/span><div class=\"wp-block-cover__inner-container is-layout-flow wp-block-cover-is-layout-flow\">\n<div class=\"wp-block-group is-layout-flow wp-block-group-is-layout-flow\"><div class=\"wp-block-group__inner-container\">\n<figure class=\"wp-block-image size-large\"><a href=\"https:\/\/www.allersretoursasso.fr\/zh\/annee-festival-2024\/\"><img loading=\"lazy\" decoding=\"async\" width=\"1024\" height=\"342\" src=\"https:\/\/www.allersretoursasso.fr\/wp-content\/uploads\/2024\/01\/Twitter-banner-1024x342.png\" alt=\"\" class=\"wp-image-4327\" srcset=\"https:\/\/www.allersretoursasso.fr\/wp-content\/uploads\/2024\/01\/Twitter-banner-1024x342.png 1024w, https:\/\/www.allersretoursasso.fr\/wp-content\/uploads\/2024\/01\/Twitter-banner-300x100.png 300w, https:\/\/www.allersretoursasso.fr\/wp-content\/uploads\/2024\/01\/Twitter-banner-768x257.png 768w, https:\/\/www.allersretoursasso.fr\/wp-content\/uploads\/2024\/01\/Twitter-banner-18x6.png 18w, https:\/\/www.allersretoursasso.fr\/wp-content\/uploads\/2024\/01\/Twitter-banner-350x117.png 350w, https:\/\/www.allersretoursasso.fr\/wp-content\/uploads\/2024\/01\/Twitter-banner.png 1500w\" sizes=\"(max-width: 767px) 89vw, (max-width: 1000px) 54vw, (max-width: 1071px) 543px, 580px\" \/><\/a><\/figure>\n<\/div><\/div>\n<\/div><\/div>\n\n\n\n<div class=\"wp-block-group is-layout-flow wp-block-group-is-layout-flow\"><div class=\"wp-block-group__inner-container\">\n<p class=\"has-text-align-center\" style=\"font-size:15px\"><\/p>\n<\/div><\/div>\n\n\n\n<p class=\"has-text-align-center has-white-color has-text-color\" style=\"font-size:15px\"> 19h45 aux Ursuline<\/p>\n\n\n\n<p class=\"has-text-align-center has-white-color has-text-color\" style=\"font-size:15px\">06 octobre \u00e0 19h45 aux Ursulines<\/p>","protected":false},"excerpt":{"rendered":"<p>2023 \/ 109\u2019 \/ Tib\u00e9tain, Mandarin \/ VOSTF \/ Fiction En 2012, l\u2019irruption d\u2019une panth\u00e8re des neiges dans l\u2019enclos d\u2019un \u00e9leveur, causant la mort de neuf de ses b\u00eates, provoque une querelle familiale et attire une \u00e9quipe de t\u00e9l\u00e9vision dans le village. Une question divise : faut-il tuer la panth\u00e8re ou est-il possible de cohabiter &hellip; <\/p>\n<p class=\"link-more\"><a href=\"https:\/\/www.allersretoursasso.fr\/zh\/festival2024-snow-leopard\/\" class=\"more-link\">\u7ee7\u7eed\u9605\u8bfb<span class=\"screen-reader-text\">\u201cFestival Allers-Retours 2024 &#8211; Snow Leopard\u201d<\/span><\/a><\/p>","protected":false},"author":15,"featured_media":0,"parent":0,"menu_order":0,"comment_status":"closed","ping_status":"closed","template":"","meta":{"footnotes":""},"_links":{"self":[{"href":"https:\/\/www.allersretoursasso.fr\/zh\/wp-json\/wp\/v2\/pages\/4356"}],"collection":[{"href":"https:\/\/www.allersretoursasso.fr\/zh\/wp-json\/wp\/v2\/pages"}],"about":[{"href":"https:\/\/www.allersretoursasso.fr\/zh\/wp-json\/wp\/v2\/types\/page"}],"author":[{"embeddable":true,"href":"https:\/\/www.allersretoursasso.fr\/zh\/wp-json\/wp\/v2\/users\/15"}],"replies":[{"embeddable":true,"href":"https:\/\/www.allersretoursasso.fr\/zh\/wp-json\/wp\/v2\/comments?post=4356"}],"version-history":[{"count":6,"href":"https:\/\/www.allersretoursasso.fr\/zh\/wp-json\/wp\/v2\/pages\/4356\/revisions"}],"predecessor-version":[{"id":4693,"href":"https:\/\/www.allersretoursasso.fr\/zh\/wp-json\/wp\/v2\/pages\/4356\/revisions\/4693"}],"wp:attachment":[{"href":"https:\/\/www.allersretoursasso.fr\/zh\/wp-json\/wp\/v2\/media?parent=4356"}],"curies":[{"name":"wp","href":"https:\/\/api.w.org\/{rel}","templated":true}]}}