{"id":4375,"date":"2024-01-11T23:45:40","date_gmt":"2024-01-11T22:45:40","guid":{"rendered":"https:\/\/www.allersretoursasso.fr\/?page_id=4375"},"modified":"2024-01-16T13:13:55","modified_gmt":"2024-01-16T12:13:55","slug":"festival2024-blue-summer","status":"publish","type":"page","link":"https:\/\/www.allersretoursasso.fr\/zh\/festival2024-blue-summer\/","title":{"rendered":"Festival Allers-Retours 2024  &#8211; Blue Summer"},"content":{"rendered":"<div id=\"fb-root\"><\/div>\n\n<div class=\"wp-block-media-text alignwide is-stacked-on-mobile\" style=\"grid-template-columns:41% auto\"><figure class=\"wp-block-media-text__media\"><img loading=\"lazy\" decoding=\"async\" width=\"767\" height=\"1024\" src=\"https:\/\/www.allersretoursasso.fr\/wp-content\/uploads\/2024\/01\/09-Blue-summer-affiche-767x1024.jpg\" alt=\"\" class=\"wp-image-4302 size-full\" srcset=\"https:\/\/www.allersretoursasso.fr\/wp-content\/uploads\/2024\/01\/09-Blue-summer-affiche-767x1024.jpg 767w, https:\/\/www.allersretoursasso.fr\/wp-content\/uploads\/2024\/01\/09-Blue-summer-affiche-225x300.jpg 225w, https:\/\/www.allersretoursasso.fr\/wp-content\/uploads\/2024\/01\/09-Blue-summer-affiche-768x1025.jpg 768w, https:\/\/www.allersretoursasso.fr\/wp-content\/uploads\/2024\/01\/09-Blue-summer-affiche-9x12.jpg 9w, https:\/\/www.allersretoursasso.fr\/wp-content\/uploads\/2024\/01\/09-Blue-summer-affiche-350x467.jpg 350w, https:\/\/www.allersretoursasso.fr\/wp-content\/uploads\/2024\/01\/09-Blue-summer-affiche.jpg 1127w\" sizes=\"(max-width: 767px) 89vw, (max-width: 1000px) 54vw, (max-width: 1071px) 543px, 580px\" \/><\/figure><div class=\"wp-block-media-text__content\">\n<div class=\"wp-block-group is-layout-flow wp-block-group-is-layout-flow\"><div class=\"wp-block-group__inner-container\">\n<div class=\"wp-block-group is-vertical is-layout-flex wp-container-core-group-layout-4 wp-block-group-is-layout-flex\">\n<div class=\"wp-block-group is-layout-flow wp-block-group-is-layout-flow\"><div class=\"wp-block-group__inner-container\">\n<div class=\"wp-block-group is-layout-flow wp-block-group-is-layout-flow\"><div class=\"wp-block-group__inner-container\">\n<div class=\"wp-block-group is-layout-flow wp-block-group-is-layout-flow\"><div class=\"wp-block-group__inner-container\">\n<p><\/p>\n\n\n\n<p style=\"font-size:30px;font-style:normal;font-weight:500\"><em><span style=\"font-weight: 400\"><strong><strong>Blue Summer<\/strong><\/strong><\/span><\/em><\/p>\n\n\n\n<p style=\"font-size:30px;font-style:normal;font-weight:500\">\u5c0f\u767d\u8239<\/p>\n\n\n\n<p class=\"has-medium-font-size\">GENG Zihan<\/p>\n\n\n\n<p class=\"has-medium-font-size\">\u803f\u5b50\u6db5<\/p>\n\n\n\n<p class=\"has-small-font-size\"><a href=\"https:\/\/www.allersretoursasso.fr\/zh\/annee-festival-2024\/\" target=\"_blank\" rel=\"noreferrer noopener\">\u00c9dition 2024<\/a><\/p>\n\n\n\n<p style=\"font-size:10px\"><\/p>\n<\/div><\/div>\n\n\n\n<p class=\"has-text-align-center\"><\/p>\n\n\n\n<p class=\"has-text-align-left\" style=\"font-size:15px\"><\/p>\n<\/div><\/div>\n<\/div><\/div>\n<\/div>\n<\/div><\/div>\n<\/div><\/div>\n\n\n\n<h2 class=\"wp-block-heading\"><\/h2>\n\n\n\n<p class=\"has-text-align-center has-small-font-size\"><em>2023 \/ 92\u2019 \/ Mandarin \/ VOSTF \/ Fiction<\/em><\/p>\n\n\n\n<p class=\"has-text-align-left\" style=\"font-size:16px;line-height:1.5\">L&#8217;\u00e9t\u00e9 de ses 15 ans, Xian se retrouve plong\u00e9e dans un tourbillon d&#8217;\u00e9motions complexes lorsque sa m\u00e8re part en mission en Afrique, la laissant sous la garde de son p\u00e8re photographe. Dans son petit studio de photo, Xian, la solitaire, rencontre Mingmei, la belle-fille de son p\u00e8re, une jeune femme d&#8217;origine cor\u00e9enne qui fait na\u00eetre en elle un nouveau monde de d\u00e9sir.<\/p>\n\n\n\n<p><em>Ce premier long m\u00e9trage de la jeune r\u00e9alisatrice Geng Zihan est port\u00e9 magistralement par le talent d\u2019actrice tout en subtilit\u00e9 de Zhou Meijun (Xian) et par une mise en sc\u00e8ne d\u00e9licate. La photographie tr\u00e8s sensorielle du film est baign\u00e9e de couleurs m\u00e9lancoliques, celles des doutes qui accompagnent la fin de l\u2019enfance.<\/em><\/p>\n\n\n\n<figure class=\"wp-block-gallery has-nested-images columns-default is-cropped wp-block-gallery-1 is-layout-flex wp-block-gallery-is-layout-flex\">\n<figure class=\"wp-block-image size-large\"><img loading=\"lazy\" decoding=\"async\" width=\"1024\" height=\"554\" data-id=\"4378\" src=\"https:\/\/www.allersretoursasso.fr\/wp-content\/uploads\/2024\/01\/ASONGSUNGBLUE_3\u00a9_2023_The_Seventh-Art_Pictures-1024x554.jpg\" alt=\"\" class=\"wp-image-4378\" srcset=\"https:\/\/www.allersretoursasso.fr\/wp-content\/uploads\/2024\/01\/ASONGSUNGBLUE_3\u00a9_2023_The_Seventh-Art_Pictures-1024x554.jpg 1024w, https:\/\/www.allersretoursasso.fr\/wp-content\/uploads\/2024\/01\/ASONGSUNGBLUE_3\u00a9_2023_The_Seventh-Art_Pictures-300x162.jpg 300w, https:\/\/www.allersretoursasso.fr\/wp-content\/uploads\/2024\/01\/ASONGSUNGBLUE_3\u00a9_2023_The_Seventh-Art_Pictures-768x415.jpg 768w, https:\/\/www.allersretoursasso.fr\/wp-content\/uploads\/2024\/01\/ASONGSUNGBLUE_3\u00a9_2023_The_Seventh-Art_Pictures-1536x830.jpg 1536w, https:\/\/www.allersretoursasso.fr\/wp-content\/uploads\/2024\/01\/ASONGSUNGBLUE_3\u00a9_2023_The_Seventh-Art_Pictures-18x10.jpg 18w, https:\/\/www.allersretoursasso.fr\/wp-content\/uploads\/2024\/01\/ASONGSUNGBLUE_3\u00a9_2023_The_Seventh-Art_Pictures-350x189.jpg 350w, https:\/\/www.allersretoursasso.fr\/wp-content\/uploads\/2024\/01\/ASONGSUNGBLUE_3\u00a9_2023_The_Seventh-Art_Pictures.jpg 1998w\" sizes=\"(max-width: 767px) 89vw, (max-width: 1000px) 54vw, (max-width: 1071px) 543px, 580px\" \/><\/figure>\n\n\n\n<figure class=\"wp-block-image size-large\"><img loading=\"lazy\" decoding=\"async\" width=\"1024\" height=\"553\" data-id=\"4379\" src=\"https:\/\/www.allersretoursasso.fr\/wp-content\/uploads\/2024\/01\/ASONGSUNGBLUE_1\u00a9_2023_The_Seventh-Art_Pictures-1024x553.jpg\" alt=\"\" class=\"wp-image-4379\" srcset=\"https:\/\/www.allersretoursasso.fr\/wp-content\/uploads\/2024\/01\/ASONGSUNGBLUE_1\u00a9_2023_The_Seventh-Art_Pictures-1024x553.jpg 1024w, https:\/\/www.allersretoursasso.fr\/wp-content\/uploads\/2024\/01\/ASONGSUNGBLUE_1\u00a9_2023_The_Seventh-Art_Pictures-300x162.jpg 300w, https:\/\/www.allersretoursasso.fr\/wp-content\/uploads\/2024\/01\/ASONGSUNGBLUE_1\u00a9_2023_The_Seventh-Art_Pictures-768x415.jpg 768w, https:\/\/www.allersretoursasso.fr\/wp-content\/uploads\/2024\/01\/ASONGSUNGBLUE_1\u00a9_2023_The_Seventh-Art_Pictures-1536x830.jpg 1536w, https:\/\/www.allersretoursasso.fr\/wp-content\/uploads\/2024\/01\/ASONGSUNGBLUE_1\u00a9_2023_The_Seventh-Art_Pictures-18x10.jpg 18w, https:\/\/www.allersretoursasso.fr\/wp-content\/uploads\/2024\/01\/ASONGSUNGBLUE_1\u00a9_2023_The_Seventh-Art_Pictures-350x189.jpg 350w, https:\/\/www.allersretoursasso.fr\/wp-content\/uploads\/2024\/01\/ASONGSUNGBLUE_1\u00a9_2023_The_Seventh-Art_Pictures.jpg 1920w\" sizes=\"(max-width: 767px) 89vw, (max-width: 1000px) 54vw, (max-width: 1071px) 543px, 580px\" \/><\/figure>\n<\/figure>\n\n\n\n<div class=\"wp-block-columns is-layout-flex wp-container-core-columns-layout-1 wp-block-columns-is-layout-flex\">\n<div class=\"wp-block-column is-layout-flow wp-block-column-is-layout-flow\" style=\"flex-basis:100%\">\n<figure class=\"wp-block-image size-large\"><img loading=\"lazy\" decoding=\"async\" width=\"1024\" height=\"553\" src=\"https:\/\/www.allersretoursasso.fr\/wp-content\/uploads\/2024\/01\/ASONGSUNGBLUE_2\u00a9_2023_The_Seventh-Art_Pictures-1-1024x553.jpg\" alt=\"\" class=\"wp-image-4380\" srcset=\"https:\/\/www.allersretoursasso.fr\/wp-content\/uploads\/2024\/01\/ASONGSUNGBLUE_2\u00a9_2023_The_Seventh-Art_Pictures-1-1024x553.jpg 1024w, https:\/\/www.allersretoursasso.fr\/wp-content\/uploads\/2024\/01\/ASONGSUNGBLUE_2\u00a9_2023_The_Seventh-Art_Pictures-1-300x162.jpg 300w, https:\/\/www.allersretoursasso.fr\/wp-content\/uploads\/2024\/01\/ASONGSUNGBLUE_2\u00a9_2023_The_Seventh-Art_Pictures-1-768x415.jpg 768w, https:\/\/www.allersretoursasso.fr\/wp-content\/uploads\/2024\/01\/ASONGSUNGBLUE_2\u00a9_2023_The_Seventh-Art_Pictures-1-1536x830.jpg 1536w, https:\/\/www.allersretoursasso.fr\/wp-content\/uploads\/2024\/01\/ASONGSUNGBLUE_2\u00a9_2023_The_Seventh-Art_Pictures-1-18x10.jpg 18w, https:\/\/www.allersretoursasso.fr\/wp-content\/uploads\/2024\/01\/ASONGSUNGBLUE_2\u00a9_2023_The_Seventh-Art_Pictures-1-350x189.jpg 350w, https:\/\/www.allersretoursasso.fr\/wp-content\/uploads\/2024\/01\/ASONGSUNGBLUE_2\u00a9_2023_The_Seventh-Art_Pictures-1.jpg 1701w\" sizes=\"(max-width: 767px) 89vw, (max-width: 1000px) 54vw, (max-width: 1071px) 543px, 580px\" \/><\/figure>\n<\/div>\n<\/div>\n\n\n\n<figure class=\"wp-block-embed is-type-video is-provider-youtube wp-block-embed-youtube wp-embed-aspect-16-9 wp-has-aspect-ratio\"><div class=\"wp-block-embed__wrapper\">\n<iframe loading=\"lazy\" title=\"Blue Summer\" width=\"525\" height=\"295\" src=\"https:\/\/www.youtube.com\/embed\/FmTdaMVYZGU?feature=oembed\" frameborder=\"0\" allow=\"accelerometer; autoplay; clipboard-write; encrypted-media; gyroscope; picture-in-picture; web-share\" allowfullscreen><\/iframe>\n<\/div><\/figure>\n\n\n\n<p><\/p>\n\n\n\n<div class=\"wp-block-columns is-layout-flex wp-container-core-columns-layout-2 wp-block-columns-is-layout-flex\">\n<div class=\"wp-block-column is-layout-flow wp-block-column-is-layout-flow\"><\/div>\n<\/div>\n\n\n\n<hr class=\"wp-block-separator has-alpha-channel-opacity\"\/>\n\n\n\n<div class=\"wp-block-columns is-layout-flex wp-container-core-columns-layout-3 wp-block-columns-is-layout-flex\">\n<div class=\"wp-block-column is-layout-flow wp-block-column-is-layout-flow\"><\/div>\n<\/div>\n\n\n\n<div class=\"wp-block-columns is-layout-flex wp-container-core-columns-layout-4 wp-block-columns-is-layout-flex\">\n<div class=\"wp-block-column is-layout-flow wp-block-column-is-layout-flow\" style=\"flex-basis:33.33%\">\n<figure class=\"wp-block-image size-large\"><img loading=\"lazy\" decoding=\"async\" width=\"768\" height=\"1024\" src=\"https:\/\/www.allersretoursasso.fr\/wp-content\/uploads\/2024\/01\/Director_GENG_ZIHAN-@_GENG_Zihan-768x1024.jpg\" alt=\"\" class=\"wp-image-4376\" srcset=\"https:\/\/www.allersretoursasso.fr\/wp-content\/uploads\/2024\/01\/Director_GENG_ZIHAN-@_GENG_Zihan-768x1024.jpg 768w, https:\/\/www.allersretoursasso.fr\/wp-content\/uploads\/2024\/01\/Director_GENG_ZIHAN-@_GENG_Zihan-225x300.jpg 225w, https:\/\/www.allersretoursasso.fr\/wp-content\/uploads\/2024\/01\/Director_GENG_ZIHAN-@_GENG_Zihan-1152x1536.jpg 1152w, https:\/\/www.allersretoursasso.fr\/wp-content\/uploads\/2024\/01\/Director_GENG_ZIHAN-@_GENG_Zihan-1536x2048.jpg 1536w, https:\/\/www.allersretoursasso.fr\/wp-content\/uploads\/2024\/01\/Director_GENG_ZIHAN-@_GENG_Zihan-9x12.jpg 9w, https:\/\/www.allersretoursasso.fr\/wp-content\/uploads\/2024\/01\/Director_GENG_ZIHAN-@_GENG_Zihan-350x467.jpg 350w, https:\/\/www.allersretoursasso.fr\/wp-content\/uploads\/2024\/01\/Director_GENG_ZIHAN-@_GENG_Zihan-rotated.jpg 1772w\" sizes=\"(max-width: 767px) 89vw, (max-width: 1000px) 54vw, (max-width: 1071px) 543px, 580px\" \/><\/figure>\n<\/div>\n\n\n\n<div class=\"wp-block-column is-layout-flow wp-block-column-is-layout-flow\" style=\"flex-basis:66.66%\">\n<p><strong><strong>\u00c0 propos de<\/strong> GENG Zihan<\/strong><\/p>\n\n\n\n<p class=\"has-small-font-size\"><\/p>\n<\/div>\n<\/div>\n\n\n\n<p class=\"has-small-font-size\"><\/p>\n\n\n\n<p class=\"has-small-font-size\">N\u00e9e \u00e0 Pekin en 1996, Geng Zihan est dipl\u00f4m\u00e9e de l\u2019Acad\u00e9mie centrale d\u2019Art dramatique. Apr\u00e8s deux courts m\u00e9trages : <em>Un Rayon de Soleil<\/em> (2019) et <em>Green Screen<\/em> (2021) pr\u00e9sent\u00e9s respectivement au First Film Festival de Xining et au Shorts International Film Festival de Los Angeles, elle s\u2019att\u00e8le \u00e0 la r\u00e9alisation de son premier long. <em>Blue Summer<\/em> est initialement un projet de fin d\u2019\u00e9tudes avec son amie \u00e9tudiante Liu Yining \u00e0 l\u2019\u00e9criture du sc\u00e9nario. Geng Zihan s&#8217;entoure \u00e9galement de nombreuses femmes talentueuses pour accompagner son projet, notamment la productrice Jane Zheng, la directrice de la photographie Hao Jiayue, la directrice artistique Du Luxi et la styliste et maquilleuse Ma Xing.<\/p>\n\n\n\n<p class=\"has-small-font-size\"><\/p>\n\n\n\n<p class=\"has-small-font-size\"><\/p>\n\n\n\n<hr class=\"wp-block-separator has-alpha-channel-opacity is-style-wide\"\/>\n\n\n\n<div class=\"wp-block-columns is-layout-flex wp-container-core-columns-layout-5 wp-block-columns-is-layout-flex\">\n<div class=\"wp-block-column is-layout-flow wp-block-column-is-layout-flow\"><\/div>\n<\/div>\n\n\n\n<div class=\"wp-block-columns is-layout-flex wp-container-core-columns-layout-6 wp-block-columns-is-layout-flex\">\n<div class=\"wp-block-column is-layout-flow wp-block-column-is-layout-flow\" style=\"flex-basis:50%\">\n<div class=\"wp-block-buttons is-content-justification-center is-layout-flex wp-container-core-buttons-layout-1 wp-block-buttons-is-layout-flex\">\n<div class=\"wp-block-button has-custom-width wp-block-button__width-75 has-custom-font-size is-style-outline\" style=\"font-size:16px\"><a class=\"wp-block-button__link has-black-color has-white-background-color has-text-color has-background wp-element-button\" href=\"https:\/\/www.billetweb.fr\/far2024\" target=\"_blank\" rel=\"noreferrer noopener\">R\u00e9servez vos billets (Paris)<br>\u7ebf\u4e0a\u8d2d\u7968\uff08\u5df4\u9ece\uff09<\/a><\/div>\n<\/div>\n<\/div>\n\n\n\n<div class=\"wp-block-column is-layout-flow wp-block-column-is-layout-flow\" style=\"flex-basis:50%\">\n<div class=\"wp-block-buttons is-layout-flex wp-block-buttons-is-layout-flex\">\n<div class=\"wp-block-button has-custom-width wp-block-button__width-75 has-custom-font-size is-style-outline\" style=\"font-size:16px\"><a class=\"wp-block-button__link wp-element-button\" href=\"https:\/\/www.billetweb.fr\/far2024-lyon\" target=\"_blank\" rel=\"noreferrer noopener\">R\u00e9servez vos billets (Lyon)<br>\u7ebf\u4e0a\u8d2d\u7968\uff08\u91cc\u6602\uff09<\/a><\/div>\n<\/div>\n<\/div>\n<\/div>\n\n\n\n<p><\/p>\n\n\n\n<div class=\"wp-block-columns is-layout-flex wp-container-core-columns-layout-7 wp-block-columns-is-layout-flex\">\n<div class=\"wp-block-column is-layout-flow wp-block-column-is-layout-flow\">\n<p class=\"has-text-align-center\"><strong>Samedi 03 f\u00e9vrier \u00e0 20h30 au<\/strong><br><strong><strong>Studio des Ursulines\u5f71\u9662<\/strong><\/strong><br>10 Rue des Ursulines, 75005 Paris<\/p>\n\n\n\n<p class=\"has-text-align-center\"><\/p>\n<\/div>\n\n\n\n<div class=\"wp-block-column is-layout-flow wp-block-column-is-layout-flow\">\n<p class=\"has-text-align-center\"><strong>Jeudi 15 f\u00e9vrier \u00e0 <strong>20h<\/strong>45 au<\/strong><br><strong><strong><strong>Cin\u00e9ma Lumi\u00e8re Fourmi<\/strong><\/strong><\/strong><br>68 Rue Pierre Corneille, 69003 Lyon<\/p>\n<\/div>\n<\/div>\n\n\n\n<div class=\"wp-block-cover is-light\" style=\"min-height:349px\"><span aria-hidden=\"true\" class=\"wp-block-cover__background has-white-background-color has-background-dim\"><\/span><div class=\"wp-block-cover__inner-container is-layout-flow wp-block-cover-is-layout-flow\">\n<div class=\"wp-block-group is-layout-flow wp-block-group-is-layout-flow\"><div class=\"wp-block-group__inner-container\">\n<figure class=\"wp-block-image size-large\"><img loading=\"lazy\" decoding=\"async\" width=\"1024\" height=\"342\" src=\"https:\/\/www.allersretoursasso.fr\/wp-content\/uploads\/2024\/01\/Twitter-banner-1024x342.png\" alt=\"\" class=\"wp-image-4327\" srcset=\"https:\/\/www.allersretoursasso.fr\/wp-content\/uploads\/2024\/01\/Twitter-banner-1024x342.png 1024w, https:\/\/www.allersretoursasso.fr\/wp-content\/uploads\/2024\/01\/Twitter-banner-300x100.png 300w, https:\/\/www.allersretoursasso.fr\/wp-content\/uploads\/2024\/01\/Twitter-banner-768x257.png 768w, https:\/\/www.allersretoursasso.fr\/wp-content\/uploads\/2024\/01\/Twitter-banner-18x6.png 18w, https:\/\/www.allersretoursasso.fr\/wp-content\/uploads\/2024\/01\/Twitter-banner-350x117.png 350w, https:\/\/www.allersretoursasso.fr\/wp-content\/uploads\/2024\/01\/Twitter-banner.png 1500w\" sizes=\"(max-width: 767px) 89vw, (max-width: 1000px) 54vw, (max-width: 1071px) 543px, 580px\" \/><\/figure>\n<\/div><\/div>\n<\/div><\/div>\n\n\n\n<div class=\"wp-block-group is-layout-flow wp-block-group-is-layout-flow\"><div class=\"wp-block-group__inner-container\">\n<p class=\"has-text-align-center\" style=\"font-size:15px\"><\/p>\n<\/div><\/div>\n\n\n\n<p class=\"has-text-align-center has-white-color has-text-color\" style=\"font-size:15px\"> 19h45 aux Ursuline<\/p>\n\n\n\n<p class=\"has-text-align-center has-white-color has-text-color\" style=\"font-size:15px\">06 octobre \u00e0 19h45 aux Ursulines<\/p>","protected":false},"excerpt":{"rendered":"<p>2023 \/ 92\u2019 \/ Mandarin \/ VOSTF \/ Fiction L&#8217;\u00e9t\u00e9 de ses 15 ans, Xian se retrouve plong\u00e9e dans un tourbillon d&#8217;\u00e9motions complexes lorsque sa m\u00e8re part en mission en Afrique, la laissant sous la garde de son p\u00e8re photographe. Dans son petit studio de photo, Xian, la solitaire, rencontre Mingmei, la belle-fille de son &hellip; <\/p>\n<p class=\"link-more\"><a href=\"https:\/\/www.allersretoursasso.fr\/zh\/festival2024-blue-summer\/\" class=\"more-link\">\u7ee7\u7eed\u9605\u8bfb<span class=\"screen-reader-text\">\u201cFestival Allers-Retours 2024  &#8211; Blue Summer\u201d<\/span><\/a><\/p>","protected":false},"author":15,"featured_media":0,"parent":0,"menu_order":0,"comment_status":"closed","ping_status":"closed","template":"","meta":{"footnotes":""},"_links":{"self":[{"href":"https:\/\/www.allersretoursasso.fr\/zh\/wp-json\/wp\/v2\/pages\/4375"}],"collection":[{"href":"https:\/\/www.allersretoursasso.fr\/zh\/wp-json\/wp\/v2\/pages"}],"about":[{"href":"https:\/\/www.allersretoursasso.fr\/zh\/wp-json\/wp\/v2\/types\/page"}],"author":[{"embeddable":true,"href":"https:\/\/www.allersretoursasso.fr\/zh\/wp-json\/wp\/v2\/users\/15"}],"replies":[{"embeddable":true,"href":"https:\/\/www.allersretoursasso.fr\/zh\/wp-json\/wp\/v2\/comments?post=4375"}],"version-history":[{"count":4,"href":"https:\/\/www.allersretoursasso.fr\/zh\/wp-json\/wp\/v2\/pages\/4375\/revisions"}],"predecessor-version":[{"id":4688,"href":"https:\/\/www.allersretoursasso.fr\/zh\/wp-json\/wp\/v2\/pages\/4375\/revisions\/4688"}],"wp:attachment":[{"href":"https:\/\/www.allersretoursasso.fr\/zh\/wp-json\/wp\/v2\/media?parent=4375"}],"curies":[{"name":"wp","href":"https:\/\/api.w.org\/{rel}","templated":true}]}}