{"id":5679,"date":"2025-01-02T23:53:33","date_gmt":"2025-01-02T22:53:33","guid":{"rendered":"https:\/\/www.allersretoursasso.fr\/?page_id=5679"},"modified":"2025-02-05T23:46:53","modified_gmt":"2025-02-05T22:46:53","slug":"annee-festival-2025","status":"publish","type":"page","link":"https:\/\/www.allersretoursasso.fr\/zh\/annee-festival-2025\/","title":{"rendered":"Festival Allers-Retours 2025"},"content":{"rendered":"<div id=\"fb-root\"><\/div>\n\n<p><br><\/p>\n\n\n<div class=\"wp-block-image\">\n<figure class=\"aligncenter size-full\"><img loading=\"lazy\" decoding=\"async\" width=\"800\" height=\"408\" src=\"https:\/\/www.allersretoursasso.fr\/wp-content\/uploads\/2025\/01\/ezgif.com-optimize-1.gif\" alt=\"\" class=\"wp-image-5909\"\/><\/figure><\/div>\n\n\n<p class=\"has-background\" style=\"background-color:#abb7c21a;font-size:16px\"><strong>\u5173\u4e8e Allers-Retours \u4e2d\u56fd\u4f5c\u8005\u7535\u5f71\u5c55&nbsp;<\/strong>est une&nbsp;<strong>fen\u00eatre ouverte sur le cin\u00e9ma d\u2019auteur sinophone contemporain<\/strong>, guid\u00e9 par les passions et les obsessions des artistes. Fictions et documentaires, premiers travaux ou films de cin\u00e9astes confirm\u00e9s, ces \u0153uvres t\u00e9moignent des sujets actuels au sein des diverses communaut\u00e9s de cet univers et offrent aux spectateurs des images vari\u00e9es, dans des formats, des couleurs et des tonalit\u00e9s multiples.<br><br>Pour sa&nbsp;7e \u00e9dition, les projections auront lieu<strong> \u00e0&nbsp;Paris, du 31 janvier au 9 f\u00e9vrier<\/strong>,&nbsp;au <strong>\u5df4\u9ece\u5409\u7f8e\u56fd\u7acb\u4e9a\u6d32\u827a\u672f\u535a\u7269\u9986<\/strong>, au<strong> Studio des Ursulines\u5f71\u9662<\/strong> \u548c<strong> Path\u00e9 Les Fauvettes<\/strong>. <br><br>Le festival se tiendra \u00e9galement <strong>\u00e0&nbsp;Lyon, du 12 au 21 f\u00e9vrier<\/strong>,&nbsp;au <strong>Lumi\u00e8re Fourmi <\/strong>et aux <strong>Aliz\u00e9s<\/strong> ; et <strong>\u00e0&nbsp;Rennes, du 01 au 04 f\u00e9vrier<\/strong>&nbsp;\u00e0 <strong>l\u2019Arvor<\/strong>.<\/p>\n\n\n\n<div class=\"wp-block-columns is-layout-flex wp-container-core-columns-layout-1 wp-block-columns-is-layout-flex\">\n<div class=\"wp-block-column is-layout-flow wp-block-column-is-layout-flow\">\n<div class=\"wp-block-buttons is-layout-flex wp-block-buttons-is-layout-flex\">\n<div class=\"wp-block-button has-custom-width wp-block-button__width-100 has-custom-font-size is-style-outline\" style=\"font-size:15px\"><a class=\"wp-block-button__link wp-element-button\" href=\"https:\/\/www.billetweb.fr\/far2025\" target=\"_blank\" rel=\"noreferrer noopener\">Billetterie Paris<br>\u5df4\u9ece\u573a\u7ebf\u4e0a\u8d2d\u7968<\/a><\/div>\n<\/div>\n<\/div>\n<\/div>\n\n\n\n<div class=\"wp-block-columns is-layout-flex wp-container-core-columns-layout-2 wp-block-columns-is-layout-flex\">\n<div class=\"wp-block-column is-layout-flow wp-block-column-is-layout-flow\">\n<div class=\"wp-block-buttons is-layout-flex wp-block-buttons-is-layout-flex\">\n<div class=\"wp-block-button has-custom-width wp-block-button__width-100 has-custom-font-size is-style-outline\" style=\"font-size:15px\"><a class=\"wp-block-button__link wp-element-button\" href=\"https:\/\/www.cinema-arvor.fr\/evenement\/2175754-festival-allers-retours-semaine-chinoise\" target=\"_blank\" rel=\"noreferrer noopener\">Billetterie Rennes<br>\u96f7\u6069\u573a\u7ebf\u4e0a\u8d2d\u7968<\/a><\/div>\n<\/div>\n<\/div>\n\n\n\n<div class=\"wp-block-column is-layout-flow wp-block-column-is-layout-flow\">\n<div class=\"wp-block-buttons is-layout-flex wp-block-buttons-is-layout-flex\">\n<div class=\"wp-block-button has-custom-width wp-block-button__width-100 has-custom-font-size is-style-outline\" style=\"font-size:15px\"><a class=\"wp-block-button__link wp-element-button\" href=\"https:\/\/www.billetweb.fr\/far2025-lyon\" target=\"_blank\" rel=\"noreferrer noopener\">Billetterie Lyon<br>\u91cc\u6602\u573a\u7ebf\u4e0a\u8d2d\u7968<\/a><\/div>\n<\/div>\n<\/div>\n<\/div>\n\n\n\n<figure class=\"wp-block-embed is-type-video is-provider-youtube wp-block-embed-youtube wp-embed-aspect-16-9 wp-has-aspect-ratio\"><div class=\"wp-block-embed__wrapper\">\n<iframe loading=\"lazy\" title=\"Bande annonce 2025\" width=\"525\" height=\"295\" src=\"https:\/\/www.youtube.com\/embed\/csJyfvskrRw?feature=oembed\" frameborder=\"0\" allow=\"accelerometer; autoplay; clipboard-write; encrypted-media; gyroscope; picture-in-picture; web-share\" referrerpolicy=\"strict-origin-when-cross-origin\" allowfullscreen><\/iframe>\n<\/div><\/figure>\n\n\n\n<p class=\"has-text-align-center\" style=\"font-size:18px\"><strong><a href=\"https:\/\/www.allersretoursasso.fr\/zh\/2025\/01\/04\/selection-2025\/\">\u00c9dito Festival Allers-Retours 2025<\/a><\/strong><\/p>\n\n\n\n<p class=\"has-background\" style=\"background-color:#c2baab24;font-size:14px\">Pour <strong>l&#8217;\u00e9dition 2025<\/strong>, le comit\u00e9 de s\u00e9lection du Festival Allers-Retours a comme \u00e0 l\u2019accoutum\u00e9e vu de nombreux films, et ce sont <strong>les jeunes auteurs <\/strong>qui se sont particuli\u00e8rement d\u00e9marqu\u00e9s. Qu&#8217;ils s&#8217;emparent des sujets li\u00e9s \u00e0 leur g\u00e9n\u00e9ration, qu&#8217;au contraire ils observent d&#8217;un \u0153il particulier leurs anciens, ou bien qu&#8217;ils rivalisent d&#8217;exp\u00e9rimentations stylistiques nouvelles, ces cin\u00e9astes nous emm\u00e8nent vers des terrains inattendus, nous offrant mati\u00e8re \u00e0 r\u00e9flexion et \u00e0 contemplation&#8230;<br><strong> (<a href=\"https:\/\/www.allersretoursasso.fr\/zh\/2025\/01\/04\/selection-2025\/\" target=\"_blank\" rel=\"noreferrer noopener\">Lire la suite<\/a>)<\/strong><\/p>\n\n\n\n<p><\/p>\n\n\n\n<hr class=\"wp-block-separator has-alpha-channel-opacity is-style-wide\"\/>\n\n\n\n<h2 class=\"wp-block-heading has-text-align-center has-black-color has-text-color\"><strong>\u653e\u6620\u5b89\u6392<\/strong> <br>\u6392\u7247\u8868<\/h2>\n\n\n\n<h3 class=\"wp-block-heading has-text-align-center\"><strong>\u957f\u7247<\/strong><br>\u957f\u7247\u7ec4<\/h3>\n\n\n\n<div class=\"wp-block-group is-layout-flow wp-block-group-is-layout-flow\"><div class=\"wp-block-group__inner-container\">\n<div class=\"wp-block-group is-layout-flow wp-block-group-is-layout-flow\"><div class=\"wp-block-group__inner-container\">\n<div class=\"wp-block-columns is-not-stacked-on-mobile is-layout-flex wp-container-core-columns-layout-3 wp-block-columns-is-layout-flex\">\n<div class=\"wp-block-column is-layout-flow wp-block-column-is-layout-flow\">\n<div class=\"wp-block-group is-layout-flow wp-block-group-is-layout-flow\"><div class=\"wp-block-group__inner-container\">\n<figure class=\"wp-block-image size-large is-resized\"><a href=\"https:\/\/www.allersretoursasso.fr\/zh\/festival2025-blue-sun-palace\/\"><img loading=\"lazy\" decoding=\"async\" width=\"698\" height=\"1024\" src=\"https:\/\/www.allersretoursasso.fr\/wp-content\/uploads\/2025\/01\/01-Blue-Sun-Palace-Poster-698x1024.png\" alt=\"\" class=\"wp-image-5561\" style=\"width:188px;height:auto\" srcset=\"https:\/\/www.allersretoursasso.fr\/wp-content\/uploads\/2025\/01\/01-Blue-Sun-Palace-Poster-698x1024.png 698w, https:\/\/www.allersretoursasso.fr\/wp-content\/uploads\/2025\/01\/01-Blue-Sun-Palace-Poster-205x300.png 205w, https:\/\/www.allersretoursasso.fr\/wp-content\/uploads\/2025\/01\/01-Blue-Sun-Palace-Poster-768x1126.png 768w, https:\/\/www.allersretoursasso.fr\/wp-content\/uploads\/2025\/01\/01-Blue-Sun-Palace-Poster-1047x1536.png 1047w, https:\/\/www.allersretoursasso.fr\/wp-content\/uploads\/2025\/01\/01-Blue-Sun-Palace-Poster-1396x2048.png 1396w, https:\/\/www.allersretoursasso.fr\/wp-content\/uploads\/2025\/01\/01-Blue-Sun-Palace-Poster-8x12.png 8w, https:\/\/www.allersretoursasso.fr\/wp-content\/uploads\/2025\/01\/01-Blue-Sun-Palace-Poster-350x513.png 350w, https:\/\/www.allersretoursasso.fr\/wp-content\/uploads\/2025\/01\/01-Blue-Sun-Palace-Poster.png 1500w\" sizes=\"(max-width: 698px) 100vw, 698px\" \/><\/a><figcaption class=\"wp-element-caption\"><a href=\"https:\/\/www.allersretoursasso.fr\/zh\/festival2025-blue-sun-palace\/\"><strong>Blue Sun Palace<\/strong> de Constance TSANG<br><strong>\u84dd\u8272\u592a\u9633\u5bab<\/strong> \u66fe\u4f69\u88d5<\/a><\/figcaption><\/figure>\n<\/div><\/div>\n<\/div>\n\n\n\n<div class=\"wp-block-column is-layout-flow wp-block-column-is-layout-flow\">\n<div class=\"wp-block-group is-layout-flow wp-block-group-is-layout-flow\"><div class=\"wp-block-group__inner-container\">\n<figure class=\"wp-block-image size-large is-resized\"><a href=\"https:\/\/www.allersretoursasso.fr\/zh\/festival2025-carp-leaping-over-dragons-gate\/\"><img loading=\"lazy\" decoding=\"async\" width=\"683\" height=\"1024\" src=\"https:\/\/www.allersretoursasso.fr\/wp-content\/uploads\/2025\/01\/02-Carp-Leaping-Over-Dragons-Gate-Poster-683x1024.jpg\" alt=\"\" class=\"wp-image-5572\" style=\"width:183px;height:auto\" srcset=\"https:\/\/www.allersretoursasso.fr\/wp-content\/uploads\/2025\/01\/02-Carp-Leaping-Over-Dragons-Gate-Poster-683x1024.jpg 683w, https:\/\/www.allersretoursasso.fr\/wp-content\/uploads\/2025\/01\/02-Carp-Leaping-Over-Dragons-Gate-Poster-200x300.jpg 200w, https:\/\/www.allersretoursasso.fr\/wp-content\/uploads\/2025\/01\/02-Carp-Leaping-Over-Dragons-Gate-Poster-768x1152.jpg 768w, https:\/\/www.allersretoursasso.fr\/wp-content\/uploads\/2025\/01\/02-Carp-Leaping-Over-Dragons-Gate-Poster-1024x1536.jpg 1024w, https:\/\/www.allersretoursasso.fr\/wp-content\/uploads\/2025\/01\/02-Carp-Leaping-Over-Dragons-Gate-Poster-1365x2048.jpg 1365w, https:\/\/www.allersretoursasso.fr\/wp-content\/uploads\/2025\/01\/02-Carp-Leaping-Over-Dragons-Gate-Poster-8x12.jpg 8w, https:\/\/www.allersretoursasso.fr\/wp-content\/uploads\/2025\/01\/02-Carp-Leaping-Over-Dragons-Gate-Poster-350x525.jpg 350w, https:\/\/www.allersretoursasso.fr\/wp-content\/uploads\/2025\/01\/02-Carp-Leaping-Over-Dragons-Gate-Poster-scaled.jpg 1707w\" sizes=\"(max-width: 683px) 100vw, 683px\" \/><\/a><figcaption class=\"wp-element-caption\"><a href=\"https:\/\/www.allersretoursasso.fr\/zh\/festival2025-carp-leaping-over-dragons-gate\/\"><strong><em>Carp Leaping Over Dragon&#8217;s Gate<\/em><\/strong>&nbsp;de <em>YAN Xiaolin<\/em><br><strong>\u83e0\u841d, \u51e4\u68a8<\/strong> \u95eb\u5578\u6797<\/a><\/figcaption><\/figure>\n<\/div><\/div>\n<\/div>\n\n\n\n<div class=\"wp-block-column is-layout-flow wp-block-column-is-layout-flow\">\n<div class=\"wp-block-group is-layout-flow wp-block-group-is-layout-flow\"><div class=\"wp-block-group__inner-container\">\n<figure class=\"wp-block-image size-large is-resized\"><a href=\"https:\/\/www.allersretoursasso.fr\/zh\/festival2025-after-the-snowmelt\/\"><img loading=\"lazy\" decoding=\"async\" width=\"724\" height=\"1024\" src=\"https:\/\/www.allersretoursasso.fr\/wp-content\/uploads\/2025\/01\/03-Poster-After-the-Snowmelt-Small-724x1024.jpg\" alt=\"\" class=\"wp-image-5586\" style=\"width:193px;height:auto\" srcset=\"https:\/\/www.allersretoursasso.fr\/wp-content\/uploads\/2025\/01\/03-Poster-After-the-Snowmelt-Small-724x1024.jpg 724w, https:\/\/www.allersretoursasso.fr\/wp-content\/uploads\/2025\/01\/03-Poster-After-the-Snowmelt-Small-212x300.jpg 212w, https:\/\/www.allersretoursasso.fr\/wp-content\/uploads\/2025\/01\/03-Poster-After-the-Snowmelt-Small-768x1086.jpg 768w, https:\/\/www.allersretoursasso.fr\/wp-content\/uploads\/2025\/01\/03-Poster-After-the-Snowmelt-Small-1086x1536.jpg 1086w, https:\/\/www.allersretoursasso.fr\/wp-content\/uploads\/2025\/01\/03-Poster-After-the-Snowmelt-Small-1449x2048.jpg 1449w, https:\/\/www.allersretoursasso.fr\/wp-content\/uploads\/2025\/01\/03-Poster-After-the-Snowmelt-Small-8x12.jpg 8w, https:\/\/www.allersretoursasso.fr\/wp-content\/uploads\/2025\/01\/03-Poster-After-the-Snowmelt-Small-350x495.jpg 350w, https:\/\/www.allersretoursasso.fr\/wp-content\/uploads\/2025\/01\/03-Poster-After-the-Snowmelt-Small-scaled.jpg 1811w\" sizes=\"(max-width: 724px) 100vw, 724px\" \/><\/a><figcaption class=\"wp-element-caption\"><a href=\"https:\/\/www.allersretoursasso.fr\/zh\/festival2025-after-the-snowmelt\/\"><strong>After the Snowmelt<\/strong> de LO Yi-Shan<br><strong>\u96ea\u6c34\u6d88\u878d\u7684\u5b63\u8282<\/strong> \u7f85\u82e1\u73ca<\/a><\/figcaption><\/figure>\n<\/div><\/div>\n<\/div>\n<\/div>\n<\/div><\/div>\n<\/div><\/div>\n\n\n\n<div class=\"wp-block-group is-layout-flow wp-block-group-is-layout-flow\"><div class=\"wp-block-group__inner-container\">\n<div class=\"wp-block-columns is-not-stacked-on-mobile is-layout-flex wp-container-core-columns-layout-4 wp-block-columns-is-layout-flex\">\n<div class=\"wp-block-column is-layout-flow wp-block-column-is-layout-flow\">\n<div class=\"wp-block-group is-layout-flow wp-block-group-is-layout-flow\"><div class=\"wp-block-group__inner-container\">\n<figure class=\"wp-block-image size-large is-resized\"><a href=\"https:\/\/www.allersretoursasso.fr\/zh\/festival2025-karst\/\"><img loading=\"lazy\" decoding=\"async\" width=\"683\" height=\"1024\" src=\"https:\/\/www.allersretoursasso.fr\/wp-content\/uploads\/2025\/01\/KARST-AFFICHE-\u5580\u65af\u7279-\u5e73\u9065\u6d77\u62a5-\u5e38\u89c4\u5c3a\u5bf8\uff08\u7528\u4e8e\u5a92\u4f53\u4f20\u64ad\u7b49\uff09-683x1024.jpg\" alt=\"\" class=\"wp-image-5601\" style=\"width:190px\" srcset=\"https:\/\/www.allersretoursasso.fr\/wp-content\/uploads\/2025\/01\/KARST-AFFICHE-\u5580\u65af\u7279-\u5e73\u9065\u6d77\u62a5-\u5e38\u89c4\u5c3a\u5bf8\uff08\u7528\u4e8e\u5a92\u4f53\u4f20\u64ad\u7b49\uff09-683x1024.jpg 683w, https:\/\/www.allersretoursasso.fr\/wp-content\/uploads\/2025\/01\/KARST-AFFICHE-\u5580\u65af\u7279-\u5e73\u9065\u6d77\u62a5-\u5e38\u89c4\u5c3a\u5bf8\uff08\u7528\u4e8e\u5a92\u4f53\u4f20\u64ad\u7b49\uff09-200x300.jpg 200w, https:\/\/www.allersretoursasso.fr\/wp-content\/uploads\/2025\/01\/KARST-AFFICHE-\u5580\u65af\u7279-\u5e73\u9065\u6d77\u62a5-\u5e38\u89c4\u5c3a\u5bf8\uff08\u7528\u4e8e\u5a92\u4f53\u4f20\u64ad\u7b49\uff09-768x1152.jpg 768w, https:\/\/www.allersretoursasso.fr\/wp-content\/uploads\/2025\/01\/KARST-AFFICHE-\u5580\u65af\u7279-\u5e73\u9065\u6d77\u62a5-\u5e38\u89c4\u5c3a\u5bf8\uff08\u7528\u4e8e\u5a92\u4f53\u4f20\u64ad\u7b49\uff09-1024x1536.jpg 1024w, https:\/\/www.allersretoursasso.fr\/wp-content\/uploads\/2025\/01\/KARST-AFFICHE-\u5580\u65af\u7279-\u5e73\u9065\u6d77\u62a5-\u5e38\u89c4\u5c3a\u5bf8\uff08\u7528\u4e8e\u5a92\u4f53\u4f20\u64ad\u7b49\uff09-1366x2048.jpg 1366w, https:\/\/www.allersretoursasso.fr\/wp-content\/uploads\/2025\/01\/KARST-AFFICHE-\u5580\u65af\u7279-\u5e73\u9065\u6d77\u62a5-\u5e38\u89c4\u5c3a\u5bf8\uff08\u7528\u4e8e\u5a92\u4f53\u4f20\u64ad\u7b49\uff09-8x12.jpg 8w, https:\/\/www.allersretoursasso.fr\/wp-content\/uploads\/2025\/01\/KARST-AFFICHE-\u5580\u65af\u7279-\u5e73\u9065\u6d77\u62a5-\u5e38\u89c4\u5c3a\u5bf8\uff08\u7528\u4e8e\u5a92\u4f53\u4f20\u64ad\u7b49\uff09-350x525.jpg 350w, https:\/\/www.allersretoursasso.fr\/wp-content\/uploads\/2025\/01\/KARST-AFFICHE-\u5580\u65af\u7279-\u5e73\u9065\u6d77\u62a5-\u5e38\u89c4\u5c3a\u5bf8\uff08\u7528\u4e8e\u5a92\u4f53\u4f20\u64ad\u7b49\uff09-scaled.jpg 1707w\" sizes=\"(max-width: 683px) 100vw, 683px\" \/><\/a><figcaption class=\"wp-element-caption\"><a href=\"https:\/\/www.allersretoursasso.fr\/zh\/festival2025-karst\/\"><strong>Karst <\/strong>de YANG Suiyi<br><strong>\u5580\u65af\u7279<\/strong> \u6768\u7a57\u76ca<\/a><\/figcaption><\/figure>\n<\/div><\/div>\n<\/div>\n\n\n\n<div class=\"wp-block-column is-layout-flow wp-block-column-is-layout-flow\">\n<div class=\"wp-block-group is-layout-flow wp-block-group-is-layout-flow\"><div class=\"wp-block-group__inner-container\">\n<figure class=\"wp-block-image size-large is-resized\"><a href=\"https:\/\/www.allersretoursasso.fr\/zh\/festival2025-she-sat-there-like-all-ordinary-ones\/\"><img loading=\"lazy\" decoding=\"async\" width=\"683\" height=\"1024\" src=\"https:\/\/www.allersretoursasso.fr\/wp-content\/uploads\/2025\/01\/05-SHE-poster-verticale--683x1024.jpeg\" alt=\"\" class=\"wp-image-5694\" style=\"width:190px\" srcset=\"https:\/\/www.allersretoursasso.fr\/wp-content\/uploads\/2025\/01\/05-SHE-poster-verticale--683x1024.jpeg 683w, https:\/\/www.allersretoursasso.fr\/wp-content\/uploads\/2025\/01\/05-SHE-poster-verticale--200x300.jpeg 200w, https:\/\/www.allersretoursasso.fr\/wp-content\/uploads\/2025\/01\/05-SHE-poster-verticale--768x1152.jpeg 768w, https:\/\/www.allersretoursasso.fr\/wp-content\/uploads\/2025\/01\/05-SHE-poster-verticale--1024x1536.jpeg 1024w, https:\/\/www.allersretoursasso.fr\/wp-content\/uploads\/2025\/01\/05-SHE-poster-verticale--1365x2048.jpeg 1365w, https:\/\/www.allersretoursasso.fr\/wp-content\/uploads\/2025\/01\/05-SHE-poster-verticale--8x12.jpeg 8w, https:\/\/www.allersretoursasso.fr\/wp-content\/uploads\/2025\/01\/05-SHE-poster-verticale--350x525.jpeg 350w, https:\/\/www.allersretoursasso.fr\/wp-content\/uploads\/2025\/01\/05-SHE-poster-verticale--scaled.jpeg 1707w\" sizes=\"(max-width: 683px) 100vw, 683px\" \/><\/a><figcaption class=\"wp-element-caption\"><a href=\"https:\/\/www.allersretoursasso.fr\/zh\/festival2025-she-sat-there-like-all-ordinary-ones\/\"><strong>She Sat There Like All Ordinary Ones <\/strong>de QU Youjia<br><strong>\u5f00\u59cb\u7684\u67aa<\/strong> \u77bf\u5c24\u5609<\/a><\/figcaption><\/figure>\n<\/div><\/div>\n<\/div>\n\n\n\n<div class=\"wp-block-column is-layout-flow wp-block-column-is-layout-flow\">\n<div class=\"wp-block-group is-layout-flow wp-block-group-is-layout-flow\"><div class=\"wp-block-group__inner-container\">\n<figure class=\"wp-block-image size-large is-resized\"><a href=\"https:\/\/www.allersretoursasso.fr\/zh\/festival2025-republic\/\"><img loading=\"lazy\" decoding=\"async\" width=\"683\" height=\"1024\" src=\"https:\/\/www.allersretoursasso.fr\/wp-content\/uploads\/2025\/01\/06-Republic\u6d77\u62a5-683x1024.jpg\" alt=\"\" class=\"wp-image-5699\" style=\"width:190px\" srcset=\"https:\/\/www.allersretoursasso.fr\/wp-content\/uploads\/2025\/01\/06-Republic\u6d77\u62a5-683x1024.jpg 683w, https:\/\/www.allersretoursasso.fr\/wp-content\/uploads\/2025\/01\/06-Republic\u6d77\u62a5-200x300.jpg 200w, https:\/\/www.allersretoursasso.fr\/wp-content\/uploads\/2025\/01\/06-Republic\u6d77\u62a5-768x1152.jpg 768w, https:\/\/www.allersretoursasso.fr\/wp-content\/uploads\/2025\/01\/06-Republic\u6d77\u62a5-1024x1536.jpg 1024w, https:\/\/www.allersretoursasso.fr\/wp-content\/uploads\/2025\/01\/06-Republic\u6d77\u62a5-8x12.jpg 8w, https:\/\/www.allersretoursasso.fr\/wp-content\/uploads\/2025\/01\/06-Republic\u6d77\u62a5-350x525.jpg 350w, https:\/\/www.allersretoursasso.fr\/wp-content\/uploads\/2025\/01\/06-Republic\u6d77\u62a5.jpg 1080w\" sizes=\"(max-width: 683px) 100vw, 683px\" \/><\/a><figcaption class=\"wp-element-caption\"><a href=\"https:\/\/www.allersretoursasso.fr\/zh\/festival2025-republic\/\"><strong>Republic<\/strong> de JIN Jiang<br><strong>\u5171\u548c\u56fd<\/strong> \u664b\u6c5f<\/a><\/figcaption><\/figure>\n<\/div><\/div>\n<\/div>\n<\/div>\n<\/div><\/div>\n\n\n\n<div class=\"wp-block-group is-layout-flow wp-block-group-is-layout-flow\"><div class=\"wp-block-group__inner-container\">\n<div class=\"wp-block-columns is-not-stacked-on-mobile is-layout-flex wp-container-core-columns-layout-5 wp-block-columns-is-layout-flex\">\n<div class=\"wp-block-column is-layout-flow wp-block-column-is-layout-flow\">\n<div class=\"wp-block-group is-layout-flow wp-block-group-is-layout-flow\"><div class=\"wp-block-group__inner-container\">\n<div class=\"wp-block-group is-layout-flow wp-block-group-is-layout-flow\"><div class=\"wp-block-group__inner-container\">\n<div class=\"wp-block-group is-layout-flow wp-block-group-is-layout-flow\"><div class=\"wp-block-group__inner-container\">\n<figure class=\"wp-block-image size-large is-resized\"><a href=\"https:\/\/www.allersretoursasso.fr\/zh\/festival2025-all-or-nothing-at-all\/\"><img loading=\"lazy\" decoding=\"async\" width=\"697\" height=\"1024\" src=\"https:\/\/www.allersretoursasso.fr\/wp-content\/uploads\/2025\/01\/07-All-or-Nothing-at-All_poster_POFF_douban_ndnf-697x1024.jpg\" alt=\"\" class=\"wp-image-5729\" style=\"width:180px\" srcset=\"https:\/\/www.allersretoursasso.fr\/wp-content\/uploads\/2025\/01\/07-All-or-Nothing-at-All_poster_POFF_douban_ndnf-697x1024.jpg 697w, https:\/\/www.allersretoursasso.fr\/wp-content\/uploads\/2025\/01\/07-All-or-Nothing-at-All_poster_POFF_douban_ndnf-204x300.jpg 204w, https:\/\/www.allersretoursasso.fr\/wp-content\/uploads\/2025\/01\/07-All-or-Nothing-at-All_poster_POFF_douban_ndnf-768x1128.jpg 768w, https:\/\/www.allersretoursasso.fr\/wp-content\/uploads\/2025\/01\/07-All-or-Nothing-at-All_poster_POFF_douban_ndnf-1045x1536.jpg 1045w, https:\/\/www.allersretoursasso.fr\/wp-content\/uploads\/2025\/01\/07-All-or-Nothing-at-All_poster_POFF_douban_ndnf-1394x2048.jpg 1394w, https:\/\/www.allersretoursasso.fr\/wp-content\/uploads\/2025\/01\/07-All-or-Nothing-at-All_poster_POFF_douban_ndnf-8x12.jpg 8w, https:\/\/www.allersretoursasso.fr\/wp-content\/uploads\/2025\/01\/07-All-or-Nothing-at-All_poster_POFF_douban_ndnf-350x514.jpg 350w, https:\/\/www.allersretoursasso.fr\/wp-content\/uploads\/2025\/01\/07-All-or-Nothing-at-All_poster_POFF_douban_ndnf-scaled.jpg 1742w\" sizes=\"(max-width: 697px) 100vw, 697px\" \/><\/a><figcaption class=\"wp-element-caption\"><a href=\"https:\/\/www.allersretoursasso.fr\/zh\/festival2025-all-or-nothing-at-all\/\"><strong>All, or Nothing at All<\/strong> de Jiajun \u2018Oscar\u2019 ZHANG<br><strong>\u6240\u6709\u5fe7\u4f24\u7684\u5e74\u8f7b\u4eba<\/strong> \u5f20\u5bb6\u9a8f<\/a><\/figcaption><\/figure>\n<\/div><\/div>\n<\/div><\/div>\n<\/div><\/div>\n<\/div>\n\n\n\n<div class=\"wp-block-column is-layout-flow wp-block-column-is-layout-flow\">\n<div class=\"wp-block-group is-layout-flow wp-block-group-is-layout-flow\"><div class=\"wp-block-group__inner-container\">\n<div class=\"wp-block-group is-layout-flow wp-block-group-is-layout-flow\"><div class=\"wp-block-group__inner-container\">\n<div class=\"wp-block-group is-layout-flow wp-block-group-is-layout-flow\"><div class=\"wp-block-group__inner-container\">\n<figure class=\"wp-block-image size-large is-resized\"><a href=\"https:\/\/www.allersretoursasso.fr\/zh\/festival2025-stranger-eyes\/\"><img loading=\"lazy\" decoding=\"async\" width=\"768\" height=\"1024\" src=\"https:\/\/www.allersretoursasso.fr\/wp-content\/uploads\/2025\/01\/08-Stranger-Eyes_Affiche-Verticale-768x1024.jpg\" alt=\"\" class=\"wp-image-5750\" style=\"width:198px\" srcset=\"https:\/\/www.allersretoursasso.fr\/wp-content\/uploads\/2025\/01\/08-Stranger-Eyes_Affiche-Verticale-768x1024.jpg 768w, https:\/\/www.allersretoursasso.fr\/wp-content\/uploads\/2025\/01\/08-Stranger-Eyes_Affiche-Verticale-225x300.jpg 225w, https:\/\/www.allersretoursasso.fr\/wp-content\/uploads\/2025\/01\/08-Stranger-Eyes_Affiche-Verticale-1152x1536.jpg 1152w, https:\/\/www.allersretoursasso.fr\/wp-content\/uploads\/2025\/01\/08-Stranger-Eyes_Affiche-Verticale-1536x2048.jpg 1536w, https:\/\/www.allersretoursasso.fr\/wp-content\/uploads\/2025\/01\/08-Stranger-Eyes_Affiche-Verticale-9x12.jpg 9w, https:\/\/www.allersretoursasso.fr\/wp-content\/uploads\/2025\/01\/08-Stranger-Eyes_Affiche-Verticale-350x467.jpg 350w, https:\/\/www.allersretoursasso.fr\/wp-content\/uploads\/2025\/01\/08-Stranger-Eyes_Affiche-Verticale-scaled.jpg 1920w\" sizes=\"(max-width: 767px) 89vw, (max-width: 1000px) 54vw, (max-width: 1071px) 543px, 580px\" \/><\/a><figcaption class=\"wp-element-caption\"><a href=\"https:\/\/www.allersretoursasso.fr\/zh\/festival2025-stranger-eyes\/\"><strong>Stranger Eyes<\/strong> de YEO Siew Hua<br><strong>\u9ed8\u89c6\u5f55<\/strong> \u6768\u4fee\u534e<\/a><\/figcaption><\/figure>\n<\/div><\/div>\n<\/div><\/div>\n<\/div><\/div>\n<\/div>\n\n\n\n<div class=\"wp-block-column is-vertically-aligned-top is-layout-flow wp-block-column-is-layout-flow\">\n<div class=\"wp-block-group is-layout-flow wp-block-group-is-layout-flow\"><div class=\"wp-block-group__inner-container\">\n<div class=\"wp-block-group is-layout-flow wp-block-group-is-layout-flow\"><div class=\"wp-block-group__inner-container\">\n<div class=\"wp-block-group is-layout-flow wp-block-group-is-layout-flow\"><div class=\"wp-block-group__inner-container\">\n<figure class=\"wp-block-image size-large is-resized\"><a href=\"https:\/\/www.allersretoursasso.fr\/zh\/festival2025-le-veilleur\/\"><img loading=\"lazy\" decoding=\"async\" width=\"724\" height=\"1024\" src=\"https:\/\/www.allersretoursasso.fr\/wp-content\/uploads\/2025\/01\/\u592709-LEVEILLEUR\u2014FR\u2014WEB-724x1024.jpeg\" alt=\"\" class=\"wp-image-5755\" style=\"width:188px\" srcset=\"https:\/\/www.allersretoursasso.fr\/wp-content\/uploads\/2025\/01\/\u592709-LEVEILLEUR\u2014FR\u2014WEB-724x1024.jpeg 724w, https:\/\/www.allersretoursasso.fr\/wp-content\/uploads\/2025\/01\/\u592709-LEVEILLEUR\u2014FR\u2014WEB-212x300.jpeg 212w, https:\/\/www.allersretoursasso.fr\/wp-content\/uploads\/2025\/01\/\u592709-LEVEILLEUR\u2014FR\u2014WEB-768x1086.jpeg 768w, https:\/\/www.allersretoursasso.fr\/wp-content\/uploads\/2025\/01\/\u592709-LEVEILLEUR\u2014FR\u2014WEB-8x12.jpeg 8w, https:\/\/www.allersretoursasso.fr\/wp-content\/uploads\/2025\/01\/\u592709-LEVEILLEUR\u2014FR\u2014WEB-350x495.jpeg 350w, https:\/\/www.allersretoursasso.fr\/wp-content\/uploads\/2025\/01\/\u592709-LEVEILLEUR\u2014FR\u2014WEB.jpeg 905w\" sizes=\"(max-width: 724px) 100vw, 724px\" \/><\/a><figcaption class=\"wp-element-caption\"><a href=\"https:\/\/www.allersretoursasso.fr\/zh\/festival2025-le-veilleur\/\"><strong>Le Veilleur <\/strong>de Lou DU PONTAVICE et Victoire BONIN GRAIS<br><strong>\u5b88\u671b\u8005<\/strong><\/a><\/figcaption><\/figure>\n<\/div><\/div>\n<\/div><\/div>\n<\/div><\/div>\n<\/div>\n<\/div>\n\n\n\n<div class=\"wp-block-columns is-not-stacked-on-mobile is-layout-flex wp-container-core-columns-layout-6 wp-block-columns-is-layout-flex\">\n<div class=\"wp-block-column is-layout-flow wp-block-column-is-layout-flow\">\n<div class=\"wp-block-group is-layout-flow wp-block-group-is-layout-flow\"><div class=\"wp-block-group__inner-container\">\n<div class=\"wp-block-group is-layout-flow wp-block-group-is-layout-flow\"><div class=\"wp-block-group__inner-container\">\n<div class=\"wp-block-group is-layout-flow wp-block-group-is-layout-flow\"><div class=\"wp-block-group__inner-container\">\n<figure class=\"wp-block-image size-large is-resized\"><a href=\"https:\/\/www.allersretoursasso.fr\/zh\/festival2025-the-absent\/\"><img loading=\"lazy\" decoding=\"async\" width=\"689\" height=\"1024\" src=\"https:\/\/www.allersretoursasso.fr\/wp-content\/uploads\/2025\/01\/\u592710-The-Absent-poster-689x1024.jpeg\" alt=\"\" class=\"wp-image-5776\" style=\"width:185px;height:auto\" srcset=\"https:\/\/www.allersretoursasso.fr\/wp-content\/uploads\/2025\/01\/\u592710-The-Absent-poster-689x1024.jpeg 689w, https:\/\/www.allersretoursasso.fr\/wp-content\/uploads\/2025\/01\/\u592710-The-Absent-poster-202x300.jpeg 202w, https:\/\/www.allersretoursasso.fr\/wp-content\/uploads\/2025\/01\/\u592710-The-Absent-poster-768x1142.jpeg 768w, https:\/\/www.allersretoursasso.fr\/wp-content\/uploads\/2025\/01\/\u592710-The-Absent-poster-8x12.jpeg 8w, https:\/\/www.allersretoursasso.fr\/wp-content\/uploads\/2025\/01\/\u592710-The-Absent-poster-350x520.jpeg 350w, https:\/\/www.allersretoursasso.fr\/wp-content\/uploads\/2025\/01\/\u592710-The-Absent-poster.jpeg 861w\" sizes=\"(max-width: 689px) 100vw, 689px\" \/><\/a><figcaption class=\"wp-element-caption\"><a href=\"https:\/\/www.allersretoursasso.fr\/zh\/festival2025-the-absent\/\"><strong>The Absent<\/strong> de LU Dan<br><strong>\u51ac\u65c5\u4eba<\/strong> \u9c81\u4e39<\/a><\/figcaption><\/figure>\n<\/div><\/div>\n<\/div><\/div>\n<\/div><\/div>\n<\/div>\n\n\n\n<div class=\"wp-block-column is-layout-flow wp-block-column-is-layout-flow\">\n<div class=\"wp-block-group is-layout-flow wp-block-group-is-layout-flow\"><div class=\"wp-block-group__inner-container\">\n<div class=\"wp-block-group is-layout-flow wp-block-group-is-layout-flow\"><div class=\"wp-block-group__inner-container\">\n<div class=\"wp-block-group is-layout-flow wp-block-group-is-layout-flow\"><div class=\"wp-block-group__inner-container\">\n<figure class=\"wp-block-image size-large is-resized\"><a href=\"https:\/\/www.allersretoursasso.fr\/zh\/festival2025-frankenfish-by-the-river\/\"><img loading=\"lazy\" decoding=\"async\" width=\"691\" height=\"1024\" src=\"https:\/\/www.allersretoursasso.fr\/wp-content\/uploads\/2025\/01\/\u9c7c\u602a\u6d77\u62a5_-691x1024.jpg\" alt=\"\" class=\"wp-image-5793\" style=\"width:185px\" srcset=\"https:\/\/www.allersretoursasso.fr\/wp-content\/uploads\/2025\/01\/\u9c7c\u602a\u6d77\u62a5_-691x1024.jpg 691w, https:\/\/www.allersretoursasso.fr\/wp-content\/uploads\/2025\/01\/\u9c7c\u602a\u6d77\u62a5_-203x300.jpg 203w, https:\/\/www.allersretoursasso.fr\/wp-content\/uploads\/2025\/01\/\u9c7c\u602a\u6d77\u62a5_-768x1138.jpg 768w, https:\/\/www.allersretoursasso.fr\/wp-content\/uploads\/2025\/01\/\u9c7c\u602a\u6d77\u62a5_-1037x1536.jpg 1037w, https:\/\/www.allersretoursasso.fr\/wp-content\/uploads\/2025\/01\/\u9c7c\u602a\u6d77\u62a5_-1382x2048.jpg 1382w, https:\/\/www.allersretoursasso.fr\/wp-content\/uploads\/2025\/01\/\u9c7c\u602a\u6d77\u62a5_-8x12.jpg 8w, https:\/\/www.allersretoursasso.fr\/wp-content\/uploads\/2025\/01\/\u9c7c\u602a\u6d77\u62a5_-350x519.jpg 350w, https:\/\/www.allersretoursasso.fr\/wp-content\/uploads\/2025\/01\/\u9c7c\u602a\u6d77\u62a5_-scaled.jpg 1728w\" sizes=\"(max-width: 691px) 100vw, 691px\" \/><\/a><figcaption class=\"wp-element-caption\"><strong>&nbsp;<\/strong><a href=\"https:\/\/www.allersretoursasso.fr\/zh\/festival2025-frankenfish-by-the-river\/\"><strong>Frankenfish by the River<\/strong> de&nbsp;CHEN Yusha<br><strong>\u6211\u4eec\u5728\u6cb3\u7554\u5e0c\u671b\u88ab\u9c7c\u602a\u5403\u6389<\/strong> \u9648\u8bed\u6c99<\/a><\/figcaption><\/figure>\n<\/div><\/div>\n<\/div><\/div>\n<\/div><\/div>\n<\/div>\n\n\n\n<div class=\"wp-block-column is-vertically-aligned-top is-layout-flow wp-block-column-is-layout-flow\">\n<div class=\"wp-block-group is-layout-flow wp-block-group-is-layout-flow\"><div class=\"wp-block-group__inner-container\">\n<div class=\"wp-block-group is-layout-flow wp-block-group-is-layout-flow\"><div class=\"wp-block-group__inner-container\">\n<div class=\"wp-block-group is-layout-constrained wp-block-group-is-layout-constrained\"><div class=\"wp-block-group__inner-container\">\n<figure class=\"wp-block-image size-full is-resized\"><a href=\"https:\/\/www.allersretoursasso.fr\/zh\/festival2025-en-garde\/\"><img loading=\"lazy\" decoding=\"async\" width=\"682\" height=\"970\" src=\"https:\/\/www.allersretoursasso.fr\/wp-content\/uploads\/2025\/01\/\u622a\u5c4f2025-01-03-22.50.08.png\" alt=\"\" class=\"wp-image-5782\" style=\"width:190px\" srcset=\"https:\/\/www.allersretoursasso.fr\/wp-content\/uploads\/2025\/01\/\u622a\u5c4f2025-01-03-22.50.08.png 682w, https:\/\/www.allersretoursasso.fr\/wp-content\/uploads\/2025\/01\/\u622a\u5c4f2025-01-03-22.50.08-211x300.png 211w, https:\/\/www.allersretoursasso.fr\/wp-content\/uploads\/2025\/01\/\u622a\u5c4f2025-01-03-22.50.08-8x12.png 8w, https:\/\/www.allersretoursasso.fr\/wp-content\/uploads\/2025\/01\/\u622a\u5c4f2025-01-03-22.50.08-350x498.png 350w\" sizes=\"(max-width: 682px) 100vw, 682px\" \/><\/a><figcaption class=\"wp-element-caption\"><a href=\"https:\/\/www.allersretoursasso.fr\/zh\/festival2025-en-garde\/\"><strong>En Garde (Pierce)<\/strong> de Nelicia LOW<br><strong>\u523a\u5fc3\u5207\u9aa8<\/strong> \u5218\u6167\u4f36<\/a><\/figcaption><\/figure>\n<\/div><\/div>\n<\/div><\/div>\n<\/div><\/div>\n<\/div>\n<\/div>\n\n\n\n<h3 class=\"wp-block-heading has-text-align-center\"><strong>\u77ed\u7247<\/strong><br>\u77ed\u7247\u7ec4<\/h3>\n\n\n\n<div class=\"wp-block-columns is-not-stacked-on-mobile is-layout-flex wp-container-core-columns-layout-7 wp-block-columns-is-layout-flex\">\n<div class=\"wp-block-column is-layout-flow wp-block-column-is-layout-flow\">\n<div class=\"wp-block-group is-layout-flow wp-block-group-is-layout-flow\"><div class=\"wp-block-group__inner-container\">\n<div class=\"wp-block-group is-layout-flow wp-block-group-is-layout-flow\"><div class=\"wp-block-group__inner-container\">\n<div class=\"wp-block-group is-layout-flow wp-block-group-is-layout-flow\"><div class=\"wp-block-group__inner-container\">\n<figure class=\"wp-block-image size-large is-resized\"><a href=\"https:\/\/www.allersretoursasso.fr\/zh\/festival2025-the-burning-light\/\"><img loading=\"lazy\" decoding=\"async\" width=\"683\" height=\"1024\" src=\"https:\/\/www.allersretoursasso.fr\/wp-content\/uploads\/2025\/01\/13-1-The-Burning-Night-683x1024.jpg\" alt=\"\" class=\"wp-image-5611\" style=\"width:183px;height:auto\" srcset=\"https:\/\/www.allersretoursasso.fr\/wp-content\/uploads\/2025\/01\/13-1-The-Burning-Night-683x1024.jpg 683w, https:\/\/www.allersretoursasso.fr\/wp-content\/uploads\/2025\/01\/13-1-The-Burning-Night-200x300.jpg 200w, https:\/\/www.allersretoursasso.fr\/wp-content\/uploads\/2025\/01\/13-1-The-Burning-Night-768x1152.jpg 768w, https:\/\/www.allersretoursasso.fr\/wp-content\/uploads\/2025\/01\/13-1-The-Burning-Night-1024x1536.jpg 1024w, https:\/\/www.allersretoursasso.fr\/wp-content\/uploads\/2025\/01\/13-1-The-Burning-Night-1365x2048.jpg 1365w, https:\/\/www.allersretoursasso.fr\/wp-content\/uploads\/2025\/01\/13-1-The-Burning-Night-8x12.jpg 8w, https:\/\/www.allersretoursasso.fr\/wp-content\/uploads\/2025\/01\/13-1-The-Burning-Night-350x525.jpg 350w, https:\/\/www.allersretoursasso.fr\/wp-content\/uploads\/2025\/01\/13-1-The-Burning-Night-scaled.jpg 1707w\" sizes=\"(max-width: 683px) 100vw, 683px\" \/><\/a><figcaption class=\"wp-element-caption\"><a href=\"https:\/\/www.allersretoursasso.fr\/zh\/festival2023-silver-bird-and-rainbow-fish\/\" target=\"_blank\" rel=\"noreferrer noopener\"><\/a><a href=\"https:\/\/www.allersretoursasso.fr\/zh\/festival2025-the-burning-light\/\"><strong>The Burning Night <\/strong>de Demon WONG<br><strong>\u71c3\u591c<\/strong> \u738b\u715c<\/a><\/figcaption><\/figure>\n<\/div><\/div>\n<\/div><\/div>\n<\/div><\/div>\n<\/div>\n\n\n\n<div class=\"wp-block-column is-layout-flow wp-block-column-is-layout-flow\">\n<div class=\"wp-block-group is-layout-flow wp-block-group-is-layout-flow\"><div class=\"wp-block-group__inner-container\">\n<div class=\"wp-block-group is-layout-flow wp-block-group-is-layout-flow\"><div class=\"wp-block-group__inner-container\">\n<div class=\"wp-block-group is-layout-flow wp-block-group-is-layout-flow\"><div class=\"wp-block-group__inner-container\">\n<figure class=\"wp-block-image size-large is-resized\"><a href=\"https:\/\/www.allersretoursasso.fr\/zh\/festival2025-spring-23\/\"><img loading=\"lazy\" decoding=\"async\" width=\"683\" height=\"1024\" src=\"https:\/\/www.allersretoursasso.fr\/wp-content\/uploads\/2025\/01\/13-2-Affiche_Spring23-683x1024.jpg\" alt=\"\" class=\"wp-image-5630\" style=\"width:183px;height:auto\" srcset=\"https:\/\/www.allersretoursasso.fr\/wp-content\/uploads\/2025\/01\/13-2-Affiche_Spring23-683x1024.jpg 683w, https:\/\/www.allersretoursasso.fr\/wp-content\/uploads\/2025\/01\/13-2-Affiche_Spring23-200x300.jpg 200w, https:\/\/www.allersretoursasso.fr\/wp-content\/uploads\/2025\/01\/13-2-Affiche_Spring23-768x1152.jpg 768w, https:\/\/www.allersretoursasso.fr\/wp-content\/uploads\/2025\/01\/13-2-Affiche_Spring23-1024x1536.jpg 1024w, https:\/\/www.allersretoursasso.fr\/wp-content\/uploads\/2025\/01\/13-2-Affiche_Spring23-1365x2048.jpg 1365w, https:\/\/www.allersretoursasso.fr\/wp-content\/uploads\/2025\/01\/13-2-Affiche_Spring23-8x12.jpg 8w, https:\/\/www.allersretoursasso.fr\/wp-content\/uploads\/2025\/01\/13-2-Affiche_Spring23-350x525.jpg 350w, https:\/\/www.allersretoursasso.fr\/wp-content\/uploads\/2025\/01\/13-2-Affiche_Spring23-scaled.jpg 1707w\" sizes=\"(max-width: 683px) 100vw, 683px\" \/><\/a><figcaption class=\"wp-element-caption\"><a href=\"https:\/\/www.allersretoursasso.fr\/zh\/festival2023-bipolar\/\"><\/a><a href=\"https:\/\/www.allersretoursasso.fr\/zh\/festival2025-spring-23\/\"><strong><strong>Spring 23<\/strong> <\/strong>de WANG Zhiyi<br><strong>\u6625\u4e8c\u5341\u4e09<\/strong> \u738b\u77e5\u7591<\/a><\/figcaption><\/figure>\n<\/div><\/div>\n<\/div><\/div>\n<\/div><\/div>\n<\/div>\n\n\n\n<div class=\"wp-block-column is-vertically-aligned-top is-layout-flow wp-block-column-is-layout-flow\">\n<div class=\"wp-block-group is-layout-flow wp-block-group-is-layout-flow\"><div class=\"wp-block-group__inner-container\">\n<div class=\"wp-block-group is-layout-flow wp-block-group-is-layout-flow\"><div class=\"wp-block-group__inner-container\">\n<div class=\"wp-block-group is-layout-flow wp-block-group-is-layout-flow\"><div class=\"wp-block-group__inner-container\">\n<figure class=\"wp-block-image size-large is-resized\"><a href=\"https:\/\/www.allersretoursasso.fr\/zh\/festival2025-dodo\/\"><img loading=\"lazy\" decoding=\"async\" width=\"723\" height=\"1024\" src=\"https:\/\/www.allersretoursasso.fr\/wp-content\/uploads\/2025\/01\/13-3-Dodo_Poster_DIN-A4_300dpi-723x1024.jpg\" alt=\"\" class=\"wp-image-5640\" style=\"width:193px\" srcset=\"https:\/\/www.allersretoursasso.fr\/wp-content\/uploads\/2025\/01\/13-3-Dodo_Poster_DIN-A4_300dpi-723x1024.jpg 723w, https:\/\/www.allersretoursasso.fr\/wp-content\/uploads\/2025\/01\/13-3-Dodo_Poster_DIN-A4_300dpi-212x300.jpg 212w, https:\/\/www.allersretoursasso.fr\/wp-content\/uploads\/2025\/01\/13-3-Dodo_Poster_DIN-A4_300dpi-768x1088.jpg 768w, https:\/\/www.allersretoursasso.fr\/wp-content\/uploads\/2025\/01\/13-3-Dodo_Poster_DIN-A4_300dpi-1085x1536.jpg 1085w, https:\/\/www.allersretoursasso.fr\/wp-content\/uploads\/2025\/01\/13-3-Dodo_Poster_DIN-A4_300dpi-1446x2048.jpg 1446w, https:\/\/www.allersretoursasso.fr\/wp-content\/uploads\/2025\/01\/13-3-Dodo_Poster_DIN-A4_300dpi-8x12.jpg 8w, https:\/\/www.allersretoursasso.fr\/wp-content\/uploads\/2025\/01\/13-3-Dodo_Poster_DIN-A4_300dpi-350x496.jpg 350w, https:\/\/www.allersretoursasso.fr\/wp-content\/uploads\/2025\/01\/13-3-Dodo_Poster_DIN-A4_300dpi-scaled.jpg 1808w\" sizes=\"(max-width: 723px) 100vw, 723px\" \/><\/a><figcaption class=\"wp-element-caption\"><a href=\"https:\/\/www.allersretoursasso.fr\/zh\/festival2023-go-fishing\/\" data-type=\"URL\"><\/a><strong><a href=\"https:\/\/www.allersretoursasso.fr\/zh\/festival2023-the-dreamland\/\" target=\"_blank\" rel=\"noreferrer noopener\"><\/a><\/strong><a href=\"https:\/\/www.allersretoursasso.fr\/zh\/festival2025-dodo\/\"><strong><strong>Dodo<\/strong> <\/strong>de LUO Yi<br><strong>\u8c46\u8c46 <\/strong>\u7f57\u7ffc<\/a><\/figcaption><\/figure>\n<\/div><\/div>\n<\/div><\/div>\n<\/div><\/div>\n<\/div>\n<\/div>\n\n\n\n<div class=\"wp-block-columns is-not-stacked-on-mobile is-layout-flex wp-container-core-columns-layout-8 wp-block-columns-is-layout-flex\">\n<div class=\"wp-block-column is-layout-flow wp-block-column-is-layout-flow\">\n<div class=\"wp-block-group is-layout-flow wp-block-group-is-layout-flow\"><div class=\"wp-block-group__inner-container\">\n<div class=\"wp-block-group is-layout-flow wp-block-group-is-layout-flow\"><div class=\"wp-block-group__inner-container\">\n<div class=\"wp-block-group is-layout-flow wp-block-group-is-layout-flow\"><div class=\"wp-block-group__inner-container\">\n<figure class=\"wp-block-image size-large is-resized\"><a href=\"https:\/\/www.allersretoursasso.fr\/zh\/festival2025-the-poison-cat\/\"><img loading=\"lazy\" decoding=\"async\" width=\"768\" height=\"1024\" src=\"https:\/\/www.allersretoursasso.fr\/wp-content\/uploads\/2025\/01\/13-4-The-Poison-Cat\u6bd2\u836f\u732b\u6d77\u62a5\u4e3b_EN-768x1024.jpg\" alt=\"\" class=\"wp-image-5650\" style=\"width:190px\" srcset=\"https:\/\/www.allersretoursasso.fr\/wp-content\/uploads\/2025\/01\/13-4-The-Poison-Cat\u6bd2\u836f\u732b\u6d77\u62a5\u4e3b_EN-768x1024.jpg 768w, https:\/\/www.allersretoursasso.fr\/wp-content\/uploads\/2025\/01\/13-4-The-Poison-Cat\u6bd2\u836f\u732b\u6d77\u62a5\u4e3b_EN-225x300.jpg 225w, https:\/\/www.allersretoursasso.fr\/wp-content\/uploads\/2025\/01\/13-4-The-Poison-Cat\u6bd2\u836f\u732b\u6d77\u62a5\u4e3b_EN-1152x1536.jpg 1152w, https:\/\/www.allersretoursasso.fr\/wp-content\/uploads\/2025\/01\/13-4-The-Poison-Cat\u6bd2\u836f\u732b\u6d77\u62a5\u4e3b_EN-1536x2048.jpg 1536w, https:\/\/www.allersretoursasso.fr\/wp-content\/uploads\/2025\/01\/13-4-The-Poison-Cat\u6bd2\u836f\u732b\u6d77\u62a5\u4e3b_EN-9x12.jpg 9w, https:\/\/www.allersretoursasso.fr\/wp-content\/uploads\/2025\/01\/13-4-The-Poison-Cat\u6bd2\u836f\u732b\u6d77\u62a5\u4e3b_EN-350x467.jpg 350w, https:\/\/www.allersretoursasso.fr\/wp-content\/uploads\/2025\/01\/13-4-The-Poison-Cat\u6bd2\u836f\u732b\u6d77\u62a5\u4e3b_EN.jpg 1800w\" sizes=\"(max-width: 767px) 89vw, (max-width: 1000px) 54vw, (max-width: 1071px) 543px, 580px\" \/><\/a><figcaption class=\"wp-element-caption\"><strong>&nbsp;<\/strong><a href=\"https:\/\/www.allersretoursasso.fr\/zh\/festival2025-the-poison-cat\/\"><strong>The Poison Cat<\/strong> de GUAN Tian<br><strong>\u6bd2\u836f\u732b<\/strong> \u5173\u5929<\/a><\/figcaption><\/figure>\n<\/div><\/div>\n<\/div><\/div>\n<\/div><\/div>\n<\/div>\n\n\n\n<div class=\"wp-block-column is-layout-flow wp-block-column-is-layout-flow\">\n<div class=\"wp-block-group is-layout-flow wp-block-group-is-layout-flow\"><div class=\"wp-block-group__inner-container\">\n<div class=\"wp-block-group is-layout-flow wp-block-group-is-layout-flow\"><div class=\"wp-block-group__inner-container\">\n<div class=\"wp-block-group is-layout-constrained wp-block-group-is-layout-constrained\"><div class=\"wp-block-group__inner-container\">\n<figure class=\"wp-block-image size-large is-resized\"><a href=\"https:\/\/www.allersretoursasso.fr\/zh\/festival2025-life-is-snow\/\"><img loading=\"lazy\" decoding=\"async\" width=\"722\" height=\"1024\" src=\"https:\/\/www.allersretoursasso.fr\/wp-content\/uploads\/2025\/01\/13-5-Life-is-Snow-poster-722x1024.png\" alt=\"\" class=\"wp-image-5659\" style=\"width:180px\" srcset=\"https:\/\/www.allersretoursasso.fr\/wp-content\/uploads\/2025\/01\/13-5-Life-is-Snow-poster-722x1024.png 722w, https:\/\/www.allersretoursasso.fr\/wp-content\/uploads\/2025\/01\/13-5-Life-is-Snow-poster-212x300.png 212w, https:\/\/www.allersretoursasso.fr\/wp-content\/uploads\/2025\/01\/13-5-Life-is-Snow-poster-768x1089.png 768w, https:\/\/www.allersretoursasso.fr\/wp-content\/uploads\/2025\/01\/13-5-Life-is-Snow-poster-1083x1536.png 1083w, https:\/\/www.allersretoursasso.fr\/wp-content\/uploads\/2025\/01\/13-5-Life-is-Snow-poster-8x12.png 8w, https:\/\/www.allersretoursasso.fr\/wp-content\/uploads\/2025\/01\/13-5-Life-is-Snow-poster-350x496.png 350w, https:\/\/www.allersretoursasso.fr\/wp-content\/uploads\/2025\/01\/13-5-Life-is-Snow-poster.png 1280w\" sizes=\"(max-width: 722px) 100vw, 722px\" \/><\/a><figcaption class=\"wp-element-caption\"><a href=\"https:\/\/www.allersretoursasso.fr\/zh\/festival2025-life-is-snow\/\"><strong>Life is Snow<\/strong> de ZHANG Yaoyuan<br><strong>\u76f8\u8c08 <\/strong>\u5f20\u66dc\u5143<\/a><\/figcaption><\/figure>\n<\/div><\/div>\n<\/div><\/div>\n<\/div><\/div>\n<\/div>\n\n\n\n<div class=\"wp-block-column is-vertically-aligned-top is-layout-flow wp-block-column-is-layout-flow\">\n<div class=\"wp-block-group is-layout-flow wp-block-group-is-layout-flow\"><div class=\"wp-block-group__inner-container\"><\/div><\/div>\n<\/div>\n<\/div>\n\n\n\n<h3 class=\"wp-block-heading has-text-align-left\"><\/h3>\n<\/div><\/div>\n\n\n\n<div class=\"wp-block-columns has-background is-layout-flex wp-container-core-columns-layout-10 wp-block-columns-is-layout-flex\" style=\"background-color:#c2bcab21\">\n<div class=\"wp-block-column is-layout-flow wp-block-column-is-layout-flow\">\n<h3 class=\"wp-block-heading has-text-align-left has-medium-font-size\"><strong>Table ronde au Mus\u00e9e Guimet \u5706\u684c\u4ea4\u6d41\u4f1a<\/strong><br>Jeunes auteurs, regards crois\u00e9s<\/h3>\n\n\n\n<div class=\"wp-block-columns is-layout-flex wp-container-core-columns-layout-9 wp-block-columns-is-layout-flex\">\n<div class=\"wp-block-column is-layout-flow wp-block-column-is-layout-flow\" style=\"flex-basis:66.66%\">\n<p><strong>Samedi 8 f\u00e9vrier \u00e0 15h45<\/strong> au Mus\u00e9e national des arts asiatiques-Guimet (entr\u00e9e libre)<\/p>\n\n\n\n<p>Animatrice : Flora LICHAA<br>Intervenants : YANG Suiyi, LU Dan, CHEN Yusha<\/p>\n\n\n\n<div class=\"wp-block-buttons is-content-justification-center is-layout-flex wp-container-core-buttons-layout-4 wp-block-buttons-is-layout-flex\">\n<div class=\"wp-block-button has-custom-font-size has-small-font-size\"><a class=\"wp-block-button__link wp-element-button\" href=\"https:\/\/www.allersretoursasso.fr\/zh\/festival2025-table-ronde\/\" style=\"border-radius:8px\">Plus d&#8217;informations \u8be6\u7ec6\u5185\u5bb9<\/a><\/div>\n<\/div>\n<\/div>\n\n\n\n<div class=\"wp-block-column is-vertically-aligned-bottom is-layout-flow wp-block-column-is-layout-flow\" style=\"flex-basis:33.33%\"><div class=\"wp-block-image\">\n<figure class=\"aligncenter size-large is-resized\"><a href=\"https:\/\/www.allersretoursasso.fr\/zh\/festival2025-table-ronde\/\"><img loading=\"lazy\" decoding=\"async\" width=\"1024\" height=\"1024\" src=\"https:\/\/www.allersretoursasso.fr\/wp-content\/uploads\/2025\/01\/Intervenants-Table-ronde_FAR2025-1024x1024.jpg\" alt=\"\" class=\"wp-image-5920\" style=\"width:200px;height:auto\" srcset=\"https:\/\/www.allersretoursasso.fr\/wp-content\/uploads\/2025\/01\/Intervenants-Table-ronde_FAR2025-1024x1024.jpg 1024w, https:\/\/www.allersretoursasso.fr\/wp-content\/uploads\/2025\/01\/Intervenants-Table-ronde_FAR2025-300x300.jpg 300w, https:\/\/www.allersretoursasso.fr\/wp-content\/uploads\/2025\/01\/Intervenants-Table-ronde_FAR2025-150x150.jpg 150w, https:\/\/www.allersretoursasso.fr\/wp-content\/uploads\/2025\/01\/Intervenants-Table-ronde_FAR2025-768x768.jpg 768w, https:\/\/www.allersretoursasso.fr\/wp-content\/uploads\/2025\/01\/Intervenants-Table-ronde_FAR2025-12x12.jpg 12w, https:\/\/www.allersretoursasso.fr\/wp-content\/uploads\/2025\/01\/Intervenants-Table-ronde_FAR2025-100x100.jpg 100w, https:\/\/www.allersretoursasso.fr\/wp-content\/uploads\/2025\/01\/Intervenants-Table-ronde_FAR2025-350x350.jpg 350w, https:\/\/www.allersretoursasso.fr\/wp-content\/uploads\/2025\/01\/Intervenants-Table-ronde_FAR2025.jpg 1080w\" sizes=\"(max-width: 767px) 89vw, (max-width: 1000px) 54vw, (max-width: 1071px) 543px, 580px\" \/><\/a><\/figure><\/div><\/div>\n<\/div>\n<\/div>\n<\/div>\n\n\n\n<div class=\"wp-block-columns has-background is-layout-flex wp-container-core-columns-layout-12 wp-block-columns-is-layout-flex\" style=\"background-color:#977fb317\">\n<div class=\"wp-block-column is-layout-flow wp-block-column-is-layout-flow\">\n<h3 class=\"wp-block-heading has-text-align-center has-medium-font-size\"><strong>Master classes \u00e0 l&#8217;Universit\u00e9 Rennes 2<\/strong><br><strong>\u5bfc\u6f14\u5bf9\u8c08<\/strong><\/h3>\n\n\n\n<p class=\"has-text-align-center\">Campus Villejean, salle L201 (Entr\u00e9e libre)<\/p>\n\n\n\n<div class=\"wp-block-columns is-layout-flex wp-container-core-columns-layout-11 wp-block-columns-is-layout-flex\">\n<div class=\"wp-block-column is-layout-flow wp-block-column-is-layout-flow\">\n<p class=\"has-text-align-center has-black-color has-text-color has-link-color wp-elements-27c1bba7e62aded560d457fd3abea4c7\" style=\"font-size:16px\"><strong>Master class de YANG Suiyi<\/strong><br>\u5bf9\u8c08\u6768\u7a57\u76ca<\/p>\n\n\n<div class=\"wp-block-image\">\n<figure class=\"aligncenter size-large is-resized\"><img loading=\"lazy\" decoding=\"async\" width=\"1024\" height=\"1024\" src=\"https:\/\/www.allersretoursasso.fr\/wp-content\/uploads\/2025\/01\/Directors-Headshot_YANG-Suiyi-edited-2-1024x1024.jpg\" alt=\"\" class=\"wp-image-5916\" style=\"aspect-ratio:1;object-fit:cover;width:180px\" srcset=\"https:\/\/www.allersretoursasso.fr\/wp-content\/uploads\/2025\/01\/Directors-Headshot_YANG-Suiyi-edited-2-1024x1024.jpg 1024w, https:\/\/www.allersretoursasso.fr\/wp-content\/uploads\/2025\/01\/Directors-Headshot_YANG-Suiyi-edited-2-300x300.jpg 300w, https:\/\/www.allersretoursasso.fr\/wp-content\/uploads\/2025\/01\/Directors-Headshot_YANG-Suiyi-edited-2-150x150.jpg 150w, https:\/\/www.allersretoursasso.fr\/wp-content\/uploads\/2025\/01\/Directors-Headshot_YANG-Suiyi-edited-2-768x768.jpg 768w, https:\/\/www.allersretoursasso.fr\/wp-content\/uploads\/2025\/01\/Directors-Headshot_YANG-Suiyi-edited-2-1536x1536.jpg 1536w, https:\/\/www.allersretoursasso.fr\/wp-content\/uploads\/2025\/01\/Directors-Headshot_YANG-Suiyi-edited-2-12x12.jpg 12w, https:\/\/www.allersretoursasso.fr\/wp-content\/uploads\/2025\/01\/Directors-Headshot_YANG-Suiyi-edited-2-100x100.jpg 100w, https:\/\/www.allersretoursasso.fr\/wp-content\/uploads\/2025\/01\/Directors-Headshot_YANG-Suiyi-edited-2-350x350.jpg 350w, https:\/\/www.allersretoursasso.fr\/wp-content\/uploads\/2025\/01\/Directors-Headshot_YANG-Suiyi-edited-2.jpg 1563w\" sizes=\"(max-width: 767px) 89vw, (max-width: 1000px) 54vw, (max-width: 1071px) 543px, 580px\" \/><\/figure><\/div>\n\n\n<p class=\"has-text-align-center has-black-color has-text-color has-link-color wp-elements-d7c6cc40f09262550f5862b7d8f79370\" style=\"font-size:15px\"><strong>Lundi 3 f\u00e9vrier<\/strong> de 18h00 \u00e0 20h00<\/p>\n<\/div>\n\n\n\n<div class=\"wp-block-column is-layout-flow wp-block-column-is-layout-flow\">\n<p class=\"has-text-align-center has-black-color has-text-color has-link-color wp-elements-b07eeb41cb61eebbb4f0bfc05414c228\" style=\"font-size:16px\"><strong>Master class de LU Dan<\/strong><br>\u5bf9\u8c08\u9c81\u4e39<\/p>\n\n\n<div class=\"wp-block-image is-style-default\">\n<figure class=\"aligncenter size-large is-resized\"><img loading=\"lazy\" decoding=\"async\" width=\"1024\" height=\"1024\" src=\"https:\/\/www.allersretoursasso.fr\/wp-content\/uploads\/2025\/01\/10-LU-Dan-The-Absent-edited-1024x1024.jpeg\" alt=\"\" class=\"wp-image-5779\" style=\"width:180px\" srcset=\"https:\/\/www.allersretoursasso.fr\/wp-content\/uploads\/2025\/01\/10-LU-Dan-The-Absent-edited-1024x1024.jpeg 1024w, https:\/\/www.allersretoursasso.fr\/wp-content\/uploads\/2025\/01\/10-LU-Dan-The-Absent-edited-300x300.jpeg 300w, https:\/\/www.allersretoursasso.fr\/wp-content\/uploads\/2025\/01\/10-LU-Dan-The-Absent-edited-150x150.jpeg 150w, https:\/\/www.allersretoursasso.fr\/wp-content\/uploads\/2025\/01\/10-LU-Dan-The-Absent-edited-768x767.jpeg 768w, https:\/\/www.allersretoursasso.fr\/wp-content\/uploads\/2025\/01\/10-LU-Dan-The-Absent-edited-12x12.jpeg 12w, https:\/\/www.allersretoursasso.fr\/wp-content\/uploads\/2025\/01\/10-LU-Dan-The-Absent-edited-100x100.jpeg 100w, https:\/\/www.allersretoursasso.fr\/wp-content\/uploads\/2025\/01\/10-LU-Dan-The-Absent-edited-350x350.jpeg 350w, https:\/\/www.allersretoursasso.fr\/wp-content\/uploads\/2025\/01\/10-LU-Dan-The-Absent-edited.jpeg 1087w\" sizes=\"(max-width: 767px) 89vw, (max-width: 1000px) 54vw, (max-width: 1071px) 543px, 580px\" \/><\/figure><\/div>\n\n\n<p class=\"has-text-align-center has-black-color has-text-color has-link-color wp-elements-94eb1cbf5fc339a6646bed3fc7e1fa09\" style=\"font-size:15px\"><strong>Mardi 4 f\u00e9vrier<\/strong> de 18h00 \u00e0 20h00<\/p>\n<\/div>\n<\/div>\n\n\n\n<div class=\"wp-block-buttons is-horizontal is-content-justification-center is-layout-flex wp-container-core-buttons-layout-5 wp-block-buttons-is-layout-flex\">\n<div class=\"wp-block-button has-custom-font-size has-small-font-size\"><a class=\"wp-block-button__link wp-element-button\" href=\"https:\/\/www.allersretoursasso.fr\/zh\/festival2025-master-classes\/\" style=\"border-radius:8px\">Plus d&#8217;informations \u8be6\u7ec6\u5185\u5bb9<\/a><\/div>\n<\/div>\n<\/div>\n<\/div>\n\n\n\n<div class=\"wp-block-columns has-background is-layout-flex wp-container-core-columns-layout-13 wp-block-columns-is-layout-flex\" style=\"background-color:#f4f7f2\">\n<div class=\"wp-block-column is-layout-flow wp-block-column-is-layout-flow\">\n<h3 class=\"wp-block-heading has-text-align-left\" style=\"font-size:18px\"><strong>Performance de ZHAO Duan<\/strong><br>Ouverture du festival au Mus\u00e9e Guimet<br>\u827a\u672f\u5bb6\u8d75\u7aef \u5f00\u5e55\u5f0f\u884c\u4e3a\u8868\u6f14<\/h3>\n\n\n\n<p style=\"font-size:16px\"><strong><strong>Vendredi 31 janvier 2025 <\/strong><\/strong><br>au Mus\u00e9e Guimet<br><\/p>\n<\/div>\n\n\n\n<div class=\"wp-block-column is-layout-flow wp-block-column-is-layout-flow\">\n<figure class=\"wp-block-image size-large is-resized\"><img loading=\"lazy\" decoding=\"async\" width=\"2252\" height=\"2251\" src=\"https:\/\/www.allersretoursasso.fr\/wp-content\/uploads\/2025\/01\/721734351676_.pic_hd-1-edited.jpg\" alt=\"\" class=\"wp-image-5812\" style=\"width:266px;height:auto\" srcset=\"https:\/\/www.allersretoursasso.fr\/wp-content\/uploads\/2025\/01\/721734351676_.pic_hd-1-edited.jpg 2252w, https:\/\/www.allersretoursasso.fr\/wp-content\/uploads\/2025\/01\/721734351676_.pic_hd-1-edited-300x300.jpg 300w, https:\/\/www.allersretoursasso.fr\/wp-content\/uploads\/2025\/01\/721734351676_.pic_hd-1-edited-1024x1024.jpg 1024w, https:\/\/www.allersretoursasso.fr\/wp-content\/uploads\/2025\/01\/721734351676_.pic_hd-1-edited-150x150.jpg 150w, https:\/\/www.allersretoursasso.fr\/wp-content\/uploads\/2025\/01\/721734351676_.pic_hd-1-edited-768x768.jpg 768w, https:\/\/www.allersretoursasso.fr\/wp-content\/uploads\/2025\/01\/721734351676_.pic_hd-1-edited-1536x1536.jpg 1536w, https:\/\/www.allersretoursasso.fr\/wp-content\/uploads\/2025\/01\/721734351676_.pic_hd-1-edited-2048x2048.jpg 2048w, https:\/\/www.allersretoursasso.fr\/wp-content\/uploads\/2025\/01\/721734351676_.pic_hd-1-edited-12x12.jpg 12w, https:\/\/www.allersretoursasso.fr\/wp-content\/uploads\/2025\/01\/721734351676_.pic_hd-1-edited-100x100.jpg 100w, https:\/\/www.allersretoursasso.fr\/wp-content\/uploads\/2025\/01\/721734351676_.pic_hd-1-edited-350x350.jpg 350w\" sizes=\"(max-width: 767px) 89vw, (max-width: 1000px) 54vw, (max-width: 1071px) 543px, 580px\" \/><figcaption class=\"wp-element-caption\">Cr\u00e9dit image\u00a9Zhao Duan<\/figcaption><\/figure>\n<\/div>\n<\/div>\n\n\n\n<hr class=\"wp-block-separator has-alpha-channel-opacity is-style-wide\"\/>\n\n\n\n<div class=\"wp-block-buttons is-content-justification-center is-layout-flex wp-container-core-buttons-layout-6 wp-block-buttons-is-layout-flex\">\n<div class=\"wp-block-button has-custom-font-size\" style=\"font-size:15px\"><a class=\"wp-block-button__link wp-element-button\" href=\"https:\/\/www.allersretoursasso.fr\/wp-content\/uploads\/2025\/01\/Brochure_Allers-Retours_2025.pdf\" style=\"border-radius:10px\" target=\"_blank\" rel=\"noreferrer noopener\">T\u00e9l\u00e9charger la programmation compl\u00e8te 2025<\/a><\/div>\n<\/div>\n\n\n\n<p><\/p>\n\n\n\n<figure class=\"wp-block-gallery has-nested-images columns-4 is-cropped wp-block-gallery-1 is-layout-flex wp-block-gallery-is-layout-flex\">\n<figure class=\"wp-block-image size-large\"><a href=\"https:\/\/www.allersretoursasso.fr\/wp-content\/uploads\/2025\/01\/Programme_Paris_31.jan-4.fev2025.jpg\" target=\"_blank\" rel=\"noreferrer noopener\"><img decoding=\"async\" src=\"https:\/\/www.allersretoursasso.fr\/wp-content\/uploads\/2025\/01\/Programme_Paris_31.jan-4.fev2025.jpg\" alt=\"\"\/><\/a><figcaption class=\"wp-element-caption\">Paris 31 janvier-4 f\u00e9vrier<\/figcaption><\/figure>\n\n\n\n<figure class=\"wp-block-image size-large\"><a href=\"https:\/\/www.allersretoursasso.fr\/wp-content\/uploads\/2025\/01\/Programme_Paris_5-9.fev2025.jpg\" target=\"_blank\" rel=\"noreferrer noopener\"><img decoding=\"async\" src=\"https:\/\/www.allersretoursasso.fr\/wp-content\/uploads\/2025\/01\/Programme_Paris_5-9.fev2025.jpg\" alt=\"\"\/><\/a><figcaption class=\"wp-element-caption\">Paris 5-9 f\u00e9vrier<\/figcaption><\/figure>\n\n\n\n<figure class=\"wp-block-image size-large\"><a href=\"https:\/\/www.allersretoursasso.fr\/wp-content\/uploads\/2025\/01\/Programme_Rennes_2025.jpg\" target=\"_blank\" rel=\"noreferrer noopener\"><img decoding=\"async\" src=\"https:\/\/www.allersretoursasso.fr\/wp-content\/uploads\/2025\/01\/Programme_Rennes_2025.jpg\" alt=\"\"\/><\/a><figcaption class=\"wp-element-caption\">Rennes 1-4 f\u00e9vrier<\/figcaption><\/figure>\n\n\n\n<figure class=\"wp-block-image size-large\"><a href=\"https:\/\/www.allersretoursasso.fr\/wp-content\/uploads\/2025\/01\/Programme_Lyon_2025.jpg\" target=\"_blank\" rel=\"noreferrer noopener\"><img decoding=\"async\" src=\"https:\/\/www.allersretoursasso.fr\/wp-content\/uploads\/2025\/01\/Programme_Lyon_2025.jpg\" alt=\"\"\/><\/a><figcaption class=\"wp-element-caption\">Lyon 12-21 f\u00e9vrier<\/figcaption><\/figure>\n<figcaption class=\"blocks-gallery-caption wp-element-caption\">Programme du Festival Allers-Retours 2025<\/figcaption><\/figure>\n\n\n\n<p><\/p>\n\n\n\n<hr class=\"wp-block-separator has-alpha-channel-opacity is-style-wide\"\/>\n\n\n\n<h2 class=\"wp-block-heading has-text-align-center\"><strong>Informations pratiques<\/strong><\/h2>\n\n\n\n<div class=\"wp-block-columns is-layout-flex wp-container-core-columns-layout-14 wp-block-columns-is-layout-flex\">\n<div class=\"wp-block-column is-layout-flow wp-block-column-is-layout-flow\" style=\"flex-basis:33.33%\">\n<h3 class=\"wp-block-heading\">PARIS<\/h3>\n<\/div>\n\n\n\n<div class=\"wp-block-column is-layout-flow wp-block-column-is-layout-flow\" style=\"flex-basis:66.66%\">\n<p><strong>MUS\u00c9E GUIMET<\/strong><br><em>6 place d&#8217;I\u00e9na, 75116 Paris<\/em><br>Tarif unique : gratuit<br><br><strong>STUDIO DES URSULINES<\/strong><br><em>10 rue des Ursulines, 75005 Paris<\/em><br>Tarif : 9 \u20ac &#8211; R\u00e9duit : 7,5<br><br><strong>PATH\u00c9 LES FAUVETTES <\/strong><br><em>58 Av. des Gobelins, 75013 Paris<\/em><br>Tarif : 9 \u20ac &#8211; R\u00e9duit : 7,5 \u20ac<\/p>\n<\/div>\n<\/div>\n\n\n\n<div class=\"wp-block-columns is-layout-flex wp-container-core-columns-layout-15 wp-block-columns-is-layout-flex\">\n<div class=\"wp-block-column is-layout-flow wp-block-column-is-layout-flow\" style=\"flex-basis:33.33%\">\n<h3 class=\"wp-block-heading\">RENNES<\/h3>\n<\/div>\n\n\n\n<div class=\"wp-block-column is-layout-flow wp-block-column-is-layout-flow\" style=\"flex-basis:66.66%\">\n<p><strong>CIN\u00c9MA ARVOR<\/strong><br><em>11 rue de Ch\u00e2tillon, 35000 Rennes<\/em><br>Tarif : 9,9 \u20ac &#8211; R\u00e9duit : 7,2 \u20ac (\u00e9tudiant), 8,3 \u20ac (s\u00e9nior), <br>6,2 \u20ac (Adh\u00e9rent Institut Confucius)<\/p>\n<\/div>\n<\/div>\n\n\n\n<div class=\"wp-block-columns is-layout-flex wp-container-core-columns-layout-16 wp-block-columns-is-layout-flex\">\n<div class=\"wp-block-column is-layout-flow wp-block-column-is-layout-flow\" style=\"flex-basis:33.33%\">\n<h3 class=\"wp-block-heading\">LYON<\/h3>\n<\/div>\n\n\n\n<div class=\"wp-block-column is-layout-flow wp-block-column-is-layout-flow\" style=\"flex-basis:66.66%\">\n<p><strong>CIN\u00c9MA LUMI\u00c8RE FOURMI<\/strong><br><em><em>68 Rue Pierre Corneille, 69003 Lyon<\/em><\/em><br>Tarif : 9,8 \u20ac &#8211; R\u00e9duit : 7,8 \u20ac<br><br><strong>CIN\u00c9MA LES ALIZ\u00c9S<\/strong><br>214 Av. Franklin Roosevelt 69500 Bron<br>Tarif : 5,2 \u20ac<\/p>\n<\/div>\n<\/div>\n\n\n\n<div class=\"wp-block-group is-layout-flow wp-block-group-is-layout-flow\"><div class=\"wp-block-group__inner-container\"><\/div><\/div>\n\n\n\n<p class=\"has-text-align-center\" style=\"font-size:14px\">* Abonnements et r\u00e9ductions habituels des salles accept\u00e9s.<\/p>\n\n\n\n<p><a href=\"https:\/\/www.allersretoursasso.fr\/wp-content\/uploads\/2023\/01\/program-web-144dpi.pdf\" target=\"_blank\" rel=\"noreferrer noopener\"><\/a><\/p>\n\n\n\n<p><\/p>","protected":false},"excerpt":{"rendered":"<p>Le Festival Allers-Retours&nbsp;est une&nbsp;fen\u00eatre ouverte sur le cin\u00e9ma d\u2019auteur sinophone contemporain, guid\u00e9 par les passions et les obsessions des artistes. Fictions et documentaires, premiers travaux ou films de cin\u00e9astes confirm\u00e9s, ces \u0153uvres t\u00e9moignent des sujets actuels au sein des diverses communaut\u00e9s de cet univers et offrent aux spectateurs des images vari\u00e9es, dans des formats, des &hellip; <\/p>\n<p class=\"link-more\"><a href=\"https:\/\/www.allersretoursasso.fr\/zh\/annee-festival-2025\/\" class=\"more-link\">\u7ee7\u7eed\u9605\u8bfb<span class=\"screen-reader-text\">\u201cFestival Allers-Retours 2025\u201d<\/span><\/a><\/p>","protected":false},"author":17,"featured_media":0,"parent":0,"menu_order":0,"comment_status":"closed","ping_status":"closed","template":"","meta":{"footnotes":""},"_links":{"self":[{"href":"https:\/\/www.allersretoursasso.fr\/zh\/wp-json\/wp\/v2\/pages\/5679"}],"collection":[{"href":"https:\/\/www.allersretoursasso.fr\/zh\/wp-json\/wp\/v2\/pages"}],"about":[{"href":"https:\/\/www.allersretoursasso.fr\/zh\/wp-json\/wp\/v2\/types\/page"}],"author":[{"embeddable":true,"href":"https:\/\/www.allersretoursasso.fr\/zh\/wp-json\/wp\/v2\/users\/17"}],"replies":[{"embeddable":true,"href":"https:\/\/www.allersretoursasso.fr\/zh\/wp-json\/wp\/v2\/comments?post=5679"}],"version-history":[{"count":59,"href":"https:\/\/www.allersretoursasso.fr\/zh\/wp-json\/wp\/v2\/pages\/5679\/revisions"}],"predecessor-version":[{"id":6177,"href":"https:\/\/www.allersretoursasso.fr\/zh\/wp-json\/wp\/v2\/pages\/5679\/revisions\/6177"}],"wp:attachment":[{"href":"https:\/\/www.allersretoursasso.fr\/zh\/wp-json\/wp\/v2\/media?parent=5679"}],"curies":[{"name":"wp","href":"https:\/\/api.w.org\/{rel}","templated":true}]}}