{"id":5876,"date":"2025-01-04T22:09:25","date_gmt":"2025-01-04T21:09:25","guid":{"rendered":"https:\/\/www.allersretoursasso.fr\/?page_id=5876"},"modified":"2025-01-08T17:23:09","modified_gmt":"2025-01-08T16:23:09","slug":"festival2025-master-classes","status":"publish","type":"page","link":"https:\/\/www.allersretoursasso.fr\/zh\/festival2025-master-classes\/","title":{"rendered":"Festival Allers Retours 2025  &#8211;  Master classes"},"content":{"rendered":"<div id=\"fb-root\"><\/div>\n\n<p class=\"has-text-align-center\" style=\"font-size:27px;font-style:normal;font-weight:300\"><strong>Master classes \u00e0 l&#8217;Universit\u00e9 Rennes 2<br><\/strong>\u5bfc\u6f14\u5bf9\u8c08<\/p>\n\n\n\n<p class=\"has-text-align-center\" style=\"font-size:18px\">Campus Villejean, salle L201  \uff08Entr\u00e9e libre \u514d\u8d39\u5165\u573a\uff09<em> <\/em><\/p>\n\n\n\n<p><\/p>\n\n\n\n<ul>\n<li><strong>Master class de YANG Suiyi<\/strong> <br>\u5bf9\u8c08\u6768\u7a57\u76ca<br><strong>Lundi 3 f\u00e9vrier<\/strong> <strong>de 18h00 \u00e0 20h00<\/strong><br>2\u67083\u65e5\u5468\u4e00\u4e0b\u5348\u516d\u70b9\u81f3\u516b\u70b9<\/li>\n<\/ul>\n\n\n\n<ul>\n<li><strong>Master class de LU Dan<\/strong><br>\u5bf9\u8c08\u9c81\u4e39<br><strong>Mardi 4 f\u00e9vrier<\/strong> <strong>de 18h00 \u00e0 20h00<\/strong><br>2\u67084\u65e5\u5468\u4e8c\u4e0b\u5348\u516d\u70b9\u81f3\u516b\u70b9<\/li>\n<\/ul>\n\n\n\n<p class=\"has-text-align-left\" style=\"font-size:16px\">Deux master classes, anim\u00e9es par&nbsp;<strong>Flora Lichaa<\/strong>, Ma\u00eetresse de conf\u00e9rences au d\u00e9partement d&#8217;\u00e9tudes chinoises de l&#8217;universit\u00e9 Rennes 2.<\/p>\n\n\n\n<p>Les films seront projet\u00e9s au\u00a0<strong>Cin\u00e9ma Arvor samedi 1er f\u00e9vrier<\/strong>, \u00e0 14h pour\u00a0<em><a href=\"https:\/\/www.allersretoursasso.fr\/zh\/festival2025-the-absent\/\">The Absent<\/a>\u00a0<\/em>et \u00e0 18h pour\u00a0<em><a href=\"https:\/\/www.allersretoursasso.fr\/zh\/festival2025-karst\/\">Karst<\/a><\/em>, en pr\u00e9sence de r\u00e9alisateurs.<\/p>\n\n\n\n<p>\u00c9v\u00e9nements co-organis\u00e9s par l\u2019Universit\u00e9 Rennes 2, l&#8217;Institut Confucius de Bretagne et le Festival Allers-Retours.<\/p>\n\n\n\n<p><\/p>\n\n\n\n<h2 class=\"wp-block-heading\">Animatrice \u4e3b\u6301\u4eba<\/h2>\n\n\n\n<div class=\"wp-block-columns has-background is-layout-flex wp-container-core-columns-layout-1 wp-block-columns-is-layout-flex\" style=\"background-color:#c0abc21c\">\n<div class=\"wp-block-column is-layout-flow wp-block-column-is-layout-flow\" style=\"flex-basis:33.33%\">\n<figure class=\"wp-block-image size-large\"><img loading=\"lazy\" decoding=\"async\" width=\"991\" height=\"1024\" src=\"https:\/\/www.allersretoursasso.fr\/wp-content\/uploads\/2025\/01\/Flora-Lichaa-991x1024.jpg\" alt=\"\" class=\"wp-image-5872\" srcset=\"https:\/\/www.allersretoursasso.fr\/wp-content\/uploads\/2025\/01\/Flora-Lichaa-991x1024.jpg 991w, https:\/\/www.allersretoursasso.fr\/wp-content\/uploads\/2025\/01\/Flora-Lichaa-290x300.jpg 290w, https:\/\/www.allersretoursasso.fr\/wp-content\/uploads\/2025\/01\/Flora-Lichaa-768x794.jpg 768w, https:\/\/www.allersretoursasso.fr\/wp-content\/uploads\/2025\/01\/Flora-Lichaa-1486x1536.jpg 1486w, https:\/\/www.allersretoursasso.fr\/wp-content\/uploads\/2025\/01\/Flora-Lichaa-12x12.jpg 12w, https:\/\/www.allersretoursasso.fr\/wp-content\/uploads\/2025\/01\/Flora-Lichaa-350x362.jpg 350w, https:\/\/www.allersretoursasso.fr\/wp-content\/uploads\/2025\/01\/Flora-Lichaa.jpg 1777w\" sizes=\"(max-width: 767px) 89vw, (max-width: 1000px) 54vw, (max-width: 1071px) 543px, 580px\" \/><\/figure>\n<\/div>\n\n\n\n<div class=\"wp-block-column is-layout-flow wp-block-column-is-layout-flow\" style=\"flex-basis:66.66%\">\n<p style=\"font-size:16px\"><strong>Flora LICHAA<\/strong><br>Ma\u00eetresse de conf\u00e9rences au d\u00e9partement d&#8217;\u00e9tudes chinoises de l&#8217;universit\u00e9 Rennes 2<\/p>\n\n\n\n<p class=\"has-small-font-size\">Sp\u00e9cialiste du cin\u00e9ma chinois, Flora Lichaa a consacr\u00e9 sa th\u00e8se au cin\u00e9ma documentaire chinois avant d\u2019orienter ses recherches vers le cin\u00e9ma d\u2019art et d\u2019essai contemporain. En parall\u00e8le de son enseignement et de ses travaux acad\u00e9miques, elle a anim\u00e9 de nombreuses projections-d\u00e9bats et dirig\u00e9 le festival de cin\u00e9ma ind\u00e9pendant chinois Shadows de 2009 \u00e0 2012.<\/p>\n<\/div>\n<\/div>\n\n\n\n<p><\/p>\n\n\n\n<p><\/p>\n\n\n\n<h2 class=\"wp-block-heading\">Intervenant.es \u53d7\u9080\u5609\u5bbe<\/h2>\n\n\n\n<div class=\"wp-block-columns alignfull has-background is-layout-flex wp-container-core-columns-layout-2 wp-block-columns-is-layout-flex\" style=\"background-color:#abb7c21c\">\n<div class=\"wp-block-column is-layout-flow wp-block-column-is-layout-flow\" style=\"flex-basis:33.33%\">\n<figure class=\"wp-block-image size-large\"><img loading=\"lazy\" decoding=\"async\" width=\"1024\" height=\"1024\" src=\"https:\/\/www.allersretoursasso.fr\/wp-content\/uploads\/2025\/01\/Directors-Headshot_YANG-Suiyi-edited-1-1024x1024.jpg\" alt=\"\" class=\"wp-image-5722\" srcset=\"https:\/\/www.allersretoursasso.fr\/wp-content\/uploads\/2025\/01\/Directors-Headshot_YANG-Suiyi-edited-1-1024x1024.jpg 1024w, https:\/\/www.allersretoursasso.fr\/wp-content\/uploads\/2025\/01\/Directors-Headshot_YANG-Suiyi-edited-1-300x300.jpg 300w, https:\/\/www.allersretoursasso.fr\/wp-content\/uploads\/2025\/01\/Directors-Headshot_YANG-Suiyi-edited-1-150x150.jpg 150w, https:\/\/www.allersretoursasso.fr\/wp-content\/uploads\/2025\/01\/Directors-Headshot_YANG-Suiyi-edited-1-768x768.jpg 768w, https:\/\/www.allersretoursasso.fr\/wp-content\/uploads\/2025\/01\/Directors-Headshot_YANG-Suiyi-edited-1-1536x1536.jpg 1536w, https:\/\/www.allersretoursasso.fr\/wp-content\/uploads\/2025\/01\/Directors-Headshot_YANG-Suiyi-edited-1-12x12.jpg 12w, https:\/\/www.allersretoursasso.fr\/wp-content\/uploads\/2025\/01\/Directors-Headshot_YANG-Suiyi-edited-1-100x100.jpg 100w, https:\/\/www.allersretoursasso.fr\/wp-content\/uploads\/2025\/01\/Directors-Headshot_YANG-Suiyi-edited-1-350x350.jpg 350w, https:\/\/www.allersretoursasso.fr\/wp-content\/uploads\/2025\/01\/Directors-Headshot_YANG-Suiyi-edited-1.jpg 1714w\" sizes=\"(max-width: 767px) 89vw, (max-width: 1000px) 54vw, (max-width: 1071px) 543px, 580px\" \/><\/figure>\n<\/div>\n\n\n\n<div class=\"wp-block-column is-layout-flow wp-block-column-is-layout-flow\" style=\"flex-basis:66.66%\">\n<p style=\"font-size:16px\"><strong>YANG Suiyi<\/strong>&nbsp;<strong>\u6768\u7a57\u76ca&nbsp;<\/strong><br>R\u00e9alisateur, sc\u00e9nariste de&nbsp;<em><a href=\"https:\/\/www.allersretoursasso.fr\/zh\/festival2025-karst\/\">Karst&nbsp;\u5580\u65af\u7279<\/a><\/em><\/p>\n\n\n\n<p style=\"font-size:13px\">YANG Suiyi est un r\u00e9alisateur et sc\u00e9nariste chinois, n\u00e9 en 1997 dans la province de Qiandongnan, au Guizhou, en Chine. Dipl\u00f4m\u00e9 de l&#8217;Acad\u00e9mie de Cin\u00e9ma de P\u00e9kin, o\u00f9 il s&#8217;est sp\u00e9cialis\u00e9 en arts, il a r\u00e9alis\u00e9 plusieurs courts-m\u00e9trages durant ses \u00e9tudes. <em>Karst<\/em> marque ses d\u00e9buts en tant que r\u00e9alisateur de long-m\u00e9trage, avec un film qu\u2019il a lui-m\u00eame \u00e9crit et dirig\u00e9.&nbsp;<\/p>\n<\/div>\n<\/div>\n\n\n\n<div class=\"wp-block-columns alignfull has-background is-layout-flex wp-container-core-columns-layout-3 wp-block-columns-is-layout-flex\" style=\"background-color:#abb7c21c\">\n<div class=\"wp-block-column is-layout-flow wp-block-column-is-layout-flow\" style=\"flex-basis:33.33%\">\n<figure class=\"wp-block-image size-large\"><img loading=\"lazy\" decoding=\"async\" width=\"1024\" height=\"1024\" src=\"https:\/\/www.allersretoursasso.fr\/wp-content\/uploads\/2025\/01\/10-LU-Dan-The-Absent-edited-1024x1024.jpeg\" alt=\"\" class=\"wp-image-5779\" srcset=\"https:\/\/www.allersretoursasso.fr\/wp-content\/uploads\/2025\/01\/10-LU-Dan-The-Absent-edited-1024x1024.jpeg 1024w, https:\/\/www.allersretoursasso.fr\/wp-content\/uploads\/2025\/01\/10-LU-Dan-The-Absent-edited-300x300.jpeg 300w, https:\/\/www.allersretoursasso.fr\/wp-content\/uploads\/2025\/01\/10-LU-Dan-The-Absent-edited-150x150.jpeg 150w, https:\/\/www.allersretoursasso.fr\/wp-content\/uploads\/2025\/01\/10-LU-Dan-The-Absent-edited-768x767.jpeg 768w, https:\/\/www.allersretoursasso.fr\/wp-content\/uploads\/2025\/01\/10-LU-Dan-The-Absent-edited-12x12.jpeg 12w, https:\/\/www.allersretoursasso.fr\/wp-content\/uploads\/2025\/01\/10-LU-Dan-The-Absent-edited-100x100.jpeg 100w, https:\/\/www.allersretoursasso.fr\/wp-content\/uploads\/2025\/01\/10-LU-Dan-The-Absent-edited-350x350.jpeg 350w, https:\/\/www.allersretoursasso.fr\/wp-content\/uploads\/2025\/01\/10-LU-Dan-The-Absent-edited.jpeg 1087w\" sizes=\"(max-width: 767px) 89vw, (max-width: 1000px) 54vw, (max-width: 1071px) 543px, 580px\" \/><\/figure>\n<\/div>\n\n\n\n<div class=\"wp-block-column is-layout-flow wp-block-column-is-layout-flow\" style=\"flex-basis:66.66%\">\n<p style=\"font-size:16px\"><strong>LU Dan&nbsp;\u9c81\u4e39&nbsp;<\/strong><br>R\u00e9alisatrice, sc\u00e9nariste de&nbsp;<a href=\"https:\/\/www.allersretoursasso.fr\/zh\/festival2025-the-absent\/\"><em>The Absent<\/em> <em>\u51ac\u65c5\u4eba<\/em><\/a><\/p>\n\n\n\n<p style=\"font-size:13px\">Originaire de \u00dcr\u00fcmqi, au Xinjiang, LU Dan est dipl\u00f4m\u00e9e de l\u2019Universit\u00e9 de communication de Chine. Son enfance dans une r\u00e9gion riche de traditions culturelles nourrit son approche cin\u00e9matographique. Son film de fin d\u2019\u00e9tudes, <em>Le Papillon Paon<\/em>, a remport\u00e9 plusieurs prix nationaux. Avec <em>The Absent<\/em>, son premier long-m\u00e9trage, elle revient sur son rapport \u00e0 la terre natale pour \u00e9voquer avec sensibilit\u00e9 les d\u00e9fis d\u2019une g\u00e9n\u00e9ration en qu\u00eate de rep\u00e8res.<\/p>\n<\/div>\n<\/div>\n\n\n\n<p class=\"has-text-align-right\"><a href=\"https:\/\/www.allersretoursasso.fr\/zh\/infos-pratiques\/\">Infos pratiques \u5b9e\u7528\u4fe1\u606f&gt;&gt;<\/a> <\/p>\n\n\n\n<p><mark style=\"background-color:rgba(0, 0, 0, 0)\" class=\"has-inline-color has-white-color\">000000<\/mark><\/p>\n\n\n\n<div class=\"wp-block-buttons is-content-justification-center is-layout-flex wp-container-core-buttons-layout-1 wp-block-buttons-is-layout-flex\">\n<div class=\"wp-block-button has-custom-font-size is-style-outline has-medium-font-size\"><a class=\"wp-block-button__link wp-element-button\" href=\"https:\/\/www.allersretoursasso.fr\/zh\/annee-festival-2025\/\" style=\"border-radius:64px\">Programme complet \u5b8c\u6574\u6392\u7247\u53ca\u6d3b\u52a8\u8868<\/a><\/div>\n<\/div>\n\n\n\n<p><\/p>\n\n\n\n<p><\/p>\n\n\n\n<div class=\"wp-block-group is-layout-flow wp-block-group-is-layout-flow\"><div class=\"wp-block-group__inner-container\">\n<p class=\"has-text-align-center\" style=\"font-size:15px\"><\/p>\n\n\n\n<figure class=\"wp-block-image size-large\"><a href=\"https:\/\/www.allersretoursasso.fr\/zh\/annee-festival-2025\/\"><img loading=\"lazy\" decoding=\"async\" width=\"1024\" height=\"342\" src=\"https:\/\/www.allersretoursasso.fr\/wp-content\/uploads\/2025\/01\/Twitter-banner-copy-1024x342.png\" alt=\"\" class=\"wp-image-5568\" srcset=\"https:\/\/www.allersretoursasso.fr\/wp-content\/uploads\/2025\/01\/Twitter-banner-copy-1024x342.png 1024w, https:\/\/www.allersretoursasso.fr\/wp-content\/uploads\/2025\/01\/Twitter-banner-copy-300x100.png 300w, https:\/\/www.allersretoursasso.fr\/wp-content\/uploads\/2025\/01\/Twitter-banner-copy-768x256.png 768w, https:\/\/www.allersretoursasso.fr\/wp-content\/uploads\/2025\/01\/Twitter-banner-copy-18x6.png 18w, https:\/\/www.allersretoursasso.fr\/wp-content\/uploads\/2025\/01\/Twitter-banner-copy-350x117.png 350w, https:\/\/www.allersretoursasso.fr\/wp-content\/uploads\/2025\/01\/Twitter-banner-copy.png 1501w\" sizes=\"(max-width: 767px) 89vw, (max-width: 1000px) 54vw, (max-width: 1071px) 543px, 580px\" \/><\/a><\/figure>\n<\/div><\/div>\n\n\n\n<p class=\"has-text-align-center has-white-color has-text-color\" style=\"font-size:15px\"> 19h45 aux Ursuline<\/p>\n\n\n\n<p class=\"has-text-align-center has-white-color has-text-color\" style=\"font-size:15px\">06 octobre \u00e0 19h45 aux Ursulines<\/p>","protected":false},"excerpt":{"rendered":"<p>Master classes \u00e0 l&#8217;Universit\u00e9 Rennes 2\u5bfc\u6f14\u5bf9\u8c08 Campus Villejean, salle L201 \uff08Entr\u00e9e libre \u514d\u8d39\u5165\u573a\uff09 Deux master classes, anim\u00e9es par&nbsp;Flora Lichaa, Ma\u00eetresse de conf\u00e9rences au d\u00e9partement d&#8217;\u00e9tudes chinoises de l&#8217;universit\u00e9 Rennes 2. Les films seront projet\u00e9s au\u00a0Cin\u00e9ma Arvor samedi 1er f\u00e9vrier, \u00e0 14h pour\u00a0The Absent\u00a0et \u00e0 18h pour\u00a0Karst, en pr\u00e9sence de r\u00e9alisateurs. \u00c9v\u00e9nements co-organis\u00e9s par l\u2019Universit\u00e9 Rennes &hellip; <\/p>\n<p class=\"link-more\"><a href=\"https:\/\/www.allersretoursasso.fr\/zh\/festival2025-master-classes\/\" class=\"more-link\">\u7ee7\u7eed\u9605\u8bfb<span class=\"screen-reader-text\">\u201cFestival Allers Retours 2025  &#8211;  Master classes\u201d<\/span><\/a><\/p>","protected":false},"author":17,"featured_media":0,"parent":0,"menu_order":0,"comment_status":"closed","ping_status":"closed","template":"","meta":{"footnotes":""},"_links":{"self":[{"href":"https:\/\/www.allersretoursasso.fr\/zh\/wp-json\/wp\/v2\/pages\/5876"}],"collection":[{"href":"https:\/\/www.allersretoursasso.fr\/zh\/wp-json\/wp\/v2\/pages"}],"about":[{"href":"https:\/\/www.allersretoursasso.fr\/zh\/wp-json\/wp\/v2\/types\/page"}],"author":[{"embeddable":true,"href":"https:\/\/www.allersretoursasso.fr\/zh\/wp-json\/wp\/v2\/users\/17"}],"replies":[{"embeddable":true,"href":"https:\/\/www.allersretoursasso.fr\/zh\/wp-json\/wp\/v2\/comments?post=5876"}],"version-history":[{"count":8,"href":"https:\/\/www.allersretoursasso.fr\/zh\/wp-json\/wp\/v2\/pages\/5876\/revisions"}],"predecessor-version":[{"id":6076,"href":"https:\/\/www.allersretoursasso.fr\/zh\/wp-json\/wp\/v2\/pages\/5876\/revisions\/6076"}],"wp:attachment":[{"href":"https:\/\/www.allersretoursasso.fr\/zh\/wp-json\/wp\/v2\/media?parent=5876"}],"curies":[{"name":"wp","href":"https:\/\/api.w.org\/{rel}","templated":true}]}}