{"id":6570,"date":"2025-09-12T19:34:11","date_gmt":"2025-09-12T17:34:11","guid":{"rendered":"https:\/\/www.allersretoursasso.fr\/?page_id=6570"},"modified":"2025-09-22T20:45:06","modified_gmt":"2025-09-22T18:45:06","slug":"coming-of-age-2025-wegen-hegel","status":"publish","type":"page","link":"https:\/\/www.allersretoursasso.fr\/zh\/coming-of-age-2025-wegen-hegel\/","title":{"rendered":"Coming of Age 2025  &#8211; Wegen Hegel"},"content":{"rendered":"<div id=\"fb-root\"><\/div>\n\n<div class=\"wp-block-media-text alignwide is-stacked-on-mobile\" style=\"grid-template-columns:41% auto\"><figure class=\"wp-block-media-text__media\"><img loading=\"lazy\" decoding=\"async\" width=\"724\" height=\"1024\" src=\"https:\/\/www.allersretoursasso.fr\/wp-content\/uploads\/2025\/09\/Wegen_Hegel_Poster_Small_Laurels_-724x1024.png\" alt=\"\" class=\"wp-image-6583 size-full\" srcset=\"https:\/\/www.allersretoursasso.fr\/wp-content\/uploads\/2025\/09\/Wegen_Hegel_Poster_Small_Laurels_-724x1024.png 724w, https:\/\/www.allersretoursasso.fr\/wp-content\/uploads\/2025\/09\/Wegen_Hegel_Poster_Small_Laurels_-212x300.png 212w, https:\/\/www.allersretoursasso.fr\/wp-content\/uploads\/2025\/09\/Wegen_Hegel_Poster_Small_Laurels_-768x1086.png 768w, https:\/\/www.allersretoursasso.fr\/wp-content\/uploads\/2025\/09\/Wegen_Hegel_Poster_Small_Laurels_-1086x1536.png 1086w, https:\/\/www.allersretoursasso.fr\/wp-content\/uploads\/2025\/09\/Wegen_Hegel_Poster_Small_Laurels_-1449x2048.png 1449w, https:\/\/www.allersretoursasso.fr\/wp-content\/uploads\/2025\/09\/Wegen_Hegel_Poster_Small_Laurels_-8x12.png 8w\" sizes=\"(max-width: 724px) 100vw, 724px\" \/><\/figure><div class=\"wp-block-media-text__content\">\n<div class=\"wp-block-group is-layout-flow wp-block-group-is-layout-flow\"><div class=\"wp-block-group__inner-container\">\n<div class=\"wp-block-group is-vertical is-layout-flex wp-container-core-group-layout-4 wp-block-group-is-layout-flex\">\n<div class=\"wp-block-group is-layout-flow wp-block-group-is-layout-flow\"><div class=\"wp-block-group__inner-container\">\n<div class=\"wp-block-group is-layout-flow wp-block-group-is-layout-flow\"><div class=\"wp-block-group__inner-container\">\n<div class=\"wp-block-group is-layout-flow wp-block-group-is-layout-flow\"><div class=\"wp-block-group__inner-container\">\n<p><\/p>\n\n\n\n<p style=\"font-size:30px;font-style:normal;font-weight:500\"><strong><em><strong><strong><strong>Wegen Hegel<\/strong><\/strong><\/strong><\/em><\/strong><\/p>\n\n\n\n<p style=\"font-size:30px;font-style:normal;font-weight:500\"><strong><strong><strong><strong>\u8272\u00b7\u7a7a<\/strong><\/strong><\/strong><\/strong><\/p>\n\n\n\n<p class=\"has-medium-font-size\">FAN Popo<\/p>\n\n\n\n<p class=\"has-medium-font-size\">\u8303\u5761\u5761<\/p>\n\n\n\n<p class=\"has-small-font-size\"><a href=\"https:\/\/www.allersretoursasso.fr\/zh\/coming-of-age-2025\/\" target=\"_blank\" rel=\"noreferrer noopener\">\u00c9dition : Coming of Age 2025<\/a><\/p>\n\n\n\n<p style=\"font-size:10px\"><\/p>\n<\/div><\/div>\n<\/div><\/div>\n<\/div><\/div>\n<\/div>\n<\/div><\/div>\n<\/div><\/div>\n\n\n\n<p class=\"has-text-align-center has-small-font-size\"><em>2023 \/ 15\u2019 \/ Allemand, Anglais \/ VOSTF \/ Fiction<\/em><\/p>\n\n\n\n<p class=\"has-text-align-center has-small-font-size\"><em>2023 \/ 15\u2019 \/ \u5fb7\u8bed\u3001\u82f1\u8bed \/ \u539f\u58f0\u6cd5\u8bed\u5b57\u5e55 \/ \u5267\u60c5<\/em><\/p>\n\n\n\n<p>Ou comment Hegel peut ruiner un coup d\u2019un soir. Venu \u00e9tudier la philosophie en Allemagne, Ping se retrouve confin\u00e9 pendant le Covid 19 \u00e0 suivre ses cours en ligne dans un sous-sol. Il rencontre Max sur une application de rencontres et lui rend une visite au d\u00e9nouement impr\u00e9vu.&nbsp;<\/p>\n\n\n\n<p>\u75ab\u60c5\u5c01\u63a7\u671f\u95f4\uff0c\u5728\u5fb7\u56fd\u653b\u8bfb\u54f2\u5b66\u7684\u5e73\u4e5f\u88ab\u8feb\u4e0a\u7f51\u8bfe\u3002\u5b64\u72ec\u4e0e\u538b\u6291\u4e2d\uff0c\u5728\u4ea4\u53cb\u8f6f\u4ef6\u4e0a\uff0c\u4ed6\u6536\u5230\u4e86\u9a6c\u514b\u65af\u53d1\u6765\u7684\u6311\u9017\u7167\u7247\u4ee5\u53ca\u8bf1\u4eba\u7684&#8221;\u4fdd\u6301\u793e\u4ea4\u8ddd\u79bb\u7684\u7ea6\u70ae&#8221;\u8ba1\u5212&#8230;&#8230;<\/p>\n\n\n\n<figure class=\"wp-block-gallery has-nested-images columns-default is-cropped wp-block-gallery-1 is-layout-flex wp-block-gallery-is-layout-flex\">\n<figure class=\"wp-block-image size-large\"><img loading=\"lazy\" decoding=\"async\" width=\"1024\" height=\"576\" data-id=\"6600\" src=\"https:\/\/www.allersretoursasso.fr\/wp-content\/uploads\/2025\/09\/Still_Hegel-1024x576.png\" alt=\"\" class=\"wp-image-6600\" srcset=\"https:\/\/www.allersretoursasso.fr\/wp-content\/uploads\/2025\/09\/Still_Hegel-1024x576.png 1024w, https:\/\/www.allersretoursasso.fr\/wp-content\/uploads\/2025\/09\/Still_Hegel-300x169.png 300w, https:\/\/www.allersretoursasso.fr\/wp-content\/uploads\/2025\/09\/Still_Hegel-768x432.png 768w, https:\/\/www.allersretoursasso.fr\/wp-content\/uploads\/2025\/09\/Still_Hegel-1536x864.png 1536w, https:\/\/www.allersretoursasso.fr\/wp-content\/uploads\/2025\/09\/Still_Hegel-2048x1152.png 2048w, https:\/\/www.allersretoursasso.fr\/wp-content\/uploads\/2025\/09\/Still_Hegel-18x10.png 18w, https:\/\/www.allersretoursasso.fr\/wp-content\/uploads\/2025\/09\/Still_Hegel-350x197.png 350w\" sizes=\"(max-width: 767px) 89vw, (max-width: 1000px) 54vw, (max-width: 1071px) 543px, 580px\" \/><\/figure>\n\n\n\n<figure class=\"wp-block-image size-large\"><img loading=\"lazy\" decoding=\"async\" width=\"1024\" height=\"640\" data-id=\"6598\" src=\"https:\/\/www.allersretoursasso.fr\/wp-content\/uploads\/2025\/09\/Still2_Hegel-1024x640.png\" alt=\"\" class=\"wp-image-6598\" srcset=\"https:\/\/www.allersretoursasso.fr\/wp-content\/uploads\/2025\/09\/Still2_Hegel-1024x640.png 1024w, https:\/\/www.allersretoursasso.fr\/wp-content\/uploads\/2025\/09\/Still2_Hegel-300x188.png 300w, https:\/\/www.allersretoursasso.fr\/wp-content\/uploads\/2025\/09\/Still2_Hegel-768x480.png 768w, https:\/\/www.allersretoursasso.fr\/wp-content\/uploads\/2025\/09\/Still2_Hegel-1536x960.png 1536w, https:\/\/www.allersretoursasso.fr\/wp-content\/uploads\/2025\/09\/Still2_Hegel-2048x1280.png 2048w, https:\/\/www.allersretoursasso.fr\/wp-content\/uploads\/2025\/09\/Still2_Hegel-18x12.png 18w, https:\/\/www.allersretoursasso.fr\/wp-content\/uploads\/2025\/09\/Still2_Hegel-350x219.png 350w\" sizes=\"(max-width: 767px) 89vw, (max-width: 1000px) 54vw, (max-width: 1071px) 543px, 580px\" \/><\/figure>\n\n\n\n<figure class=\"wp-block-image size-large\"><img loading=\"lazy\" decoding=\"async\" width=\"1024\" height=\"640\" data-id=\"6601\" src=\"https:\/\/www.allersretoursasso.fr\/wp-content\/uploads\/2025\/09\/Still3_Hegel-1024x640.png\" alt=\"\" class=\"wp-image-6601\" srcset=\"https:\/\/www.allersretoursasso.fr\/wp-content\/uploads\/2025\/09\/Still3_Hegel-1024x640.png 1024w, https:\/\/www.allersretoursasso.fr\/wp-content\/uploads\/2025\/09\/Still3_Hegel-300x188.png 300w, https:\/\/www.allersretoursasso.fr\/wp-content\/uploads\/2025\/09\/Still3_Hegel-768x480.png 768w, https:\/\/www.allersretoursasso.fr\/wp-content\/uploads\/2025\/09\/Still3_Hegel-1536x960.png 1536w, https:\/\/www.allersretoursasso.fr\/wp-content\/uploads\/2025\/09\/Still3_Hegel-2048x1280.png 2048w, https:\/\/www.allersretoursasso.fr\/wp-content\/uploads\/2025\/09\/Still3_Hegel-18x12.png 18w, https:\/\/www.allersretoursasso.fr\/wp-content\/uploads\/2025\/09\/Still3_Hegel-350x219.png 350w\" sizes=\"(max-width: 767px) 89vw, (max-width: 1000px) 54vw, (max-width: 1071px) 543px, 580px\" \/><\/figure>\n\n\n\n<figure class=\"wp-block-image size-large\"><img loading=\"lazy\" decoding=\"async\" width=\"1024\" height=\"640\" data-id=\"6597\" src=\"https:\/\/www.allersretoursasso.fr\/wp-content\/uploads\/2025\/09\/Still4_Hegel-1024x640.png\" alt=\"\" class=\"wp-image-6597\" srcset=\"https:\/\/www.allersretoursasso.fr\/wp-content\/uploads\/2025\/09\/Still4_Hegel-1024x640.png 1024w, https:\/\/www.allersretoursasso.fr\/wp-content\/uploads\/2025\/09\/Still4_Hegel-300x188.png 300w, https:\/\/www.allersretoursasso.fr\/wp-content\/uploads\/2025\/09\/Still4_Hegel-768x480.png 768w, https:\/\/www.allersretoursasso.fr\/wp-content\/uploads\/2025\/09\/Still4_Hegel-1536x960.png 1536w, https:\/\/www.allersretoursasso.fr\/wp-content\/uploads\/2025\/09\/Still4_Hegel-2048x1280.png 2048w, https:\/\/www.allersretoursasso.fr\/wp-content\/uploads\/2025\/09\/Still4_Hegel-18x12.png 18w, https:\/\/www.allersretoursasso.fr\/wp-content\/uploads\/2025\/09\/Still4_Hegel-350x219.png 350w\" sizes=\"(max-width: 767px) 89vw, (max-width: 1000px) 54vw, (max-width: 1071px) 543px, 580px\" \/><\/figure>\n\n\n\n<figure class=\"wp-block-image size-large\"><img loading=\"lazy\" decoding=\"async\" width=\"1024\" height=\"576\" data-id=\"6596\" src=\"https:\/\/www.allersretoursasso.fr\/wp-content\/uploads\/2025\/09\/Still5_Hegel-1024x576.jpg\" alt=\"\" class=\"wp-image-6596\" srcset=\"https:\/\/www.allersretoursasso.fr\/wp-content\/uploads\/2025\/09\/Still5_Hegel-1024x576.jpg 1024w, https:\/\/www.allersretoursasso.fr\/wp-content\/uploads\/2025\/09\/Still5_Hegel-300x169.jpg 300w, https:\/\/www.allersretoursasso.fr\/wp-content\/uploads\/2025\/09\/Still5_Hegel-768x432.jpg 768w, https:\/\/www.allersretoursasso.fr\/wp-content\/uploads\/2025\/09\/Still5_Hegel-1536x864.jpg 1536w, https:\/\/www.allersretoursasso.fr\/wp-content\/uploads\/2025\/09\/Still5_Hegel-18x10.jpg 18w, https:\/\/www.allersretoursasso.fr\/wp-content\/uploads\/2025\/09\/Still5_Hegel-350x197.jpg 350w, https:\/\/www.allersretoursasso.fr\/wp-content\/uploads\/2025\/09\/Still5_Hegel.jpg 1920w\" sizes=\"(max-width: 767px) 89vw, (max-width: 1000px) 54vw, (max-width: 1071px) 543px, 580px\" \/><\/figure>\n\n\n\n<figure class=\"wp-block-image size-large\"><img loading=\"lazy\" decoding=\"async\" width=\"1024\" height=\"576\" data-id=\"6599\" src=\"https:\/\/www.allersretoursasso.fr\/wp-content\/uploads\/2025\/09\/Still6_Hegel-1024x576.jpg\" alt=\"\" class=\"wp-image-6599\" srcset=\"https:\/\/www.allersretoursasso.fr\/wp-content\/uploads\/2025\/09\/Still6_Hegel-1024x576.jpg 1024w, https:\/\/www.allersretoursasso.fr\/wp-content\/uploads\/2025\/09\/Still6_Hegel-300x169.jpg 300w, https:\/\/www.allersretoursasso.fr\/wp-content\/uploads\/2025\/09\/Still6_Hegel-768x432.jpg 768w, https:\/\/www.allersretoursasso.fr\/wp-content\/uploads\/2025\/09\/Still6_Hegel-1536x864.jpg 1536w, https:\/\/www.allersretoursasso.fr\/wp-content\/uploads\/2025\/09\/Still6_Hegel-18x10.jpg 18w, https:\/\/www.allersretoursasso.fr\/wp-content\/uploads\/2025\/09\/Still6_Hegel-350x197.jpg 350w, https:\/\/www.allersretoursasso.fr\/wp-content\/uploads\/2025\/09\/Still6_Hegel.jpg 1920w\" sizes=\"(max-width: 767px) 89vw, (max-width: 1000px) 54vw, (max-width: 1071px) 543px, 580px\" \/><\/figure>\n\n\n\n<figure class=\"wp-block-image size-large\"><img loading=\"lazy\" decoding=\"async\" width=\"1024\" height=\"576\" data-id=\"6594\" src=\"https:\/\/www.allersretoursasso.fr\/wp-content\/uploads\/2025\/09\/Still7_Hegel-1024x576.jpg\" alt=\"\" class=\"wp-image-6594\" srcset=\"https:\/\/www.allersretoursasso.fr\/wp-content\/uploads\/2025\/09\/Still7_Hegel-1024x576.jpg 1024w, https:\/\/www.allersretoursasso.fr\/wp-content\/uploads\/2025\/09\/Still7_Hegel-300x169.jpg 300w, https:\/\/www.allersretoursasso.fr\/wp-content\/uploads\/2025\/09\/Still7_Hegel-768x432.jpg 768w, https:\/\/www.allersretoursasso.fr\/wp-content\/uploads\/2025\/09\/Still7_Hegel-1536x864.jpg 1536w, https:\/\/www.allersretoursasso.fr\/wp-content\/uploads\/2025\/09\/Still7_Hegel-18x10.jpg 18w, https:\/\/www.allersretoursasso.fr\/wp-content\/uploads\/2025\/09\/Still7_Hegel-350x197.jpg 350w, https:\/\/www.allersretoursasso.fr\/wp-content\/uploads\/2025\/09\/Still7_Hegel.jpg 1920w\" sizes=\"(max-width: 767px) 89vw, (max-width: 1000px) 54vw, (max-width: 1071px) 543px, 580px\" \/><\/figure>\n\n\n\n<figure class=\"wp-block-image size-large\"><img loading=\"lazy\" decoding=\"async\" width=\"1024\" height=\"576\" data-id=\"6593\" src=\"https:\/\/www.allersretoursasso.fr\/wp-content\/uploads\/2025\/09\/Still8_Hegel-1024x576.jpg\" alt=\"\" class=\"wp-image-6593\" srcset=\"https:\/\/www.allersretoursasso.fr\/wp-content\/uploads\/2025\/09\/Still8_Hegel-1024x576.jpg 1024w, https:\/\/www.allersretoursasso.fr\/wp-content\/uploads\/2025\/09\/Still8_Hegel-300x169.jpg 300w, https:\/\/www.allersretoursasso.fr\/wp-content\/uploads\/2025\/09\/Still8_Hegel-768x432.jpg 768w, https:\/\/www.allersretoursasso.fr\/wp-content\/uploads\/2025\/09\/Still8_Hegel-1536x864.jpg 1536w, https:\/\/www.allersretoursasso.fr\/wp-content\/uploads\/2025\/09\/Still8_Hegel-18x10.jpg 18w, https:\/\/www.allersretoursasso.fr\/wp-content\/uploads\/2025\/09\/Still8_Hegel-350x197.jpg 350w, https:\/\/www.allersretoursasso.fr\/wp-content\/uploads\/2025\/09\/Still8_Hegel.jpg 1920w\" sizes=\"(max-width: 767px) 89vw, (max-width: 1000px) 54vw, (max-width: 1071px) 543px, 580px\" \/><\/figure>\n\n\n\n<figure class=\"wp-block-image size-large\"><img loading=\"lazy\" decoding=\"async\" width=\"1024\" height=\"576\" data-id=\"6595\" src=\"https:\/\/www.allersretoursasso.fr\/wp-content\/uploads\/2025\/09\/Still9_Hegel-1024x576.jpg\" alt=\"\" class=\"wp-image-6595\" srcset=\"https:\/\/www.allersretoursasso.fr\/wp-content\/uploads\/2025\/09\/Still9_Hegel-1024x576.jpg 1024w, https:\/\/www.allersretoursasso.fr\/wp-content\/uploads\/2025\/09\/Still9_Hegel-300x169.jpg 300w, https:\/\/www.allersretoursasso.fr\/wp-content\/uploads\/2025\/09\/Still9_Hegel-768x432.jpg 768w, https:\/\/www.allersretoursasso.fr\/wp-content\/uploads\/2025\/09\/Still9_Hegel-1536x864.jpg 1536w, https:\/\/www.allersretoursasso.fr\/wp-content\/uploads\/2025\/09\/Still9_Hegel-18x10.jpg 18w, https:\/\/www.allersretoursasso.fr\/wp-content\/uploads\/2025\/09\/Still9_Hegel-350x197.jpg 350w, https:\/\/www.allersretoursasso.fr\/wp-content\/uploads\/2025\/09\/Still9_Hegel.jpg 1920w\" sizes=\"(max-width: 767px) 89vw, (max-width: 1000px) 54vw, (max-width: 1071px) 543px, 580px\" \/><\/figure>\n<\/figure>\n\n\n\n<p><mark style=\"background-color:rgba(0, 0, 0, 0)\" class=\"has-inline-color has-white-color\">000000<\/mark><\/p>\n\n\n\n<p><\/p>\n\n\n\n<hr class=\"wp-block-separator has-alpha-channel-opacity\"\/>\n\n\n\n<p class=\"has-small-font-size\"><\/p>\n\n\n\n<div class=\"wp-block-columns is-layout-flex wp-container-core-columns-layout-1 wp-block-columns-is-layout-flex\">\n<div class=\"wp-block-column is-layout-flow wp-block-column-is-layout-flow\" style=\"flex-basis:33.33%\">\n<figure class=\"wp-block-image size-large\"><img loading=\"lazy\" decoding=\"async\" width=\"1333\" height=\"1332\" src=\"https:\/\/www.allersretoursasso.fr\/wp-content\/uploads\/2025\/09\/PopoFanbySilkeBriel-watermark-edited.webp\" alt=\"\" class=\"wp-image-6590\" srcset=\"https:\/\/www.allersretoursasso.fr\/wp-content\/uploads\/2025\/09\/PopoFanbySilkeBriel-watermark-edited.webp 1333w, https:\/\/www.allersretoursasso.fr\/wp-content\/uploads\/2025\/09\/PopoFanbySilkeBriel-watermark-edited-300x300.webp 300w, https:\/\/www.allersretoursasso.fr\/wp-content\/uploads\/2025\/09\/PopoFanbySilkeBriel-watermark-edited-1024x1024.webp 1024w, https:\/\/www.allersretoursasso.fr\/wp-content\/uploads\/2025\/09\/PopoFanbySilkeBriel-watermark-edited-150x150.webp 150w, https:\/\/www.allersretoursasso.fr\/wp-content\/uploads\/2025\/09\/PopoFanbySilkeBriel-watermark-edited-768x767.webp 768w, https:\/\/www.allersretoursasso.fr\/wp-content\/uploads\/2025\/09\/PopoFanbySilkeBriel-watermark-edited-12x12.webp 12w, https:\/\/www.allersretoursasso.fr\/wp-content\/uploads\/2025\/09\/PopoFanbySilkeBriel-watermark-edited-100x100.webp 100w, https:\/\/www.allersretoursasso.fr\/wp-content\/uploads\/2025\/09\/PopoFanbySilkeBriel-watermark-edited-350x350.webp 350w\" sizes=\"(max-width: 767px) 89vw, (max-width: 1000px) 54vw, (max-width: 1071px) 543px, 580px\" \/><\/figure>\n<\/div>\n\n\n\n<div class=\"wp-block-column is-layout-flow wp-block-column-is-layout-flow\" style=\"flex-basis:66.66%\">\n<p><strong>\u00c0 propos de FAN Popo<br>\/ \u5173\u4e8e\u8303\u5761\u5761<\/strong><\/p>\n<\/div>\n<\/div>\n\n\n\n<p class=\"has-small-font-size\">Fan Popo est un r\u00e9alisateur, auteur et activiste chinois bas\u00e9 \u00e0 Berlin. Il a r\u00e9alis\u00e9 depuis 2016 de nombreux courts-m\u00e9trages sur la communaut\u00e9 queer en Chine et ailleurs, ce qui fait de lui une figure incontournable en termes de cin\u00e9ma et d\u2019activisme queers pour le monde sinophone. Il est le co-fondateur du Queer University Video Training Camp et a particip\u00e9 \u00e0 organiser le Festival de cin\u00e9ma queer de P\u00e9kin pendant plus de dix ans.<\/p>\n\n\n\n<p class=\"has-small-font-size\">\u8303\u5761\u5761\u662f\u4e00\u4f4d\u9177\u513f\u5bfc\u6f14\u3001\u4f5c\u5bb6\u548c\u6d3b\u52a8\u5bb6\uff0c\u73b0\u5c45\u67cf\u6797\u3002\u4ee3\u8868\u4f5c\u201c\u5f69\u8679\u5bb6\u5ead\u4e09\u90e8\u66f2\u201d\u805a\u7126\u540c\u5fd7\u51fa\u67dc\u8bae\u9898\uff0c\u5f15\u53d1\u5e7f\u6cdb\u793e\u4f1a\u53cd\u54cd\u3002\u4ed6\u53c2\u4e0e\u7ec4\u7ec7\u5317\u4eac\u9177\u513f\u5f71\u5c55\u5341\u4f59\u5e74\uff0c\u4e5f\u662f\u9177\u513f\u5927\u5b66\u89c6\u9891\u8bad\u7ec3\u8425\u53d1\u8d77\u4eba\u4e4b\u4e00\u30022012\u5e74\u83b7\u9999\u6e2f\u540c\u5fd7\u5f71\u5c55\u201c\u73b2\u73d1\u5927\u5956\u201d\uff0c2017\u5e74\u5165\u9009\u67cf\u6797\u7535\u5f71\u8282\u201c\u4eba\u624d\u8ba1\u5212\u201d\uff0c2019\u5e74\u62c5\u4efb\u6cf0\u8fea\u718a\u5956\u8bc4\u59d4\u3002<\/p>\n\n\n\n<hr class=\"wp-block-separator has-alpha-channel-opacity is-style-wide\"\/>\n\n\n\n<div class=\"wp-block-buttons is-content-justification-center is-layout-flex wp-container-core-buttons-layout-1 wp-block-buttons-is-layout-flex\">\n<div class=\"wp-block-button has-custom-width wp-block-button__width-50 has-custom-font-size is-style-outline\" style=\"font-size:16px\"><a class=\"wp-block-button__link has-black-color has-white-background-color has-text-color has-background wp-element-button\" href=\"https:\/\/www.billetweb.fr\/coming-of-age-2025\" target=\"_blank\" rel=\"noreferrer noopener\">\u8d2d\u7968\u94fe\u63a5<br>\u7ebf\u4e0a\u8d2d\u7968<\/a><\/div>\n<\/div>\n\n\n\n<p><\/p>\n\n\n\n<p class=\"has-text-align-center has-medium-font-size\"><strong><span style=\"text-decoration: underline\">S\u00e9ance 03 (S\u00e9ance Queer)<\/span><\/strong><\/p>\n\n\n\n<div class=\"wp-block-columns is-layout-flex wp-container-core-columns-layout-2 wp-block-columns-is-layout-flex\">\n<div class=\"wp-block-column is-layout-flow wp-block-column-is-layout-flow\">\n<p class=\"has-text-align-center\"><strong>Samedi 11 octobre \u00e0 19h45 au Studio des Ursulines<\/strong><br>10 rue des Ursulines, 75005 Paris<\/p>\n<\/div>\n\n\n\n<div class=\"wp-block-column is-layout-flow wp-block-column-is-layout-flow\">\n<p class=\"has-text-align-center\"><strong>Jeudi 9 octobre octobre \u00e0 <strong>19h<\/strong>30 au <strong>CIN\u00c9MA LES ALIZ\u00c9S<\/strong><\/strong><br>214 avenue Franklin Roosevelt, 69500 Bron<\/p>\n<\/div>\n<\/div>\n\n\n\n<div class=\"wp-block-cover is-light\" style=\"min-height:349px\"><span aria-hidden=\"true\" class=\"wp-block-cover__background has-white-background-color has-background-dim\"><\/span><div class=\"wp-block-cover__inner-container is-layout-flow wp-block-cover-is-layout-flow\">\n<div class=\"wp-block-group is-layout-flow wp-block-group-is-layout-flow\"><div class=\"wp-block-group__inner-container\">\n<figure class=\"wp-block-image size-large\"><a href=\"https:\/\/www.allersretoursasso.fr\/zh\/coming-of-age-2025\/\" target=\"_blank\" rel=\"noreferrer noopener\"><img loading=\"lazy\" decoding=\"async\" width=\"1024\" height=\"341\" src=\"https:\/\/www.allersretoursasso.fr\/wp-content\/uploads\/2025\/09\/1500_500-twitter-1024x341.png\" alt=\"\" class=\"wp-image-6335\" srcset=\"https:\/\/www.allersretoursasso.fr\/wp-content\/uploads\/2025\/09\/1500_500-twitter-1024x341.png 1024w, https:\/\/www.allersretoursasso.fr\/wp-content\/uploads\/2025\/09\/1500_500-twitter-300x100.png 300w, https:\/\/www.allersretoursasso.fr\/wp-content\/uploads\/2025\/09\/1500_500-twitter-768x256.png 768w, https:\/\/www.allersretoursasso.fr\/wp-content\/uploads\/2025\/09\/1500_500-twitter-1536x512.png 1536w, https:\/\/www.allersretoursasso.fr\/wp-content\/uploads\/2025\/09\/1500_500-twitter-2048x683.png 2048w, https:\/\/www.allersretoursasso.fr\/wp-content\/uploads\/2025\/09\/1500_500-twitter-18x6.png 18w, https:\/\/www.allersretoursasso.fr\/wp-content\/uploads\/2025\/09\/1500_500-twitter-350x117.png 350w\" sizes=\"(max-width: 767px) 89vw, (max-width: 1000px) 54vw, (max-width: 1071px) 543px, 580px\" \/><\/a><\/figure>\n<\/div><\/div>\n<\/div><\/div>\n\n\n\n<div class=\"wp-block-group is-layout-flow wp-block-group-is-layout-flow\"><div class=\"wp-block-group__inner-container\">\n<p class=\"has-text-align-center\" style=\"font-size:15px\"><\/p>\n<\/div><\/div>\n\n\n\n<p class=\"has-text-align-center has-white-color has-text-color\" style=\"font-size:15px\"> 19h45 aux Ursuline<\/p>\n\n\n\n<p class=\"has-text-align-center has-white-color has-text-color\" style=\"font-size:15px\">06 octobre \u00e0 19h45 aux Ursulines<\/p>","protected":false},"excerpt":{"rendered":"<p>2023 \/ 15\u2019 \/ Allemand, Anglais \/ VOSTF \/ Fiction 2023 \/ 15\u2019 \/ \u5fb7\u8bed\u3001\u82f1\u8bed \/ \u539f\u58f0\u6cd5\u8bed\u5b57\u5e55 \/ \u5267\u60c5 Ou comment Hegel peut ruiner un coup d\u2019un soir. Venu \u00e9tudier la philosophie en Allemagne, Ping se retrouve confin\u00e9 pendant le Covid 19 \u00e0 suivre ses cours en ligne dans un sous-sol. Il rencontre Max sur &hellip; <\/p>\n<p class=\"link-more\"><a href=\"https:\/\/www.allersretoursasso.fr\/zh\/coming-of-age-2025-wegen-hegel\/\" class=\"more-link\">\u7ee7\u7eed\u9605\u8bfb<span class=\"screen-reader-text\">\u201cComing of Age 2025  &#8211; Wegen Hegel\u201d<\/span><\/a><\/p>","protected":false},"author":17,"featured_media":0,"parent":0,"menu_order":0,"comment_status":"closed","ping_status":"closed","template":"","meta":{"footnotes":""},"_links":{"self":[{"href":"https:\/\/www.allersretoursasso.fr\/zh\/wp-json\/wp\/v2\/pages\/6570"}],"collection":[{"href":"https:\/\/www.allersretoursasso.fr\/zh\/wp-json\/wp\/v2\/pages"}],"about":[{"href":"https:\/\/www.allersretoursasso.fr\/zh\/wp-json\/wp\/v2\/types\/page"}],"author":[{"embeddable":true,"href":"https:\/\/www.allersretoursasso.fr\/zh\/wp-json\/wp\/v2\/users\/17"}],"replies":[{"embeddable":true,"href":"https:\/\/www.allersretoursasso.fr\/zh\/wp-json\/wp\/v2\/comments?post=6570"}],"version-history":[{"count":8,"href":"https:\/\/www.allersretoursasso.fr\/zh\/wp-json\/wp\/v2\/pages\/6570\/revisions"}],"predecessor-version":[{"id":6790,"href":"https:\/\/www.allersretoursasso.fr\/zh\/wp-json\/wp\/v2\/pages\/6570\/revisions\/6790"}],"wp:attachment":[{"href":"https:\/\/www.allersretoursasso.fr\/zh\/wp-json\/wp\/v2\/media?parent=6570"}],"curies":[{"name":"wp","href":"https:\/\/api.w.org\/{rel}","templated":true}]}}