{"id":7046,"date":"2026-01-06T19:13:54","date_gmt":"2026-01-06T18:13:54","guid":{"rendered":"https:\/\/www.allersretoursasso.fr\/?page_id=7046"},"modified":"2026-01-19T10:28:35","modified_gmt":"2026-01-19T09:28:35","slug":"festival2026-nighttime-sounds","status":"publish","type":"page","link":"https:\/\/www.allersretoursasso.fr\/zh\/festival2026-nighttime-sounds\/","title":{"rendered":"Festival Allers-Retours 2026  &#8211; Nighttime Sounds"},"content":{"rendered":"<div id=\"fb-root\"><\/div>\n\n<div class=\"wp-block-media-text alignwide is-stacked-on-mobile\" style=\"grid-template-columns:41% auto\"><figure class=\"wp-block-media-text__media\"><img loading=\"lazy\" decoding=\"async\" width=\"683\" height=\"1024\" src=\"https:\/\/www.allersretoursasso.fr\/wp-content\/uploads\/2026\/01\/14-Nightime-Sounds-\u4f60\u7684\u773c\u775b\u6bd4\u592a\u9633\u660e\u4eae-_poster_en-683x1024.jpg\" alt=\"\" class=\"wp-image-7052 size-full\" srcset=\"https:\/\/www.allersretoursasso.fr\/wp-content\/uploads\/2026\/01\/14-Nightime-Sounds-\u4f60\u7684\u773c\u775b\u6bd4\u592a\u9633\u660e\u4eae-_poster_en-683x1024.jpg 683w, https:\/\/www.allersretoursasso.fr\/wp-content\/uploads\/2026\/01\/14-Nightime-Sounds-\u4f60\u7684\u773c\u775b\u6bd4\u592a\u9633\u660e\u4eae-_poster_en-200x300.jpg 200w, https:\/\/www.allersretoursasso.fr\/wp-content\/uploads\/2026\/01\/14-Nightime-Sounds-\u4f60\u7684\u773c\u775b\u6bd4\u592a\u9633\u660e\u4eae-_poster_en-768x1152.jpg 768w, https:\/\/www.allersretoursasso.fr\/wp-content\/uploads\/2026\/01\/14-Nightime-Sounds-\u4f60\u7684\u773c\u775b\u6bd4\u592a\u9633\u660e\u4eae-_poster_en-1024x1536.jpg 1024w, https:\/\/www.allersretoursasso.fr\/wp-content\/uploads\/2026\/01\/14-Nightime-Sounds-\u4f60\u7684\u773c\u775b\u6bd4\u592a\u9633\u660e\u4eae-_poster_en-1366x2048.jpg 1366w, https:\/\/www.allersretoursasso.fr\/wp-content\/uploads\/2026\/01\/14-Nightime-Sounds-\u4f60\u7684\u773c\u775b\u6bd4\u592a\u9633\u660e\u4eae-_poster_en-8x12.jpg 8w, https:\/\/www.allersretoursasso.fr\/wp-content\/uploads\/2026\/01\/14-Nightime-Sounds-\u4f60\u7684\u773c\u775b\u6bd4\u592a\u9633\u660e\u4eae-_poster_en-350x525.jpg 350w, https:\/\/www.allersretoursasso.fr\/wp-content\/uploads\/2026\/01\/14-Nightime-Sounds-\u4f60\u7684\u773c\u775b\u6bd4\u592a\u9633\u660e\u4eae-_poster_en-scaled.jpg 1707w\" sizes=\"(max-width: 683px) 100vw, 683px\" \/><\/figure><div class=\"wp-block-media-text__content\">\n<div class=\"wp-block-group is-layout-flow wp-block-group-is-layout-flow\"><div class=\"wp-block-group__inner-container\">\n<div class=\"wp-block-group is-vertical is-layout-flex wp-container-core-group-layout-4 wp-block-group-is-layout-flex\">\n<div class=\"wp-block-group is-layout-flow wp-block-group-is-layout-flow\"><div class=\"wp-block-group__inner-container\">\n<div class=\"wp-block-group is-layout-flow wp-block-group-is-layout-flow\"><div class=\"wp-block-group__inner-container\">\n<div class=\"wp-block-group is-layout-flow wp-block-group-is-layout-flow\"><div class=\"wp-block-group__inner-container\">\n<p><\/p>\n\n\n\n<p style=\"font-size:30px;font-style:normal;font-weight:500\"><em><strong><strong><strong><strong>Nighttime Sounds<\/strong><\/strong><\/strong><\/strong><\/em><\/p>\n\n\n\n<p style=\"font-size:30px;font-style:normal;font-weight:500\"><strong><strong><strong><strong><strong><strong>\u4f60\u7684\u773c\u775b\u6bd4\u592a\u9633\u660e\u4eae<\/strong><\/strong><\/strong><\/strong><\/strong><\/strong><\/p>\n\n\n\n<p class=\"has-medium-font-size\">ZHANG Zhongchen<\/p>\n\n\n\n<p class=\"has-medium-font-size\">\u5f20\u4e2d\u81e3<\/p>\n\n\n\n<p class=\"has-small-font-size\"><a href=\"https:\/\/www.allersretoursasso.fr\/zh\/annee-festival-2026\/\" target=\"_blank\" rel=\"noreferrer noopener\">\u00c9dition 2026<\/a><\/p>\n\n\n\n<p style=\"font-size:10px\"><\/p>\n\n\n\n<p class=\"has-text-align-center\"><\/p>\n<\/div><\/div>\n<\/div><\/div>\n<\/div><\/div>\n<\/div>\n<\/div><\/div>\n<\/div><\/div>\n\n\n\n<h2 class=\"wp-block-heading\"><\/h2>\n\n\n\n<p class=\"has-text-align-center has-small-font-size\"><em>2025 \/ 88\u2019 \/ Mandarin, dialecte du nord \/ VOSTF \/ Fiction<\/em><\/p>\n\n\n\n<p class=\"has-text-align-center has-small-font-size\"><em><em>S\u00e9lection officielle au Festival international du film de San Sebasti\u00e1n 2025<\/em><\/em><br><em>Prix Fei Mu du meilleur r\u00e9alisateur \u2013 Festival international du film de Pingyao<\/em><\/p>\n\n\n\n<p>Situ\u00e9 dans le village de Maozhuang, dans le Henan, <em>Nighttime Sounds<\/em> se d\u00e9ploie \u00e0 travers le regard de Mao Qing, une jeune fille dont le p\u00e8re travaille loin de chez lui. Au milieu des statues de pierre de la dynastie Song et des champs de bl\u00e9 ondoyants, l\u2019arriv\u00e9e d\u2019un myst\u00e9rieux Enfant Blanc fait surgir d\u2019\u00e9tranges murmures sous les statues. Mao Qing d\u00e9couvre alors peu \u00e0 peu les secrets enfouis du pass\u00e9 de sa m\u00e8re.<\/p>\n\n\n\n<p><em><em><em>Film d\u2019une grande sensibilit\u00e9, l\u2019\u0153uvre adopte le regard de l\u2019enfance pour faire \u00e9merger une lumi\u00e8re, des textures et une mati\u00e8re du souvenir profond\u00e9ment \u00e9mouvantes. Le destin des femmes rurales et le lien intime entre les enfants laiss\u00e9s au village et la terre, th\u00e9matiques centrales du cin\u00e9ma chinois, sont ici trait\u00e9es avec une rare justesse. \u00c0 travers la perception de l\u2019enfant, le film ouvre un espace \u00e0 l\u2019imaginaire et au surnaturel, o\u00f9 se nouent m\u00e9moire du territoire et blessures intimes<\/em>.<\/em><\/em><\/p>\n\n\n\n<p><\/p>\n\n\n\n<p class=\"has-text-align-center has-small-font-size\"><em>2025 \/ 88\u2019\/ \u666e\u901a\u8bdd \/ \u539f\u58f0\u6cd5\u8bed\u5b57\u5e55 \/ \u5267\u60c5\u7247<\/em><br><em><br>\u5165\u56f4\u7b2c73\u5c4a\u5723\u585e\u5df4\u65af\u8482\u5b89\u56fd\u9645\u7535\u5f71\u8282\u65b0\u5bfc\u6f14\u7ade\u8d5b\u5355\u5143<\/em><br><em>\u7b2c\u4e5d\u5c4a\u5e73\u9065\u56fd\u9645\u7535\u5f71\u5c55\u6700\u4f73\u5bfc\u6f14\u5956<\/em><\/p>\n\n\n\n<p>\u516b\u5c81\u7684\u6bdb\u6674\u548c\u6bcd\u4eb2\u7ea2\u6885\u751f\u6d3b\u5728\u4e2d\u539f\u5730\u533a\u7684\u4e00\u4e2a\u6751\u5e84\u91cc\u3002\u795e\u79d8\u767d\u5b69\u5230\u6765\uff0c\u4e3a\u7684\u662f\u5bfb\u627e\u81ea\u5df1\u7684\u6bcd\u4eb2\uff0c\u4e00\u80a1\u672a\u77e5\u7684\u529b\u91cf\u5f00\u59cb\u5728\u6751\u91cc\u8513\u5ef6\u3002\u5728\u53d8\u6362\u7684\u9ea6\u7530\u98ce\u666f\u4e2d\uff0c\u6bdb\u6674\u6162\u6162\u5bdf\u89c9\u5230\u6751\u5b50\u91cc\u66f4\u4e3a\u590d\u6742\u7684\u771f\u76f8\uff0c\u548c\u767d\u5b69\u8e0f\u4e0a\u4e86\u5149\u602a\u9646\u79bb\u7684\u5bfb\u6bcd\u4e4b\u65c5\u3002<\/p>\n\n\n\n<p><em>\u5f71\u7247\u4ee5\u7ae5\u5e74\u7684\u89c6\u89d2\u6355\u6349\u4ee4\u4eba\u52a8\u5bb9\u7684\u5149\u7ebf\u3001\u7eb9\u7406\u4e0e\u8bb0\u5fc6\u7684\u8d28\u611f\u3002\u8fd9\u4e2a\u5207\u5165\u70b9\u4f7f\u5f97\u5c06\u60f3\u8c61\u4e0e\u8d85\u81ea\u7136\u4ea4\u7ec7\u5728\u4e00\u8d77\u6210\u4e3a\u53ef\u80fd\uff0c\u4ece\u800c\u4ee5\u7f55\u89c1\u7684\u51c6\u786e\u6027\u63cf\u7ed8\u4e86\u519c\u6751\u5987\u5973\u548c\u88ab\u9057\u5f03\u513f\u7ae5\u7684\u547d\u8fd0\u3002<\/em><\/p>\n\n\n\n<figure class=\"wp-block-gallery has-nested-images columns-2 is-cropped wp-block-gallery-1 is-layout-flex wp-block-gallery-is-layout-flex\">\n<figure class=\"wp-block-image size-large\"><img loading=\"lazy\" decoding=\"async\" width=\"1024\" height=\"683\" data-id=\"7047\" src=\"https:\/\/www.allersretoursasso.fr\/wp-content\/uploads\/2026\/01\/Still-3-1024x683.jpg\" alt=\"\" class=\"wp-image-7047\" srcset=\"https:\/\/www.allersretoursasso.fr\/wp-content\/uploads\/2026\/01\/Still-3-1024x683.jpg 1024w, https:\/\/www.allersretoursasso.fr\/wp-content\/uploads\/2026\/01\/Still-3-300x200.jpg 300w, https:\/\/www.allersretoursasso.fr\/wp-content\/uploads\/2026\/01\/Still-3-768x512.jpg 768w, https:\/\/www.allersretoursasso.fr\/wp-content\/uploads\/2026\/01\/Still-3-1536x1024.jpg 1536w, https:\/\/www.allersretoursasso.fr\/wp-content\/uploads\/2026\/01\/Still-3-2048x1365.jpg 2048w, https:\/\/www.allersretoursasso.fr\/wp-content\/uploads\/2026\/01\/Still-3-18x12.jpg 18w, https:\/\/www.allersretoursasso.fr\/wp-content\/uploads\/2026\/01\/Still-3-350x233.jpg 350w, https:\/\/www.allersretoursasso.fr\/wp-content\/uploads\/2026\/01\/Still-3-272x182.jpg 272w\" sizes=\"(max-width: 767px) 89vw, (max-width: 1000px) 54vw, (max-width: 1071px) 543px, 580px\" \/><\/figure>\n\n\n\n<figure class=\"wp-block-image size-large\"><img loading=\"lazy\" decoding=\"async\" width=\"1024\" height=\"683\" data-id=\"7049\" src=\"https:\/\/www.allersretoursasso.fr\/wp-content\/uploads\/2026\/01\/Main_Still-1-1024x683.jpg\" alt=\"\" class=\"wp-image-7049\" srcset=\"https:\/\/www.allersretoursasso.fr\/wp-content\/uploads\/2026\/01\/Main_Still-1-1024x683.jpg 1024w, https:\/\/www.allersretoursasso.fr\/wp-content\/uploads\/2026\/01\/Main_Still-1-300x200.jpg 300w, https:\/\/www.allersretoursasso.fr\/wp-content\/uploads\/2026\/01\/Main_Still-1-768x512.jpg 768w, https:\/\/www.allersretoursasso.fr\/wp-content\/uploads\/2026\/01\/Main_Still-1-1536x1024.jpg 1536w, https:\/\/www.allersretoursasso.fr\/wp-content\/uploads\/2026\/01\/Main_Still-1-2048x1365.jpg 2048w, https:\/\/www.allersretoursasso.fr\/wp-content\/uploads\/2026\/01\/Main_Still-1-18x12.jpg 18w, https:\/\/www.allersretoursasso.fr\/wp-content\/uploads\/2026\/01\/Main_Still-1-350x233.jpg 350w, https:\/\/www.allersretoursasso.fr\/wp-content\/uploads\/2026\/01\/Main_Still-1-272x182.jpg 272w\" sizes=\"(max-width: 767px) 89vw, (max-width: 1000px) 54vw, (max-width: 1071px) 543px, 580px\" \/><\/figure>\n\n\n\n<figure class=\"wp-block-image size-large\"><img loading=\"lazy\" decoding=\"async\" width=\"1024\" height=\"714\" data-id=\"7048\" src=\"https:\/\/www.allersretoursasso.fr\/wp-content\/uploads\/2026\/01\/Still-2-1024x714.jpg\" alt=\"\" class=\"wp-image-7048\" srcset=\"https:\/\/www.allersretoursasso.fr\/wp-content\/uploads\/2026\/01\/Still-2-1024x714.jpg 1024w, https:\/\/www.allersretoursasso.fr\/wp-content\/uploads\/2026\/01\/Still-2-300x209.jpg 300w, https:\/\/www.allersretoursasso.fr\/wp-content\/uploads\/2026\/01\/Still-2-768x536.jpg 768w, https:\/\/www.allersretoursasso.fr\/wp-content\/uploads\/2026\/01\/Still-2-1536x1071.jpg 1536w, https:\/\/www.allersretoursasso.fr\/wp-content\/uploads\/2026\/01\/Still-2-2048x1428.jpg 2048w, https:\/\/www.allersretoursasso.fr\/wp-content\/uploads\/2026\/01\/Still-2-18x12.jpg 18w, https:\/\/www.allersretoursasso.fr\/wp-content\/uploads\/2026\/01\/Still-2-350x244.jpg 350w\" sizes=\"(max-width: 767px) 89vw, (max-width: 1000px) 54vw, (max-width: 1071px) 543px, 580px\" \/><\/figure>\n\n\n\n<figure class=\"wp-block-image size-full\"><img loading=\"lazy\" decoding=\"async\" width=\"2560\" height=\"1707\" data-id=\"7050\" src=\"https:\/\/www.allersretoursasso.fr\/wp-content\/uploads\/2026\/01\/Still-5-scaled.jpg\" alt=\"\" class=\"wp-image-7050\" srcset=\"https:\/\/www.allersretoursasso.fr\/wp-content\/uploads\/2026\/01\/Still-5-scaled.jpg 2560w, https:\/\/www.allersretoursasso.fr\/wp-content\/uploads\/2026\/01\/Still-5-300x200.jpg 300w, https:\/\/www.allersretoursasso.fr\/wp-content\/uploads\/2026\/01\/Still-5-1024x683.jpg 1024w, https:\/\/www.allersretoursasso.fr\/wp-content\/uploads\/2026\/01\/Still-5-768x512.jpg 768w, https:\/\/www.allersretoursasso.fr\/wp-content\/uploads\/2026\/01\/Still-5-1536x1024.jpg 1536w, https:\/\/www.allersretoursasso.fr\/wp-content\/uploads\/2026\/01\/Still-5-2048x1365.jpg 2048w, https:\/\/www.allersretoursasso.fr\/wp-content\/uploads\/2026\/01\/Still-5-18x12.jpg 18w, https:\/\/www.allersretoursasso.fr\/wp-content\/uploads\/2026\/01\/Still-5-350x233.jpg 350w, https:\/\/www.allersretoursasso.fr\/wp-content\/uploads\/2026\/01\/Still-5-272x182.jpg 272w\" sizes=\"(max-width: 767px) 89vw, (max-width: 1000px) 54vw, (max-width: 1071px) 543px, 580px\" \/><\/figure>\n<\/figure>\n\n\n\n<figure class=\"wp-block-embed is-type-video is-provider-youtube wp-block-embed-youtube wp-embed-aspect-16-9 wp-has-aspect-ratio\"><div class=\"wp-block-embed__wrapper\">\n<iframe loading=\"lazy\" title=\"Nighttime Sounds\" width=\"525\" height=\"295\" src=\"https:\/\/www.youtube.com\/embed\/hjaoxoCDb_M?feature=oembed\" frameborder=\"0\" allow=\"accelerometer; autoplay; clipboard-write; encrypted-media; gyroscope; picture-in-picture; web-share\" referrerpolicy=\"strict-origin-when-cross-origin\" allowfullscreen><\/iframe>\n<\/div><\/figure>\n\n\n\n<div class=\"wp-block-columns is-layout-flex wp-container-core-columns-layout-1 wp-block-columns-is-layout-flex\">\n<div class=\"wp-block-column is-layout-flow wp-block-column-is-layout-flow\"><\/div>\n<\/div>\n\n\n\n<hr class=\"wp-block-separator has-alpha-channel-opacity\"\/>\n\n\n\n<div class=\"wp-block-columns is-layout-flex wp-container-core-columns-layout-2 wp-block-columns-is-layout-flex\">\n<div class=\"wp-block-column is-layout-flow wp-block-column-is-layout-flow\"><\/div>\n<\/div>\n\n\n\n<div class=\"wp-block-columns is-layout-flex wp-container-core-columns-layout-3 wp-block-columns-is-layout-flex\">\n<div class=\"wp-block-column is-layout-flow wp-block-column-is-layout-flow\" style=\"flex-basis:33.33%\">\n<figure class=\"wp-block-image size-full\"><img loading=\"lazy\" decoding=\"async\" width=\"400\" height=\"400\" src=\"https:\/\/www.allersretoursasso.fr\/wp-content\/uploads\/2026\/01\/14-Nightime-Sounds-\u4f60\u7684\u773c\u775b\u6bd4\u592a\u9633\u660e\u4eae-Director-Zhongchen-Zhang_2-edited.jpg\" alt=\"\" class=\"wp-image-7165\" style=\"aspect-ratio:3\/4;object-fit:cover\" srcset=\"https:\/\/www.allersretoursasso.fr\/wp-content\/uploads\/2026\/01\/14-Nightime-Sounds-\u4f60\u7684\u773c\u775b\u6bd4\u592a\u9633\u660e\u4eae-Director-Zhongchen-Zhang_2-edited.jpg 400w, https:\/\/www.allersretoursasso.fr\/wp-content\/uploads\/2026\/01\/14-Nightime-Sounds-\u4f60\u7684\u773c\u775b\u6bd4\u592a\u9633\u660e\u4eae-Director-Zhongchen-Zhang_2-edited-300x300.jpg 300w, https:\/\/www.allersretoursasso.fr\/wp-content\/uploads\/2026\/01\/14-Nightime-Sounds-\u4f60\u7684\u773c\u775b\u6bd4\u592a\u9633\u660e\u4eae-Director-Zhongchen-Zhang_2-edited-150x150.jpg 150w, https:\/\/www.allersretoursasso.fr\/wp-content\/uploads\/2026\/01\/14-Nightime-Sounds-\u4f60\u7684\u773c\u775b\u6bd4\u592a\u9633\u660e\u4eae-Director-Zhongchen-Zhang_2-edited-12x12.jpg 12w, https:\/\/www.allersretoursasso.fr\/wp-content\/uploads\/2026\/01\/14-Nightime-Sounds-\u4f60\u7684\u773c\u775b\u6bd4\u592a\u9633\u660e\u4eae-Director-Zhongchen-Zhang_2-edited-100x100.jpg 100w, https:\/\/www.allersretoursasso.fr\/wp-content\/uploads\/2026\/01\/14-Nightime-Sounds-\u4f60\u7684\u773c\u775b\u6bd4\u592a\u9633\u660e\u4eae-Director-Zhongchen-Zhang_2-edited-350x350.jpg 350w\" sizes=\"(max-width: 400px) 100vw, 400px\" \/><\/figure>\n<\/div>\n\n\n\n<div class=\"wp-block-column is-layout-flow wp-block-column-is-layout-flow\" style=\"flex-basis:66.66%\">\n<p><strong><strong>\u00c0 propos de<\/strong> <strong>ZHANG Zhongchen<\/strong><\/strong><\/p>\n\n\n\n<p class=\"has-small-font-size\"><\/p>\n<\/div>\n<\/div>\n\n\n\n<p class=\"has-small-font-size\"><\/p>\n\n\n\n<p style=\"font-size:14px\">ZHANG Zhongchen est r\u00e9alisateur, monteur et sc\u00e9nariste. N\u00e9 en 1991 dans le nord de la Chine, il commence \u00e0 travailler en 2018 comme monteur. En 2020 il monte <em>Mama<\/em>, qui est s\u00e9lectionn\u00e9 au festival de Venise. Il est aussi le monteur de <em>West Border<\/em> en 2023, s\u00e9lectionn\u00e9 \u00e0 Locarno, et de <em>This Woman<\/em>, s\u00e9lectionn\u00e9 au Festival du R\u00e9el et au Festival Allers-Retours. Il d\u00e9bute en tant que r\u00e9alisateur en 2021 avec <em>The White Cow<\/em>, qui a gagn\u00e9 les prix du meilleur film et de la meilleure r\u00e9alisation au festival FIRST. <em>Nighttime Sounds <\/em>est son 2e long-m\u00e9trage.<\/p>\n\n\n\n<p class=\"has-small-font-size\"><\/p>\n\n\n\n<p style=\"font-size:14px\">\u5f20\u4e2d\u81e3\u662f\u5bfc\u6f14\u3001\u526a\u8f91\u5e08\u548c\u7f16\u5267\u30021991\u5e74\u51fa\u751f\u4e8e\u4e2d\u56fd\u5317\u65b9\uff0c2018\u5e74\u5f00\u59cb\u4ece\u4e8b\u526a\u8f91\u5de5\u4f5c\u30022020\u5e74\u4ed6\u526a\u8f91\u4e86\u300a\u5988\u5988\u548c\u4e03\u5929\u7684\u65f6\u95f4\u300b\uff0c\u8be5\u7247\u5165\u9009\u5a01\u5c3c\u65af\u7535\u5f71\u8282\u3002\u4ed6\u4e5f\u662f2023\u5e74\u5165\u9009\u6d1b\u8fe6\u8bfa\u7535\u5f71\u8282\u7684\u300a\u897f\u6e21\u300b\u4ee5\u53ca\u5165\u9009Festival du R\u00e9el\u7684\u300a\u8fd9\u4e2a\u5973\u4eba\u300b\u7684\u526a\u8f91\u5e08\u3002\u4ed6\u4e8e2021\u5e74\u9996\u6b21\u62c5\u4efb\u5bfc\u6f14\uff0c\u4f5c\u54c1\u662f\u300a\u6700\u540e\u7684\u544a\u522b\u300b\uff0c\u8be5\u7247\u5728FIRST\u7535\u5f71\u8282\u4e0a\u83b7\u5f97\u6700\u4f73\u5f71\u7247\u548c\u6700\u4f73\u5bfc\u6f14\u5956\u3002\u300a\u4f60\u7684\u773c\u775b\u6bd4\u592a\u9633\u660e\u4eae\u300b\u662f\u4ed6\u7684\u7b2c\u4e8c\u90e8\u957f\u7247\u3002<\/p>\n\n\n\n<p class=\"has-small-font-size\"><\/p>\n\n\n\n<hr class=\"wp-block-separator has-alpha-channel-opacity is-style-wide\"\/>\n\n\n\n<div class=\"wp-block-columns is-layout-flex wp-container-core-columns-layout-4 wp-block-columns-is-layout-flex\">\n<div class=\"wp-block-column is-layout-flow wp-block-column-is-layout-flow\">\n<div class=\"wp-block-buttons is-content-justification-center is-layout-flex wp-container-core-buttons-layout-1 wp-block-buttons-is-layout-flex\">\n<div class=\"wp-block-button has-custom-width wp-block-button__width-50 has-custom-font-size is-style-outline\" style=\"font-size:15px\"><a class=\"wp-block-button__link wp-element-button\" href=\"https:\/\/www.billetweb.fr\/festival-allers-retours-2026-paris\" target=\"_blank\" rel=\"noreferrer noopener\">\u8d2d\u7968\u94fe\u63a5<br>\u7ebf\u4e0a\u8d2d\u7968<\/a><\/div>\n<\/div>\n<\/div>\n<\/div>\n\n\n\n<div class=\"wp-block-columns is-layout-flex wp-container-core-columns-layout-5 wp-block-columns-is-layout-flex\">\n<div class=\"wp-block-column is-layout-flow wp-block-column-is-layout-flow\" style=\"flex-basis:100%\"><\/div>\n<\/div>\n\n\n\n<p class=\"has-text-align-center\" style=\"font-size:18px\"><strong>Paris<\/strong><\/p>\n\n\n\n<p class=\"has-text-align-center\"><strong>Sam. 24 janvier \u00e0 20h <\/strong>au Mus\u00e9e Guimet, premi\u00e8re fran\u00e7aise<\/p>\n\n\n\n<p class=\"has-text-align-center\"><strong>Mar. 3 f\u00e9vrier \u00e0 19h45 <\/strong>au Studio des Ursulines<\/p>\n\n\n\n<p class=\"has-text-align-center\" style=\"font-size:18px\"><\/p>\n\n\n\n<p><\/p>\n\n\n\n<div class=\"wp-block-cover is-light\" style=\"min-height:349px\"><span aria-hidden=\"true\" class=\"wp-block-cover__background has-white-background-color has-background-dim\"><\/span><div class=\"wp-block-cover__inner-container is-layout-flow wp-block-cover-is-layout-flow\">\n<div class=\"wp-block-group is-layout-flow wp-block-group-is-layout-flow\"><div class=\"wp-block-group__inner-container\">\n<figure class=\"wp-block-image size-large\"><a href=\"https:\/\/www.allersretoursasso.fr\/zh\/annee-festival-2026\/\" target=\"_blank\" rel=\"noreferrer noopener\"><img loading=\"lazy\" decoding=\"async\" width=\"1024\" height=\"379\" src=\"https:\/\/www.allersretoursasso.fr\/wp-content\/uploads\/2026\/01\/FB-banner@4x-1024x379.png\" alt=\"\" class=\"wp-image-6878\" srcset=\"https:\/\/www.allersretoursasso.fr\/wp-content\/uploads\/2026\/01\/FB-banner@4x-1024x379.png 1024w, https:\/\/www.allersretoursasso.fr\/wp-content\/uploads\/2026\/01\/FB-banner@4x-300x111.png 300w, https:\/\/www.allersretoursasso.fr\/wp-content\/uploads\/2026\/01\/FB-banner@4x-768x285.png 768w, https:\/\/www.allersretoursasso.fr\/wp-content\/uploads\/2026\/01\/FB-banner@4x-1536x569.png 1536w, https:\/\/www.allersretoursasso.fr\/wp-content\/uploads\/2026\/01\/FB-banner@4x-2048x759.png 2048w, https:\/\/www.allersretoursasso.fr\/wp-content\/uploads\/2026\/01\/FB-banner@4x-18x7.png 18w, https:\/\/www.allersretoursasso.fr\/wp-content\/uploads\/2026\/01\/FB-banner@4x-350x130.png 350w\" sizes=\"(max-width: 767px) 89vw, (max-width: 1000px) 54vw, (max-width: 1071px) 543px, 580px\" \/><\/a><\/figure>\n<\/div><\/div>\n<\/div><\/div>\n\n\n\n<div class=\"wp-block-group is-layout-flow wp-block-group-is-layout-flow\"><div class=\"wp-block-group__inner-container\">\n<p class=\"has-text-align-center\" style=\"font-size:15px\"><\/p>\n<\/div><\/div>\n\n\n\n<p class=\"has-text-align-center has-white-color has-text-color\" style=\"font-size:15px\"> 19h45 aux Ursuline<\/p>\n\n\n\n<p class=\"has-text-align-center has-white-color has-text-color\" style=\"font-size:15px\">06 octobre \u00e0 19h45 aux Ursulines<\/p>","protected":false},"excerpt":{"rendered":"<p>2025 \/ 88\u2019 \/ Mandarin, dialecte du nord \/ VOSTF \/ Fiction S\u00e9lection officielle au Festival international du film de San Sebasti\u00e1n 2025Prix Fei Mu du meilleur r\u00e9alisateur \u2013 Festival international du film de Pingyao Situ\u00e9 dans le village de Maozhuang, dans le Henan, Nighttime Sounds se d\u00e9ploie \u00e0 travers le regard de Mao Qing, &hellip; <\/p>\n<p class=\"link-more\"><a href=\"https:\/\/www.allersretoursasso.fr\/zh\/festival2026-nighttime-sounds\/\" class=\"more-link\">\u7ee7\u7eed\u9605\u8bfb<span class=\"screen-reader-text\">\u201cFestival Allers-Retours 2026  &#8211; Nighttime Sounds\u201d<\/span><\/a><\/p>","protected":false},"author":20,"featured_media":0,"parent":0,"menu_order":0,"comment_status":"closed","ping_status":"closed","template":"","meta":{"footnotes":""},"_links":{"self":[{"href":"https:\/\/www.allersretoursasso.fr\/zh\/wp-json\/wp\/v2\/pages\/7046"}],"collection":[{"href":"https:\/\/www.allersretoursasso.fr\/zh\/wp-json\/wp\/v2\/pages"}],"about":[{"href":"https:\/\/www.allersretoursasso.fr\/zh\/wp-json\/wp\/v2\/types\/page"}],"author":[{"embeddable":true,"href":"https:\/\/www.allersretoursasso.fr\/zh\/wp-json\/wp\/v2\/users\/20"}],"replies":[{"embeddable":true,"href":"https:\/\/www.allersretoursasso.fr\/zh\/wp-json\/wp\/v2\/comments?post=7046"}],"version-history":[{"count":5,"href":"https:\/\/www.allersretoursasso.fr\/zh\/wp-json\/wp\/v2\/pages\/7046\/revisions"}],"predecessor-version":[{"id":7424,"href":"https:\/\/www.allersretoursasso.fr\/zh\/wp-json\/wp\/v2\/pages\/7046\/revisions\/7424"}],"wp:attachment":[{"href":"https:\/\/www.allersretoursasso.fr\/zh\/wp-json\/wp\/v2\/media?parent=7046"}],"curies":[{"name":"wp","href":"https:\/\/api.w.org\/{rel}","templated":true}]}}