{"id":7063,"date":"2026-01-06T20:54:17","date_gmt":"2026-01-06T19:54:17","guid":{"rendered":"https:\/\/www.allersretoursasso.fr\/?page_id=7063"},"modified":"2026-01-08T14:47:19","modified_gmt":"2026-01-08T13:47:19","slug":"festival2026-west-border","status":"publish","type":"page","link":"https:\/\/www.allersretoursasso.fr\/zh\/festival2026-west-border\/","title":{"rendered":"Festival Allers-Retours 2026  &#8211; West Border"},"content":{"rendered":"<div id=\"fb-root\"><\/div>\n\n<div class=\"wp-block-media-text alignwide is-stacked-on-mobile\" style=\"grid-template-columns:41% auto\"><figure class=\"wp-block-media-text__media\"><img loading=\"lazy\" decoding=\"async\" width=\"656\" height=\"1024\" src=\"https:\/\/www.allersretoursasso.fr\/wp-content\/uploads\/2026\/01\/12-West-Border-\u897f\u6e21\u6d77\u62a5-\u7ad6\u7248-656x1024.jpg\" alt=\"\" class=\"wp-image-7074 size-full\" srcset=\"https:\/\/www.allersretoursasso.fr\/wp-content\/uploads\/2026\/01\/12-West-Border-\u897f\u6e21\u6d77\u62a5-\u7ad6\u7248-656x1024.jpg 656w, https:\/\/www.allersretoursasso.fr\/wp-content\/uploads\/2026\/01\/12-West-Border-\u897f\u6e21\u6d77\u62a5-\u7ad6\u7248-192x300.jpg 192w, https:\/\/www.allersretoursasso.fr\/wp-content\/uploads\/2026\/01\/12-West-Border-\u897f\u6e21\u6d77\u62a5-\u7ad6\u7248-768x1198.jpg 768w, https:\/\/www.allersretoursasso.fr\/wp-content\/uploads\/2026\/01\/12-West-Border-\u897f\u6e21\u6d77\u62a5-\u7ad6\u7248-985x1536.jpg 985w, https:\/\/www.allersretoursasso.fr\/wp-content\/uploads\/2026\/01\/12-West-Border-\u897f\u6e21\u6d77\u62a5-\u7ad6\u7248-1313x2048.jpg 1313w, https:\/\/www.allersretoursasso.fr\/wp-content\/uploads\/2026\/01\/12-West-Border-\u897f\u6e21\u6d77\u62a5-\u7ad6\u7248-8x12.jpg 8w, https:\/\/www.allersretoursasso.fr\/wp-content\/uploads\/2026\/01\/12-West-Border-\u897f\u6e21\u6d77\u62a5-\u7ad6\u7248-350x546.jpg 350w, https:\/\/www.allersretoursasso.fr\/wp-content\/uploads\/2026\/01\/12-West-Border-\u897f\u6e21\u6d77\u62a5-\u7ad6\u7248-scaled.jpg 1641w\" sizes=\"(max-width: 656px) 100vw, 656px\" \/><\/figure><div class=\"wp-block-media-text__content\">\n<div class=\"wp-block-group is-layout-flow wp-block-group-is-layout-flow\"><div class=\"wp-block-group__inner-container\">\n<div class=\"wp-block-group is-vertical is-layout-flex wp-container-core-group-layout-4 wp-block-group-is-layout-flex\">\n<div class=\"wp-block-group is-layout-flow wp-block-group-is-layout-flow\"><div class=\"wp-block-group__inner-container\">\n<div class=\"wp-block-group is-layout-flow wp-block-group-is-layout-flow\"><div class=\"wp-block-group__inner-container\">\n<div class=\"wp-block-group is-layout-flow wp-block-group-is-layout-flow\"><div class=\"wp-block-group__inner-container\">\n<p><\/p>\n\n\n\n<p style=\"font-size:30px;font-style:normal;font-weight:500\"><em><strong><strong><strong><strong>West Border<\/strong><\/strong><\/strong><\/strong><\/em><\/p>\n\n\n\n<p style=\"font-size:30px;font-style:normal;font-weight:500\"><strong><strong><strong><strong><strong><strong>\u897f\u6e21<\/strong><\/strong><\/strong><\/strong><\/strong><\/strong><\/p>\n\n\n\n<p class=\"has-medium-font-size\">LUO Yan<\/p>\n\n\n\n<p class=\"has-medium-font-size\">\u7f57\u8273<\/p>\n\n\n\n<p class=\"has-small-font-size\"><a href=\"https:\/\/www.allersretoursasso.fr\/zh\/annee-festival-2026\/\" target=\"_blank\" rel=\"noreferrer noopener\">\u00c9dition 2026<\/a><\/p>\n\n\n\n<p style=\"font-size:10px\"><\/p>\n\n\n\n<p class=\"has-text-align-center\"><\/p>\n<\/div><\/div>\n<\/div><\/div>\n<\/div><\/div>\n<\/div>\n<\/div><\/div>\n<\/div><\/div>\n\n\n\n<h2 class=\"wp-block-heading\"><\/h2>\n\n\n\n<p class=\"has-text-align-center has-small-font-size\"><em>2023 \/ 90\u2019 \/ Mandarin \/ VOSTF \/ Fiction<\/em><\/p>\n\n\n\n<p class=\"has-text-align-center has-small-font-size\"><em><em>Nomm\u00e9 pour le prix Fei Mu \u2013 Meilleur film, 9e Festival international du film de Pingyao<\/em><\/em><br><em>Nomm\u00e9 au L\u00e9opard d&#8217;or Cin\u00e9astes d&#8217;aujourd&#8217;hui de la 76e \u00e9dition du Festival de Locarno<\/em><\/p>\n\n\n\n<p>Le film s\u2019articule autour de deux affaires de meurtre, reli\u00e9es par la pr\u00e9sence d\u2019une m\u00eame moto, et d\u00e9ploie une histoire se d\u00e9roulant entre deux petites villes situ\u00e9es \u00e0 la fronti\u00e8re du sud-ouest de la Chine. En qu\u00eate de v\u00e9rit\u00e9, les protagonistes se retrouvent un temps \u00e9gar\u00e9s dans une atmosph\u00e8re de fin du monde. Lorsque la moto, rong\u00e9e par la rouille, est rep\u00each\u00e9e des eaux du fleuve frontalier, un enchev\u00eatrement de sentiments enfouis et longtemps dissimul\u00e9s refait surface.<\/p>\n\n\n\n<p><em><em><em><em>Situ\u00e9 \u00e0 la fronti\u00e8re du sud-ouest de la Chine en 1999, le r\u00e9cit se d\u00e9ploie lentement dans une brume persistante. Dans ce premier long m\u00e9trage entrem\u00ealant r\u00e9alisme et fantastique, LUO Yan impr\u00e8gne toute l\u2019\u0153uvre de r\u00e9alisme magique, accompagn\u00e9 d\u2019une esth\u00e9tique frontali\u00e8re unique et d\u2019une tension \u00e9motionnelle.<\/em><\/em><\/em><\/em><\/p>\n\n\n\n<p><\/p>\n\n\n\n<p class=\"has-text-align-center has-small-font-size\"><em>2023 \/ 90\u2019 \/ \u666e\u901a\u8bdd \/ \u539f\u58f0\u6cd5\u8bed\u5b57\u5e55 \/ \u5267\u60c5\u7247<\/em><br><em><br>\u7b2c76\u5c4a\u6d1b\u8fe6\u8bfa\u56fd\u9645\u7535\u5f71\u8282\u5f53\u4ee3\u7535\u5f71\u4eba\u5355\u5143\u91d1\u8c79\u5956\u6700\u4f73\u5f71\u7247\u63d0\u540d<\/em><br><em>\u7b2c9\u5c4a\u5e73\u9065\u56fd\u9645\u7535\u5f71\u5c55\u8d39\u7a46\u8363\u8a89\u6700\u4f73\u5f71\u7247\u63d0\u540d<\/em><\/p>\n\n\n\n<p>\u5f71\u7247\u56f4\u7ed5\u7740\u4e24\u8d77\u547d\u6848\u5c55\u5f00\uff0c\u7531\u540c\u4e00\u8f86\u6469\u6258\u8f66\u7275\u5f15\u51fa\u53d1\u751f\u5728\u4e2d\u56fd\u897f\u5357\u8fb9\u5883\u4e24\u4e2a\u53bf\u57ce\u4e4b\u95f4\u7684\u6545\u4e8b\u3002\u4ed6\u4eec\u5728\u8ffd\u5bfb\u771f\u76f8\u7684\u8fc7\u7a0b\u4e2d\uff0c\u4e00\u5ea6\u9677\u5165\u672b\u65e5\u6c1b\u56f4\u4e0b\u7684\u8ff7\u9014\u3002\u800c\u5f53\u8fd9\u8f86\u9508\u8ff9\u6591\u6591\u7684\u6469\u6258\u8f66\u4ece\u8fb9\u5883\u6cb3\u6c34\u4e2d\u88ab\u6253\u635e\u4e0a\u6765\uff0c\u4e00\u6bb5\u88ab\u65f6\u95f4\u63a9\u57cb\u7684\u60c5\u611f\u7ea0\u845b\u4e5f\u968f\u4e4b\u6d6e\u73b0\u3002<\/p>\n\n\n\n<p><em>\u5f71\u7247\u4ee51999\u5e74\u7684\u897f\u5357\u8fb9\u5883\u4e3a\u821e\u53f0\uff0c\u6545\u4e8b\u5728\u8ff7\u96fe\u7b3c\u7f69\u4e2d\u5f90\u5f90\u5c55\u5f00\u3002\u5f71\u7247\u901a\u8fc7\u4e00\u8f86\u6469\u6258\u8f66\u4e32\u8d77\u6545\u4e8b\u7ebf\uff0c\u5448\u73b0\u5bfb\u627e\u3001\u521b\u4f24\u4e0e\u60c5\u611f\u6551\u8d4e\u7684\u4e3b\u9898\uff0c\u540c\u65f6\u4ee5\u5947\u5e7b\u4e0e\u73b0\u5b9e\u4ea4\u7ec7\u7684\u5f71\u50cf\u98ce\u683c\uff0c\u8425\u9020\u51fa\u6251\u6714\u8ff7\u79bb\u800c\u5145\u6ee1\u5f20\u529b\u7684\u89c2\u5f71\u4f53\u9a8c\u3002<\/em><\/p>\n\n\n\n<figure class=\"wp-block-gallery has-nested-images columns-2 is-cropped wp-block-gallery-1 is-layout-flex wp-block-gallery-is-layout-flex\">\n<figure class=\"wp-block-image size-large\"><img loading=\"lazy\" decoding=\"async\" width=\"1024\" height=\"683\" data-id=\"7071\" src=\"https:\/\/www.allersretoursasso.fr\/wp-content\/uploads\/2026\/01\/\u5267\u71671-1024x683.jpg\" alt=\"\" class=\"wp-image-7071\" srcset=\"https:\/\/www.allersretoursasso.fr\/wp-content\/uploads\/2026\/01\/\u5267\u71671-1024x683.jpg 1024w, https:\/\/www.allersretoursasso.fr\/wp-content\/uploads\/2026\/01\/\u5267\u71671-300x200.jpg 300w, https:\/\/www.allersretoursasso.fr\/wp-content\/uploads\/2026\/01\/\u5267\u71671-768x512.jpg 768w, https:\/\/www.allersretoursasso.fr\/wp-content\/uploads\/2026\/01\/\u5267\u71671-1536x1024.jpg 1536w, https:\/\/www.allersretoursasso.fr\/wp-content\/uploads\/2026\/01\/\u5267\u71671-2048x1365.jpg 2048w, https:\/\/www.allersretoursasso.fr\/wp-content\/uploads\/2026\/01\/\u5267\u71671-18x12.jpg 18w, https:\/\/www.allersretoursasso.fr\/wp-content\/uploads\/2026\/01\/\u5267\u71671-350x233.jpg 350w, https:\/\/www.allersretoursasso.fr\/wp-content\/uploads\/2026\/01\/\u5267\u71671-272x182.jpg 272w\" sizes=\"(max-width: 767px) 89vw, (max-width: 1000px) 54vw, (max-width: 1071px) 543px, 580px\" \/><\/figure>\n\n\n\n<figure class=\"wp-block-image size-large\"><img loading=\"lazy\" decoding=\"async\" width=\"1024\" height=\"683\" data-id=\"7070\" src=\"https:\/\/www.allersretoursasso.fr\/wp-content\/uploads\/2026\/01\/\u5267\u71672-1024x683.jpg\" alt=\"\" class=\"wp-image-7070\" srcset=\"https:\/\/www.allersretoursasso.fr\/wp-content\/uploads\/2026\/01\/\u5267\u71672-1024x683.jpg 1024w, https:\/\/www.allersretoursasso.fr\/wp-content\/uploads\/2026\/01\/\u5267\u71672-300x200.jpg 300w, https:\/\/www.allersretoursasso.fr\/wp-content\/uploads\/2026\/01\/\u5267\u71672-768x512.jpg 768w, https:\/\/www.allersretoursasso.fr\/wp-content\/uploads\/2026\/01\/\u5267\u71672-1536x1024.jpg 1536w, https:\/\/www.allersretoursasso.fr\/wp-content\/uploads\/2026\/01\/\u5267\u71672-2048x1365.jpg 2048w, https:\/\/www.allersretoursasso.fr\/wp-content\/uploads\/2026\/01\/\u5267\u71672-18x12.jpg 18w, https:\/\/www.allersretoursasso.fr\/wp-content\/uploads\/2026\/01\/\u5267\u71672-350x233.jpg 350w, https:\/\/www.allersretoursasso.fr\/wp-content\/uploads\/2026\/01\/\u5267\u71672-272x182.jpg 272w\" sizes=\"(max-width: 767px) 89vw, (max-width: 1000px) 54vw, (max-width: 1071px) 543px, 580px\" \/><\/figure>\n\n\n\n<figure class=\"wp-block-image size-large\"><img loading=\"lazy\" decoding=\"async\" width=\"1024\" height=\"683\" data-id=\"7068\" src=\"https:\/\/www.allersretoursasso.fr\/wp-content\/uploads\/2026\/01\/\u5267\u71673-1024x683.jpg\" alt=\"\" class=\"wp-image-7068\" srcset=\"https:\/\/www.allersretoursasso.fr\/wp-content\/uploads\/2026\/01\/\u5267\u71673-1024x683.jpg 1024w, https:\/\/www.allersretoursasso.fr\/wp-content\/uploads\/2026\/01\/\u5267\u71673-300x200.jpg 300w, https:\/\/www.allersretoursasso.fr\/wp-content\/uploads\/2026\/01\/\u5267\u71673-768x512.jpg 768w, https:\/\/www.allersretoursasso.fr\/wp-content\/uploads\/2026\/01\/\u5267\u71673-1536x1024.jpg 1536w, https:\/\/www.allersretoursasso.fr\/wp-content\/uploads\/2026\/01\/\u5267\u71673-2048x1365.jpg 2048w, https:\/\/www.allersretoursasso.fr\/wp-content\/uploads\/2026\/01\/\u5267\u71673-18x12.jpg 18w, https:\/\/www.allersretoursasso.fr\/wp-content\/uploads\/2026\/01\/\u5267\u71673-350x233.jpg 350w, https:\/\/www.allersretoursasso.fr\/wp-content\/uploads\/2026\/01\/\u5267\u71673-272x182.jpg 272w\" sizes=\"(max-width: 767px) 89vw, (max-width: 1000px) 54vw, (max-width: 1071px) 543px, 580px\" \/><\/figure>\n\n\n\n<figure class=\"wp-block-image size-full\"><img loading=\"lazy\" decoding=\"async\" width=\"2560\" height=\"1707\" data-id=\"7067\" src=\"https:\/\/www.allersretoursasso.fr\/wp-content\/uploads\/2026\/01\/\u5267\u71674-scaled.jpg\" alt=\"\" class=\"wp-image-7067\" srcset=\"https:\/\/www.allersretoursasso.fr\/wp-content\/uploads\/2026\/01\/\u5267\u71674-scaled.jpg 2560w, https:\/\/www.allersretoursasso.fr\/wp-content\/uploads\/2026\/01\/\u5267\u71674-300x200.jpg 300w, https:\/\/www.allersretoursasso.fr\/wp-content\/uploads\/2026\/01\/\u5267\u71674-1024x683.jpg 1024w, https:\/\/www.allersretoursasso.fr\/wp-content\/uploads\/2026\/01\/\u5267\u71674-768x512.jpg 768w, https:\/\/www.allersretoursasso.fr\/wp-content\/uploads\/2026\/01\/\u5267\u71674-1536x1024.jpg 1536w, https:\/\/www.allersretoursasso.fr\/wp-content\/uploads\/2026\/01\/\u5267\u71674-2048x1365.jpg 2048w, https:\/\/www.allersretoursasso.fr\/wp-content\/uploads\/2026\/01\/\u5267\u71674-18x12.jpg 18w, https:\/\/www.allersretoursasso.fr\/wp-content\/uploads\/2026\/01\/\u5267\u71674-350x233.jpg 350w, https:\/\/www.allersretoursasso.fr\/wp-content\/uploads\/2026\/01\/\u5267\u71674-272x182.jpg 272w\" sizes=\"(max-width: 767px) 89vw, (max-width: 1000px) 54vw, (max-width: 1071px) 543px, 580px\" \/><\/figure>\n\n\n\n<figure class=\"wp-block-image size-full\"><img loading=\"lazy\" decoding=\"async\" width=\"2560\" height=\"1707\" data-id=\"7072\" src=\"https:\/\/www.allersretoursasso.fr\/wp-content\/uploads\/2026\/01\/\u5267\u71675-scaled.jpg\" alt=\"\" class=\"wp-image-7072\" srcset=\"https:\/\/www.allersretoursasso.fr\/wp-content\/uploads\/2026\/01\/\u5267\u71675-scaled.jpg 2560w, https:\/\/www.allersretoursasso.fr\/wp-content\/uploads\/2026\/01\/\u5267\u71675-300x200.jpg 300w, https:\/\/www.allersretoursasso.fr\/wp-content\/uploads\/2026\/01\/\u5267\u71675-1024x683.jpg 1024w, https:\/\/www.allersretoursasso.fr\/wp-content\/uploads\/2026\/01\/\u5267\u71675-768x512.jpg 768w, https:\/\/www.allersretoursasso.fr\/wp-content\/uploads\/2026\/01\/\u5267\u71675-1536x1024.jpg 1536w, https:\/\/www.allersretoursasso.fr\/wp-content\/uploads\/2026\/01\/\u5267\u71675-2048x1365.jpg 2048w, https:\/\/www.allersretoursasso.fr\/wp-content\/uploads\/2026\/01\/\u5267\u71675-18x12.jpg 18w, https:\/\/www.allersretoursasso.fr\/wp-content\/uploads\/2026\/01\/\u5267\u71675-350x233.jpg 350w, https:\/\/www.allersretoursasso.fr\/wp-content\/uploads\/2026\/01\/\u5267\u71675-272x182.jpg 272w\" sizes=\"(max-width: 767px) 89vw, (max-width: 1000px) 54vw, (max-width: 1071px) 543px, 580px\" \/><\/figure>\n<\/figure>\n\n\n\n<figure class=\"wp-block-embed is-type-video is-provider-youtube wp-block-embed-youtube wp-embed-aspect-16-9 wp-has-aspect-ratio\"><div class=\"wp-block-embed__wrapper\">\n<iframe loading=\"lazy\" title=\"West Border\" width=\"525\" height=\"295\" src=\"https:\/\/www.youtube.com\/embed\/AKxJQ9JsSjw?feature=oembed\" frameborder=\"0\" allow=\"accelerometer; autoplay; clipboard-write; encrypted-media; gyroscope; picture-in-picture; web-share\" referrerpolicy=\"strict-origin-when-cross-origin\" allowfullscreen><\/iframe>\n<\/div><\/figure>\n\n\n\n<div class=\"wp-block-columns is-layout-flex wp-container-core-columns-layout-1 wp-block-columns-is-layout-flex\">\n<div class=\"wp-block-column is-layout-flow wp-block-column-is-layout-flow\"><\/div>\n<\/div>\n\n\n\n<hr class=\"wp-block-separator has-alpha-channel-opacity\"\/>\n\n\n\n<div class=\"wp-block-columns is-layout-flex wp-container-core-columns-layout-2 wp-block-columns-is-layout-flex\">\n<div class=\"wp-block-column is-layout-flow wp-block-column-is-layout-flow\"><\/div>\n<\/div>\n\n\n\n<div class=\"wp-block-columns is-layout-flex wp-container-core-columns-layout-3 wp-block-columns-is-layout-flex\">\n<div class=\"wp-block-column is-layout-flow wp-block-column-is-layout-flow\" style=\"flex-basis:33.33%\">\n<figure class=\"wp-block-image size-full\"><img loading=\"lazy\" decoding=\"async\" width=\"2048\" height=\"2560\" src=\"https:\/\/www.allersretoursasso.fr\/wp-content\/uploads\/2026\/01\/\u5bfc\u6f14-\u7f57\u8273-\u7167\u7247-\u7ad6-scaled.jpg\" alt=\"\" class=\"wp-image-7073\" style=\"aspect-ratio:3\/4;object-fit:cover\" srcset=\"https:\/\/www.allersretoursasso.fr\/wp-content\/uploads\/2026\/01\/\u5bfc\u6f14-\u7f57\u8273-\u7167\u7247-\u7ad6-scaled.jpg 2048w, https:\/\/www.allersretoursasso.fr\/wp-content\/uploads\/2026\/01\/\u5bfc\u6f14-\u7f57\u8273-\u7167\u7247-\u7ad6-240x300.jpg 240w, https:\/\/www.allersretoursasso.fr\/wp-content\/uploads\/2026\/01\/\u5bfc\u6f14-\u7f57\u8273-\u7167\u7247-\u7ad6-819x1024.jpg 819w, https:\/\/www.allersretoursasso.fr\/wp-content\/uploads\/2026\/01\/\u5bfc\u6f14-\u7f57\u8273-\u7167\u7247-\u7ad6-768x960.jpg 768w, https:\/\/www.allersretoursasso.fr\/wp-content\/uploads\/2026\/01\/\u5bfc\u6f14-\u7f57\u8273-\u7167\u7247-\u7ad6-1229x1536.jpg 1229w, https:\/\/www.allersretoursasso.fr\/wp-content\/uploads\/2026\/01\/\u5bfc\u6f14-\u7f57\u8273-\u7167\u7247-\u7ad6-1638x2048.jpg 1638w, https:\/\/www.allersretoursasso.fr\/wp-content\/uploads\/2026\/01\/\u5bfc\u6f14-\u7f57\u8273-\u7167\u7247-\u7ad6-10x12.jpg 10w, https:\/\/www.allersretoursasso.fr\/wp-content\/uploads\/2026\/01\/\u5bfc\u6f14-\u7f57\u8273-\u7167\u7247-\u7ad6-350x438.jpg 350w\" sizes=\"(max-width: 767px) 89vw, (max-width: 1000px) 54vw, (max-width: 1071px) 543px, 580px\" \/><\/figure>\n<\/div>\n\n\n\n<div class=\"wp-block-column is-layout-flow wp-block-column-is-layout-flow\" style=\"flex-basis:66.66%\">\n<p><strong><strong>\u00c0 propos de<\/strong> <strong>LUO Yan<\/strong><\/strong><\/p>\n\n\n\n<p class=\"has-small-font-size\"><\/p>\n<\/div>\n<\/div>\n\n\n\n<p class=\"has-small-font-size\"><\/p>\n\n\n\n<p style=\"font-size:14px\">LUO Yan est sc\u00e9nariste et r\u00e9alisatrice, dipl\u00f4m\u00e9e du d\u00e9partement de litt\u00e9rature dramatique de l\u2019Acad\u00e9mie centrale d\u2019art dramatique de Chine. Elle a travaill\u00e9 comme planificatrice et productrice ex\u00e9cutive sur le long m\u00e9trage <em>The Looming Storm<\/em>, laur\u00e9at du Prix de la meilleure contribution artistique au 30\u1d49 Festival international du film de Tokyo. Son sc\u00e9nario original <em>West Border<\/em> a \u00e9t\u00e9 s\u00e9lectionn\u00e9 par le Fonds sp\u00e9cial Wu Tianming pour les jeunes r\u00e9alisateurs, a re\u00e7u le Prix du meilleur projet de film de jeune r\u00e9alisateur, et a \u00e9t\u00e9 pr\u00e9sent\u00e9 en premi\u00e8re dans la comp\u00e9tition <em>Hidden Dragon<\/em> du 9\u1d49 Festival international du film de Pingyao.<\/p>\n\n\n\n<p class=\"has-small-font-size\"><\/p>\n\n\n\n<p style=\"font-size:14px\">\u7f57\u8273\uff0c\u4e2d\u56fd\u7f16\u5267\u3001\u5bfc\u6f14\uff0c\u6bd5\u4e1a\u4e8e\u4e2d\u592e\u620f\u5267\u5b66\u9662\u620f\u5267\u5f71\u89c6\u6587\u5b66\u7cfb\u3002\u300a\u897f\u6e21\u300b\uff08\u539f\u540d\u300a1999\u300b\uff09\u4e3a\u5176\u9996\u90e8\u957f\u7bc7\u5267\u60c5\u7247\u3002\u5f71\u7247\u521b\u4f5c\u6e90\u4e8e\u5979\u4e0e\u7236\u4eb2\u5173\u7cfb\u7684\u60c5\u611f\u4f53\u9a8c\uff0c\u5176\u521b\u4f5c\u672a\u91c7\u7528\u4f20\u7edf\u5bb6\u5ead\u7247\u65b9\u5f0f\uff0c\u800c\u662f\u5c06\u5176\u7f6e\u4e8e\u7c7b\u578b\u7247\u6846\u67b6\uff0c\u901a\u8fc7\u7535\u5f71\u7279\u6709\u7684\u8bed\u8a00\u5448\u73b0\u5185\u5316\u7684\u60c5\u611f\u3002<\/p>\n\n\n\n<p class=\"has-small-font-size\"><\/p>\n\n\n\n<hr class=\"wp-block-separator has-alpha-channel-opacity is-style-wide\"\/>\n\n\n\n<div class=\"wp-block-columns is-layout-flex wp-container-core-columns-layout-4 wp-block-columns-is-layout-flex\">\n<div class=\"wp-block-column is-layout-flow wp-block-column-is-layout-flow\">\n<div class=\"wp-block-buttons is-content-justification-center is-layout-flex wp-container-core-buttons-layout-1 wp-block-buttons-is-layout-flex\">\n<div class=\"wp-block-button has-custom-width wp-block-button__width-50 has-custom-font-size is-style-outline\" style=\"font-size:15px\"><a class=\"wp-block-button__link wp-element-button\" href=\"https:\/\/www.billetweb.fr\/festival-allers-retours-2026-paris\" target=\"_blank\" rel=\"noreferrer noopener\">\u8d2d\u7968\u94fe\u63a5<br>\u7ebf\u4e0a\u8d2d\u7968<\/a><\/div>\n<\/div>\n<\/div>\n<\/div>\n\n\n\n<p class=\"has-text-align-center\" style=\"font-size:18px\"><strong>Paris<\/strong><\/p>\n\n\n\n<p class=\"has-text-align-center\"><strong>Sam. 24 janvier \u00e0 14h <\/strong>au Mus\u00e9e Guimet, premi\u00e8re internationale<\/p>\n\n\n\n<p class=\"has-text-align-center\" style=\"font-size:18px\"><\/p>\n\n\n\n<p><\/p>\n\n\n\n<div class=\"wp-block-cover is-light\" style=\"min-height:349px\"><span aria-hidden=\"true\" class=\"wp-block-cover__background has-white-background-color has-background-dim\"><\/span><div class=\"wp-block-cover__inner-container is-layout-flow wp-block-cover-is-layout-flow\">\n<div class=\"wp-block-group is-layout-flow wp-block-group-is-layout-flow\"><div class=\"wp-block-group__inner-container\">\n<figure class=\"wp-block-image size-large\"><a href=\"https:\/\/www.allersretoursasso.fr\/zh\/annee-festival-2026\/\" target=\"_blank\" rel=\"noreferrer noopener\"><img loading=\"lazy\" decoding=\"async\" width=\"1024\" height=\"379\" src=\"https:\/\/www.allersretoursasso.fr\/wp-content\/uploads\/2026\/01\/FB-banner@4x-1024x379.png\" alt=\"\" class=\"wp-image-6878\" srcset=\"https:\/\/www.allersretoursasso.fr\/wp-content\/uploads\/2026\/01\/FB-banner@4x-1024x379.png 1024w, https:\/\/www.allersretoursasso.fr\/wp-content\/uploads\/2026\/01\/FB-banner@4x-300x111.png 300w, https:\/\/www.allersretoursasso.fr\/wp-content\/uploads\/2026\/01\/FB-banner@4x-768x285.png 768w, https:\/\/www.allersretoursasso.fr\/wp-content\/uploads\/2026\/01\/FB-banner@4x-1536x569.png 1536w, https:\/\/www.allersretoursasso.fr\/wp-content\/uploads\/2026\/01\/FB-banner@4x-2048x759.png 2048w, https:\/\/www.allersretoursasso.fr\/wp-content\/uploads\/2026\/01\/FB-banner@4x-18x7.png 18w, https:\/\/www.allersretoursasso.fr\/wp-content\/uploads\/2026\/01\/FB-banner@4x-350x130.png 350w\" sizes=\"(max-width: 767px) 89vw, (max-width: 1000px) 54vw, (max-width: 1071px) 543px, 580px\" \/><\/a><\/figure>\n<\/div><\/div>\n<\/div><\/div>\n\n\n\n<div class=\"wp-block-group is-layout-flow wp-block-group-is-layout-flow\"><div class=\"wp-block-group__inner-container\">\n<p class=\"has-text-align-center\" style=\"font-size:15px\"><\/p>\n<\/div><\/div>\n\n\n\n<p class=\"has-text-align-center has-white-color has-text-color\" style=\"font-size:15px\"> 19h45 aux Ursuline<\/p>\n\n\n\n<p class=\"has-text-align-center has-white-color has-text-color\" style=\"font-size:15px\">06 octobre \u00e0 19h45 aux Ursulines<\/p>","protected":false},"excerpt":{"rendered":"<p>2023 \/ 90\u2019 \/ Mandarin \/ VOSTF \/ Fiction Nomm\u00e9 pour le prix Fei Mu \u2013 Meilleur film, 9e Festival international du film de PingyaoNomm\u00e9 au L\u00e9opard d&#8217;or Cin\u00e9astes d&#8217;aujourd&#8217;hui de la 76e \u00e9dition du Festival de Locarno Le film s\u2019articule autour de deux affaires de meurtre, reli\u00e9es par la pr\u00e9sence d\u2019une m\u00eame moto, et &hellip; <\/p>\n<p class=\"link-more\"><a href=\"https:\/\/www.allersretoursasso.fr\/zh\/festival2026-west-border\/\" class=\"more-link\">\u7ee7\u7eed\u9605\u8bfb<span class=\"screen-reader-text\">\u201cFestival Allers-Retours 2026  &#8211; West Border\u201d<\/span><\/a><\/p>","protected":false},"author":20,"featured_media":0,"parent":0,"menu_order":0,"comment_status":"closed","ping_status":"closed","template":"","meta":{"footnotes":""},"_links":{"self":[{"href":"https:\/\/www.allersretoursasso.fr\/zh\/wp-json\/wp\/v2\/pages\/7063"}],"collection":[{"href":"https:\/\/www.allersretoursasso.fr\/zh\/wp-json\/wp\/v2\/pages"}],"about":[{"href":"https:\/\/www.allersretoursasso.fr\/zh\/wp-json\/wp\/v2\/types\/page"}],"author":[{"embeddable":true,"href":"https:\/\/www.allersretoursasso.fr\/zh\/wp-json\/wp\/v2\/users\/20"}],"replies":[{"embeddable":true,"href":"https:\/\/www.allersretoursasso.fr\/zh\/wp-json\/wp\/v2\/comments?post=7063"}],"version-history":[{"count":9,"href":"https:\/\/www.allersretoursasso.fr\/zh\/wp-json\/wp\/v2\/pages\/7063\/revisions"}],"predecessor-version":[{"id":7326,"href":"https:\/\/www.allersretoursasso.fr\/zh\/wp-json\/wp\/v2\/pages\/7063\/revisions\/7326"}],"wp:attachment":[{"href":"https:\/\/www.allersretoursasso.fr\/zh\/wp-json\/wp\/v2\/media?parent=7063"}],"curies":[{"name":"wp","href":"https:\/\/api.w.org\/{rel}","templated":true}]}}