{"id":7131,"date":"2026-01-07T00:11:42","date_gmt":"2026-01-06T23:11:42","guid":{"rendered":"https:\/\/www.allersretoursasso.fr\/?page_id=7131"},"modified":"2026-01-08T14:45:02","modified_gmt":"2026-01-08T13:45:02","slug":"festival2026-the-botanist","status":"publish","type":"page","link":"https:\/\/www.allersretoursasso.fr\/zh\/festival2026-the-botanist\/","title":{"rendered":"Festival Allers-Retours 2026  &#8211; The Botanist"},"content":{"rendered":"<div id=\"fb-root\"><\/div>\n\n<div class=\"wp-block-media-text alignwide is-stacked-on-mobile\" style=\"grid-template-columns:41% auto\"><figure class=\"wp-block-media-text__media\"><img loading=\"lazy\" decoding=\"async\" width=\"683\" height=\"1024\" src=\"https:\/\/www.allersretoursasso.fr\/wp-content\/uploads\/2026\/01\/THE-BOTANIST-POSTER_final-683x1024.jpg\" alt=\"\" class=\"wp-image-7132 size-full\" srcset=\"https:\/\/www.allersretoursasso.fr\/wp-content\/uploads\/2026\/01\/THE-BOTANIST-POSTER_final-683x1024.jpg 683w, https:\/\/www.allersretoursasso.fr\/wp-content\/uploads\/2026\/01\/THE-BOTANIST-POSTER_final-200x300.jpg 200w, https:\/\/www.allersretoursasso.fr\/wp-content\/uploads\/2026\/01\/THE-BOTANIST-POSTER_final-768x1152.jpg 768w, https:\/\/www.allersretoursasso.fr\/wp-content\/uploads\/2026\/01\/THE-BOTANIST-POSTER_final-1024x1536.jpg 1024w, https:\/\/www.allersretoursasso.fr\/wp-content\/uploads\/2026\/01\/THE-BOTANIST-POSTER_final-1366x2048.jpg 1366w, https:\/\/www.allersretoursasso.fr\/wp-content\/uploads\/2026\/01\/THE-BOTANIST-POSTER_final-8x12.jpg 8w, https:\/\/www.allersretoursasso.fr\/wp-content\/uploads\/2026\/01\/THE-BOTANIST-POSTER_final-350x525.jpg 350w, https:\/\/www.allersretoursasso.fr\/wp-content\/uploads\/2026\/01\/THE-BOTANIST-POSTER_final-scaled.jpg 1707w\" sizes=\"(max-width: 683px) 100vw, 683px\" \/><\/figure><div class=\"wp-block-media-text__content\">\n<div class=\"wp-block-group is-layout-flow wp-block-group-is-layout-flow\"><div class=\"wp-block-group__inner-container\">\n<div class=\"wp-block-group is-vertical is-layout-flex wp-container-core-group-layout-4 wp-block-group-is-layout-flex\">\n<div class=\"wp-block-group is-layout-flow wp-block-group-is-layout-flow\"><div class=\"wp-block-group__inner-container\">\n<div class=\"wp-block-group is-layout-flow wp-block-group-is-layout-flow\"><div class=\"wp-block-group__inner-container\">\n<div class=\"wp-block-group is-layout-flow wp-block-group-is-layout-flow\"><div class=\"wp-block-group__inner-container\">\n<p><\/p>\n\n\n\n<p style=\"font-size:30px;font-style:normal;font-weight:500\"><strong><em>The Botanist<\/em><\/strong><\/p>\n\n\n\n<p style=\"font-size:30px;font-style:normal;font-weight:500\"><strong><strong><strong><strong><strong><strong>\u690d\u7269\u5b66\u5bb6<\/strong><\/strong><\/strong><\/strong><\/strong><\/strong><\/p>\n\n\n\n<p class=\"has-medium-font-size\">JING Yi<\/p>\n\n\n\n<p class=\"has-medium-font-size\">\u666f\u4e00<\/p>\n\n\n\n<p class=\"has-small-font-size\"><a href=\"https:\/\/www.allersretoursasso.fr\/zh\/annee-festival-2026\/\" target=\"_blank\" rel=\"noreferrer noopener\">\u00c9dition 2026<\/a><\/p>\n\n\n\n<p style=\"font-size:10px\"><\/p>\n\n\n\n<p class=\"has-text-align-center\"><\/p>\n<\/div><\/div>\n<\/div><\/div>\n<\/div><\/div>\n<\/div>\n<\/div><\/div>\n<\/div><\/div>\n\n\n\n<h2 class=\"wp-block-heading\"><\/h2>\n\n\n\n<p class=\"has-text-align-center has-small-font-size\"><em>2025 \/ 96\u2019 \/ Mandarin, Kazakh \/ VOSTF \/ Fiction<\/em><br><em><br>S\u00e9lectionn\u00e9 au Berlin International Film Festival 2025<\/em><\/p>\n\n\n\n<p>Dans un village au nord du Xinjiang, Arsin, un jeune Kazakh m\u00e8ne une vie solitaire entour\u00e9e de plantes, passant ses journ\u00e9es \u00e0 documenter ces derni\u00e8res. Il rencontre bient\u00f4t Meiyu, une jeune fille de l&#8217;ethnie Han, dont la personnalit\u00e9 lui rappelle une plante rare. De leur amiti\u00e9 fleurit une histoire o\u00f9 la r\u00e9alit\u00e9 et le monde enchant\u00e9 de la botanique se confondent.<\/p>\n\n\n\n<p><em>Par ce film, JING Yi explore la vision du peuple kazakh sur la vie d\u2019apr\u00e8s la mort, o\u00f9 les \u00e2mes des d\u00e9funts r\u00e9sident dans les plantes. Le film offre une vision qui m\u00eale documentaire et fiction pour mettre en avant une r\u00e9alit\u00e9 alternative.<\/em><\/p>\n\n\n\n<p><\/p>\n\n\n\n<p class=\"has-text-align-center has-small-font-size\"><em>2025 \/ 96\u2018 \/ \u666e\u901a\u8bdd\u3001\u54c8\u8428\u514b\u8bed \/ \u539f\u58f0\u6cd5\u8bed\u5b57\u5e55 \/ \u5267\u60c5\u7247<\/em><br><em><br>\u7b2c49\u5c4a\u9999\u6e2f\u56fd\u9645\u7535\u5f71\u8282\u706b\u9e1f\u5927\u5956\u65b0\u79c0\u7535\u5f71\u7ade\u8d5b\uff08\u534e\u8bed\uff09\u6700\u4f73\u5bfc\u6f14\u548c\u56fd\u9645\u5f71\u8bc4\u4eba\u8d39\u6bd4\u897f\u5956<br>\u7b2c75\u5c4a\u67cf\u6797\u56fd\u9645\u7535\u5f71\u8282\u201c\u65b0\u751f\u4ee3Kplus\u201d\u7ade\u8d5b\u5355\u5143\u56fd\u9645\u8bc4\u5ba1\u56e2\u5927\u5956<\/em><\/p>\n\n\n\n<p>\u5728\u65b0\u7586\u5317\u90e8\u7684\u4e00\u5ea7\u6751\u5e84\u91cc\uff0c\u54c8\u8428\u514b\u65cf\u7537\u5b69\u963f\u5c14\u8f9b\u72ec\u81ea\u751f\u6d3b\uff0c\u4e0e\u690d\u7269\u4e3a\u4f34\u3002\u4ed6\u91c7\u96c6\u3001\u89c2\u5bdf\u3001\u8bb0\u5f55\u8349\u6728\u7684\u751f\u957f\uff0c\u5728\u81ea\u7136\u7684\u8282\u5f8b\u4e2d\u5ea6\u8fc7\u65e5\u5e38\u3002\u4e0e\u6c49\u65cf\u5973\u5b69\u7f8e\u7389\u7684\u76f8\u9047\uff0c\u4e66\u5199\u4e86\u4e00\u6bb5\u4ecb\u4e8e\u73b0\u5b9e\u4e0e\u60f3\u8c61\u4e4b\u95f4\u7684\u690d\u7269\u5bd3\u8a00\u3002<\/p>\n\n\n\n<p><em>\u5f71\u7247\u542f\u7528\u975e\u804c\u4e1a\u6f14\u5458\uff0c\u4eba\u7269\u5982\u4e0d\u540c\u7684\u690d\u7269\uff0c\u5728\u540c\u4e00\u7247\u571f\u5730\u4e0a\u5e76\u884c\u751f\u957f\u3002\u690d\u7269\u6210\u4e3a\u627f\u8f7d\u65f6\u95f4\u3001\u60c5\u611f\u4e0e\u7ecf\u9a8c\u7684\u5a92\u4ecb\u3002<\/em><\/p>\n\n\n\n<figure class=\"wp-block-gallery has-nested-images columns-default is-cropped wp-block-gallery-1 is-layout-flex wp-block-gallery-is-layout-flex\">\n<figure class=\"wp-block-image size-large\"><img loading=\"lazy\" decoding=\"async\" width=\"1024\" height=\"703\" data-id=\"7133\" src=\"https:\/\/www.allersretoursasso.fr\/wp-content\/uploads\/2026\/01\/Arsin-Horse_\u00a9MONOLOGUE-FILMS-1024x703.jpg\" alt=\"\" class=\"wp-image-7133\" srcset=\"https:\/\/www.allersretoursasso.fr\/wp-content\/uploads\/2026\/01\/Arsin-Horse_\u00a9MONOLOGUE-FILMS-1024x703.jpg 1024w, https:\/\/www.allersretoursasso.fr\/wp-content\/uploads\/2026\/01\/Arsin-Horse_\u00a9MONOLOGUE-FILMS-300x206.jpg 300w, https:\/\/www.allersretoursasso.fr\/wp-content\/uploads\/2026\/01\/Arsin-Horse_\u00a9MONOLOGUE-FILMS-768x527.jpg 768w, https:\/\/www.allersretoursasso.fr\/wp-content\/uploads\/2026\/01\/Arsin-Horse_\u00a9MONOLOGUE-FILMS-1536x1055.jpg 1536w, https:\/\/www.allersretoursasso.fr\/wp-content\/uploads\/2026\/01\/Arsin-Horse_\u00a9MONOLOGUE-FILMS-2048x1406.jpg 2048w, https:\/\/www.allersretoursasso.fr\/wp-content\/uploads\/2026\/01\/Arsin-Horse_\u00a9MONOLOGUE-FILMS-18x12.jpg 18w, https:\/\/www.allersretoursasso.fr\/wp-content\/uploads\/2026\/01\/Arsin-Horse_\u00a9MONOLOGUE-FILMS-350x240.jpg 350w\" sizes=\"(max-width: 767px) 89vw, (max-width: 1000px) 54vw, (max-width: 1071px) 543px, 580px\" \/><\/figure>\n\n\n\n<figure class=\"wp-block-image size-large\"><img loading=\"lazy\" decoding=\"async\" width=\"1024\" height=\"683\" data-id=\"7139\" src=\"https:\/\/www.allersretoursasso.fr\/wp-content\/uploads\/2026\/01\/Arsin-Meiyu-1_\u00a9MONOLOGUE-FILMS-1024x683.jpeg\" alt=\"\" class=\"wp-image-7139\" srcset=\"https:\/\/www.allersretoursasso.fr\/wp-content\/uploads\/2026\/01\/Arsin-Meiyu-1_\u00a9MONOLOGUE-FILMS-1024x683.jpeg 1024w, https:\/\/www.allersretoursasso.fr\/wp-content\/uploads\/2026\/01\/Arsin-Meiyu-1_\u00a9MONOLOGUE-FILMS-300x200.jpeg 300w, https:\/\/www.allersretoursasso.fr\/wp-content\/uploads\/2026\/01\/Arsin-Meiyu-1_\u00a9MONOLOGUE-FILMS-768x512.jpeg 768w, https:\/\/www.allersretoursasso.fr\/wp-content\/uploads\/2026\/01\/Arsin-Meiyu-1_\u00a9MONOLOGUE-FILMS-1536x1024.jpeg 1536w, https:\/\/www.allersretoursasso.fr\/wp-content\/uploads\/2026\/01\/Arsin-Meiyu-1_\u00a9MONOLOGUE-FILMS-2048x1365.jpeg 2048w, https:\/\/www.allersretoursasso.fr\/wp-content\/uploads\/2026\/01\/Arsin-Meiyu-1_\u00a9MONOLOGUE-FILMS-18x12.jpeg 18w, https:\/\/www.allersretoursasso.fr\/wp-content\/uploads\/2026\/01\/Arsin-Meiyu-1_\u00a9MONOLOGUE-FILMS-350x233.jpeg 350w, https:\/\/www.allersretoursasso.fr\/wp-content\/uploads\/2026\/01\/Arsin-Meiyu-1_\u00a9MONOLOGUE-FILMS-272x182.jpeg 272w\" sizes=\"(max-width: 767px) 89vw, (max-width: 1000px) 54vw, (max-width: 1071px) 543px, 580px\" \/><\/figure>\n\n\n\n<figure class=\"wp-block-image size-large\"><img loading=\"lazy\" decoding=\"async\" width=\"1024\" height=\"683\" data-id=\"7134\" src=\"https:\/\/www.allersretoursasso.fr\/wp-content\/uploads\/2026\/01\/Arsin-Meiyu-2_\u00a9MONOLOGUE-FILMS-1024x683.jpg\" alt=\"\" class=\"wp-image-7134\" srcset=\"https:\/\/www.allersretoursasso.fr\/wp-content\/uploads\/2026\/01\/Arsin-Meiyu-2_\u00a9MONOLOGUE-FILMS-1024x683.jpg 1024w, https:\/\/www.allersretoursasso.fr\/wp-content\/uploads\/2026\/01\/Arsin-Meiyu-2_\u00a9MONOLOGUE-FILMS-300x200.jpg 300w, https:\/\/www.allersretoursasso.fr\/wp-content\/uploads\/2026\/01\/Arsin-Meiyu-2_\u00a9MONOLOGUE-FILMS-768x512.jpg 768w, https:\/\/www.allersretoursasso.fr\/wp-content\/uploads\/2026\/01\/Arsin-Meiyu-2_\u00a9MONOLOGUE-FILMS-1536x1024.jpg 1536w, https:\/\/www.allersretoursasso.fr\/wp-content\/uploads\/2026\/01\/Arsin-Meiyu-2_\u00a9MONOLOGUE-FILMS-2048x1365.jpg 2048w, https:\/\/www.allersretoursasso.fr\/wp-content\/uploads\/2026\/01\/Arsin-Meiyu-2_\u00a9MONOLOGUE-FILMS-18x12.jpg 18w, https:\/\/www.allersretoursasso.fr\/wp-content\/uploads\/2026\/01\/Arsin-Meiyu-2_\u00a9MONOLOGUE-FILMS-350x233.jpg 350w, https:\/\/www.allersretoursasso.fr\/wp-content\/uploads\/2026\/01\/Arsin-Meiyu-2_\u00a9MONOLOGUE-FILMS-272x182.jpg 272w\" sizes=\"(max-width: 767px) 89vw, (max-width: 1000px) 54vw, (max-width: 1071px) 543px, 580px\" \/><\/figure>\n\n\n\n<figure class=\"wp-block-image size-large\"><img loading=\"lazy\" decoding=\"async\" width=\"1024\" height=\"683\" data-id=\"7137\" src=\"https:\/\/www.allersretoursasso.fr\/wp-content\/uploads\/2026\/01\/Arsin-1_\u00a9MONOLOGUE-FILMS-1024x683.jpg\" alt=\"\" class=\"wp-image-7137\" srcset=\"https:\/\/www.allersretoursasso.fr\/wp-content\/uploads\/2026\/01\/Arsin-1_\u00a9MONOLOGUE-FILMS-1024x683.jpg 1024w, https:\/\/www.allersretoursasso.fr\/wp-content\/uploads\/2026\/01\/Arsin-1_\u00a9MONOLOGUE-FILMS-300x200.jpg 300w, https:\/\/www.allersretoursasso.fr\/wp-content\/uploads\/2026\/01\/Arsin-1_\u00a9MONOLOGUE-FILMS-768x512.jpg 768w, https:\/\/www.allersretoursasso.fr\/wp-content\/uploads\/2026\/01\/Arsin-1_\u00a9MONOLOGUE-FILMS-1536x1024.jpg 1536w, https:\/\/www.allersretoursasso.fr\/wp-content\/uploads\/2026\/01\/Arsin-1_\u00a9MONOLOGUE-FILMS-2048x1365.jpg 2048w, https:\/\/www.allersretoursasso.fr\/wp-content\/uploads\/2026\/01\/Arsin-1_\u00a9MONOLOGUE-FILMS-18x12.jpg 18w, https:\/\/www.allersretoursasso.fr\/wp-content\/uploads\/2026\/01\/Arsin-1_\u00a9MONOLOGUE-FILMS-350x233.jpg 350w, https:\/\/www.allersretoursasso.fr\/wp-content\/uploads\/2026\/01\/Arsin-1_\u00a9MONOLOGUE-FILMS-272x182.jpg 272w\" sizes=\"(max-width: 767px) 89vw, (max-width: 1000px) 54vw, (max-width: 1071px) 543px, 580px\" \/><\/figure>\n\n\n\n<figure class=\"wp-block-image size-large\"><img loading=\"lazy\" decoding=\"async\" width=\"1024\" height=\"683\" data-id=\"7136\" src=\"https:\/\/www.allersretoursasso.fr\/wp-content\/uploads\/2026\/01\/Arsin-2_\u00a9MONOLOGUE-FILMS-1024x683.jpg\" alt=\"\" class=\"wp-image-7136\" srcset=\"https:\/\/www.allersretoursasso.fr\/wp-content\/uploads\/2026\/01\/Arsin-2_\u00a9MONOLOGUE-FILMS-1024x683.jpg 1024w, https:\/\/www.allersretoursasso.fr\/wp-content\/uploads\/2026\/01\/Arsin-2_\u00a9MONOLOGUE-FILMS-300x200.jpg 300w, https:\/\/www.allersretoursasso.fr\/wp-content\/uploads\/2026\/01\/Arsin-2_\u00a9MONOLOGUE-FILMS-768x512.jpg 768w, https:\/\/www.allersretoursasso.fr\/wp-content\/uploads\/2026\/01\/Arsin-2_\u00a9MONOLOGUE-FILMS-1536x1024.jpg 1536w, https:\/\/www.allersretoursasso.fr\/wp-content\/uploads\/2026\/01\/Arsin-2_\u00a9MONOLOGUE-FILMS-2048x1365.jpg 2048w, https:\/\/www.allersretoursasso.fr\/wp-content\/uploads\/2026\/01\/Arsin-2_\u00a9MONOLOGUE-FILMS-18x12.jpg 18w, https:\/\/www.allersretoursasso.fr\/wp-content\/uploads\/2026\/01\/Arsin-2_\u00a9MONOLOGUE-FILMS-350x233.jpg 350w, https:\/\/www.allersretoursasso.fr\/wp-content\/uploads\/2026\/01\/Arsin-2_\u00a9MONOLOGUE-FILMS-272x182.jpg 272w\" sizes=\"(max-width: 767px) 89vw, (max-width: 1000px) 54vw, (max-width: 1071px) 543px, 580px\" \/><\/figure>\n\n\n\n<figure class=\"wp-block-image size-large\"><img loading=\"lazy\" decoding=\"async\" width=\"1024\" height=\"683\" data-id=\"7140\" src=\"https:\/\/www.allersretoursasso.fr\/wp-content\/uploads\/2026\/01\/HERO-Key-Still_Arsin-Meiyu_\u00a9MONOLOGUE-FILMS-1024x683.jpeg\" alt=\"\" class=\"wp-image-7140\" srcset=\"https:\/\/www.allersretoursasso.fr\/wp-content\/uploads\/2026\/01\/HERO-Key-Still_Arsin-Meiyu_\u00a9MONOLOGUE-FILMS-1024x683.jpeg 1024w, https:\/\/www.allersretoursasso.fr\/wp-content\/uploads\/2026\/01\/HERO-Key-Still_Arsin-Meiyu_\u00a9MONOLOGUE-FILMS-300x200.jpeg 300w, https:\/\/www.allersretoursasso.fr\/wp-content\/uploads\/2026\/01\/HERO-Key-Still_Arsin-Meiyu_\u00a9MONOLOGUE-FILMS-768x512.jpeg 768w, https:\/\/www.allersretoursasso.fr\/wp-content\/uploads\/2026\/01\/HERO-Key-Still_Arsin-Meiyu_\u00a9MONOLOGUE-FILMS-1536x1024.jpeg 1536w, https:\/\/www.allersretoursasso.fr\/wp-content\/uploads\/2026\/01\/HERO-Key-Still_Arsin-Meiyu_\u00a9MONOLOGUE-FILMS-2048x1365.jpeg 2048w, https:\/\/www.allersretoursasso.fr\/wp-content\/uploads\/2026\/01\/HERO-Key-Still_Arsin-Meiyu_\u00a9MONOLOGUE-FILMS-18x12.jpeg 18w, https:\/\/www.allersretoursasso.fr\/wp-content\/uploads\/2026\/01\/HERO-Key-Still_Arsin-Meiyu_\u00a9MONOLOGUE-FILMS-350x233.jpeg 350w, https:\/\/www.allersretoursasso.fr\/wp-content\/uploads\/2026\/01\/HERO-Key-Still_Arsin-Meiyu_\u00a9MONOLOGUE-FILMS-272x182.jpeg 272w\" sizes=\"(max-width: 767px) 89vw, (max-width: 1000px) 54vw, (max-width: 1071px) 543px, 580px\" \/><\/figure>\n<\/figure>\n\n\n\n<figure class=\"wp-block-embed is-type-video is-provider-youtube wp-block-embed-youtube wp-embed-aspect-16-9 wp-has-aspect-ratio\"><div class=\"wp-block-embed__wrapper\">\n<iframe loading=\"lazy\" title=\"The  Botanist\" width=\"525\" height=\"295\" src=\"https:\/\/www.youtube.com\/embed\/JNy7ePkyGRc?feature=oembed\" frameborder=\"0\" allow=\"accelerometer; autoplay; clipboard-write; encrypted-media; gyroscope; picture-in-picture; web-share\" referrerpolicy=\"strict-origin-when-cross-origin\" allowfullscreen><\/iframe>\n<\/div><\/figure>\n\n\n\n<div class=\"wp-block-columns is-layout-flex wp-container-core-columns-layout-1 wp-block-columns-is-layout-flex\">\n<div class=\"wp-block-column is-layout-flow wp-block-column-is-layout-flow\"><\/div>\n<\/div>\n\n\n\n<hr class=\"wp-block-separator has-alpha-channel-opacity\"\/>\n\n\n\n<div class=\"wp-block-columns is-layout-flex wp-container-core-columns-layout-2 wp-block-columns-is-layout-flex\">\n<div class=\"wp-block-column is-layout-flow wp-block-column-is-layout-flow\"><\/div>\n<\/div>\n\n\n\n<div class=\"wp-block-columns is-layout-flex wp-container-core-columns-layout-3 wp-block-columns-is-layout-flex\">\n<div class=\"wp-block-column is-layout-flow wp-block-column-is-layout-flow\" style=\"flex-basis:33.33%\">\n<figure class=\"wp-block-image size-full\"><img loading=\"lazy\" decoding=\"async\" width=\"2068\" height=\"2068\" src=\"https:\/\/www.allersretoursasso.fr\/wp-content\/uploads\/2026\/01\/JING-Yi_Portrait-of-the-director-edited.png\" alt=\"\" class=\"wp-image-7142\" srcset=\"https:\/\/www.allersretoursasso.fr\/wp-content\/uploads\/2026\/01\/JING-Yi_Portrait-of-the-director-edited.png 2068w, https:\/\/www.allersretoursasso.fr\/wp-content\/uploads\/2026\/01\/JING-Yi_Portrait-of-the-director-edited-300x300.png 300w, https:\/\/www.allersretoursasso.fr\/wp-content\/uploads\/2026\/01\/JING-Yi_Portrait-of-the-director-edited-1024x1024.png 1024w, https:\/\/www.allersretoursasso.fr\/wp-content\/uploads\/2026\/01\/JING-Yi_Portrait-of-the-director-edited-150x150.png 150w, https:\/\/www.allersretoursasso.fr\/wp-content\/uploads\/2026\/01\/JING-Yi_Portrait-of-the-director-edited-768x768.png 768w, https:\/\/www.allersretoursasso.fr\/wp-content\/uploads\/2026\/01\/JING-Yi_Portrait-of-the-director-edited-1536x1536.png 1536w, https:\/\/www.allersretoursasso.fr\/wp-content\/uploads\/2026\/01\/JING-Yi_Portrait-of-the-director-edited-2048x2048.png 2048w, https:\/\/www.allersretoursasso.fr\/wp-content\/uploads\/2026\/01\/JING-Yi_Portrait-of-the-director-edited-12x12.png 12w, https:\/\/www.allersretoursasso.fr\/wp-content\/uploads\/2026\/01\/JING-Yi_Portrait-of-the-director-edited-100x100.png 100w, https:\/\/www.allersretoursasso.fr\/wp-content\/uploads\/2026\/01\/JING-Yi_Portrait-of-the-director-edited-350x350.png 350w\" sizes=\"(max-width: 767px) 89vw, (max-width: 1000px) 54vw, (max-width: 1071px) 543px, 580px\" \/><\/figure>\n<\/div>\n\n\n\n<div class=\"wp-block-column is-layout-flow wp-block-column-is-layout-flow\" style=\"flex-basis:66.66%\">\n<p><strong><strong>\u00c0 propos de<\/strong> <strong><strong><strong>JING Yi<\/strong><\/strong><\/strong><\/strong><\/p>\n\n\n\n<p class=\"has-small-font-size\"><\/p>\n<\/div>\n<\/div>\n\n\n\n<p class=\"has-small-font-size\"><\/p>\n\n\n\n<p style=\"font-size:14px\">Originaire du Xinjiang, Jing Yi est dipl\u00f4m\u00e9 de l&#8217;Acad\u00e9mie de cin\u00e9ma de P\u00e9kin. Son premier long m\u00e9trage, <em>The Botanist<\/em>, a \u00e9t\u00e9 s\u00e9lectionn\u00e9 au Festival International du film de Berlin en 2025. Son \u0153uvre s\u2019inspire de ses exp\u00e9riences personnelles, en explorant l\u2019individu et le monde \u00e0 travers la nature, le temps et sa perception.<\/p>\n\n\n\n<p class=\"has-small-font-size\"><\/p>\n\n\n\n<p style=\"font-size:14px\">\u666f\u4e00\uff0c1994\u5e74\u751f\uff0c\u6210\u957f\u4e8e\u65b0\u7586\uff0c\u6bd5\u4e1a\u4e8e\u5317\u4eac\u7535\u5f71\u5b66\u9662\u3002\u300a\u690d\u7269\u5b66\u5bb6\u300b\u4e3a\u5176\u9996\u90e8\u957f\u7247\u4f5c\u54c1\uff0c\u5728\u8bf8\u591a\u56fd\u9645\u7535\u5f71\u8282\u4e0a\u5d2d\u9732\u5934\u89d2\u3002\u5176\u521b\u4f5c\u4ece\u4e2a\u4eba\u751f\u547d\u7ecf\u9a8c\u51fa\u53d1\uff0c\u901a\u8fc7\u81ea\u7136\u3001\u65f6\u95f4\u4e0e\u611f\u77e5\u7684\u5e76\u7f6e\uff0c\u63a2\u7d22\u4e2a\u4f53\u4e0e\u4e16\u754c\u4e4b\u95f4\u7684\u8ddd\u79bb\u3002<\/p>\n\n\n\n<p class=\"has-small-font-size\"><\/p>\n\n\n\n<hr class=\"wp-block-separator has-alpha-channel-opacity is-style-wide\"\/>\n\n\n\n<div class=\"wp-block-columns is-layout-flex wp-container-core-columns-layout-4 wp-block-columns-is-layout-flex\">\n<div class=\"wp-block-column is-layout-flow wp-block-column-is-layout-flow\">\n<div class=\"wp-block-buttons is-content-justification-center is-layout-flex wp-container-core-buttons-layout-1 wp-block-buttons-is-layout-flex\">\n<div class=\"wp-block-button has-custom-width wp-block-button__width-50 has-custom-font-size is-style-outline\" style=\"font-size:15px\"><a class=\"wp-block-button__link wp-element-button\" href=\"https:\/\/www.billetweb.fr\/festival-allers-retours-2026-paris\" target=\"_blank\" rel=\"noreferrer noopener\">\u8d2d\u7968\u94fe\u63a5<br>\u7ebf\u4e0a\u8d2d\u7968<\/a><\/div>\n<\/div>\n<\/div>\n<\/div>\n\n\n\n<div class=\"wp-block-columns is-layout-flex wp-container-core-columns-layout-5 wp-block-columns-is-layout-flex\">\n<div class=\"wp-block-column is-layout-flow wp-block-column-is-layout-flow\" style=\"flex-basis:100%\"><\/div>\n<\/div>\n\n\n\n<p class=\"has-text-align-center\" style=\"font-size:18px\"><strong>Paris<\/strong><\/p>\n\n\n\n<p class=\"has-text-align-center\"><strong>Mer. 28 janvier \u00e0 19h45 <\/strong>au Path\u00e9 Les Fauvettes, premi\u00e8re parisienne<\/p>\n\n\n\n<p class=\"has-text-align-center\"><\/p>\n\n\n\n<p class=\"has-text-align-center\" style=\"font-size:18px\"><\/p>\n\n\n\n<p><\/p>\n\n\n\n<div class=\"wp-block-cover is-light\" style=\"min-height:349px\"><span aria-hidden=\"true\" class=\"wp-block-cover__background has-white-background-color has-background-dim\"><\/span><div class=\"wp-block-cover__inner-container is-layout-flow wp-block-cover-is-layout-flow\">\n<div class=\"wp-block-group is-layout-flow wp-block-group-is-layout-flow\"><div class=\"wp-block-group__inner-container\">\n<figure class=\"wp-block-image size-large\"><a href=\"https:\/\/www.allersretoursasso.fr\/zh\/annee-festival-2026\/\" target=\"_blank\" rel=\"noreferrer noopener\"><img loading=\"lazy\" decoding=\"async\" width=\"1024\" height=\"379\" src=\"https:\/\/www.allersretoursasso.fr\/wp-content\/uploads\/2026\/01\/FB-banner@4x-1024x379.png\" alt=\"\" class=\"wp-image-6878\" srcset=\"https:\/\/www.allersretoursasso.fr\/wp-content\/uploads\/2026\/01\/FB-banner@4x-1024x379.png 1024w, https:\/\/www.allersretoursasso.fr\/wp-content\/uploads\/2026\/01\/FB-banner@4x-300x111.png 300w, https:\/\/www.allersretoursasso.fr\/wp-content\/uploads\/2026\/01\/FB-banner@4x-768x285.png 768w, https:\/\/www.allersretoursasso.fr\/wp-content\/uploads\/2026\/01\/FB-banner@4x-1536x569.png 1536w, https:\/\/www.allersretoursasso.fr\/wp-content\/uploads\/2026\/01\/FB-banner@4x-2048x759.png 2048w, https:\/\/www.allersretoursasso.fr\/wp-content\/uploads\/2026\/01\/FB-banner@4x-18x7.png 18w, https:\/\/www.allersretoursasso.fr\/wp-content\/uploads\/2026\/01\/FB-banner@4x-350x130.png 350w\" sizes=\"(max-width: 767px) 89vw, (max-width: 1000px) 54vw, (max-width: 1071px) 543px, 580px\" \/><\/a><\/figure>\n<\/div><\/div>\n<\/div><\/div>\n\n\n\n<div class=\"wp-block-group is-layout-flow wp-block-group-is-layout-flow\"><div class=\"wp-block-group__inner-container\">\n<p class=\"has-text-align-center\" style=\"font-size:15px\"><\/p>\n<\/div><\/div>\n\n\n\n<p class=\"has-text-align-center has-white-color has-text-color\" style=\"font-size:15px\"> 19h45 aux Ursuline<\/p>\n\n\n\n<p class=\"has-text-align-center has-white-color has-text-color\" style=\"font-size:15px\">06 octobre \u00e0 19h45 aux Ursulines<\/p>","protected":false},"excerpt":{"rendered":"<p>2025 \/ 96\u2019 \/ Mandarin, Kazakh \/ VOSTF \/ FictionS\u00e9lectionn\u00e9 au Berlin International Film Festival 2025 Dans un village au nord du Xinjiang, Arsin, un jeune Kazakh m\u00e8ne une vie solitaire entour\u00e9e de plantes, passant ses journ\u00e9es \u00e0 documenter ces derni\u00e8res. Il rencontre bient\u00f4t Meiyu, une jeune fille de l&#8217;ethnie Han, dont la personnalit\u00e9 lui &hellip; <\/p>\n<p class=\"link-more\"><a href=\"https:\/\/www.allersretoursasso.fr\/zh\/festival2026-the-botanist\/\" class=\"more-link\">\u7ee7\u7eed\u9605\u8bfb<span class=\"screen-reader-text\">\u201cFestival Allers-Retours 2026  &#8211; The Botanist\u201d<\/span><\/a><\/p>","protected":false},"author":17,"featured_media":0,"parent":0,"menu_order":0,"comment_status":"closed","ping_status":"closed","template":"","meta":{"footnotes":""},"_links":{"self":[{"href":"https:\/\/www.allersretoursasso.fr\/zh\/wp-json\/wp\/v2\/pages\/7131"}],"collection":[{"href":"https:\/\/www.allersretoursasso.fr\/zh\/wp-json\/wp\/v2\/pages"}],"about":[{"href":"https:\/\/www.allersretoursasso.fr\/zh\/wp-json\/wp\/v2\/types\/page"}],"author":[{"embeddable":true,"href":"https:\/\/www.allersretoursasso.fr\/zh\/wp-json\/wp\/v2\/users\/17"}],"replies":[{"embeddable":true,"href":"https:\/\/www.allersretoursasso.fr\/zh\/wp-json\/wp\/v2\/comments?post=7131"}],"version-history":[{"count":3,"href":"https:\/\/www.allersretoursasso.fr\/zh\/wp-json\/wp\/v2\/pages\/7131\/revisions"}],"predecessor-version":[{"id":7320,"href":"https:\/\/www.allersretoursasso.fr\/zh\/wp-json\/wp\/v2\/pages\/7131\/revisions\/7320"}],"wp:attachment":[{"href":"https:\/\/www.allersretoursasso.fr\/zh\/wp-json\/wp\/v2\/media?parent=7131"}],"curies":[{"name":"wp","href":"https:\/\/api.w.org\/{rel}","templated":true}]}}